{"id":1818,"type":"Standard","slug":"\/","seo":{"title":"","meta":[{"name":"description","content":"Site officiel de la Ville d&#039;Aix-les-Bains : retrouvez les actualit\u00e9s municipales, les services aux citoyens, les d\u00e9marches administratives et l&#039;agenda des \u00e9v\u00e9nements."},{"name":"generator","content":"TYPO3 CMS x T3Headless"},{"name":"twitter:card","content":"summary"}],"link":[{"href":"https:\/\/www.aixlesbains.fr\/","rel":"canonical"}],"htmlAttrs":{"lang":"fr","dir":null},"bodyAttrs":{"class":"pid-1818 layout-layout-0"}},"meta":{"title":"Ville d'Aix-les-Bains","subtitle":"Bienvenue sur le site officiel de la Ville d'Aix-les-Bains. Portail pratique pens\u00e9 pour vous, pour suivre la vie de votre ville, r\u00e9aliser vos d\u00e9marches en toute simplicit\u00e9 et profiter des services et \u00e9v\u00e9nements qui rythment votre quotidien.","abstract":"","description":"Site officiel de la Ville d'Aix-les-Bains : retrouvez les actualit\u00e9s municipales, les services aux citoyens, les d\u00e9marches administratives et l'agenda des \u00e9v\u00e9nements.","keywords":"","canonical":"","robots":{"noIndex":false,"noFollow":false},"author":"","authorEmail":"","ogTitle":"Aix-les-Bains","ogDescription":"Site officiel de la Ville d'Aix-les-Bains : retrouvez les actualit\u00e9s municipales, les services aux citoyens, les d\u00e9marches administratives et l'agenda des \u00e9v\u00e9nements.","ogImage":null,"twitterTitle":"Aix-les-Bains","twitterDescription":"Site officiel de la Ville d'Aix-les-Bains : retrouvez les actualit\u00e9s municipales, les services aux citoyens, les d\u00e9marches administratives et l'agenda des \u00e9v\u00e9nements.","twitterCard":"summary","twitterImage":null,"nav_title":"","header":"Bienvenue sur le site officiel de la Ville d'Aix-les-Bains. Portail pratique pens\u00e9 pour vous, pour suivre la vie de votre ville, r\u00e9aliser vos d\u00e9marches en toute simplicit\u00e9 et profiter des services et \u00e9v\u00e9nements qui rythment votre quotidien.","msvalidate":"3D9FA067AC7EC1B107761786046CC685"},"categories":[],"breadcrumbs":[{"title":"Aix-les-Bains","link":"\/","target":"","active":1,"current":1,"spacer":0,"hasSubpages":1}],"appearance":{"layout":"layout-0","backendLayout":"home"},"content":{"colPos2":[{"id":3327,"type":"cimsearchelastic_displaysearch","colPos":2,"categories":"","appearance":{"layout":"default","frameClass":"default","spaceBefore":"","spaceAfter":""},"show_in_summary":false,"background_color":"strate_bg_blanc","content":{"header":"Le kiosque","subheader":"","headerLayout":2,"headerPosition":"","headerLink":{"href":"https:\/\/aixlesbains-template.cimeos.dev\/kiosque","target":"_blank","class":null,"title":null,"linkText":"Kiosque","additionalAttributes":[]},"data":{"settings":{"dateFormat":{"en":"Y-m-d","fr":"Y-m-d"},"page":"","template":"homeKiosque","custom_template":"","type_affichage":"list_map","engineLocation":"VerticalForm","picture":"0","prefilters":"","title":"","subtitle":"","showResults":"1","showArchives":"0","showFilters":"0","showArchiveFilter":"0","removeNumeric":"0","content_element":"9","categories":"","filter":"{ \"wildcard\": { \"folder\": { \"value\": \"*\/mediatheque_aix-les-bains\/Kiosque\/*\" } } }","multisite":"0","storage":"","includeSubfolders":"0","categoryConjunction":"or","noResultsMsg":"","source":"","excludeFields":"","categories_field":"specificCategories","idPageDetail":"","idPageList":"1891","typoLinkPageList":"","idPageArchives":"","idPageProp":"","titlePageProp":"Proposer un contenu","nb_results_per_page":"10","shouldLoad":"1","search_order":"","search_order_direction":"asc","specific_search_order":"[ { \"metadata.date_displayed\" : {\"order\" : \"desc\"}} ]","getResultsByType":"0","getResultsByCategories":"0","groupByParentCategory":"","favoritesFirst":"0","limitToCurrentUser":"0","groupByCategoryFieldname":"categories"},"results":[{"type":"kiosque","id":"0_7157","name":"BROCHURE_RDV_CULTURELS_VF-web.pdf","extension":"pdf","mimetype":"application\/pdf","size":9473411,"url":"\/fileadmin\/mediatheque_aix-les-bains\/Kiosque\/BROCHURE_RDV_CULTURELS_VF-web.pdf","indexed":true,"uid":7157,"permissions":{"read":true,"write":true,"delete":true},"checksum":"598632277d14ee010c8bd9210ec03146","pid":0,"missing":0,"storage":1,"identifier":"\/mediatheque_aix-les-bains\/Kiosque\/BROCHURE_RDV_CULTURELS_VF-web.pdf","identifier_hash":"c5c460c15f29596ca293e7b480b323773dec4f7c","mime_type":"application\/pdf","sha1":"4d1543aefa2c70c00a71ad7890bb4bca6f0cfa24","creation_date":1782831024,"modification_date":1782831024,"folder_hash":"fbb24563965a25300c4ce1f3f2c49907b0a7b92c","atime":1786959110,"mtime":1782831024,"ctime":1782831024,"metadata":{"uid":7157,"pid":0,"missing":0,"type":"5","storage":1,"identifier":"\/mediatheque_aix-les-bains\/Kiosque\/BROCHURE_RDV_CULTURELS_VF-web.pdf","identifier_hash":"c5c460c15f29596ca293e7b480b323773dec4f7c","extension":"pdf","mime_type":"application\/pdf","name":"BROCHURE_RDV_CULTURELS_VF-web.pdf","sha1":"4d1543aefa2c70c00a71ad7890bb4bca6f0cfa24","size":9473411,"creation_date":"2025-04-28T11:17:57+02:00","modification_date":1782831024,"folder_hash":"fbb24563965a25300c4ce1f3f2c49907b0a7b92c","tstamp":1786959690,"crdate":1745831877,"sys_language_uid":0,"l10n_parent":0,"l10n_state":null,"t3_origuid":0,"l10n_diffsource":"{\"title\":\"\",\"description\":\"\",\"istopnews\":\"\",\"cim_base_numero\":\"\",\"cim_base_thumb\":\"\",\"external_url\":\"\",\"listen_url\":\"\",\"date_displayed\":\"\",\"caption\":\"\",\"sys_language_uid\":\"\",\"copyright\":\"\",\"visible\":\"\",\"starttime\":\"\",\"endtime\":\"\",\"fe_groups\":\"\",\"categories\":\"\",\"nosearch\":\"\",\"indexed\":\"\"}","t3ver_oid":0,"t3ver_wsid":0,"t3ver_state":0,"t3ver_stage":0,"file":7157,"title":"Brochure Les rendez-vous culturels d'Aix-les-Bains \u2022 Juillet \u00e0 octobre 2026","width":326,"height":459,"description":null,"alternative":null,"categories":0,"hide_download_link":0,"cim_base_description":null,"date_displayed":1786978320,"cim_base_thumb":"0","archive":0,"copyright":"","cim_base_numero":0,"istopnews":0,"song_artist":"","song_title":"","language":0,"nosearch":0,"indexed":1,"content_creation_date":0,"content_modification_date":0,"visible":1,"status":"","keywords":null,"caption":null,"creator_tool":"","download_name":"","creator":"","publisher":"","source":"","location_country":"","location_region":"","location_city":"","latitude":"0.00000000000000","longitude":"0.00000000000000","ranking":0,"note":null,"unit":"","duration":0,"color_space":"","pages":32,"fe_groups":null,"external_url":"","listen_url":"","use_site_flipbook":0,"starttime":0,"endtime":0,"metadata_uid":7165,"date_displayed_str":"2026-08-17T16:52:00+02:00","nbPages":32,"originalUrl":"https:\/\/www.aixlesbains.fr\/fileadmin\/mediatheque_aix-les-bains\/Kiosque\/BROCHURE_RDV_CULTURELS_VF-web.pdf"},"sys_language_uid":0,"title":"Brochure Les rendez-vous culturels d'Aix-les-Bains \u2022 Juillet \u00e0 octobre 2026","suggest_title":"Brochure Les rendez-vous culturels d'Aix-les-Bains \u2022 Juillet \u00e0 octobre 2026","nosearch":0,"nolist":0,"folder":"\/fileadmin\/mediatheque_aix-les-bains\/Kiosque\/","categories":[],"imageList":[{"publicUrl":"https:\/\/www.aixlesbains.fr\/api\/fileadmin\/_processed_\/c\/4\/csm_BROCHURE_RDV_CULTURELS_VF-web_4c1d3de1a3.webp","properties":{"title":"Brochure Les rendez-vous culturels d'Aix-les-Bains \u2022 Juillet \u00e0 octobre 2026","alternative":null,"description":null,"link":null,"linkData":null,"mimeType":"image\/webp","type":"image","filename":"BROCHURE_RDV_CULTURELS_VF-web.pdf","originalUrl":"https:\/\/www.aixlesbains.fr\/api\/fileadmin\/mediatheque_aix-les-bains\/Kiosque\/BROCHURE_RDV_CULTURELS_VF-web.pdf","uidLocal":null,"fileReferenceUid":7157,"size":9473411,"dimensions":{"width":275,"height":390},"cropDimensions":{"width":275,"height":390},"crop":null,"autoplay":null,"extension":"pdf","nbPages":32,"copyright":"","external_url":"","use_site_flipbook":0,"hide_download_link":0,"numero":0,"date_displayed":1786978320,"listen_url":null,"publicUrl":"https:\/\/www.aixlesbains.fr\/api\/fileadmin\/_processed_\/c\/4\/csm_BROCHURE_RDV_CULTURELS_VF-web_4c1d3de1a3.webp","crdate":1782831024,"tstamp":1782831024}}],"links":[{"href":"https:\/\/www.aixlesbains.fr\/fileadmin\/mediatheque_aix-les-bains\/Kiosque\/BROCHURE_RDV_CULTURELS_VF-web.pdf","target":"_blank","text":"BROCHURE_RDV_CULTURELS_VF-web.pdf"},{"href":"https:\/\/www.aixlesbains.fr\/fileadmin\/mediatheque_aix-les-bains\/Kiosque\/BROCHURE_RDV_CULTURELS_VF-web.pdf","target":"_blank","text":"BROCHURE_RDV_CULTURELS_VF-web.pdf"}],"agency":"Cameros"},{"type":"kiosque","id":"0_16266","name":"Flyer_Ville_d_art_et_d_histoire_-_rentr\u00e9e_2026web.pdf","extension":"pdf","mimetype":"application\/pdf","size":964798,"url":"\/fileadmin\/mediatheque_aix-les-bains\/Kiosque\/Kiosque-2027\/Flyer_Ville_d_art_et_d_histoire_-_rentr%C3%A9e_2026web.pdf","indexed":true,"uid":16266,"permissions":{"read":true,"write":true,"delete":true},"checksum":"9b1f85442ce5b3770770985805fe31c0","pid":0,"missing":0,"storage":1,"identifier":"\/mediatheque_aix-les-bains\/Kiosque\/Kiosque-2027\/Flyer_Ville_d_art_et_d_histoire_-_rentr\u00e9e_2026web.pdf","identifier_hash":"4e804a1ef45bf5c040ed21341f608c2f1df0c623","mime_type":"application\/pdf","sha1":"37eaaa21d4dc23f63a4ea152a9fa76ed23a5d4a8","creation_date":1786958339,"modification_date":1786958339,"folder_hash":"7ee092f8b6b6e37ace9d55b17328a41dc794c56e","atime":1786958339,"mtime":1786958339,"ctime":1786958339,"metadata":{"uid":16266,"pid":0,"missing":0,"type":"5","storage":1,"identifier":"\/mediatheque_aix-les-bains\/Kiosque\/Kiosque-2027\/Flyer_Ville_d_art_et_d_histoire_-_rentr\u00e9e_2026web.pdf","identifier_hash":"4e804a1ef45bf5c040ed21341f608c2f1df0c623","extension":"pdf","mime_type":"application\/pdf","name":"Flyer_Ville_d_art_et_d_histoire_-_rentr\u00e9e_2026web.pdf","sha1":"37eaaa21d4dc23f63a4ea152a9fa76ed23a5d4a8","size":964798,"creation_date":"2026-08-17T11:18:59+02:00","modification_date":1786958339,"folder_hash":"7ee092f8b6b6e37ace9d55b17328a41dc794c56e","tstamp":1786959647,"crdate":1786958339,"sys_language_uid":0,"l10n_parent":0,"l10n_state":null,"t3_origuid":0,"l10n_diffsource":"{\"title\":\"\",\"description\":\"\",\"istopnews\":\"\",\"cim_base_numero\":\"\",\"cim_base_thumb\":\"\",\"external_url\":\"\",\"listen_url\":\"\",\"date_displayed\":\"\",\"caption\":\"\",\"sys_language_uid\":\"\",\"copyright\":\"\",\"visible\":\"\",\"starttime\":\"\",\"endtime\":\"\",\"fe_groups\":\"\",\"categories\":\"\",\"nosearch\":\"\",\"indexed\":\"\"}","t3ver_oid":0,"t3ver_wsid":0,"t3ver_state":0,"t3ver_stage":0,"file":16266,"title":"Ville d'art et d'histoire : activit\u00e9s pour les petits et les grands","width":595,"height":842,"description":null,"alternative":null,"categories":0,"hide_download_link":0,"cim_base_description":null,"date_displayed":1786959540,"cim_base_thumb":"0","archive":0,"copyright":"","cim_base_numero":0,"istopnews":0,"song_artist":"","song_title":"","language":0,"nosearch":0,"indexed":0,"content_creation_date":0,"content_modification_date":0,"visible":1,"status":"","keywords":null,"caption":null,"creator_tool":"","download_name":"","creator":"","publisher":"","source":"","location_country":"","location_region":"","location_city":"","latitude":"0.00000000000000","longitude":"0.00000000000000","ranking":0,"note":null,"unit":"","duration":0,"color_space":"","pages":2,"fe_groups":null,"external_url":"","listen_url":"","use_site_flipbook":0,"starttime":1786959540,"endtime":1814565540,"metadata_uid":16395,"date_displayed_str":"2026-08-17T11:39:00+02:00","nbPages":2,"originalUrl":"https:\/\/www.aixlesbains.fr\/fileadmin\/mediatheque_aix-les-bains\/Kiosque\/Kiosque-2027\/Flyer_Ville_d_art_et_d_histoire_-_rentr%C3%A9e_2026web.pdf"},"sys_language_uid":0,"title":"Ville d'art et d'histoire : activit\u00e9s pour les petits et les grands","suggest_title":"Ville d'art et d'histoire : activit\u00e9s pour les petits et les grands","starttime":"2026-08-17T11:39:00+02:00","endtime":"2027-07-02T23:59:00+02:00","nosearch":0,"nolist":0,"folder":"\/fileadmin\/mediatheque_aix-les-bains\/Kiosque\/Kiosque-2027\/","categories":[],"imageList":[{"publicUrl":"https:\/\/www.aixlesbains.fr\/api\/fileadmin\/_processed_\/5\/4\/csm_Flyer_Ville_d_art_et_d_histoire_-_rentr%C3%A9e_2026web_2fc8efb2a9.webp","properties":{"title":"Ville d'art et d'histoire : activit\u00e9s pour les petits et les grands","alternative":null,"description":null,"link":null,"linkData":null,"mimeType":"image\/webp","type":"image","filename":"Flyer_Ville_d_art_et_d_histoire_-_rentr\u00e9e_2026web.pdf","originalUrl":"https:\/\/www.aixlesbains.fr\/api\/fileadmin\/mediatheque_aix-les-bains\/Kiosque\/Kiosque-2027\/Flyer_Ville_d_art_et_d_histoire_-_rentr%C3%A9e_2026web.pdf","uidLocal":null,"fileReferenceUid":16266,"size":964798,"dimensions":{"width":275,"height":390},"cropDimensions":{"width":275,"height":390},"crop":null,"autoplay":null,"extension":"pdf","nbPages":2,"copyright":"","external_url":"","use_site_flipbook":0,"hide_download_link":0,"numero":0,"date_displayed":1786959540,"listen_url":null,"publicUrl":"https:\/\/www.aixlesbains.fr\/api\/fileadmin\/_processed_\/5\/4\/csm_Flyer_Ville_d_art_et_d_histoire_-_rentr%C3%A9e_2026web_2fc8efb2a9.webp","crdate":1786958339,"tstamp":1786958339}}],"links":[{"href":"https:\/\/www.aixlesbains.fr\/fileadmin\/mediatheque_aix-les-bains\/Kiosque\/Kiosque-2027\/Flyer_Ville_d_art_et_d_histoire_-_rentr%C3%A9e_2026web.pdf","target":"_blank","text":"Flyer_Ville_d_art_et_d_histoire_-_rentr\u00e9e_2026web.pdf"},{"href":"https:\/\/www.aixlesbains.fr\/fileadmin\/mediatheque_aix-les-bains\/Kiosque\/Kiosque-2027\/Flyer_Ville_d_art_et_d_histoire_-_rentr%C3%A9e_2026web.pdf","target":"_blank","text":"Flyer_Ville_d_art_et_d_histoire_-_rentr\u00e9e_2026web.pdf"}],"agency":"Cameros"},{"type":"kiosque","id":"0_9296","name":"WEB-Guide_Pratique_Enfance_Jeunesse_2026-27.pdf","extension":"pdf","mimetype":"application\/pdf","size":451257,"url":"\/fileadmin\/mediatheque_aix-les-bains\/Kiosque\/Kiosque-2026\/WEB-Guide_Pratique_Enfance_Jeunesse_2026-27.pdf","indexed":true,"uid":9296,"permissions":{"read":true,"write":true,"delete":true},"checksum":"18587780068cc71f7120961627c69e45","pid":0,"missing":0,"storage":1,"identifier":"\/mediatheque_aix-les-bains\/Kiosque\/Kiosque-2026\/WEB-Guide_Pratique_Enfance_Jeunesse_2026-27.pdf","identifier_hash":"7dec7e9e2f108ea0b15356a92af33655da8de850","mime_type":"application\/pdf","sha1":"2961d46c073c9ef58bfe4e65dfba4bc032fdbb62","creation_date":1785227491,"modification_date":1785227490,"folder_hash":"4902cce566f74e49fa74670974456da8dd9076a5","atime":1785227491,"mtime":1785227490,"ctime":1785227491,"metadata":{"uid":9296,"pid":0,"missing":0,"type":"5","storage":1,"identifier":"\/mediatheque_aix-les-bains\/Kiosque\/Kiosque-2026\/WEB-Guide_Pratique_Enfance_Jeunesse_2026-27.pdf","identifier_hash":"7dec7e9e2f108ea0b15356a92af33655da8de850","extension":"pdf","mime_type":"application\/pdf","name":"WEB-Guide_Pratique_Enfance_Jeunesse_2026-27.pdf","sha1":"2961d46c073c9ef58bfe4e65dfba4bc032fdbb62","size":451257,"creation_date":"2025-07-21T13:25:50+02:00","modification_date":1785227490,"folder_hash":"4902cce566f74e49fa74670974456da8dd9076a5","tstamp":1785227651,"crdate":1753097150,"sys_language_uid":0,"l10n_parent":0,"l10n_state":null,"t3_origuid":0,"l10n_diffsource":"{\"title\":\"\",\"description\":\"\",\"istopnews\":\"\",\"cim_base_numero\":\"\",\"cim_base_thumb\":\"\",\"external_url\":\"\",\"listen_url\":\"\",\"date_displayed\":\"\",\"caption\":\"\",\"sys_language_uid\":\"\",\"copyright\":\"\",\"visible\":\"\",\"starttime\":\"\",\"endtime\":\"\",\"fe_groups\":\"\",\"categories\":\"\",\"nosearch\":\"\",\"indexed\":\"\"}","t3ver_oid":0,"t3ver_wsid":0,"t3ver_state":0,"t3ver_stage":0,"file":9296,"title":"Guide pratique Enfance Jeunesse","width":420,"height":595,"description":null,"alternative":null,"categories":0,"hide_download_link":0,"cim_base_description":null,"date_displayed":1782808320,"cim_base_thumb":"0","archive":0,"copyright":"","cim_base_numero":0,"istopnews":0,"song_artist":"","song_title":"","language":0,"nosearch":0,"indexed":1,"content_creation_date":0,"content_modification_date":0,"visible":1,"status":"","keywords":null,"caption":null,"creator_tool":"","download_name":"","creator":"","publisher":"","source":"","location_country":"","location_region":"","location_city":"","latitude":"0.00000000000000","longitude":"0.00000000000000","ranking":0,"note":null,"unit":"","duration":0,"color_space":"","pages":6,"fe_groups":null,"external_url":"","listen_url":"","use_site_flipbook":0,"starttime":0,"endtime":0,"metadata_uid":9377,"date_displayed_str":"2026-06-30T10:32:00+02:00","nbPages":6,"originalUrl":"https:\/\/www.aixlesbains.fr\/fileadmin\/mediatheque_aix-les-bains\/Kiosque\/Kiosque-2026\/WEB-Guide_Pratique_Enfance_Jeunesse_2026-27.pdf"},"sys_language_uid":0,"title":"Guide pratique Enfance Jeunesse","suggest_title":"Guide pratique Enfance Jeunesse","nosearch":0,"nolist":0,"folder":"\/fileadmin\/mediatheque_aix-les-bains\/Kiosque\/Kiosque-2026\/","categories":[],"imageList":[{"publicUrl":"https:\/\/www.aixlesbains.fr\/api\/fileadmin\/_processed_\/8\/c\/csm_WEB-Guide_Pratique_Enfance_Jeunesse_2026-27_c0eeafae66.webp","properties":{"title":"Guide pratique Enfance Jeunesse","alternative":null,"description":null,"link":null,"linkData":null,"mimeType":"image\/webp","type":"image","filename":"WEB-Guide_Pratique_Enfance_Jeunesse_2026-27.pdf","originalUrl":"https:\/\/www.aixlesbains.fr\/api\/fileadmin\/mediatheque_aix-les-bains\/Kiosque\/Kiosque-2026\/WEB-Guide_Pratique_Enfance_Jeunesse_2026-27.pdf","uidLocal":null,"fileReferenceUid":9296,"size":451257,"dimensions":{"width":275,"height":390},"cropDimensions":{"width":275,"height":390},"crop":null,"autoplay":null,"extension":"pdf","nbPages":6,"copyright":"","external_url":"","use_site_flipbook":0,"hide_download_link":0,"numero":0,"date_displayed":1782808320,"listen_url":null,"publicUrl":"https:\/\/www.aixlesbains.fr\/api\/fileadmin\/_processed_\/8\/c\/csm_WEB-Guide_Pratique_Enfance_Jeunesse_2026-27_c0eeafae66.webp","crdate":1785227491,"tstamp":1785227490}}],"links":[{"href":"https:\/\/www.aixlesbains.fr\/fileadmin\/mediatheque_aix-les-bains\/Kiosque\/Kiosque-2026\/WEB-Guide_Pratique_Enfance_Jeunesse_2026-27.pdf","target":"_blank","text":"WEB-Guide_Pratique_Enfance_Jeunesse_2026-27.pdf"},{"href":"https:\/\/www.aixlesbains.fr\/fileadmin\/mediatheque_aix-les-bains\/Kiosque\/Kiosque-2026\/WEB-Guide_Pratique_Enfance_Jeunesse_2026-27.pdf","target":"_blank","text":"WEB-Guide_Pratique_Enfance_Jeunesse_2026-27.pdf"}],"agency":"Cameros"},{"type":"kiosque","id":"0_15351","name":"Aix_les_Bains_Le_Mag_179_210x270_Ete_2026-r.pdf","extension":"pdf","mimetype":"application\/pdf","size":1626276,"url":"\/fileadmin\/mediatheque_aix-les-bains\/Kiosque\/Aix_les_Bains_Le_Mag_179_210x270_Ete_2026-r.pdf","indexed":true,"uid":15351,"permissions":{"read":true,"write":true,"delete":true},"checksum":"bc041a0b43124dbc397af8b42bbc4a9f","pid":0,"missing":0,"storage":1,"identifier":"\/mediatheque_aix-les-bains\/Kiosque\/Aix_les_Bains_Le_Mag_179_210x270_Ete_2026-r.pdf","identifier_hash":"86b78527d8894c4091ad63007b39ff519c0668f1","mime_type":"application\/pdf","sha1":"b3c19153cd42cc1bbca9de1e5dec57eb18cb727a","creation_date":1782140533,"modification_date":1782140533,"folder_hash":"fbb24563965a25300c4ce1f3f2c49907b0a7b92c","atime":1782140533,"mtime":1782140533,"ctime":1782140533,"metadata":{"uid":15351,"pid":0,"missing":0,"type":"5","storage":1,"identifier":"\/mediatheque_aix-les-bains\/Kiosque\/Aix_les_Bains_Le_Mag_179_210x270_Ete_2026-r.pdf","identifier_hash":"86b78527d8894c4091ad63007b39ff519c0668f1","extension":"pdf","mime_type":"application\/pdf","name":"Aix_les_Bains_Le_Mag_179_210x270_Ete_2026-r.pdf","sha1":"b3c19153cd42cc1bbca9de1e5dec57eb18cb727a","size":1626276,"creation_date":"2026-06-22T17:02:13+02:00","modification_date":1782140533,"folder_hash":"fbb24563965a25300c4ce1f3f2c49907b0a7b92c","tstamp":1782140603,"crdate":1782140533,"sys_language_uid":0,"l10n_parent":0,"l10n_state":null,"t3_origuid":0,"l10n_diffsource":"{\"title\":\"\",\"description\":\"\",\"istopnews\":\"\",\"cim_base_numero\":\"\",\"cim_base_thumb\":\"\",\"external_url\":\"\",\"listen_url\":\"\",\"date_displayed\":\"\",\"caption\":\"\",\"sys_language_uid\":\"\",\"copyright\":\"\",\"visible\":\"\",\"starttime\":\"\",\"endtime\":\"\",\"fe_groups\":\"\",\"categories\":\"\",\"nosearch\":\"\",\"indexed\":\"\"}","t3ver_oid":0,"t3ver_wsid":0,"t3ver_state":0,"t3ver_stage":0,"file":15351,"title":"Magazine municipal 179","width":595,"height":765,"description":null,"alternative":null,"categories":0,"hide_download_link":0,"cim_base_description":null,"date_displayed":1782705600,"cim_base_thumb":"0","archive":0,"copyright":"","cim_base_numero":0,"istopnews":0,"song_artist":"","song_title":"","language":0,"nosearch":0,"indexed":0,"content_creation_date":0,"content_modification_date":0,"visible":1,"status":"","keywords":null,"caption":null,"creator_tool":"","download_name":"","creator":"","publisher":"","source":"","location_country":"","location_region":"","location_city":"","latitude":"0.00000000000000","longitude":"0.00000000000000","ranking":0,"note":null,"unit":"","duration":0,"color_space":"","pages":16,"fe_groups":null,"external_url":"","listen_url":"","use_site_flipbook":0,"starttime":1782712800,"endtime":0,"metadata_uid":15474,"date_displayed_str":"2026-06-29T06:00:00+02:00","nbPages":16,"originalUrl":"https:\/\/www.aixlesbains.fr\/fileadmin\/mediatheque_aix-les-bains\/Kiosque\/Aix_les_Bains_Le_Mag_179_210x270_Ete_2026-r.pdf"},"sys_language_uid":0,"title":"Magazine municipal 179","suggest_title":"Magazine municipal 179","starttime":"2026-06-29T08:00:00+02:00","nosearch":0,"nolist":0,"folder":"\/fileadmin\/mediatheque_aix-les-bains\/Kiosque\/","categories":[],"imageList":[{"publicUrl":"https:\/\/www.aixlesbains.fr\/api\/fileadmin\/_processed_\/3\/0\/csm_Aix_les_Bains_Le_Mag_179_210x270_Ete_2026-r_271423991b.webp","properties":{"title":"Magazine municipal 179","alternative":null,"description":null,"link":null,"linkData":null,"mimeType":"image\/webp","type":"image","filename":"Aix_les_Bains_Le_Mag_179_210x270_Ete_2026-r.pdf","originalUrl":"https:\/\/www.aixlesbains.fr\/api\/fileadmin\/mediatheque_aix-les-bains\/Kiosque\/Aix_les_Bains_Le_Mag_179_210x270_Ete_2026-r.pdf","uidLocal":null,"fileReferenceUid":15351,"size":1626276,"dimensions":{"width":275,"height":390},"cropDimensions":{"width":275,"height":390},"crop":null,"autoplay":null,"extension":"pdf","nbPages":16,"copyright":"","external_url":"","use_site_flipbook":0,"hide_download_link":0,"numero":0,"date_displayed":1782705600,"listen_url":null,"publicUrl":"https:\/\/www.aixlesbains.fr\/api\/fileadmin\/_processed_\/3\/0\/csm_Aix_les_Bains_Le_Mag_179_210x270_Ete_2026-r_271423991b.webp","crdate":1782140533,"tstamp":1782140533}}],"links":[{"href":"https:\/\/www.aixlesbains.fr\/fileadmin\/mediatheque_aix-les-bains\/Kiosque\/Aix_les_Bains_Le_Mag_179_210x270_Ete_2026-r.pdf","target":"_blank","text":"Aix_les_Bains_Le_Mag_179_210x270_Ete_2026-r.pdf"},{"href":"https:\/\/www.aixlesbains.fr\/fileadmin\/mediatheque_aix-les-bains\/Kiosque\/Aix_les_Bains_Le_Mag_179_210x270_Ete_2026-r.pdf","target":"_blank","text":"Aix_les_Bains_Le_Mag_179_210x270_Ete_2026-r.pdf"}],"agency":"Cameros"},{"type":"kiosque","id":"0_14872","name":"Brochure_Aix_Spectacles_26-27__maj_au_4_juin_26__web_-_VF.pdf","extension":"pdf","mimetype":"application\/pdf","size":12598910,"url":"\/fileadmin\/mediatheque_aix-les-bains\/Kiosque\/Kiosque-2027\/Brochure_Aix_Spectacles_26-27__maj_au_4_juin_26__web_-_VF.pdf","indexed":true,"uid":14872,"permissions":{"read":true,"write":true,"delete":true},"checksum":"498201c9359b1c631a60b986560ed3d6","pid":0,"missing":0,"storage":1,"identifier":"\/mediatheque_aix-les-bains\/Kiosque\/Kiosque-2027\/Brochure_Aix_Spectacles_26-27__maj_au_4_juin_26__web_-_VF.pdf","identifier_hash":"2e8b084e728d3261c214f6a20edce2d3771087ac","mime_type":"application\/pdf","sha1":"530167d205c814c0e933722bd55ecfffab50629b","creation_date":1780921031,"modification_date":1780921031,"folder_hash":"7ee092f8b6b6e37ace9d55b17328a41dc794c56e","atime":1780921031,"mtime":1780921031,"ctime":1780921031,"metadata":{"uid":14872,"pid":0,"missing":0,"type":"5","storage":1,"identifier":"\/mediatheque_aix-les-bains\/Kiosque\/Kiosque-2027\/Brochure_Aix_Spectacles_26-27__maj_au_4_juin_26__web_-_VF.pdf","identifier_hash":"2e8b084e728d3261c214f6a20edce2d3771087ac","extension":"pdf","mime_type":"application\/pdf","name":"Brochure_Aix_Spectacles_26-27__maj_au_4_juin_26__web_-_VF.pdf","sha1":"530167d205c814c0e933722bd55ecfffab50629b","size":12598910,"creation_date":"2026-06-08T14:17:11+02:00","modification_date":1780921031,"folder_hash":"7ee092f8b6b6e37ace9d55b17328a41dc794c56e","tstamp":1780921175,"crdate":1780921031,"sys_language_uid":0,"l10n_parent":0,"l10n_state":null,"t3_origuid":0,"l10n_diffsource":"{\"title\":\"\",\"description\":\"\",\"istopnews\":\"\",\"cim_base_numero\":\"\",\"cim_base_thumb\":\"\",\"external_url\":\"\",\"listen_url\":\"\",\"date_displayed\":\"\",\"caption\":\"\",\"sys_language_uid\":\"\",\"copyright\":\"\",\"visible\":\"\",\"starttime\":\"\",\"endtime\":\"\",\"fe_groups\":\"\",\"categories\":\"\",\"nosearch\":\"\",\"indexed\":\"\"}","t3ver_oid":0,"t3ver_wsid":0,"t3ver_state":0,"t3ver_stage":0,"file":14872,"title":"Brochure Saison culturelle des spectacles 2026-2027","width":473,"height":680,"description":null,"alternative":null,"categories":0,"hide_download_link":0,"cim_base_description":null,"date_displayed":1781197200,"cim_base_thumb":"0","archive":0,"copyright":"","cim_base_numero":0,"istopnews":0,"song_artist":"","song_title":"","language":0,"nosearch":0,"indexed":0,"content_creation_date":0,"content_modification_date":0,"visible":1,"status":"","keywords":null,"caption":null,"creator_tool":"","download_name":"","creator":"","publisher":"","source":"","location_country":"","location_region":"","location_city":"","latitude":"0.00000000000000","longitude":"0.00000000000000","ranking":0,"note":null,"unit":"","duration":0,"color_space":"","pages":43,"fe_groups":null,"external_url":"","listen_url":"","use_site_flipbook":0,"starttime":1781197200,"endtime":0,"metadata_uid":14985,"date_displayed_str":"2026-06-11T19:00:00+02:00","nbPages":43,"originalUrl":"https:\/\/www.aixlesbains.fr\/fileadmin\/mediatheque_aix-les-bains\/Kiosque\/Kiosque-2027\/Brochure_Aix_Spectacles_26-27__maj_au_4_juin_26__web_-_VF.pdf"},"sys_language_uid":0,"title":"Brochure Saison culturelle des spectacles 2026-2027","suggest_title":"Brochure Saison culturelle des spectacles 2026-2027","starttime":"2026-06-11T19:00:00+02:00","nosearch":0,"nolist":0,"folder":"\/fileadmin\/mediatheque_aix-les-bains\/Kiosque\/Kiosque-2027\/","categories":[],"imageList":[{"publicUrl":"https:\/\/www.aixlesbains.fr\/api\/fileadmin\/_processed_\/2\/b\/csm_Brochure_Aix_Spectacles_26-27__maj_au_4_juin_26__web_-_VF_f3dd1a50e9.webp","properties":{"title":"Brochure Saison culturelle des spectacles 2026-2027","alternative":null,"description":null,"link":null,"linkData":null,"mimeType":"image\/webp","type":"image","filename":"Brochure_Aix_Spectacles_26-27__maj_au_4_juin_26__web_-_VF.pdf","originalUrl":"https:\/\/www.aixlesbains.fr\/api\/fileadmin\/mediatheque_aix-les-bains\/Kiosque\/Kiosque-2027\/Brochure_Aix_Spectacles_26-27__maj_au_4_juin_26__web_-_VF.pdf","uidLocal":null,"fileReferenceUid":14872,"size":12598910,"dimensions":{"width":275,"height":390},"cropDimensions":{"width":275,"height":390},"crop":null,"autoplay":null,"extension":"pdf","nbPages":43,"copyright":"","external_url":"","use_site_flipbook":0,"hide_download_link":0,"numero":0,"date_displayed":1781197200,"listen_url":null,"publicUrl":"https:\/\/www.aixlesbains.fr\/api\/fileadmin\/_processed_\/2\/b\/csm_Brochure_Aix_Spectacles_26-27__maj_au_4_juin_26__web_-_VF_f3dd1a50e9.webp","crdate":1780921031,"tstamp":1780921031}}],"links":[{"href":"https:\/\/www.aixlesbains.fr\/fileadmin\/mediatheque_aix-les-bains\/Kiosque\/Kiosque-2027\/Brochure_Aix_Spectacles_26-27__maj_au_4_juin_26__web_-_VF.pdf","target":"_blank","text":"Brochure_Aix_Spectacles_26-27__maj_au_4_juin_26__web_-_VF.pdf"},{"href":"https:\/\/www.aixlesbains.fr\/fileadmin\/mediatheque_aix-les-bains\/Kiosque\/Kiosque-2027\/Brochure_Aix_Spectacles_26-27__maj_au_4_juin_26__web_-_VF.pdf","target":"_blank","text":"Brochure_Aix_Spectacles_26-27__maj_au_4_juin_26__web_-_VF.pdf"}],"agency":"Cameros"},{"type":"kiosque","id":"0_8593","name":"AIX_Agenda_Ete_2025-Programme-WEB.pdf","extension":"pdf","mimetype":"application\/pdf","size":767878,"url":"\/fileadmin\/mediatheque_aix-les-bains\/Kiosque\/AIX_Agenda_Ete_2025-Programme-WEB.pdf","indexed":true,"uid":8593,"permissions":{"read":true,"write":true,"delete":true},"checksum":"c28dba29e4c0a478bb4b9fb34943e969","pid":0,"missing":0,"storage":1,"identifier":"\/mediatheque_aix-les-bains\/Kiosque\/AIX_Agenda_Ete_2025-Programme-WEB.pdf","identifier_hash":"51224f2a60ccfb8117943e0515ed3da3d2fff657","mime_type":"application\/pdf","sha1":"15ac95ff76b5638d21b7f5f074ad482e2375a36d","creation_date":1782113220,"modification_date":1782113220,"folder_hash":"fbb24563965a25300c4ce1f3f2c49907b0a7b92c","atime":1782113220,"mtime":1782113220,"ctime":1782113220,"metadata":{"uid":8593,"pid":0,"missing":0,"type":5,"storage":1,"identifier":"\/mediatheque_aix-les-bains\/Kiosque\/AIX_Agenda_Ete_2025-Programme-WEB.pdf","identifier_hash":"51224f2a60ccfb8117943e0515ed3da3d2fff657","extension":"pdf","mime_type":"application\/pdf","name":"AIX_Agenda_Ete_2025-Programme-WEB.pdf","sha1":"15ac95ff76b5638d21b7f5f074ad482e2375a36d","size":767878,"creation_date":"2025-06-18T16:57:28+02:00","modification_date":1782113220,"folder_hash":"fbb24563965a25300c4ce1f3f2c49907b0a7b92c","tstamp":1781006592,"crdate":1750258648,"sys_language_uid":0,"l10n_parent":0,"l10n_state":null,"t3_origuid":0,"l10n_diffsource":"{\"pages\":\"\"}","t3ver_oid":0,"t3ver_wsid":0,"t3ver_state":0,"t3ver_stage":0,"file":8593,"title":"Agenda de l'\u00e9t\u00e9 2026","width":421,"height":595,"description":null,"alternative":null,"categories":0,"hide_download_link":0,"cim_base_description":null,"date_displayed":1780995480,"cim_base_thumb":"0","archive":0,"copyright":"","cim_base_numero":0,"istopnews":0,"song_artist":"","song_title":"","language":0,"nosearch":0,"indexed":1,"content_creation_date":0,"content_modification_date":0,"visible":1,"status":"","keywords":null,"caption":null,"creator_tool":"","download_name":"","creator":"","publisher":"","source":"","location_country":"","location_region":"","location_city":"","latitude":"0.00000000000000","longitude":"0.00000000000000","ranking":0,"note":null,"unit":"","duration":0,"color_space":"","pages":4,"fe_groups":null,"external_url":"","listen_url":"","use_site_flipbook":0,"starttime":0,"endtime":0,"metadata_uid":8667,"date_displayed_str":"2026-06-09T10:58:00+02:00","nbPages":4,"originalUrl":"https:\/\/www.aixlesbains.fr\/fileadmin\/mediatheque_aix-les-bains\/Kiosque\/AIX_Agenda_Ete_2025-Programme-WEB.pdf"},"sys_language_uid":0,"title":"Agenda de l'\u00e9t\u00e9 2026","suggest_title":"Agenda de l'\u00e9t\u00e9 2026","nosearch":0,"nolist":0,"folder":"\/fileadmin\/mediatheque_aix-les-bains\/Kiosque\/","categories":[],"imageList":[{"publicUrl":"https:\/\/www.aixlesbains.fr\/api\/fileadmin\/_processed_\/5\/7\/csm_AIX_Agenda_Ete_2025-Programme-WEB_e30ba1b995.webp","properties":{"title":"Agenda de l'\u00e9t\u00e9 2026","alternative":null,"description":null,"link":null,"linkData":null,"mimeType":"image\/webp","type":"image","filename":"AIX_Agenda_Ete_2025-Programme-WEB.pdf","originalUrl":"https:\/\/www.aixlesbains.fr\/api\/fileadmin\/mediatheque_aix-les-bains\/Kiosque\/AIX_Agenda_Ete_2025-Programme-WEB.pdf","uidLocal":null,"fileReferenceUid":8593,"size":767878,"dimensions":{"width":275,"height":390},"cropDimensions":{"width":275,"height":390},"crop":null,"autoplay":null,"extension":"pdf","nbPages":4,"copyright":"","external_url":"","use_site_flipbook":0,"hide_download_link":0,"numero":0,"date_displayed":1780995480,"listen_url":null,"publicUrl":"https:\/\/www.aixlesbains.fr\/api\/fileadmin\/_processed_\/5\/7\/csm_AIX_Agenda_Ete_2025-Programme-WEB_e30ba1b995.webp","crdate":1782113220,"tstamp":1782113220}}],"links":[{"href":"https:\/\/www.aixlesbains.fr\/fileadmin\/mediatheque_aix-les-bains\/Kiosque\/AIX_Agenda_Ete_2025-Programme-WEB.pdf","target":"_blank","text":"AIX_Agenda_Ete_2025-Programme-WEB.pdf"},{"href":"https:\/\/www.aixlesbains.fr\/fileadmin\/mediatheque_aix-les-bains\/Kiosque\/AIX_Agenda_Ete_2025-Programme-WEB.pdf","target":"_blank","text":"AIX_Agenda_Ete_2025-Programme-WEB.pdf"}],"agency":"Cameros"},{"type":"kiosque","id":"0_14281","name":"Aix_les_Bains_Magazine_178_210x270_juin_2026_BD.pdf","extension":"pdf","mimetype":"application\/pdf","size":5066385,"url":"\/fileadmin\/mediatheque_aix-les-bains\/Kiosque\/Aix_les_Bains_Magazine_178_210x270_juin_2026_BD.pdf","indexed":true,"uid":14281,"permissions":{"read":true,"write":true,"delete":true},"checksum":"0336a6b4e683bd8a376283b26bee366e","pid":0,"missing":0,"storage":1,"identifier":"\/mediatheque_aix-les-bains\/Kiosque\/Aix_les_Bains_Magazine_178_210x270_juin_2026_BD.pdf","identifier_hash":"eb17145da82ff84d7489e89161bfe188e0b76548","mime_type":"application\/pdf","sha1":"da027203dc03fd1a877f3acb4cf749169ab1e09c","creation_date":1778664303,"modification_date":1778664302,"folder_hash":"fbb24563965a25300c4ce1f3f2c49907b0a7b92c","atime":1778664303,"mtime":1778664302,"ctime":1778664303,"metadata":{"uid":14281,"pid":0,"missing":0,"type":"5","storage":1,"identifier":"\/mediatheque_aix-les-bains\/Kiosque\/Aix_les_Bains_Magazine_178_210x270_juin_2026_BD.pdf","identifier_hash":"eb17145da82ff84d7489e89161bfe188e0b76548","extension":"pdf","mime_type":"application\/pdf","name":"Aix_les_Bains_Magazine_178_210x270_juin_2026_BD.pdf","sha1":"da027203dc03fd1a877f3acb4cf749169ab1e09c","size":5066385,"creation_date":"2026-05-13T11:25:02+02:00","modification_date":1778664302,"folder_hash":"fbb24563965a25300c4ce1f3f2c49907b0a7b92c","tstamp":1778664404,"crdate":1778664302,"sys_language_uid":0,"l10n_parent":0,"l10n_state":null,"t3_origuid":0,"l10n_diffsource":"{\"title\":\"\",\"description\":\"\",\"istopnews\":\"\",\"cim_base_numero\":\"\",\"cim_base_thumb\":\"\",\"external_url\":\"\",\"listen_url\":\"\",\"date_displayed\":\"\",\"caption\":\"\",\"sys_language_uid\":\"\",\"copyright\":\"\",\"visible\":\"\",\"starttime\":\"\",\"endtime\":\"\",\"fe_groups\":\"\",\"categories\":\"\",\"nosearch\":\"\",\"indexed\":\"\"}","t3ver_oid":0,"t3ver_wsid":0,"t3ver_state":0,"t3ver_stage":0,"file":14281,"title":"Magazine municipal 178","width":595,"height":765,"description":null,"alternative":null,"categories":0,"hide_download_link":0,"cim_base_description":null,"date_displayed":1780286400,"cim_base_thumb":"0","archive":0,"copyright":"","cim_base_numero":0,"istopnews":0,"song_artist":"","song_title":"","language":0,"nosearch":0,"indexed":0,"content_creation_date":0,"content_modification_date":0,"visible":1,"status":"","keywords":null,"caption":null,"creator_tool":"","download_name":"","creator":"","publisher":"","source":"","location_country":"","location_region":"","location_city":"","latitude":"0.00000000000000","longitude":"0.00000000000000","ranking":0,"note":null,"unit":"","duration":0,"color_space":"","pages":32,"fe_groups":null,"external_url":"","listen_url":"","use_site_flipbook":0,"starttime":1780286400,"endtime":0,"metadata_uid":14390,"date_displayed_str":"2026-06-01T06:00:00+02:00","nbPages":32,"originalUrl":"https:\/\/www.aixlesbains.fr\/fileadmin\/mediatheque_aix-les-bains\/Kiosque\/Aix_les_Bains_Magazine_178_210x270_juin_2026_BD.pdf"},"sys_language_uid":0,"title":"Magazine municipal 178","suggest_title":"Magazine municipal 178","starttime":"2026-06-01T06:00:00+02:00","nosearch":0,"nolist":0,"folder":"\/fileadmin\/mediatheque_aix-les-bains\/Kiosque\/","categories":[],"imageList":[{"publicUrl":"https:\/\/www.aixlesbains.fr\/api\/fileadmin\/_processed_\/e\/1\/csm_Aix_les_Bains_Magazine_178_210x270_juin_2026_BD_e1be352c23.webp","properties":{"title":"Magazine municipal 178","alternative":null,"description":null,"link":null,"linkData":null,"mimeType":"image\/webp","type":"image","filename":"Aix_les_Bains_Magazine_178_210x270_juin_2026_BD.pdf","originalUrl":"https:\/\/www.aixlesbains.fr\/api\/fileadmin\/mediatheque_aix-les-bains\/Kiosque\/Aix_les_Bains_Magazine_178_210x270_juin_2026_BD.pdf","uidLocal":null,"fileReferenceUid":14281,"size":5066385,"dimensions":{"width":275,"height":390},"cropDimensions":{"width":275,"height":390},"crop":null,"autoplay":null,"extension":"pdf","nbPages":32,"copyright":"","external_url":"","use_site_flipbook":0,"hide_download_link":0,"numero":0,"date_displayed":1780286400,"listen_url":null,"publicUrl":"https:\/\/www.aixlesbains.fr\/api\/fileadmin\/_processed_\/e\/1\/csm_Aix_les_Bains_Magazine_178_210x270_juin_2026_BD_e1be352c23.webp","crdate":1778664303,"tstamp":1778664302}}],"links":[{"href":"https:\/\/www.aixlesbains.fr\/fileadmin\/mediatheque_aix-les-bains\/Kiosque\/Aix_les_Bains_Magazine_178_210x270_juin_2026_BD.pdf","target":"_blank","text":"Aix_les_Bains_Magazine_178_210x270_juin_2026_BD.pdf"},{"href":"https:\/\/www.aixlesbains.fr\/fileadmin\/mediatheque_aix-les-bains\/Kiosque\/Aix_les_Bains_Magazine_178_210x270_juin_2026_BD.pdf","target":"_blank","text":"Aix_les_Bains_Magazine_178_210x270_juin_2026_BD.pdf"}],"agency":"Cameros"},{"type":"kiosque","id":"0_7155","name":"brochure_conservatoire_VF-web2.pdf","extension":"pdf","mimetype":"application\/pdf","size":995132,"url":"\/fileadmin\/mediatheque_aix-les-bains\/Kiosque\/brochure_conservatoire_VF-web2.pdf","indexed":true,"uid":7155,"permissions":{"read":true,"write":true,"delete":true},"checksum":"a08050166e94abb392cc7fc6d7b65d6c","pid":0,"missing":0,"storage":1,"identifier":"\/mediatheque_aix-les-bains\/Kiosque\/brochure_conservatoire_VF-web2.pdf","identifier_hash":"23b651a90c611b5f5fe2c241860e4881cfd71755","mime_type":"application\/pdf","sha1":"34989982178eeaaa3e5ef0215ffb5c8a04585670","creation_date":1778167371,"modification_date":1778167371,"folder_hash":"fbb24563965a25300c4ce1f3f2c49907b0a7b92c","atime":1786957577,"mtime":1778167371,"ctime":1778167371,"metadata":{"uid":7155,"pid":0,"missing":0,"type":"5","storage":1,"identifier":"\/mediatheque_aix-les-bains\/Kiosque\/brochure_conservatoire_VF-web2.pdf","identifier_hash":"23b651a90c611b5f5fe2c241860e4881cfd71755","extension":"pdf","mime_type":"application\/pdf","name":"brochure_conservatoire_VF-web2.pdf","sha1":"34989982178eeaaa3e5ef0215ffb5c8a04585670","size":995132,"creation_date":"2025-04-28T09:27:37+02:00","modification_date":1778167371,"folder_hash":"fbb24563965a25300c4ce1f3f2c49907b0a7b92c","tstamp":1786957836,"crdate":1745825257,"sys_language_uid":0,"l10n_parent":0,"l10n_state":null,"t3_origuid":0,"l10n_diffsource":"{\"title\":\"\",\"description\":\"\",\"istopnews\":\"\",\"cim_base_numero\":\"\",\"cim_base_thumb\":\"\",\"external_url\":\"\",\"listen_url\":\"\",\"date_displayed\":\"\",\"caption\":\"\",\"sys_language_uid\":\"\",\"copyright\":\"\",\"visible\":\"\",\"starttime\":\"\",\"endtime\":\"\",\"fe_groups\":\"\",\"categories\":\"\",\"nosearch\":\"\",\"indexed\":\"\"}","t3ver_oid":0,"t3ver_wsid":0,"t3ver_state":0,"t3ver_stage":0,"file":7155,"title":"Plaquette du Conservatoire de musique et d'art dramatique 2026-2027","width":420,"height":595,"description":null,"alternative":null,"categories":0,"hide_download_link":0,"cim_base_description":null,"date_displayed":1778158321,"cim_base_thumb":"0","archive":0,"copyright":"","cim_base_numero":0,"istopnews":0,"song_artist":"","song_title":"","language":0,"nosearch":0,"indexed":1,"content_creation_date":0,"content_modification_date":0,"visible":1,"status":"","keywords":null,"caption":null,"creator_tool":"","download_name":"","creator":"","publisher":"","source":"","location_country":"","location_region":"","location_city":"","latitude":"0.00000000000000","longitude":"0.00000000000000","ranking":0,"note":null,"unit":"","duration":0,"color_space":"","pages":20,"fe_groups":null,"external_url":"","listen_url":"","use_site_flipbook":0,"starttime":0,"endtime":0,"metadata_uid":7163,"date_displayed_str":"2026-05-07T14:52:01+02:00","nbPages":20,"originalUrl":"https:\/\/www.aixlesbains.fr\/fileadmin\/mediatheque_aix-les-bains\/Kiosque\/brochure_conservatoire_VF-web2.pdf"},"sys_language_uid":0,"title":"Plaquette du Conservatoire de musique et d'art dramatique 2026-2027","suggest_title":"Plaquette du Conservatoire de musique et d'art dramatique 2026-2027","nosearch":0,"nolist":0,"folder":"\/fileadmin\/mediatheque_aix-les-bains\/Kiosque\/","categories":[],"imageList":[{"publicUrl":"https:\/\/www.aixlesbains.fr\/api\/fileadmin\/_processed_\/0\/7\/csm_brochure_conservatoire_VF-web2_1876d3b3cb.webp","properties":{"title":"Plaquette du Conservatoire de musique et d'art dramatique 2026-2027","alternative":null,"description":null,"link":null,"linkData":null,"mimeType":"image\/webp","type":"image","filename":"brochure_conservatoire_VF-web2.pdf","originalUrl":"https:\/\/www.aixlesbains.fr\/api\/fileadmin\/mediatheque_aix-les-bains\/Kiosque\/brochure_conservatoire_VF-web2.pdf","uidLocal":null,"fileReferenceUid":7155,"size":995132,"dimensions":{"width":275,"height":390},"cropDimensions":{"width":275,"height":390},"crop":null,"autoplay":null,"extension":"pdf","nbPages":20,"copyright":"","external_url":"","use_site_flipbook":0,"hide_download_link":0,"numero":0,"date_displayed":1778158321,"listen_url":null,"publicUrl":"https:\/\/www.aixlesbains.fr\/api\/fileadmin\/_processed_\/0\/7\/csm_brochure_conservatoire_VF-web2_1876d3b3cb.webp","crdate":1778167371,"tstamp":1778167371}}],"links":[{"href":"https:\/\/www.aixlesbains.fr\/fileadmin\/mediatheque_aix-les-bains\/Kiosque\/brochure_conservatoire_VF-web2.pdf","target":"_blank","text":"brochure_conservatoire_VF-web2.pdf"},{"href":"https:\/\/www.aixlesbains.fr\/fileadmin\/mediatheque_aix-les-bains\/Kiosque\/brochure_conservatoire_VF-web2.pdf","target":"_blank","text":"brochure_conservatoire_VF-web2.pdf"}],"agency":"Cameros"},{"type":"kiosque","id":"0_5491","name":"EMS_2025-26_Depliant_WEB2__2_.pdf","extension":"pdf","mimetype":"application\/pdf","size":2312819,"url":"\/fileadmin\/mediatheque_aix-les-bains\/Kiosque\/EMS_2025-26_Depliant_WEB2__2_.pdf","indexed":true,"uid":5491,"permissions":{"read":true,"write":true,"delete":true},"checksum":"c8a6fce809287a707a7f20ed28a13060","pid":0,"missing":0,"storage":1,"identifier":"\/mediatheque_aix-les-bains\/Kiosque\/EMS_2025-26_Depliant_WEB2__2_.pdf","identifier_hash":"dafadb2cca68d16e380f954c532831b80b309bc4","mime_type":"application\/pdf","sha1":"9885930abd658589227391e875e9387d6c79eb6a","creation_date":1777882186,"modification_date":1777882186,"folder_hash":"fbb24563965a25300c4ce1f3f2c49907b0a7b92c","atime":1777882186,"mtime":1777882186,"ctime":1777882186,"metadata":{"uid":5491,"pid":0,"missing":0,"type":"5","storage":1,"identifier":"\/mediatheque_aix-les-bains\/Kiosque\/EMS_2025-26_Depliant_WEB2__2_.pdf","identifier_hash":"dafadb2cca68d16e380f954c532831b80b309bc4","extension":"pdf","mime_type":"application\/pdf","name":"EMS_2025-26_Depliant_WEB2__2_.pdf","sha1":"9885930abd658589227391e875e9387d6c79eb6a","size":2312819,"creation_date":"2025-01-28T10:14:28+01:00","modification_date":1777882186,"folder_hash":"fbb24563965a25300c4ce1f3f2c49907b0a7b92c","tstamp":1777882219,"crdate":1738055668,"sys_language_uid":0,"l10n_parent":0,"l10n_state":null,"t3_origuid":0,"l10n_diffsource":"{\"title\":\"\",\"description\":\"\",\"istopnews\":\"\",\"cim_base_numero\":\"\",\"cim_base_thumb\":\"\",\"external_url\":\"\",\"listen_url\":\"\",\"date_displayed\":\"\",\"caption\":\"\",\"sys_language_uid\":\"\",\"copyright\":\"\",\"categories\":\"\",\"nosearch\":\"\",\"indexed\":\"\"}","t3ver_oid":0,"t3ver_wsid":0,"t3ver_state":0,"t3ver_stage":0,"file":5491,"title":"Plaquette d\u2019information sur l\u2019EMS","width":425,"height":595,"description":null,"alternative":null,"categories":0,"hide_download_link":0,"cim_base_description":null,"date_displayed":1777882200,"cim_base_thumb":"0","archive":0,"copyright":"","cim_base_numero":0,"istopnews":0,"song_artist":"","song_title":"","language":0,"nosearch":0,"indexed":1,"content_creation_date":0,"content_modification_date":0,"visible":1,"status":"","keywords":null,"caption":null,"creator_tool":"","download_name":"","creator":"","publisher":"","source":"","location_country":"","location_region":"","location_city":"","latitude":"0.00000000000000","longitude":"0.00000000000000","ranking":0,"note":null,"unit":"","duration":0,"color_space":"","pages":6,"fe_groups":null,"external_url":"","listen_url":"","use_site_flipbook":0,"starttime":0,"endtime":0,"metadata_uid":5493,"date_displayed_str":"2026-05-04T10:10:00+02:00","nbPages":6,"originalUrl":"https:\/\/www.aixlesbains.fr\/fileadmin\/mediatheque_aix-les-bains\/Kiosque\/EMS_2025-26_Depliant_WEB2__2_.pdf"},"sys_language_uid":0,"title":"Plaquette d\u2019information sur l\u2019EMS","suggest_title":"Plaquette d\u2019information sur l\u2019EMS","nosearch":0,"nolist":0,"folder":"\/fileadmin\/mediatheque_aix-les-bains\/Kiosque\/","categories":[],"imageList":[{"publicUrl":"https:\/\/www.aixlesbains.fr\/api\/fileadmin\/_processed_\/c\/f\/csm_EMS_2025-26_Depliant_WEB2__2__e5e2a4b672.webp","properties":{"title":"Plaquette d\u2019information sur l\u2019EMS","alternative":null,"description":null,"link":null,"linkData":null,"mimeType":"image\/webp","type":"image","filename":"EMS_2025-26_Depliant_WEB2__2_.pdf","originalUrl":"https:\/\/www.aixlesbains.fr\/api\/fileadmin\/mediatheque_aix-les-bains\/Kiosque\/EMS_2025-26_Depliant_WEB2__2_.pdf","uidLocal":null,"fileReferenceUid":5491,"size":2312819,"dimensions":{"width":275,"height":390},"cropDimensions":{"width":275,"height":390},"crop":null,"autoplay":null,"extension":"pdf","nbPages":6,"copyright":"","external_url":"","use_site_flipbook":0,"hide_download_link":0,"numero":0,"date_displayed":1777882200,"listen_url":null,"publicUrl":"https:\/\/www.aixlesbains.fr\/api\/fileadmin\/_processed_\/c\/f\/csm_EMS_2025-26_Depliant_WEB2__2__e5e2a4b672.webp","crdate":1777882186,"tstamp":1777882186}}],"links":[{"href":"https:\/\/www.aixlesbains.fr\/fileadmin\/mediatheque_aix-les-bains\/Kiosque\/EMS_2025-26_Depliant_WEB2__2_.pdf","target":"_blank","text":"EMS_2025-26_Depliant_WEB2__2_.pdf"},{"href":"https:\/\/www.aixlesbains.fr\/fileadmin\/mediatheque_aix-les-bains\/Kiosque\/EMS_2025-26_Depliant_WEB2__2_.pdf","target":"_blank","text":"EMS_2025-26_Depliant_WEB2__2_.pdf"}],"agency":"Cameros"},{"type":"kiosque","id":"0_13761","name":"Aix_les_Bains_La_Lettre_72_210x270_avril_2026r.pdf","extension":"pdf","mimetype":"application\/pdf","size":910769,"url":"\/fileadmin\/mediatheque_aix-les-bains\/Kiosque\/Aix_les_Bains_La_Lettre_72_210x270_avril_2026r.pdf","indexed":true,"uid":13761,"permissions":{"read":true,"write":true,"delete":true},"checksum":"e4fd1297aa4d74af00b02415e5a606c5","pid":0,"missing":0,"storage":1,"identifier":"\/mediatheque_aix-les-bains\/Kiosque\/Aix_les_Bains_La_Lettre_72_210x270_avril_2026r.pdf","identifier_hash":"21c186199077375ed43f8cf665fbfd8e6b972849","mime_type":"application\/pdf","sha1":"fb850950e8f611428a4dc7fee958e26f8d14f559","creation_date":1777284368,"modification_date":1777284368,"folder_hash":"fbb24563965a25300c4ce1f3f2c49907b0a7b92c","atime":1777487868,"mtime":1777284368,"ctime":1777284368,"metadata":{"uid":13761,"pid":0,"missing":0,"type":"5","storage":1,"identifier":"\/mediatheque_aix-les-bains\/Kiosque\/Aix_les_Bains_La_Lettre_72_210x270_avril_2026r.pdf","identifier_hash":"21c186199077375ed43f8cf665fbfd8e6b972849","extension":"pdf","mime_type":"application\/pdf","name":"Aix_les_Bains_La_Lettre_72_210x270_avril_2026r.pdf","sha1":"fb850950e8f611428a4dc7fee958e26f8d14f559","size":910769,"creation_date":"2026-04-27T12:06:08+02:00","modification_date":1777284368,"folder_hash":"fbb24563965a25300c4ce1f3f2c49907b0a7b92c","tstamp":1777540244,"crdate":1777284368,"sys_language_uid":0,"l10n_parent":0,"l10n_state":null,"t3_origuid":0,"l10n_diffsource":"{\"title\":\"\",\"description\":\"\",\"istopnews\":\"\",\"cim_base_numero\":\"\",\"cim_base_thumb\":\"\",\"external_url\":\"\",\"listen_url\":\"\",\"date_displayed\":\"\",\"caption\":\"\",\"sys_language_uid\":\"\",\"copyright\":\"\",\"starttime\":\"\",\"endtime\":\"\",\"categories\":\"\",\"nosearch\":\"\",\"indexed\":\"\"}","t3ver_oid":0,"t3ver_wsid":0,"t3ver_state":0,"t3ver_stage":0,"file":13761,"title":"La Lettre 72","width":637,"height":807,"description":null,"alternative":null,"categories":0,"hide_download_link":0,"cim_base_description":null,"date_displayed":1777280520,"cim_base_thumb":"0","archive":0,"copyright":"","cim_base_numero":0,"istopnews":0,"song_artist":"","song_title":"","language":0,"nosearch":0,"indexed":0,"content_creation_date":0,"content_modification_date":0,"visible":1,"status":"1","keywords":null,"caption":null,"creator_tool":"","download_name":"","creator":"","publisher":"","source":"","location_country":"","location_region":"","location_city":"","latitude":"0.00000000000000","longitude":"0.00000000000000","ranking":0,"note":null,"unit":"","duration":0,"color_space":"","pages":4,"fe_groups":null,"external_url":"","listen_url":"","use_site_flipbook":0,"starttime":0,"endtime":0,"metadata_uid":13869,"date_displayed_str":"2026-04-27T11:02:00+02:00","nbPages":4,"originalUrl":"https:\/\/www.aixlesbains.fr\/fileadmin\/mediatheque_aix-les-bains\/Kiosque\/Aix_les_Bains_La_Lettre_72_210x270_avril_2026r.pdf"},"sys_language_uid":0,"title":"La Lettre 72","suggest_title":"La Lettre 72","nosearch":0,"nolist":0,"folder":"\/fileadmin\/mediatheque_aix-les-bains\/Kiosque\/","categories":[],"imageList":[{"publicUrl":"https:\/\/www.aixlesbains.fr\/api\/fileadmin\/_processed_\/8\/5\/csm_Aix_les_Bains_La_Lettre_72_210x270_avril_2026r_4c14a97922.webp","properties":{"title":"La Lettre 72","alternative":null,"description":null,"link":null,"linkData":null,"mimeType":"image\/webp","type":"image","filename":"Aix_les_Bains_La_Lettre_72_210x270_avril_2026r.pdf","originalUrl":"https:\/\/www.aixlesbains.fr\/api\/fileadmin\/mediatheque_aix-les-bains\/Kiosque\/Aix_les_Bains_La_Lettre_72_210x270_avril_2026r.pdf","uidLocal":null,"fileReferenceUid":13761,"size":910769,"dimensions":{"width":275,"height":390},"cropDimensions":{"width":275,"height":390},"crop":null,"autoplay":null,"extension":"pdf","nbPages":4,"copyright":"","external_url":"","use_site_flipbook":0,"hide_download_link":0,"numero":0,"date_displayed":1777280520,"listen_url":null,"publicUrl":"https:\/\/www.aixlesbains.fr\/api\/fileadmin\/_processed_\/8\/5\/csm_Aix_les_Bains_La_Lettre_72_210x270_avril_2026r_4c14a97922.webp","crdate":1777284368,"tstamp":1777284368}}],"links":[{"href":"https:\/\/www.aixlesbains.fr\/fileadmin\/mediatheque_aix-les-bains\/Kiosque\/Aix_les_Bains_La_Lettre_72_210x270_avril_2026r.pdf","target":"_blank","text":"Aix_les_Bains_La_Lettre_72_210x270_avril_2026r.pdf"},{"href":"https:\/\/www.aixlesbains.fr\/fileadmin\/mediatheque_aix-les-bains\/Kiosque\/Aix_les_Bains_La_Lettre_72_210x270_avril_2026r.pdf","target":"_blank","text":"Aix_les_Bains_La_Lettre_72_210x270_avril_2026r.pdf"}],"agency":"Cameros"}],"nbResults":15,"resultsPerPage":"10","form":null,"initialForm":null,"prefilters":[],"urlScroll":"\/?contentElements=9&elementId=3327&noCache=1&tx_cimsearchelastic_displaysearch%5Baction%5D=scroll&tx_cimsearchelastic_displaysearch%5Bcontroller%5D=Listing&type=99992&cHash=2d90514a6532d1f7aee7d2e54634cc53","urlGeo":"\/?contentElements=9&elementId=3327&noCache=1&tx_cimsearchelastic_displaysearch%5Baction%5D=geo&tx_cimsearchelastic_displaysearch%5Bcontroller%5D=Listing&type=99991&cHash=2d90514a6532d1f7aee7d2e54634cc53","urlShow":"\/?noCache=1&tx_cimsearchelastic_displaysearch%5Baction%5D=popup&tx_cimsearchelastic_displaysearch%5Bcontroller%5D=Listing&type=1602769059&cHash=7f6fb869087889a1f143d4d24e361700","urlPopup":"\/?noCache=1&tx_cimsearchelastic_displaysearch%5Baction%5D=popup&tx_cimsearchelastic_displaysearch%5Bcontroller%5D=Listing&type=1602769059&cHash=7f6fb869087889a1f143d4d24e361700","listLink":{"href":"\/kiosque","text":"","target":""},"archiveListLink":{"href":"","text":"","target":""},"eventsListLink":{"href":"\/agendas","text":"","target":""},"newsListLink":{"href":"\/actualites","text":"","target":""}}}}],"colPos3":[{"id":3326,"type":"mask_bloc_galaxy","colPos":3,"categories":"","appearance":{"layout":"default","frameClass":"default","spaceBefore":"","spaceAfter":""},"show_in_summary":false,"background_color":"","content":{"header":"Les sites~de la Ville","subheader":"","headerLayout":2,"headerPosition":"","headerLink":"","sites":[{"title":"Aix'Pass","logo":[{"publicUrl":"https:\/\/www.aixlesbains.fr\/api\/fileadmin\/mediatheque_aix-les-bains\/Mon_quotidien\/Etre_parent\/Restauration_scolaire\/grenouille-bouton320-2.webp","properties":{"title":null,"alternative":null,"description":null,"link":"https:\/\/www.espace-citoyens.net\/aixlesbains\/espace-citoyens\/Home\/AccueilPublic","linkData":{"href":"https:\/\/www.espace-citoyens.net\/aixlesbains\/espace-citoyens\/Home\/AccueilPublic","target":"_blank","class":null,"title":null,"linkText":"https:\/\/www.espace-citoyens.net\/aixlesbains\/espace-citoyens\/Home\/AccueilPublic","additionalAttributes":{"rel":"noreferrer"}},"mimeType":"image\/webp","type":"image","filename":"grenouille-bouton320-2.webp","originalUrl":"https:\/\/www.aixlesbains.fr\/api\/fileadmin\/mediatheque_aix-les-bains\/Mon_quotidien\/Etre_parent\/Restauration_scolaire\/grenouille-bouton320-2.webp","uidLocal":9687,"fileReferenceUid":15539,"size":21988,"dimensions":{"width":150,"height":150},"cropDimensions":{"width":150,"height":150},"crop":{"default":{"cropArea":{"x":0,"y":0,"width":1,"height":1},"selectedRatio":"NaN","focusArea":null}},"autoplay":null,"extension":"webp","initialDimensions":{"width":150,"height":150},"orientation":"paysage","copyright":"","processedExtension":"webp","publicUrl":"https:\/\/www.aixlesbains.fr\/api\/fileadmin\/mediatheque_aix-les-bains\/Mon_quotidien\/Etre_parent\/Restauration_scolaire\/grenouille-bouton320-2.webp","crdate":1756105299,"tstamp":1756105299}}]},{"title":"Biblioth\u00e8que Municipale Lamartine","logo":[{"publicUrl":"https:\/\/www.aixlesbains.fr\/api\/fileadmin\/mediatheque_aix-les-bains\/pictos\/logos\/logo_bibliotheque_municipale.webp","properties":{"title":null,"alternative":null,"description":null,"link":"https:\/\/www.bm-aixlesbains.net\/","linkData":{"href":"https:\/\/www.bm-aixlesbains.net\/","target":"_blank","class":null,"title":null,"linkText":"https:\/\/www.bm-aixlesbains.net\/","additionalAttributes":{"rel":"noreferrer"}},"mimeType":"image\/webp","type":"image","filename":"logo_bibliotheque_municipale.webp","originalUrl":"https:\/\/www.aixlesbains.fr\/api\/fileadmin\/mediatheque_aix-les-bains\/pictos\/logos\/logo_bibliotheque_municipale.webp","uidLocal":5096,"fileReferenceUid":11291,"size":3834,"dimensions":{"width":210,"height":150},"cropDimensions":{"width":210,"height":150},"crop":{"default":{"cropArea":{"x":0,"y":0,"width":1,"height":1},"selectedRatio":"NaN","focusArea":null}},"autoplay":null,"extension":"webp","initialDimensions":{"width":210,"height":150},"orientation":"paysage","copyright":"","processedExtension":"webp","publicUrl":"https:\/\/www.aixlesbains.fr\/api\/fileadmin\/mediatheque_aix-les-bains\/pictos\/logos\/logo_bibliotheque_municipale.webp","crdate":1730977202,"tstamp":1730977202}}]},{"title":"La Villa mus\u00e9e des Beaux-Arts","logo":[{"publicUrl":"https:\/\/www.aixlesbains.fr\/api\/fileadmin\/mediatheque_aix-les-bains\/pictos\/logos\/logo_villa.webp","properties":{"title":null,"alternative":null,"description":null,"link":"https:\/\/lavillacollectiondart.fr\/","linkData":{"href":"https:\/\/lavillacollectiondart.fr\/","target":"_blank","class":null,"title":null,"linkText":"https:\/\/lavillacollectiondart.fr\/","additionalAttributes":{"rel":"noreferrer"}},"mimeType":"image\/webp","type":"image","filename":"logo_villa.webp","originalUrl":"https:\/\/www.aixlesbains.fr\/api\/fileadmin\/mediatheque_aix-les-bains\/pictos\/logos\/logo_villa.webp","uidLocal":5097,"fileReferenceUid":11293,"size":117470,"dimensions":{"width":2497,"height":647},"cropDimensions":{"width":2497,"height":647},"crop":{"default":{"cropArea":{"x":0,"y":0,"width":1,"height":1},"selectedRatio":"NaN","focusArea":null}},"autoplay":null,"extension":"webp","initialDimensions":{"width":2497,"height":647},"orientation":"paysage","copyright":"","processedExtension":"webp","publicUrl":"https:\/\/www.aixlesbains.fr\/api\/fileadmin\/mediatheque_aix-les-bains\/pictos\/logos\/logo_villa.webp","crdate":1739781002,"tstamp":1739781001}}]}]}}],"colPos1":[{"id":3333,"type":"mask_bloc_header_slider","colPos":1,"categories":"","appearance":{"layout":"default","frameClass":"default","spaceBefore":"","spaceAfter":""},"show_in_summary":false,"background_color":"","content":{"header":"","subheader":"","headerLayout":0,"headerPosition":"","headerLink":"","display_mode":"slider","images":[{"image":[{"publicUrl":"https:\/\/www.aixlesbains.fr\/api\/fileadmin\/_processed_\/1\/8\/csm_webcam_chambotte_196d0d46e1.webp","properties":{"title":null,"alternative":null,"description":null,"link":null,"linkData":null,"mimeType":"image\/webp","type":"image","filename":"webcam_chambotte.webp","originalUrl":"https:\/\/www.aixlesbains.fr\/api\/fileadmin\/mediatheque_aix-les-bains\/Images\/home\/webcam_chambotte.webp","uidLocal":15669,"fileReferenceUid":19843,"size":123380,"dimensions":{"width":1920,"height":700},"cropDimensions":{"width":1920,"height":700},"crop":{"default":{"cropArea":{"x":0,"y":0,"width":1,"height":1},"selectedRatio":"NaN","focusArea":null}},"autoplay":null,"extension":"webp","initialDimensions":{"width":1920,"height":700},"orientation":"paysage","copyright":"","processedExtension":"webp","publicUrl":"https:\/\/www.aixlesbains.fr\/api\/fileadmin\/_processed_\/1\/8\/csm_webcam_chambotte_196d0d46e1.webp","crdate":1783521117,"tstamp":1783521117}}],"title":"","contenu_specifique":{"title":"","links":[{"href":"","target":"_blank","text":""}],"result":null}},{"image":[{"publicUrl":"https:\/\/www.aixlesbains.fr\/api\/fileadmin\/_processed_\/1\/3\/csm_webcam_gdport_e49412689d.webp","properties":{"title":null,"alternative":null,"description":null,"link":null,"linkData":null,"mimeType":"image\/webp","type":"image","filename":"webcam_gdport.webp","originalUrl":"https:\/\/www.aixlesbains.fr\/api\/fileadmin\/mediatheque_aix-les-bains\/Images\/home\/webcam_gdport.webp","uidLocal":15667,"fileReferenceUid":19844,"size":244070,"dimensions":{"width":1920,"height":700},"cropDimensions":{"width":1920,"height":700},"crop":{"default":{"cropArea":{"x":0,"y":0,"width":1,"height":1},"selectedRatio":"NaN","focusArea":null}},"autoplay":null,"extension":"webp","initialDimensions":{"width":1920,"height":700},"orientation":"paysage","copyright":"","processedExtension":"webp","publicUrl":"https:\/\/www.aixlesbains.fr\/api\/fileadmin\/_processed_\/1\/3\/csm_webcam_gdport_e49412689d.webp","crdate":1783521117,"tstamp":1783521117}}],"title":"","contenu_specifique":{"title":"","links":[{"href":"","target":"_blank","text":""}],"result":null}},{"image":[{"publicUrl":"https:\/\/www.aixlesbains.fr\/api\/fileadmin\/_processed_\/3\/e\/csm_Lac01_ac2c58944b.webp","properties":{"title":null,"alternative":null,"description":null,"link":null,"linkData":null,"mimeType":"image\/webp","type":"image","filename":"Lac01.webp","originalUrl":"https:\/\/www.aixlesbains.fr\/api\/fileadmin\/mediatheque_aix-les-bains\/Images\/home\/Lac01.webp","uidLocal":9145,"fileReferenceUid":19847,"size":183154,"dimensions":{"width":1920,"height":700},"cropDimensions":{"width":1920,"height":700},"crop":{"default":{"cropArea":{"x":0,"y":0,"width":1,"height":1},"selectedRatio":"NaN","focusArea":null}},"autoplay":null,"extension":"webp","initialDimensions":{"width":1920,"height":700},"orientation":"paysage","copyright":"","processedExtension":"webp","publicUrl":"https:\/\/www.aixlesbains.fr\/api\/fileadmin\/_processed_\/3\/e\/csm_Lac01_ac2c58944b.webp","crdate":1752159754,"tstamp":1752159754}}],"title":"","contenu_specifique":{"title":"","links":[{"href":"","target":"_blank","text":""}],"result":null}}],"video":[{"publicUrl":"https:\/\/www.aixlesbains.fr\/api\/fileadmin\/mediatheque_donnees_test\/Videos\/typo3-video.mp4","properties":{"title":"title","alternative":null,"description":"<p>Description vid\u00e9o html&nbsp;<\/p>","link":null,"linkData":null,"mimeType":"video\/mp4","type":"video","filename":"typo3-video.mp4","originalUrl":"https:\/\/www.aixlesbains.fr\/api\/fileadmin\/mediatheque_donnees_test\/Videos\/typo3-video.mp4","uidLocal":58,"fileReferenceUid":11325,"size":2758388,"dimensions":{"width":0,"height":0},"cropDimensions":{"width":0,"height":0},"crop":"","autoplay":1,"extension":"mp4","copyright":"Copyright HTML","publicUrl":"https:\/\/www.aixlesbains.fr\/api\/fileadmin\/mediatheque_donnees_test\/Videos\/typo3-video.mp4","crdate":1728304190,"tstamp":1696842573}}],"loop":true}},{"id":3332,"type":"cimlinks_listlinks","colPos":1,"categories":"","appearance":{"layout":"default","frameClass":"default","spaceBefore":"","spaceAfter":""},"show_in_summary":false,"background_color":"strate_bg_blanc","content":{"header":"","subheader":"","headerLayout":2,"headerPosition":"","headerLink":"","data":{"title":"En un~Clic","subtitle":"","image":"0","links":[{"links":[{"href":"\/mes-loisirs\/aix-les-bains-spectacles\/programme-des-spectacles","target":"","text":"Aix-les-Bains spectacles"}],"imageList":[{"publicUrl":"https:\/\/www.aixlesbains.fr\/api\/fileadmin\/_processed_\/f\/3\/csm_theatre_picto-vert_df3f3fb08a.webp","type":"image","properties":{"type":2,"name":"theatre_picto-vert.webp","title":"","alternative":"","description":"","copyright":"","orientation":"paysage","dimensions":{"width":50,"height":50},"initialDimensions":{"width":229,"height":229}}}]},{"links":[{"href":"\/mon-quotidien\/mobilite-et-transports\/en-voiture","target":"","text":"Stationnement"}],"imageList":[{"publicUrl":"https:\/\/www.aixlesbains.fr\/api\/fileadmin\/_processed_\/5\/c\/csm_stationnement_bc54981a8e.webp","type":"image","properties":{"type":2,"name":"stationnement.svg","title":"","alternative":"","description":"","copyright":"","orientation":"paysage","dimensions":{"width":50,"height":50},"initialDimensions":{"width":55,"height":55}}}]},{"links":[{"href":"\/mon-quotidien\/solidarite-et-sante\/pharmacies-de-garde","target":"","text":"Pharmacies de garde"}],"imageList":[{"publicUrl":"https:\/\/www.aixlesbains.fr\/api\/fileadmin\/_processed_\/2\/e\/csm_pharmacie_59aeffb997.webp","type":"image","properties":{"type":2,"name":"pharmacie.svg","title":"","alternative":"","description":"","copyright":"","orientation":"paysage","dimensions":{"width":50,"height":50},"initialDimensions":{"width":55,"height":55}}}]},{"links":[{"href":"\/annuaires\/offres-demploi","target":"","text":"Offres d'emploi"}],"imageList":[{"publicUrl":"https:\/\/www.aixlesbains.fr\/api\/fileadmin\/_processed_\/f\/d\/csm_emploi_a094584b2e.webp","type":"image","properties":{"type":2,"name":"emploi.svg","title":"","alternative":"","description":"","copyright":"","orientation":"paysage","dimensions":{"width":50,"height":50},"initialDimensions":{"width":55,"height":55}}}]},{"links":[{"href":"\/annuaires\/travaux","target":"","text":"Travaux"}],"imageList":[{"publicUrl":"https:\/\/www.aixlesbains.fr\/api\/fileadmin\/_processed_\/d\/b\/csm_travaux_02602ab724.webp","type":"image","properties":{"type":2,"name":"travaux.svg","title":"","alternative":"","description":"","copyright":"","orientation":"paysage","dimensions":{"width":50,"height":50},"initialDimensions":{"width":55,"height":55}}}]},{"links":[{"href":"\/annuaires\/catalogue-des-demarches\/detail\/actes-detat-civil","target":"","text":"\u00c9tat civil"}],"imageList":[{"publicUrl":"https:\/\/www.aixlesbains.fr\/api\/fileadmin\/_processed_\/8\/b\/csm_etat_civil_1474175cc6.webp","type":"image","properties":{"type":2,"name":"etat_civil.svg","title":"","alternative":"","description":"","copyright":"","orientation":"paysage","dimensions":{"width":50,"height":50},"initialDimensions":{"width":55,"height":55}}}]}],"linkToAll":null}}}],"colPos0":[{"id":3331,"type":"cimsearchelastic_displaysearch","colPos":0,"categories":"","appearance":{"layout":"default","frameClass":"default","spaceBefore":"","spaceAfter":""},"show_in_summary":false,"background_color":"strate_bg_blanc","content":{"header":"","subheader":"","headerLayout":2,"headerPosition":"","headerLink":{"href":"\/actualites","target":null,"class":null,"title":"Les actualit\u00e9s","linkText":"Actualit\u00e9s","additionalAttributes":[]},"data":{"settings":{"dateFormat":{"en":"Y-m-d","fr":"Y-m-d"},"page":"","template":"homeNews","custom_template":"","type_affichage":"list_map","engineLocation":"VerticalForm","picture":"0","title":"Les~Actualit\u00e9s","subtitle":"","prefilters":"","showResults":"1","showArchives":"0","showFilters":"0","showArchiveFilter":"0","removeNumeric":"0","content_element":"","categories":"","filter":"","multisite":"0","storage":"1844","includeSubfolders":"0","categoryConjunction":"or","noResultsMsg":"","source":"","excludeFields":"","idPageDetail":"","idPageList":"1929","typoLinkPageList":"t3:\/\/page?uid=134","idPageArchives":"","idPageProp":"","titlePageProp":"Proposer un contenu","nb_results_per_page":"4","shouldLoad":"0","search_order":"","search_order_direction":"asc","specific_search_order":"[   {     \"istopnews\": {       \"order\": \"desc\"     }   },   {     \"datetime\": {       \"order\": \"desc\"     }   } ]","getResultsByType":"0","getResultsByCategories":"0","groupByParentCategory":"","favoritesFirst":"0","limitToCurrentUser":"0","groupByCategoryFieldname":"categories"},"results":[{"type":"news","sorting":0,"sysLanguageUid":0,"hidden":0,"crdate":"2026-09-02T10:13:46+0200","starttime":"2026-09-03T08:30:00+0200","tstamp":"2026-09-03T16:49:52+0200","pathSegment":"\/devenez-benevole-pour-laccompagnement-a-la-scolarite","categories":[{"sorting":1025,"crdate":"2025-01-30T11:31:13+0100","tstamp":"2025-07-16T16:26:15+0200","hidden":false,"sysLanguageUid":0,"l10nParent":0,"title":"Solidarit\u00e9","parent":{"sorting":1280,"crdate":"2024-11-08T11:38:55+0100","tstamp":"2024-11-08T11:38:55+0100","hidden":false,"sysLanguageUid":0,"l10nParent":0,"title":"Aix-les-bains","parent":{"sorting":64,"crdate":"2024-01-05T15:29:02+0100","tstamp":"2025-01-30T13:33:44+0100","hidden":false,"sysLanguageUid":0,"l10nParent":0,"title":"Th\u00e9matiques \u00e9ditoriales","images":[],"shortcut":0,"singlePid":0,"slug":"thematiques-editoriales","feBlacklist":true,"uid":31,"pid":41},"images":[],"shortcut":0,"singlePid":0,"slug":"aix-les-bains","feBlacklist":false,"uid":404,"pid":1964},"images":[],"shortcut":0,"singlePid":0,"slug":"solidarite-sante","feBlacklist":false,"uid":508,"pid":1964}],"title":"Devenez b\u00e9n\u00e9vole pour l\u2019accompagnement \u00e0 la scolarit\u00e9","istopnews":false,"teaser":"Le service Pr\u00e9vention R\u00e9ussite \u00c9ducative de la Ville d\u2019Aix-les-Bains recherche des b\u00e9n\u00e9voles pour accompagner des \u00e9l\u00e8ves de primaire dans leur r\u00e9ussite scolaire.","quartier":[],"datetime":"2026-09-03T08:30:00+0200","archive":"2026-10-02T23:59:00+0200","hideRelatedContent":false,"pictureShow":[{"originalResource":{"originalFile":{"updatedProperties":[],"properties":{"uid":16499,"pid":0,"missing":0,"type":"2","storage":1,"identifier":"\/mediatheque_aix-les-bains\/Actualites\/marronnier\/09-ACCOMPAGNEMENT_SCOLAIRE\/accompscolarite-actu.webp","identifier_hash":"b5515170cd3b130ef71a7be220998095e6647bc1","extension":"webp","mime_type":"image\/webp","name":"accompscolarite-actu.webp","sha1":"3bfe0d155959aa9122a45f23fe1b0938403b78dd","size":33818,"creation_date":1788339506,"modification_date":1788339506,"folder_hash":"46bd452ed75bc71a61ffbf86e2610b7477bf0bb0","tstamp":1788339506,"crdate":1788339506,"sys_language_uid":0,"l10n_parent":0,"l10n_state":null,"t3_origuid":0,"l10n_diffsource":"","t3ver_oid":0,"t3ver_wsid":0,"t3ver_state":0,"t3ver_stage":0,"file":16499,"title":null,"width":860,"height":502,"description":null,"alternative":null,"categories":0,"hide_download_link":0,"cim_base_description":null,"date_displayed":0,"cim_base_thumb":null,"archive":0,"copyright":"","cim_base_numero":0,"istopnews":0,"song_artist":"","song_title":"","language":0,"nosearch":0,"indexed":0,"content_creation_date":0,"content_modification_date":0,"visible":1,"status":"","keywords":null,"caption":null,"creator_tool":"","download_name":"","creator":"","publisher":"","source":"","location_country":"","location_region":"","location_city":"","latitude":"0.00000000000000","longitude":"0.00000000000000","ranking":0,"note":null,"unit":"px","duration":0,"color_space":"","pages":0,"fe_groups":null,"external_url":"","listen_url":"","use_site_flipbook":0,"starttime":0,"endtime":0,"metadata_uid":16628},"identifier":"\/mediatheque_aix-les-bains\/Actualites\/marronnier\/09-ACCOMPAGNEMENT_SCOLAIRE\/accompscolarite-actu.webp","name":"accompscolarite-actu.webp"}},"uid":20133,"pid":1844}],"pictureList":[],"uid":174,"pid":1844,"pid_title":"Actualit\u00e9s","site":"cms.aixlesbains.fr","sys_language_uid":0,"suggest_title":"Devenez b\u00e9n\u00e9vole pour l\u2019accompagnement \u00e0 la scolarit\u00e9","settings":{"urlBuilder":{"varDefaultDetailUidName":"idNewsDetail","parameters":{"action":"show","arguments":"directory","controller":"News","extensionName":"cimdirectory","pluginName":"Display"}},"editorial":{"contentElementId":"60","partial":"ItemList","itemType":"news","classes":"annuaire","hn":"2","popin":"1","grid":"horizontal","showImage":"1","showCategory":"1","showTeaser":"1","showOnHover":"0","showMore":"0","showDate":"0","urlBuilder":{"varDefaultDetailUidName":"idNewsDetail","parameters":{"action":"show","arguments":"directory","controller":"News","extensionName":"cimdirectory","pluginName":"Display"}},"images":{"list":{"fields":"pictureShow"}}},"list":{"contentElementId":"60","partial":"ItemList","itemType":"news","classes":"annuaire","hn":"2","popin":"1","grid":"horizontal","showImage":"1","showCategory":"1","showTeaser":"1","showOnHover":"0","showMore":"0","showDate":"0","urlBuilder":{"varDefaultDetailUidName":"idNewsDetail","parameters":{"action":"show","arguments":"directory","controller":"News","extensionName":"cimdirectory","pluginName":"Display"}},"images":{"list":{"fields":"pictureShow"}}},"search":{"contentElementId":"60","partial":"ItemList","itemType":"news","classes":"annuaire","hn":"2","grid":"horizontal","showImage":"1","showCategory":"1","showTeaser":"1","showOnHover":"0","showMore":"0","showDate":"0","urlBuilder":{"varDefaultDetailUidName":"idNewsDetail","parameters":{"action":"show","arguments":"directory","controller":"News","extensionName":"cimdirectory","pluginName":"Display"}}}},"id":"1844_174","imageList":[{"publicUrl":"https:\/\/www.aixlesbains.fr\/api\/fileadmin\/_processed_\/3\/1\/csm_accompscolarite-actu_dc1913becc.webp","properties":{"title":null,"alternative":null,"description":null,"link":null,"linkData":null,"mimeType":"image\/webp","type":"image","filename":"accompscolarite-actu.webp","originalUrl":"https:\/\/www.aixlesbains.fr\/api\/fileadmin\/mediatheque_aix-les-bains\/Actualites\/marronnier\/09-ACCOMPAGNEMENT_SCOLAIRE\/accompscolarite-actu.webp","uidLocal":16499,"fileReferenceUid":20133,"size":33818,"dimensions":{"width":846,"height":494},"cropDimensions":{"width":846,"height":494},"crop":"{\"default\":{\"cropArea\":{\"x\":0,\"y\":0,\"width\":1,\"height\":1},\"selectedRatio\":\"NaN\",\"focusArea\":null}}","autoplay":null,"extension":"webp","initialDimensions":{"width":860,"height":502},"orientation":"paysage","copyright":"","processedExtension":"webp","publicUrl":"https:\/\/www.aixlesbains.fr\/api\/fileadmin\/_processed_\/3\/1\/csm_accompscolarite-actu_dc1913becc.webp","crdate":1788339506,"tstamp":1788339506}}],"links":[{"href":"\/actualites\/detail\/devenez-benevole-pour-laccompagnement-a-la-scolarite","text":"Voir la fiche","target":null}],"agency":"Cameros"},{"type":"news","sorting":3584,"sysLanguageUid":0,"hidden":0,"crdate":"2025-07-23T16:20:16+0200","starttime":"2026-09-01T15:27:49+0200","tstamp":"2026-09-02T09:31:12+0200","pathSegment":"\/bonne-rentree-scolaire-a-tous","categories":[{"sorting":1028,"crdate":"2025-01-30T11:30:40+0100","tstamp":"2025-02-24T16:12:33+0100","hidden":false,"sysLanguageUid":0,"l10nParent":0,"title":"Famille","parent":{"sorting":1280,"crdate":"2024-11-08T11:38:55+0100","tstamp":"2024-11-08T11:38:55+0100","hidden":false,"sysLanguageUid":0,"l10nParent":0,"title":"Aix-les-bains","parent":{"sorting":64,"crdate":"2024-01-05T15:29:02+0100","tstamp":"2025-01-30T13:33:44+0100","hidden":false,"sysLanguageUid":0,"l10nParent":0,"title":"Th\u00e9matiques \u00e9ditoriales","images":[],"shortcut":0,"singlePid":0,"slug":"thematiques-editoriales","feBlacklist":true,"uid":31,"pid":41},"images":[],"shortcut":0,"singlePid":0,"slug":"aix-les-bains","feBlacklist":false,"uid":404,"pid":1964},"images":[],"shortcut":0,"singlePid":0,"slug":"famille","feBlacklist":false,"uid":506,"pid":1964}],"title":"Bonne rentr\u00e9e scolaire \u00e0 tous","istopnews":false,"teaser":"1996 \u00e9l\u00e8ves ont rejoint les bancs des \u00e9coles pour la rentr\u00e9e scolaire 2026.","quartier":[],"datetime":"2026-09-01T09:00:00+0200","archive":"2026-10-31T23:59:00+0100","hideRelatedContent":false,"pictureShow":[{"originalResource":{"originalFile":{"updatedProperties":[],"properties":{"uid":9870,"pid":0,"missing":0,"type":"2","storage":1,"identifier":"\/mediatheque_aix-les-bains\/Actualites\/marronnier\/09-RENTREE_SCOLAIRE\/rentree-actu.webp","identifier_hash":"eeb6add6ceac4419555a073db47939ef44a7e48f","extension":"webp","mime_type":"image\/webp","name":"rentree-actu.webp","sha1":"42694e78068b65dcba1a8153d7f3632817499a91","size":49582,"creation_date":1785244901,"modification_date":1785244901,"folder_hash":"0f6e6f0b61ce7e0b92694af812d6647686217b84","tstamp":1785244464,"crdate":1756736418,"sys_language_uid":0,"l10n_parent":0,"l10n_state":null,"t3_origuid":0,"l10n_diffsource":"","t3ver_oid":0,"t3ver_wsid":0,"t3ver_state":0,"t3ver_stage":0,"file":9870,"title":null,"width":860,"height":502,"description":null,"alternative":null,"categories":0,"hide_download_link":0,"cim_base_description":null,"date_displayed":0,"cim_base_thumb":null,"archive":0,"copyright":"","cim_base_numero":0,"istopnews":0,"song_artist":"","song_title":"","language":0,"nosearch":0,"indexed":0,"content_creation_date":0,"content_modification_date":0,"visible":1,"status":"","keywords":null,"caption":null,"creator_tool":"","download_name":"","creator":"","publisher":"","source":"","location_country":"","location_region":"","location_city":"","latitude":"0.00000000000000","longitude":"0.00000000000000","ranking":0,"note":null,"unit":"","duration":0,"color_space":"","pages":0,"fe_groups":null,"external_url":"","listen_url":"","use_site_flipbook":0,"starttime":0,"endtime":0,"metadata_uid":9958},"identifier":"\/mediatheque_aix-les-bains\/Actualites\/marronnier\/09-RENTREE_SCOLAIRE\/rentree-actu.webp","name":"rentree-actu.webp"}},"uid":19972,"pid":1844}],"pictureList":[],"uid":84,"pid":1844,"pid_title":"Actualit\u00e9s","site":"cms.aixlesbains.fr","sys_language_uid":0,"suggest_title":"Bonne rentr\u00e9e scolaire \u00e0 tous","settings":{"urlBuilder":{"varDefaultDetailUidName":"idNewsDetail","parameters":{"action":"show","arguments":"directory","controller":"News","extensionName":"cimdirectory","pluginName":"Display"}},"editorial":{"contentElementId":"60","partial":"ItemList","itemType":"news","classes":"annuaire","hn":"2","popin":"1","grid":"horizontal","showImage":"1","showCategory":"1","showTeaser":"1","showOnHover":"0","showMore":"0","showDate":"0","urlBuilder":{"varDefaultDetailUidName":"idNewsDetail","parameters":{"action":"show","arguments":"directory","controller":"News","extensionName":"cimdirectory","pluginName":"Display"}},"images":{"list":{"fields":"pictureShow"}}},"list":{"contentElementId":"60","partial":"ItemList","itemType":"news","classes":"annuaire","hn":"2","popin":"1","grid":"horizontal","showImage":"1","showCategory":"1","showTeaser":"1","showOnHover":"0","showMore":"0","showDate":"0","urlBuilder":{"varDefaultDetailUidName":"idNewsDetail","parameters":{"action":"show","arguments":"directory","controller":"News","extensionName":"cimdirectory","pluginName":"Display"}},"images":{"list":{"fields":"pictureShow"}}},"search":{"contentElementId":"60","partial":"ItemList","itemType":"news","classes":"annuaire","hn":"2","grid":"horizontal","showImage":"1","showCategory":"1","showTeaser":"1","showOnHover":"0","showMore":"0","showDate":"0","urlBuilder":{"varDefaultDetailUidName":"idNewsDetail","parameters":{"action":"show","arguments":"directory","controller":"News","extensionName":"cimdirectory","pluginName":"Display"}}}},"id":"1844_84","imageList":[{"publicUrl":"https:\/\/www.aixlesbains.fr\/api\/fileadmin\/_processed_\/9\/8\/csm_rentree-actu_4bee4719f9.webp","properties":{"title":null,"alternative":null,"description":null,"link":null,"linkData":null,"mimeType":"image\/webp","type":"image","filename":"rentree-actu.webp","originalUrl":"https:\/\/www.aixlesbains.fr\/api\/fileadmin\/mediatheque_aix-les-bains\/Actualites\/marronnier\/09-RENTREE_SCOLAIRE\/rentree-actu.webp","uidLocal":9870,"fileReferenceUid":19972,"size":49582,"dimensions":{"width":440,"height":285},"cropDimensions":{"width":440,"height":285},"crop":"{\"default\":{\"cropArea\":{\"x\":0,\"y\":0,\"width\":1,\"height\":1},\"selectedRatio\":\"NaN\",\"focusArea\":null}}","autoplay":null,"extension":"webp","initialDimensions":{"width":860,"height":502},"orientation":"paysage","copyright":"","processedExtension":"webp","publicUrl":"https:\/\/www.aixlesbains.fr\/api\/fileadmin\/_processed_\/9\/8\/csm_rentree-actu_4bee4719f9.webp","crdate":1785244901,"tstamp":1785244901}}],"links":[{"href":"\/actualites\/detail\/bonne-rentree-scolaire-a-tous","text":"Voir la fiche","target":null}],"agency":"Cameros"},{"type":"news","sorting":3080,"sysLanguageUid":0,"hidden":0,"crdate":"2025-08-13T16:39:53+0200","starttime":"2026-09-01T06:00:00+0200","endtime":"2026-10-15T23:59:00+0200","tstamp":"2026-09-01T08:37:49+0200","pathSegment":"\/associations-demandez-votre-subvention-pour-2026","categories":[{"sorting":640,"crdate":"2025-01-30T11:31:59+0100","tstamp":"2025-02-24T16:14:02+0100","hidden":false,"sysLanguageUid":0,"l10nParent":0,"title":"Vie associative","parent":{"sorting":1280,"crdate":"2024-11-08T11:38:55+0100","tstamp":"2024-11-08T11:38:55+0100","hidden":false,"sysLanguageUid":0,"l10nParent":0,"title":"Aix-les-bains","parent":{"sorting":64,"crdate":"2024-01-05T15:29:02+0100","tstamp":"2025-01-30T13:33:44+0100","hidden":false,"sysLanguageUid":0,"l10nParent":0,"title":"Th\u00e9matiques \u00e9ditoriales","images":[],"shortcut":0,"singlePid":0,"slug":"thematiques-editoriales","feBlacklist":true,"uid":31,"pid":41},"images":[],"shortcut":0,"singlePid":0,"slug":"aix-les-bains","feBlacklist":false,"uid":404,"pid":1964},"images":[],"shortcut":0,"singlePid":0,"slug":"vie-associative","feBlacklist":false,"uid":511,"pid":1964}],"title":"Associations : demandez votre subvention pour 2027","istopnews":false,"teaser":"La Ville d\u2019Aix-les-Bains accompagne les projets associatifs en attribuant chaque ann\u00e9e des subventions. Les associations peuvent d\u00e8s \u00e0 pr\u00e9sent d\u00e9poser leur dossier pour l\u2019ann\u00e9e prochaine.","quartier":[],"datetime":"2026-08-31T08:00:00+0200","hideRelatedContent":false,"pictureShow":[{"originalResource":{"originalFile":{"updatedProperties":[],"properties":{"uid":9630,"pid":0,"missing":0,"type":"2","storage":1,"identifier":"\/mediatheque_aix-les-bains\/Actualites\/marronnier\/09-SUBVENTION_ASSO\/Subvention-asso.webp","identifier_hash":"9e268a644f1998f9175ef989c2884f86d262407d","extension":"webp","mime_type":"image\/webp","name":"Subvention-asso.webp","sha1":"ced829bf4d6c8f85975758cb865df5ca59561444","size":44870,"creation_date":1787153879,"modification_date":1787153879,"folder_hash":"5ab79c59a61d28936002de52df75d0a2fcb018d2","tstamp":1755154701,"crdate":1755154701,"sys_language_uid":0,"l10n_parent":0,"l10n_state":null,"t3_origuid":0,"l10n_diffsource":"","t3ver_oid":0,"t3ver_wsid":0,"t3ver_state":0,"t3ver_stage":0,"file":9630,"title":null,"width":846,"height":494,"description":null,"alternative":null,"categories":0,"hide_download_link":0,"cim_base_description":null,"date_displayed":0,"cim_base_thumb":null,"archive":0,"copyright":"","cim_base_numero":0,"istopnews":0,"song_artist":"","song_title":"","language":0,"nosearch":0,"indexed":0,"content_creation_date":0,"content_modification_date":0,"visible":1,"status":"","keywords":null,"caption":null,"creator_tool":"","download_name":"","creator":"","publisher":"","source":"","location_country":"","location_region":"","location_city":"","latitude":"0.00000000000000","longitude":"0.00000000000000","ranking":0,"note":null,"unit":"","duration":0,"color_space":"","pages":0,"fe_groups":null,"external_url":"","listen_url":"","use_site_flipbook":0,"starttime":0,"endtime":0,"metadata_uid":9715},"identifier":"\/mediatheque_aix-les-bains\/Actualites\/marronnier\/09-SUBVENTION_ASSO\/Subvention-asso.webp","name":"Subvention-asso.webp"}},"uid":15518,"pid":1844}],"pictureList":[],"uid":90,"pid":1844,"pid_title":"Actualit\u00e9s","site":"cms.aixlesbains.fr","sys_language_uid":0,"suggest_title":"Associations : demandez votre subvention pour 2027","settings":{"urlBuilder":{"varDefaultDetailUidName":"idNewsDetail","parameters":{"action":"show","arguments":"directory","controller":"News","extensionName":"cimdirectory","pluginName":"Display"}},"editorial":{"contentElementId":"60","partial":"ItemList","itemType":"news","classes":"annuaire","hn":"2","popin":"1","grid":"horizontal","showImage":"1","showCategory":"1","showTeaser":"1","showOnHover":"0","showMore":"0","showDate":"0","urlBuilder":{"varDefaultDetailUidName":"idNewsDetail","parameters":{"action":"show","arguments":"directory","controller":"News","extensionName":"cimdirectory","pluginName":"Display"}},"images":{"list":{"fields":"pictureShow"}}},"list":{"contentElementId":"60","partial":"ItemList","itemType":"news","classes":"annuaire","hn":"2","popin":"1","grid":"horizontal","showImage":"1","showCategory":"1","showTeaser":"1","showOnHover":"0","showMore":"0","showDate":"0","urlBuilder":{"varDefaultDetailUidName":"idNewsDetail","parameters":{"action":"show","arguments":"directory","controller":"News","extensionName":"cimdirectory","pluginName":"Display"}},"images":{"list":{"fields":"pictureShow"}}},"search":{"contentElementId":"60","partial":"ItemList","itemType":"news","classes":"annuaire","hn":"2","grid":"horizontal","showImage":"1","showCategory":"1","showTeaser":"1","showOnHover":"0","showMore":"0","showDate":"0","urlBuilder":{"varDefaultDetailUidName":"idNewsDetail","parameters":{"action":"show","arguments":"directory","controller":"News","extensionName":"cimdirectory","pluginName":"Display"}}}},"id":"1844_90","imageList":[{"publicUrl":"https:\/\/www.aixlesbains.fr\/api\/fileadmin\/_processed_\/6\/1\/csm_Subvention-asso_87ecff68cd.webp","properties":{"title":null,"alternative":null,"description":null,"link":null,"linkData":null,"mimeType":"image\/webp","type":"image","filename":"Subvention-asso.webp","originalUrl":"https:\/\/www.aixlesbains.fr\/api\/fileadmin\/mediatheque_aix-les-bains\/Actualites\/marronnier\/09-SUBVENTION_ASSO\/Subvention-asso.webp","uidLocal":9630,"fileReferenceUid":15518,"size":44870,"dimensions":{"width":440,"height":285},"cropDimensions":{"width":440,"height":285},"crop":"{\"default\":{\"cropArea\":{\"x\":0,\"y\":0,\"width\":1,\"height\":1},\"selectedRatio\":\"NaN\",\"focusArea\":null}}","autoplay":null,"extension":"webp","initialDimensions":{"width":846,"height":494},"orientation":"paysage","copyright":"","processedExtension":"webp","publicUrl":"https:\/\/www.aixlesbains.fr\/api\/fileadmin\/_processed_\/6\/1\/csm_Subvention-asso_87ecff68cd.webp","crdate":1787153879,"tstamp":1787153879}}],"links":[{"href":"\/actualites\/detail\/associations-demandez-votre-subvention-pour-2026","text":"Voir la fiche","target":null}],"agency":"Cameros"},{"type":"news","sorting":3072,"sysLanguageUid":0,"hidden":0,"crdate":"2025-08-25T10:16:32+0200","starttime":"2026-08-24T08:30:00+0200","tstamp":"2026-08-24T09:29:26+0200","pathSegment":"\/associations-mettez-a-jour-vos-informations-sur-notre-site","categories":[{"sorting":640,"crdate":"2025-01-30T11:31:59+0100","tstamp":"2025-02-24T16:14:02+0100","hidden":false,"sysLanguageUid":0,"l10nParent":0,"title":"Vie associative","parent":{"sorting":1280,"crdate":"2024-11-08T11:38:55+0100","tstamp":"2024-11-08T11:38:55+0100","hidden":false,"sysLanguageUid":0,"l10nParent":0,"title":"Aix-les-bains","parent":{"sorting":64,"crdate":"2024-01-05T15:29:02+0100","tstamp":"2025-01-30T13:33:44+0100","hidden":false,"sysLanguageUid":0,"l10nParent":0,"title":"Th\u00e9matiques \u00e9ditoriales","images":[],"shortcut":0,"singlePid":0,"slug":"thematiques-editoriales","feBlacklist":true,"uid":31,"pid":41},"images":[],"shortcut":0,"singlePid":0,"slug":"aix-les-bains","feBlacklist":false,"uid":404,"pid":1964},"images":[],"shortcut":0,"singlePid":0,"slug":"vie-associative","feBlacklist":false,"uid":511,"pid":1964}],"title":"Associations : mettez \u00e0 jour vos informations sur notre site","istopnews":false,"teaser":"En actualisant votre fiche d\u2019identification, vous permettez aux Aixois de trouver facilement votre structure et vos activit\u00e9s.","quartier":[],"datetime":"2026-08-24T08:30:00+0200","archive":"2026-10-31T23:59:00+0100","hideRelatedContent":false,"pictureShow":[{"originalResource":{"originalFile":{"updatedProperties":[],"properties":{"uid":9659,"pid":0,"missing":0,"type":"2","storage":1,"identifier":"\/mediatheque_aix-les-bains\/Mes_loisirs\/Annuaire_associations\/annuaire-asso.webp","identifier_hash":"f5d738b9d57ede2370fbf556be8d73e1810a5dd0","extension":"webp","mime_type":"image\/webp","name":"annuaire-asso.webp","sha1":"4e362e613378a5c89d32afe43519157bfc657675","size":172886,"creation_date":1755605437,"modification_date":1755605437,"folder_hash":"251c5f757b52230aceaa1e14f22ce1846b690d98","tstamp":1755605216,"crdate":1755605216,"sys_language_uid":0,"l10n_parent":0,"l10n_state":null,"t3_origuid":0,"l10n_diffsource":"","t3ver_oid":0,"t3ver_wsid":0,"t3ver_state":0,"t3ver_stage":0,"file":9659,"title":null,"width":825,"height":578,"description":null,"alternative":null,"categories":0,"hide_download_link":0,"cim_base_description":null,"date_displayed":0,"cim_base_thumb":null,"archive":0,"copyright":"","cim_base_numero":0,"istopnews":0,"song_artist":"","song_title":"","language":0,"nosearch":0,"indexed":0,"content_creation_date":0,"content_modification_date":0,"visible":1,"status":"","keywords":null,"caption":null,"creator_tool":"","download_name":"","creator":"","publisher":"","source":"","location_country":"","location_region":"","location_city":"","latitude":"0.00000000000000","longitude":"0.00000000000000","ranking":0,"note":null,"unit":"","duration":0,"color_space":"","pages":0,"fe_groups":null,"external_url":"","listen_url":"","use_site_flipbook":0,"starttime":0,"endtime":0,"metadata_uid":9747},"identifier":"\/mediatheque_aix-les-bains\/Mes_loisirs\/Annuaire_associations\/annuaire-asso.webp","name":"annuaire-asso.webp"}},"uid":15609,"pid":1844}],"pictureList":[],"uid":97,"pid":1844,"pid_title":"Actualit\u00e9s","site":"cms.aixlesbains.fr","sys_language_uid":0,"suggest_title":"Associations : mettez \u00e0 jour vos informations sur notre site","settings":{"urlBuilder":{"varDefaultDetailUidName":"idNewsDetail","parameters":{"action":"show","arguments":"directory","controller":"News","extensionName":"cimdirectory","pluginName":"Display"}},"editorial":{"contentElementId":"60","partial":"ItemList","itemType":"news","classes":"annuaire","hn":"2","popin":"1","grid":"horizontal","showImage":"1","showCategory":"1","showTeaser":"1","showOnHover":"0","showMore":"0","showDate":"0","urlBuilder":{"varDefaultDetailUidName":"idNewsDetail","parameters":{"action":"show","arguments":"directory","controller":"News","extensionName":"cimdirectory","pluginName":"Display"}},"images":{"list":{"fields":"pictureShow"}}},"list":{"contentElementId":"60","partial":"ItemList","itemType":"news","classes":"annuaire","hn":"2","popin":"1","grid":"horizontal","showImage":"1","showCategory":"1","showTeaser":"1","showOnHover":"0","showMore":"0","showDate":"0","urlBuilder":{"varDefaultDetailUidName":"idNewsDetail","parameters":{"action":"show","arguments":"directory","controller":"News","extensionName":"cimdirectory","pluginName":"Display"}},"images":{"list":{"fields":"pictureShow"}}},"search":{"contentElementId":"60","partial":"ItemList","itemType":"news","classes":"annuaire","hn":"2","grid":"horizontal","showImage":"1","showCategory":"1","showTeaser":"1","showOnHover":"0","showMore":"0","showDate":"0","urlBuilder":{"varDefaultDetailUidName":"idNewsDetail","parameters":{"action":"show","arguments":"directory","controller":"News","extensionName":"cimdirectory","pluginName":"Display"}}}},"id":"1844_97","imageList":[{"publicUrl":"https:\/\/www.aixlesbains.fr\/api\/fileadmin\/_processed_\/d\/0\/csm_annuaire-asso_9bbe362557.webp","properties":{"title":null,"alternative":null,"description":null,"link":null,"linkData":null,"mimeType":"image\/webp","type":"image","filename":"annuaire-asso.webp","originalUrl":"https:\/\/www.aixlesbains.fr\/api\/fileadmin\/mediatheque_aix-les-bains\/Mes_loisirs\/Annuaire_associations\/annuaire-asso.webp","uidLocal":9659,"fileReferenceUid":15609,"size":172886,"dimensions":{"width":440,"height":285},"cropDimensions":{"width":440,"height":285},"crop":"{\"default\":{\"cropArea\":{\"x\":0,\"y\":0,\"width\":1,\"height\":1},\"selectedRatio\":\"NaN\",\"focusArea\":null}}","autoplay":null,"extension":"webp","initialDimensions":{"width":825,"height":578},"orientation":"paysage","copyright":"","processedExtension":"webp","publicUrl":"https:\/\/www.aixlesbains.fr\/api\/fileadmin\/_processed_\/d\/0\/csm_annuaire-asso_9bbe362557.webp","crdate":1755605437,"tstamp":1755605437}}],"links":[{"href":"\/actualites\/detail\/associations-mettez-a-jour-vos-informations-sur-notre-site","text":"Voir la fiche","target":null}],"agency":"Cameros"}],"nbResults":23,"resultsPerPage":"4","form":null,"initialForm":null,"prefilters":[],"urlScroll":"\/?contentElements=4%2C9%2C11%2C15%2C45%2C46%2C47%2C48%2C49%2C50%2C51%2C52%2C53%2C54%2C55%2C56%2C57%2C58%2C59%2C60%2C61%2C62%2C63%2C64%2C65%2C66%2C67%2C74%2C75%2C76%2C77%2C78%2C79%2C80%2C81%2C82&elementId=3331&noCache=1&tx_cimsearchelastic_displaysearch%5Baction%5D=scroll&tx_cimsearchelastic_displaysearch%5Bcontroller%5D=Listing&type=99992&cHash=3773a35dc880dd09676697f22dfdb6be","urlGeo":"\/?contentElements=4%2C9%2C11%2C15%2C45%2C46%2C47%2C48%2C49%2C50%2C51%2C52%2C53%2C54%2C55%2C56%2C57%2C58%2C59%2C60%2C61%2C62%2C63%2C64%2C65%2C66%2C67%2C74%2C75%2C76%2C77%2C78%2C79%2C80%2C81%2C82&elementId=3331&noCache=1&tx_cimsearchelastic_displaysearch%5Baction%5D=geo&tx_cimsearchelastic_displaysearch%5Bcontroller%5D=Listing&type=99991&cHash=3773a35dc880dd09676697f22dfdb6be","urlShow":"\/?noCache=1&tx_cimsearchelastic_displaysearch%5Baction%5D=popup&tx_cimsearchelastic_displaysearch%5Bcontroller%5D=Listing&type=1602769059&cHash=7f6fb869087889a1f143d4d24e361700","urlPopup":"\/?noCache=1&tx_cimsearchelastic_displaysearch%5Baction%5D=popup&tx_cimsearchelastic_displaysearch%5Bcontroller%5D=Listing&type=1602769059&cHash=7f6fb869087889a1f143d4d24e361700","listLink":{"href":"\/actualites","text":"","target":""},"archiveListLink":{"href":"","text":"","target":""},"eventsListLink":{"href":"\/agendas","text":"","target":""},"newsListLink":{"href":"\/actualites","text":"","target":""}}}},{"id":3330,"type":"cimsearchelastic_displaysearch","colPos":0,"categories":"","appearance":{"layout":"default","frameClass":"default","spaceBefore":"","spaceAfter":""},"show_in_summary":false,"background_color":"strate_bg_blanc","content":{"header":"L'~Agenda","subheader":"","headerLayout":2,"headerPosition":"","headerLink":{"href":"\/agendas","target":null,"class":null,"title":"L'Agenda","linkText":"L'agenda d'Aix-les-Bains","additionalAttributes":[]},"data":{"settings":{"dateFormat":{"en":"Y-m-d","fr":"Y-m-d"},"page":"","template":"homeEvent","custom_template":"","type_affichage":"list_map","engineLocation":"VerticalForm","picture":"0","title":"Les~Agendas","subtitle":"","prefilters":"","showResults":"1","showArchives":"0","showFilters":"1","showArchiveFilter":"0","removeNumeric":"0","content_element":"51","categories":"","filter":"","multisite":"0","storage":"2110,2473,2474,2475,1846","includeSubfolders":"0","categoryConjunction":"or","noResultsMsg":"","source":"","excludeFields":"","categories_field":"specificCategories","idPageDetail":"","idPageList":"1927","typoLinkPageList":"","idPageArchives":"","idPageProp":"","titlePageProp":"Proposer un contenu","titlePageList":"","nb_results_per_page":"8","shouldLoad":"0","search_order":"datetime","search_order_direction":"asc","specific_search_order":"[ { \"istopnews\" : {\"order\" : \"desc\"}},  { \"duration.uid\" : {\"order\" : \"asc\"}}, { \"cimNewsStartDate\" : {\"order\" : \"asc\"}}, { \"cimNewsEndDate\" : {\"order\" : \"asc\"}} ]","getResultsByType":"0","getResultsByCategories":"0","groupByParentCategory":"","favoritesFirst":"0","limitToCurrentUser":"0","groupByCategoryFieldname":"categories"},"results":[{"type":"events","sorting":0,"sysLanguageUid":0,"hidden":0,"crdate":"2026-08-07T06:00:01+0200","tstamp":"2026-08-31T11:31:58+0200","pathSegment":"\/dejeuner-imperial-sur-l-herbe","categories":[{"sorting":0,"crdate":"2026-08-07T06:00:01+0200","tstamp":"2026-08-07T06:00:01+0200","hidden":false,"sysLanguageUid":0,"l10nParent":0,"title":"Brunch","parent":{"sorting":0,"crdate":"2025-06-25T04:00:01+0200","tstamp":"2025-06-25T04:00:01+0200","hidden":false,"sysLanguageUid":0,"l10nParent":0,"title":"Autour d'un verre ou d'un plat","parent":{"sorting":768,"crdate":"2025-01-08T15:29:43+0100","tstamp":"2025-01-08T15:29:51+0100","hidden":false,"sysLanguageUid":0,"l10nParent":0,"title":"Apidae","parent":{"sorting":256,"crdate":"2024-11-08T11:59:17+0100","tstamp":"2024-11-08T11:59:17+0100","hidden":false,"sysLanguageUid":0,"l10nParent":0,"title":"Agenda","images":[],"shortcut":0,"singlePid":0,"slug":"agenda","feBlacklist":false,"uid":406,"pid":1966},"images":[],"shortcut":0,"singlePid":0,"slug":"apidae","feBlacklist":false,"uid":445,"pid":2112},"images":[],"shortcut":0,"singlePid":0,"feBlacklist":false,"uid":761,"pid":2112},"images":[],"shortcut":0,"singlePid":0,"feBlacklist":false,"uid":945,"pid":2112}],"mapLongitude":5.915365,"mapLatitude":45.689436,"title":"D\u00e9jeuner imp\u00e9rial sur l'herbe","importId":"7943586","istopnews":true,"coupdecoeur":false,"teaser":"La Ville d'Aix-les-Bains, en partenariat avec les associations Entre Deux Temps, le Quadrille du Lac et le Souvenir Napol\u00e9onien, invite le public \u00e0 participer \u00e0 un D\u00e9jeuner imp\u00e9rial sur l'herbe.","description":"Dans le cadre enchanteur de la Terrasse de la roseraie du Parc de Verdure, sous la pergola, chacun est invit\u00e9 \u00e0 venir avec son panier pique-nique. Partagez un moment festif dans une ambiance \u00e9l\u00e9gante inspir\u00e9e du Second Empire.\r\n\r\nAu programme&nbsp;:\r\n\r\n\u2022 danses historiques et initiations,\r\n\u2022 jeux anciens, lectures et animations,\r\n\u2022 d\u00e9couverte du patrimoine imp\u00e9rial,\r\n\u2022 atelier cr\u00e9ation carte postale \"une histoire imp\u00e9riale\".\r\n\r\nCostumes et accessoires d'\u00e9poque seront les bienvenus, sans aucun caract\u00e8re obligatoire. Entr\u00e9e libre, tout public.","creationDate":"2026-08-05T14:00:31+0200","cimNewsStartDate":"2026-09-06T11:30:00+0200","cimNewsEndDate":"2026-09-06T16:00:00+0200","duration":[{"sorting":512,"crdate":"2024-11-08T11:59:44+0100","tstamp":"2024-11-08T11:59:44+0100","hidden":false,"sysLanguageUid":0,"l10nParent":0,"title":"Courte dur\u00e9e","parent":{"sorting":256,"crdate":"2024-11-08T11:59:33+0100","tstamp":"2024-11-08T11:59:33+0100","hidden":false,"sysLanguageUid":0,"l10nParent":0,"title":"Types de dur\u00e9e","parent":{"sorting":256,"crdate":"2024-11-08T11:59:17+0100","tstamp":"2024-11-08T11:59:17+0100","hidden":false,"sysLanguageUid":0,"l10nParent":0,"title":"Agenda","images":[],"shortcut":0,"singlePid":0,"slug":"agenda","feBlacklist":false,"uid":406,"pid":1966},"images":[],"shortcut":0,"singlePid":0,"slug":"types-de-duree","feBlacklist":false,"uid":407,"pid":1967},"images":[],"shortcut":0,"singlePid":0,"slug":"courte-duree","feBlacklist":false,"uid":408,"pid":1967}],"hideRelatedEvents":false,"cimNewsScheduleDates":[{"sorting":1,"sysLanguageUid":0,"hidden":false,"crdate":"2026-08-07T06:00:01+0200","tstamp":"2026-08-31T11:31:58+0200","title":"41949429 - 2026-09-06 - 2026-09-06","cimNewsStartDate":"2026-09-06T11:30:00+0200","cimNewsEndDate":"2026-09-06T16:00:00+0200","place":[],"uid":5848,"pid":2110}],"schedule":"Dimanche 6 septembre 2026 de 11h30 \u00e0 16h.","pictureShow":[{"originalResource":{"originalFile":{"updatedProperties":[],"properties":{"uid":16187,"pid":0,"missing":0,"type":"2","storage":1,"identifier":"\/user_upload\/import\/pictureShow_dejeuner-imperial-sur-l-herbe.png","identifier_hash":"63d06f17e6db250dc367e92900f9fccce9d7bdd8","extension":"png","mime_type":"image\/png","name":"pictureShow_dejeuner-imperial-sur-l-herbe.png","sha1":"8f36d38601d76146869f7f4e8adf74498ad711f1","size":758659,"creation_date":1787112004,"modification_date":1787112004,"folder_hash":"cf40f83f2cbfdec6b9ed400bffcdfea18683e513","tstamp":1786075204,"crdate":1786075201,"sys_language_uid":0,"l10n_parent":0,"l10n_state":null,"t3_origuid":0,"l10n_diffsource":"","t3ver_oid":0,"t3ver_wsid":0,"t3ver_state":0,"t3ver_stage":0,"file":16187,"title":null,"width":905,"height":1280,"description":null,"alternative":null,"categories":0,"hide_download_link":0,"cim_base_description":null,"date_displayed":0,"cim_base_thumb":null,"archive":0,"copyright":"","cim_base_numero":0,"istopnews":0,"song_artist":"","song_title":"","language":0,"nosearch":0,"indexed":0,"content_creation_date":0,"content_modification_date":0,"visible":1,"status":"","keywords":null,"caption":null,"creator_tool":"","download_name":"","creator":"","publisher":"","source":"","location_country":"","location_region":"","location_city":"","latitude":"0.00000000000000","longitude":"0.00000000000000","ranking":0,"note":null,"unit":"px","duration":0,"color_space":"","pages":0,"fe_groups":null,"external_url":"","listen_url":"","use_site_flipbook":0,"starttime":0,"endtime":0,"metadata_uid":16316},"identifier":"\/user_upload\/import\/pictureShow_dejeuner-imperial-sur-l-herbe.png","name":"pictureShow_dejeuner-imperial-sur-l-herbe.png"}},"uid":20052,"pid":2110}],"pictureList":[],"organiser":[{"type":"generique","sorting":0,"sysLanguageUid":0,"hidden":false,"crdate":"2026-08-07T06:00:01+0200","tstamp":"2026-08-19T06:00:01+0200","categories":[],"mapLongitude":0,"mapLatitude":0,"importId":"7943586","website":"https:\/\/www.aixlesbains.fr\/actualites\/detail\/aix-les-bains-celebre-son-nouveau-label-ville-imperiale","uid":1808,"pid":2114}],"publicType":[{"sorting":0,"crdate":"2025-01-08T17:29:25+0100","tstamp":"2025-01-08T17:29:25+0100","hidden":false,"sysLanguageUid":0,"l10nParent":0,"title":"Sp\u00e9cial famille avec enfants","parent":{"sorting":256,"crdate":"2025-01-08T17:23:18+0100","tstamp":"2025-01-08T17:23:18+0100","hidden":false,"sysLanguageUid":0,"l10nParent":0,"title":"Types de publics","parent":{"sorting":256,"crdate":"2024-11-08T11:59:17+0100","tstamp":"2024-11-08T11:59:17+0100","hidden":false,"sysLanguageUid":0,"l10nParent":0,"title":"Agenda","images":[],"shortcut":0,"singlePid":0,"slug":"agenda","feBlacklist":false,"uid":406,"pid":1966},"images":[],"shortcut":0,"singlePid":0,"slug":"types-de-publics","feBlacklist":false,"uid":462,"pid":2117},"images":[],"shortcut":0,"singlePid":0,"feBlacklist":false,"uid":464,"pid":2117},{"sorting":0,"crdate":"2025-12-10T11:58:21+0100","tstamp":"2025-12-10T11:58:21+0100","hidden":false,"sysLanguageUid":0,"l10nParent":0,"title":"Sp\u00e9cial amoureux","parent":{"sorting":256,"crdate":"2025-01-08T17:23:18+0100","tstamp":"2025-01-08T17:23:18+0100","hidden":false,"sysLanguageUid":0,"l10nParent":0,"title":"Types de publics","parent":{"sorting":256,"crdate":"2024-11-08T11:59:17+0100","tstamp":"2024-11-08T11:59:17+0100","hidden":false,"sysLanguageUid":0,"l10nParent":0,"title":"Agenda","images":[],"shortcut":0,"singlePid":0,"slug":"agenda","feBlacklist":false,"uid":406,"pid":1966},"images":[],"shortcut":0,"singlePid":0,"slug":"types-de-publics","feBlacklist":false,"uid":462,"pid":2117},"images":[],"shortcut":0,"singlePid":0,"feBlacklist":false,"uid":798,"pid":2117},{"sorting":0,"crdate":"2026-06-04T06:00:01+0200","tstamp":"2026-06-04T06:00:01+0200","hidden":false,"sysLanguageUid":0,"l10nParent":0,"title":"Sp\u00e9cial retrait\u00e9s \/seniors","parent":{"sorting":256,"crdate":"2025-01-08T17:23:18+0100","tstamp":"2025-01-08T17:23:18+0100","hidden":false,"sysLanguageUid":0,"l10nParent":0,"title":"Types de publics","parent":{"sorting":256,"crdate":"2024-11-08T11:59:17+0100","tstamp":"2024-11-08T11:59:17+0100","hidden":false,"sysLanguageUid":0,"l10nParent":0,"title":"Agenda","images":[],"shortcut":0,"singlePid":0,"slug":"agenda","feBlacklist":false,"uid":406,"pid":1966},"images":[],"shortcut":0,"singlePid":0,"slug":"types-de-publics","feBlacklist":false,"uid":462,"pid":2117},"images":[],"shortcut":0,"singlePid":0,"feBlacklist":false,"uid":930,"pid":2117}],"reservation":[],"tarifAdditionnal":"Gratuit.","tarifType":[{"sorting":0,"crdate":"2025-01-08T17:29:25+0100","tstamp":"2025-01-08T17:29:25+0100","hidden":false,"sysLanguageUid":0,"l10nParent":0,"title":"Gratuit","parent":{"sorting":256,"crdate":"2025-01-08T17:21:52+0100","tstamp":"2025-01-08T17:21:52+0100","hidden":false,"sysLanguageUid":0,"l10nParent":0,"title":"Types de tarifs","parent":{"sorting":256,"crdate":"2024-11-08T11:59:17+0100","tstamp":"2024-11-08T11:59:17+0100","hidden":false,"sysLanguageUid":0,"l10nParent":0,"title":"Agenda","images":[],"shortcut":0,"singlePid":0,"slug":"agenda","feBlacklist":false,"uid":406,"pid":1966},"images":[],"shortcut":0,"singlePid":0,"slug":"types-de-tarifs","feBlacklist":false,"uid":461,"pid":2116},"images":[],"shortcut":0,"singlePid":0,"feBlacklist":false,"uid":467,"pid":2116}],"lieu":[{"type":"generique","sorting":0,"sysLanguageUid":0,"hidden":false,"crdate":"2026-08-07T06:00:01+0200","tstamp":"2026-08-19T06:00:01+0200","categories":[],"mapLongitude":5.915365,"mapLatitude":45.689436,"title":"Terrasse de la roseraie (pergola)","importId":"7943586","address":" Parc floral des Thermes 73100 Aix-les-Bains","uid":1807,"pid":2115}],"medias":[{"sorting":1,"sysLanguageUid":0,"hidden":false,"crdate":"2026-08-19T06:00:01+0200","tstamp":"2026-08-31T11:31:58+0200","title":"D\u00e9jeuner imp\u00e9rial sur l'herbe - Programme","importId":"39740719","link":"https:\/\/static.apidae-tourisme.com\/filestore\/objets-touristiques\/documents\/244\/188\/42384628\/Afficheflyer+djeuner+imprial+6+septembre+2026r.pdf","extension":"pdf","size":2696589,"uid":202,"pid":2113}],"theme":[{"sorting":0,"crdate":"2026-01-27T09:43:03+0100","tstamp":"2026-01-27T09:43:03+0100","hidden":false,"sysLanguageUid":0,"l10nParent":0,"title":"Patrimoine","parent":{"sorting":0,"crdate":"2026-01-27T09:43:03+0100","tstamp":"2026-01-27T09:43:03+0100","hidden":false,"sysLanguageUid":0,"l10nParent":0,"title":"Arts et culture","parent":{"sorting":0,"tstamp":"2026-01-27T09:34:45+0100","hidden":false,"sysLanguageUid":0,"l10nParent":0,"title":"Apidae","images":[],"shortcut":0,"singlePid":0,"slug":"apidae-1","feBlacklist":false,"uid":807,"pid":2493},"images":[],"shortcut":0,"singlePid":0,"feBlacklist":false,"uid":815,"pid":2493},"images":[],"shortcut":0,"singlePid":0,"feBlacklist":false,"uid":845,"pid":2493}],"accessibility":[],"accessibilityDetail":[],"workflowStatus":[{"sorting":128,"crdate":"2024-10-04T16:40:41+0200","tstamp":"2024-10-04T16:40:41+0200","hidden":false,"sysLanguageUid":0,"l10nParent":0,"title":"Accept\u00e9","parent":{"sorting":256,"crdate":"2024-10-04T16:28:08+0200","tstamp":"2024-10-04T16:28:08+0200","hidden":false,"sysLanguageUid":0,"l10nParent":0,"title":"Status (workflow)","images":[],"shortcut":0,"singlePid":0,"slug":"status-workflow","feBlacklist":false,"uid":400,"pid":1805},"images":[],"shortcut":0,"singlePid":0,"slug":"accepte","feBlacklist":false,"uid":401,"pid":1805}],"uid":2044,"pid":2110,"pid_title":"Agenda Ville","site":"cms.aixlesbains.fr","sys_language_uid":0,"suggest_title":"D\u00e9jeuner imp\u00e9rial sur l'herbe","raw_description":"<p>Dans le cadre enchanteur de la Terrasse de la roseraie du Parc de Verdure, sous la pergola, chacun est invit\u00e9 \u00e0 venir avec son panier pique-nique. Partagez un moment festif dans une ambiance \u00e9l\u00e9gante inspir\u00e9e du Second Empire.<\/p>\r\n\r\n<p>Au programme&nbsp;:<\/p>\r\n\r\n<p>\u2022 danses historiques et initiations,<\/p>\r\n<p>\u2022 jeux anciens, lectures et animations,<\/p>\r\n<p>\u2022 d\u00e9couverte du patrimoine imp\u00e9rial,<\/p>\r\n<p>\u2022 atelier cr\u00e9ation carte postale \"une histoire imp\u00e9riale\".<\/p>\r\n\r\n<p>Costumes et accessoires d'\u00e9poque seront les bienvenus, sans aucun caract\u00e8re obligatoire. Entr\u00e9e libre, tout public.<\/p>","settings":{"urlBuilder":{"varDefaultDetailUidName":"idEventsDetail","parameters":{"action":"show","arguments":"directory","controller":"Events","extensionName":"cimdirectory","pluginName":"Display"}},"editorial":{"contentElementId":"51","partial":"ItemList","itemType":"events","classes":"annuaire","hn":"2","popin":"1","grid":"horizontal","showImage":"1","showCategory":"1","showTeaser":"1","showOnHover":"0","showMore":"0","showDate":"0","urlBuilder":{"varDefaultDetailUidName":"idEventsDetail","parameters":{"action":"show","arguments":"directory","controller":"Events","extensionName":"cimdirectory","pluginName":"Display"}},"images":{"list":{"fields":"pictureShow"}}},"list":{"contentElementId":"51","partial":"ItemList","itemType":"events","classes":"annuaire","hn":"2","popin":"1","grid":"horizontal","showImage":"1","showCategory":"1","showTeaser":"1","showOnHover":"0","showMore":"0","showDate":"0","urlBuilder":{"varDefaultDetailUidName":"idEventsDetail","parameters":{"action":"show","arguments":"directory","controller":"Events","extensionName":"cimdirectory","pluginName":"Display"}},"images":{"list":{"fields":"pictureShow"}}},"search":{"contentElementId":"51","partial":"ItemList","itemType":"events","classes":"annuaire","hn":"2","grid":"horizontal","showImage":"1","showCategory":"1","showTeaser":"1","showOnHover":"0","showMore":"0","showDate":"0","urlBuilder":{"varDefaultDetailUidName":"idEventsDetail","parameters":{"action":"show","arguments":"directory","controller":"Events","extensionName":"cimdirectory","pluginName":"Display"}}}},"geo_point":{"lat":45.689436,"lon":5.915365},"id":"2110_2044","imageList":[{"publicUrl":"https:\/\/www.aixlesbains.fr\/api\/fileadmin\/_processed_\/8\/4\/csm_pictureShow_dejeuner-imperial-sur-l-herbe_03d5281644.webp","properties":{"title":"","alternative":null,"description":"","link":null,"linkData":null,"mimeType":"image\/webp","type":"image","filename":"pictureShow_dejeuner-imperial-sur-l-herbe.png","originalUrl":"https:\/\/www.aixlesbains.fr\/api\/fileadmin\/user_upload\/import\/pictureShow_dejeuner-imperial-sur-l-herbe.png","uidLocal":16187,"fileReferenceUid":20052,"size":758659,"dimensions":{"width":390,"height":550},"cropDimensions":{"width":390,"height":550},"crop":"","autoplay":null,"extension":"png","initialDimensions":{"width":905,"height":1280},"orientation":"portrait","copyright":"","processedExtension":"webp","publicUrl":"https:\/\/www.aixlesbains.fr\/api\/fileadmin\/_processed_\/8\/4\/csm_pictureShow_dejeuner-imperial-sur-l-herbe_03d5281644.webp","crdate":1787112004,"tstamp":1787112004}}],"links":[{"href":"\/agendas\/detail\/dejeuner-imperial-sur-l-herbe","text":"Voir la fiche","target":null}],"agency":"Cameros"},{"type":"events","sorting":0,"sysLanguageUid":0,"hidden":0,"crdate":"2026-08-25T06:00:01+0200","tstamp":"2026-08-26T06:00:01+0200","pathSegment":"\/bibliotheque-municipale-lamartine-exposition-street-photography","categories":[{"sorting":512,"crdate":"2025-01-08T16:25:55+0100","tstamp":"2025-01-08T16:25:55+0100","hidden":false,"sysLanguageUid":0,"l10nParent":0,"title":"Exposition","parent":{"sorting":512,"crdate":"2025-01-08T16:25:08+0100","tstamp":"2025-01-08T16:25:08+0100","hidden":false,"sysLanguageUid":0,"l10nParent":0,"title":"Arts et culture","parent":{"sorting":768,"crdate":"2025-01-08T15:29:43+0100","tstamp":"2025-01-08T15:29:51+0100","hidden":false,"sysLanguageUid":0,"l10nParent":0,"title":"Apidae","parent":{"sorting":256,"crdate":"2024-11-08T11:59:17+0100","tstamp":"2024-11-08T11:59:17+0100","hidden":false,"sysLanguageUid":0,"l10nParent":0,"title":"Agenda","images":[],"shortcut":0,"singlePid":0,"slug":"agenda","feBlacklist":false,"uid":406,"pid":1966},"images":[],"shortcut":0,"singlePid":0,"slug":"apidae","feBlacklist":false,"uid":445,"pid":2112},"images":[],"shortcut":0,"singlePid":0,"feBlacklist":false,"uid":446,"pid":2112},"images":[],"shortcut":0,"singlePid":0,"feBlacklist":false,"uid":459,"pid":2112}],"mapLongitude":5.915332,"mapLatitude":45.69075,"title":"Biblioth\u00e8que municipale Lamartine : Exposition Street photography","importId":"7936293","istopnews":false,"coupdecoeur":false,"teaser":"\u00c0 l\u2019occasion du bicentenaire de l'invention de la photographie, l\u2019exposition du Photo Club Aix-les-Bains explore la \"street photography\" \u00e0 travers la vie urbaine. Instants fugaces, sc\u00e8nes spontan\u00e9es et \u00e9motions r\u00e9v\u00e8lent la po\u00e9sie et l\u2019humanit\u00e9 de la rue.","description":"\u00c0 l\u2019occasion du bicentenaire de l'invention de la photographie, l\u2019exposition du Photo Club Aix-les-Bains explore la \"street photography\" \u00e0 travers des regards singuliers sur la vie urbaine. Instants fugaces, sc\u00e8nes spontan\u00e9es et \u00e9motions brutes capturent le quotidien, r\u00e9v\u00e9lant la po\u00e9sie et l\u2019humanit\u00e9 cach\u00e9es dans la rue.\r\n\r\nDu 1er au 26 septembre.\r\nVernissage le mardi 1er septembre.","creationDate":"2026-07-29T10:34:14+0200","cimNewsStartDate":"2026-09-01T10:00:00+0200","cimNewsEndDate":"2026-10-31T17:30:00+0100","duration":[{"sorting":512,"crdate":"2024-11-08T11:59:44+0100","tstamp":"2024-11-08T11:59:44+0100","hidden":false,"sysLanguageUid":0,"l10nParent":0,"title":"Courte dur\u00e9e","parent":{"sorting":256,"crdate":"2024-11-08T11:59:33+0100","tstamp":"2024-11-08T11:59:33+0100","hidden":false,"sysLanguageUid":0,"l10nParent":0,"title":"Types de dur\u00e9e","parent":{"sorting":256,"crdate":"2024-11-08T11:59:17+0100","tstamp":"2024-11-08T11:59:17+0100","hidden":false,"sysLanguageUid":0,"l10nParent":0,"title":"Agenda","images":[],"shortcut":0,"singlePid":0,"slug":"agenda","feBlacklist":false,"uid":406,"pid":1966},"images":[],"shortcut":0,"singlePid":0,"slug":"types-de-duree","feBlacklist":false,"uid":407,"pid":1967},"images":[],"shortcut":0,"singlePid":0,"slug":"courte-duree","feBlacklist":false,"uid":408,"pid":1967}],"hideRelatedEvents":false,"cimNewsScheduleDates":[{"sorting":1,"sysLanguageUid":0,"hidden":false,"crdate":"2026-08-26T06:00:01+0200","tstamp":"2026-08-26T06:00:01+0200","title":"41856984 - 2026-09-01 - 2026-10-31","cimNewsStartDate":"2026-09-01T10:00:00+0200","cimNewsEndDate":"2026-10-31T17:30:00+0100","complement":"Tous les samedi, dimanche. ","place":[],"uid":5915,"pid":2110}],"schedule":"Du 01\/09 au 31\/10\/2026 les week-ends de 10h \u00e0 17h30.","pictureShow":[{"originalResource":{"originalFile":{"updatedProperties":["modification_date","creation_date","type"],"properties":{"uid":16349,"pid":0,"missing":0,"type":2,"storage":1,"identifier":"\/user_upload\/import\/pictureShow_bibliotheque-municipale-lamartine-exposition-street-photography.jpg","identifier_hash":"246ad4a8f7e60ce01302c4ead3085e29aec353bd","extension":"jpg","mime_type":"image\/jpeg","name":"pictureShow_bibliotheque-municipale-lamartine-exposition-street-photography.jpg","sha1":"cafbb396e47f6a1402311835a8342a4bd4b9ecce","size":239760,"creation_date":1787716804,"modification_date":1787716804,"folder_hash":"cf40f83f2cbfdec6b9ed400bffcdfea18683e513","tstamp":1787630401,"crdate":1787630401,"sys_language_uid":0,"l10n_parent":0,"l10n_state":null,"t3_origuid":0,"l10n_diffsource":"","t3ver_oid":0,"t3ver_wsid":0,"t3ver_state":0,"t3ver_stage":0,"file":16349,"title":null,"width":1071,"height":1613,"description":null,"alternative":null,"categories":0,"hide_download_link":0,"cim_base_description":null,"date_displayed":0,"cim_base_thumb":null,"archive":0,"copyright":"","cim_base_numero":0,"istopnews":0,"song_artist":"","song_title":"","language":0,"nosearch":0,"indexed":0,"content_creation_date":0,"content_modification_date":0,"visible":1,"status":"","keywords":null,"caption":null,"creator_tool":"","download_name":"","creator":"","publisher":"","source":"","location_country":"","location_region":"","location_city":"","latitude":"0.00000000000000","longitude":"0.00000000000000","ranking":0,"note":null,"unit":"","duration":0,"color_space":"","pages":0,"fe_groups":null,"external_url":"","listen_url":"","use_site_flipbook":0,"starttime":0,"endtime":0,"metadata_uid":16478},"identifier":"\/user_upload\/import\/pictureShow_bibliotheque-municipale-lamartine-exposition-street-photography.jpg","name":"pictureShow_bibliotheque-municipale-lamartine-exposition-street-photography.jpg"}},"uid":20092,"pid":2110}],"pictureList":[],"organiser":[{"type":"generique","sorting":0,"sysLanguageUid":0,"hidden":false,"crdate":"2026-08-25T06:00:01+0200","tstamp":"2026-08-26T06:00:01+0200","categories":[],"mapLongitude":0,"mapLatitude":0,"importId":"7936293","website":"https:\/\/journeesdupatrimoine.culture.gouv.fr\/","uid":1836,"pid":2114}],"publicType":[],"reservation":[],"tarifAdditionnal":"Gratuit.","tarifType":[{"sorting":0,"crdate":"2025-01-08T17:29:25+0100","tstamp":"2025-01-08T17:29:25+0100","hidden":false,"sysLanguageUid":0,"l10nParent":0,"title":"Gratuit","parent":{"sorting":256,"crdate":"2025-01-08T17:21:52+0100","tstamp":"2025-01-08T17:21:52+0100","hidden":false,"sysLanguageUid":0,"l10nParent":0,"title":"Types de tarifs","parent":{"sorting":256,"crdate":"2024-11-08T11:59:17+0100","tstamp":"2024-11-08T11:59:17+0100","hidden":false,"sysLanguageUid":0,"l10nParent":0,"title":"Agenda","images":[],"shortcut":0,"singlePid":0,"slug":"agenda","feBlacklist":false,"uid":406,"pid":1966},"images":[],"shortcut":0,"singlePid":0,"slug":"types-de-tarifs","feBlacklist":false,"uid":461,"pid":2116},"images":[],"shortcut":0,"singlePid":0,"feBlacklist":false,"uid":467,"pid":2116}],"lieu":[{"type":"generique","sorting":0,"sysLanguageUid":0,"hidden":false,"crdate":"2026-08-25T06:00:01+0200","tstamp":"2026-08-26T06:00:01+0200","categories":[],"mapLongitude":5.915332,"mapLatitude":45.69075,"title":"Biblioth\u00e8que municipale Lamartine","importId":"7936293","address":" 2 rue Lamartine 73100 Aix-les-Bains","uid":1835,"pid":2115}],"medias":[],"theme":[{"sorting":0,"crdate":"2026-07-23T06:00:01+0200","tstamp":"2026-07-23T06:00:01+0200","hidden":false,"sysLanguageUid":0,"l10nParent":0,"title":"Photographie","parent":{"sorting":0,"crdate":"2026-01-27T09:43:03+0100","tstamp":"2026-01-27T09:43:03+0100","hidden":false,"sysLanguageUid":0,"l10nParent":0,"title":"Arts et culture","parent":{"sorting":0,"tstamp":"2026-01-27T09:34:45+0100","hidden":false,"sysLanguageUid":0,"l10nParent":0,"title":"Apidae","images":[],"shortcut":0,"singlePid":0,"slug":"apidae-1","feBlacklist":false,"uid":807,"pid":2493},"images":[],"shortcut":0,"singlePid":0,"feBlacklist":false,"uid":815,"pid":2493},"images":[],"shortcut":0,"singlePid":0,"feBlacklist":false,"uid":944,"pid":2493}],"accessibility":[{"sorting":256,"crdate":"2024-01-05T15:28:26+0100","tstamp":"2024-02-27T11:48:28+0100","hidden":false,"sysLanguageUid":0,"l10nParent":0,"title":"Crit\u00e8res d'accessibilit\u00e9 pour d\u00e9ficience motrice","parent":{"sorting":64,"crdate":"2024-01-05T15:29:21+0100","tstamp":"2025-02-26T15:32:11+0100","hidden":false,"sysLanguageUid":0,"l10nParent":0,"title":"Accessibilit\u00e9","images":[],"shortcut":0,"singlePid":0,"slug":"accessibilite","feBlacklist":true,"uid":32,"pid":438},"images":[],"shortcut":0,"singlePid":0,"slug":"handicap-moteur","feBlacklist":false,"uid":29,"pid":438}],"accessibilityDetail":[{"sorting":0,"crdate":"2024-02-27T12:12:41+0100","tstamp":"2024-02-27T12:12:41+0100","hidden":false,"sysLanguageUid":0,"l10nParent":0,"title":"Accessible en fauteuil roulant en autonomie","parent":{"sorting":256,"crdate":"2024-02-27T11:51:56+0100","tstamp":"2024-02-27T11:52:12+0100","hidden":false,"sysLanguageUid":0,"l10nParent":0,"title":"D\u00e9tail accessibilit\u00e9","images":[],"shortcut":0,"singlePid":0,"slug":"detail-accessibilite","feBlacklist":false,"uid":358,"pid":1730},"images":[],"shortcut":0,"singlePid":0,"feBlacklist":false,"uid":363,"pid":1730}],"workflowStatus":[],"uid":2059,"pid":2110,"pid_title":"Agenda Ville","site":"cms.aixlesbains.fr","sys_language_uid":0,"suggest_title":"Biblioth\u00e8que municipale Lamartine : Exposition Street photography","raw_description":"\u00c0 l\u2019occasion du bicentenaire de l'invention de la photographie, l\u2019exposition du Photo Club Aix-les-Bains explore la \"street photography\" \u00e0 travers des regards singuliers sur la vie urbaine. Instants fugaces, sc\u00e8nes spontan\u00e9es et \u00e9motions brutes capturent le quotidien, r\u00e9v\u00e9lant la po\u00e9sie et l\u2019humanit\u00e9 cach\u00e9es dans la rue.\r\n\r\nDu 1er au 26 septembre.\r\nVernissage le mardi 1er septembre.","settings":{"urlBuilder":{"varDefaultDetailUidName":"idEventsDetail","parameters":{"action":"show","arguments":"directory","controller":"Events","extensionName":"cimdirectory","pluginName":"Display"}},"editorial":{"contentElementId":"51","partial":"ItemList","itemType":"events","classes":"annuaire","hn":"2","popin":"1","grid":"horizontal","showImage":"1","showCategory":"1","showTeaser":"1","showOnHover":"0","showMore":"0","showDate":"0","urlBuilder":{"varDefaultDetailUidName":"idEventsDetail","parameters":{"action":"show","arguments":"directory","controller":"Events","extensionName":"cimdirectory","pluginName":"Display"}},"images":{"list":{"fields":"pictureShow"}}},"list":{"contentElementId":"51","partial":"ItemList","itemType":"events","classes":"annuaire","hn":"2","popin":"1","grid":"horizontal","showImage":"1","showCategory":"1","showTeaser":"1","showOnHover":"0","showMore":"0","showDate":"0","urlBuilder":{"varDefaultDetailUidName":"idEventsDetail","parameters":{"action":"show","arguments":"directory","controller":"Events","extensionName":"cimdirectory","pluginName":"Display"}},"images":{"list":{"fields":"pictureShow"}}},"search":{"contentElementId":"51","partial":"ItemList","itemType":"events","classes":"annuaire","hn":"2","grid":"horizontal","showImage":"1","showCategory":"1","showTeaser":"1","showOnHover":"0","showMore":"0","showDate":"0","urlBuilder":{"varDefaultDetailUidName":"idEventsDetail","parameters":{"action":"show","arguments":"directory","controller":"Events","extensionName":"cimdirectory","pluginName":"Display"}}}},"geo_point":{"lat":45.69075,"lon":5.915332},"id":"2110_2059","imageList":[{"publicUrl":"https:\/\/www.aixlesbains.fr\/api\/fileadmin\/_processed_\/d\/3\/csm_pictureShow_bibliotheque-municipale-lamartine-exposition-street-photography_e892408b53.webp","properties":{"title":"","alternative":null,"description":"","link":null,"linkData":null,"mimeType":"image\/webp","type":"image","filename":"pictureShow_bibliotheque-municipale-lamartine-exposition-street-photography.jpg","originalUrl":"https:\/\/www.aixlesbains.fr\/api\/fileadmin\/user_upload\/import\/pictureShow_bibliotheque-municipale-lamartine-exposition-street-photography.jpg","uidLocal":16349,"fileReferenceUid":20092,"size":239760,"dimensions":{"width":330,"height":470},"cropDimensions":{"width":330,"height":470},"crop":"","autoplay":null,"extension":"jpg","initialDimensions":{"width":1071,"height":1613},"orientation":"portrait","copyright":"","processedExtension":"webp","publicUrl":"https:\/\/www.aixlesbains.fr\/api\/fileadmin\/_processed_\/d\/3\/csm_pictureShow_bibliotheque-municipale-lamartine-exposition-street-photography_e892408b53.webp","crdate":1787716804,"tstamp":1787716804}}],"links":[{"href":"\/agendas\/detail\/bibliotheque-municipale-lamartine-exposition-street-photography","text":"Voir la fiche","target":null}],"agency":"Cameros"},{"type":"events","sorting":0,"sysLanguageUid":0,"hidden":0,"crdate":"2026-06-20T06:00:01+0200","tstamp":"2026-08-24T14:31:06+0200","pathSegment":"\/vendredis-festifs","categories":[{"sorting":512,"crdate":"2025-01-08T16:25:55+0100","tstamp":"2025-01-08T16:25:55+0100","hidden":false,"sysLanguageUid":0,"l10nParent":0,"title":"Concert","parent":{"sorting":512,"crdate":"2025-01-08T16:25:08+0100","tstamp":"2025-01-08T16:25:08+0100","hidden":false,"sysLanguageUid":0,"l10nParent":0,"title":"Arts et culture","parent":{"sorting":768,"crdate":"2025-01-08T15:29:43+0100","tstamp":"2025-01-08T15:29:51+0100","hidden":false,"sysLanguageUid":0,"l10nParent":0,"title":"Apidae","parent":{"sorting":256,"crdate":"2024-11-08T11:59:17+0100","tstamp":"2024-11-08T11:59:17+0100","hidden":false,"sysLanguageUid":0,"l10nParent":0,"title":"Agenda","images":[],"shortcut":0,"singlePid":0,"slug":"agenda","feBlacklist":false,"uid":406,"pid":1966},"images":[],"shortcut":0,"singlePid":0,"slug":"apidae","feBlacklist":false,"uid":445,"pid":2112},"images":[],"shortcut":0,"singlePid":0,"feBlacklist":false,"uid":446,"pid":2112},"images":[],"shortcut":0,"singlePid":0,"feBlacklist":false,"uid":451,"pid":2112}],"mapLongitude":0,"mapLatitude":0,"title":"Vendredis festifs","importId":"7890193","istopnews":false,"coupdecoeur":false,"teaser":"Ces soir\u00e9es gratuites et ouvertes \u00e0 tous, de 18h30 \u00e0 22h, vont apporter divertissement et convivialit\u00e9 en plusieurs endroits de la ville avec la participation des commer\u00e7ants.","description":"VENDREDI 17 JUILLET - RUE DE CHAMB\u00c9RY\r\nD\u00c9AMBULATIONS ENTRE 19H ET 22H AVEC PAUSES\r\n\u2022 PINK IT BLACK (fanfare festive)\r\nCette fanfare en d\u00e9ambulation v\u00eatue de rose et de noir va r\u00e9veiller \u00e0 la fois vos zygomatiques et vos gambettes \u00e0 grands coups de skabalkanico-musette.\r\n\r\nVENDREDI 24 JUILLET - AVENUE DE VERDUN\r\n\u2022 19H : VIENS POUPOULE (bal guinguette)\r\nMusique des vall\u00e9es du monde entier, revisit\u00e9e et interpr\u00e9t\u00e9e par 3 musiciennes de Haute-Savoie. Venez donc vous secouer les plumes au son du violon, de l\u2019accord\u00e9on, de la fl\u00fbte et de la harpe !\r\n\u2022 20H30 : LES STOCKER\u2019S (rock\u2019n roll slows &amp; vari\u00e9t\u00e9 fran\u00e7aise)\r\nCe groupe familial compos\u00e9 de musiciens et chanteurs passionn\u00e9s va vous faire vibrer \u00e0 travers des standards de vari\u00e9t\u00e9 fran\u00e7aise et internationale !\r\n\r\nVENDREDI 31 JUILLET - AVENUE DU GRAND PORT\r\n\u2022 19H : SAINT-LAZARE (chanson jazz swing)\r\nSaint-Lazare, c\u2019est un voyage musical qui vous emm\u00e8ne dans le Paris des ann\u00e9es 50, o\u00f9 le jazz et la chanson fran\u00e7aise s\u2019entrelacent dans une danse envo\u00fbtante.\r\n\u2022 20H30 : FLY BY NIGHT (musique du monde)\r\n\u00c7a groove, \u00e7a swingue, \u00e7a chaloupe, \u00e7a fait r\u00eaver, \u00e7a berce et puis \u00e7a prend aux tripes\u2026 Laissez-vous emporter par ses rythmes d\u2019ailleurs et glissez-vous au centre d\u2019une f\u00eate aux couleurs du monde.\r\n\r\nVENDREDI 7 AO\u00dbT - RUE DES BAINS\r\n\u2022 19H : S\u00c9BI &amp; ADAMA (chanson m\u00e9tiss\u00e9e)\r\nS\u00e9bi &amp; Adama ou la rencontre d\u2019un griot africain, avec sa kora et d\u2019un musicien haut-savoyard avec son accord\u00e9on, sa trompette et sa guitare. Un duo po\u00e9tique &amp; m\u00e9lodieux dont la musique sans fronti\u00e8res construit des ponts entre les cultures !\r\n\u2022 20H30 : BAZARA (trip hop groove)\r\nBazara, c\u2019est le Strange Groove made in Chamb\u00e9ry. Entre funk, soul, ska et \u00e9lectro, leur musique hybride \u00e9lectrise les sc\u00e8nes et fait groover les corps.\r\n\r\nVENDREDI 14 AO\u00dbT - PLACE CLEMENCEAU\r\n\u2022 19H : NICOLE (rock fran\u00e7ais)\r\nNicole, c\u2019est du brico-rock aux accents garage, avec un doigt de punk. Nicole s\u2019invente, gratte, tape, frotte, s\u2019use\u2026Les oreilles, les voix, les tripes, tout y passe. Et la plume, elle, \u00e9crit, retranscrit, donne forme\u2026 d\u00e9forme\u2026 et recommence. Ainsi, Nicole bricole.\r\n\u2022 20H30 : KASLAN (\u00e9lectro brass balkan) Kaslan c\u2019est une association inattendue entre soubassophone, trompette, accord\u00e9on et et machines\u2026 Une musique aux sonorit\u00e9s \u00e9clectiques qui s\u2019inspire r\u00e9solument des codes de la techno, des couleurs des balkans, des rythmiques hip-hop, et d\u2019influences jazz.\r\n\r\nVENDREDI 4 SEPTEMBRE - AVENUE DE VERDUN\r\n\u2022 19H PHILIPPE JULIETTE (chanson fran\u00e7aise et anglaise)\r\nLaissez-vous emporter dans un voyage musical des ann\u00e9es 30 \u00e0 aujourd\u2019hui, port\u00e9 par la voix singuli\u00e8re et puissante de Philippe Juliette. Entre grands classiques revisit\u00e9s et cr\u00e9ations originales, il vous offre un tour de chant p\u00e9tillant, sensible et teint\u00e9 d\u2019humour.","creationDate":"2026-06-19T17:32:44+0200","cimNewsStartDate":"2026-09-04T00:00:00+0200","cimNewsEndDate":"2026-09-04T22:00:00+0200","duration":[{"sorting":512,"crdate":"2024-11-08T11:59:44+0100","tstamp":"2024-11-08T11:59:44+0100","hidden":false,"sysLanguageUid":0,"l10nParent":0,"title":"Courte dur\u00e9e","parent":{"sorting":256,"crdate":"2024-11-08T11:59:33+0100","tstamp":"2024-11-08T11:59:33+0100","hidden":false,"sysLanguageUid":0,"l10nParent":0,"title":"Types de dur\u00e9e","parent":{"sorting":256,"crdate":"2024-11-08T11:59:17+0100","tstamp":"2024-11-08T11:59:17+0100","hidden":false,"sysLanguageUid":0,"l10nParent":0,"title":"Agenda","images":[],"shortcut":0,"singlePid":0,"slug":"agenda","feBlacklist":false,"uid":406,"pid":1966},"images":[],"shortcut":0,"singlePid":0,"slug":"types-de-duree","feBlacklist":false,"uid":407,"pid":1967},"images":[],"shortcut":0,"singlePid":0,"slug":"courte-duree","feBlacklist":false,"uid":408,"pid":1967}],"hideRelatedEvents":false,"cimNewsScheduleDates":[{"sorting":1,"sysLanguageUid":0,"hidden":true,"crdate":"2026-06-20T06:00:01+0200","tstamp":"2026-08-24T14:31:06+0200","title":"41274632 - 2026-07-17 - 2026-07-17","cimNewsStartDate":"2026-07-17T18:30:00+0200","cimNewsEndDate":"2026-07-17T22:00:00+0200","place":[],"uid":5638,"pid":2110},{"sorting":2,"sysLanguageUid":0,"hidden":true,"crdate":"2026-06-20T06:00:01+0200","tstamp":"2026-08-24T14:31:06+0200","title":"41274633 - 2026-07-24 - 2026-07-24","cimNewsStartDate":"2026-07-24T18:30:00+0200","cimNewsEndDate":"2026-07-24T22:00:00+0200","place":[],"uid":5639,"pid":2110},{"sorting":3,"sysLanguageUid":0,"hidden":true,"crdate":"2026-06-20T06:00:01+0200","tstamp":"2026-08-24T14:31:06+0200","title":"41274634 - 2026-07-31 - 2026-07-31","cimNewsStartDate":"2026-07-31T18:30:00+0200","cimNewsEndDate":"2026-07-31T22:00:00+0200","place":[],"uid":5640,"pid":2110},{"sorting":4,"sysLanguageUid":0,"hidden":true,"crdate":"2026-06-20T06:00:01+0200","tstamp":"2026-08-24T14:31:06+0200","title":"41274635 - 2026-08-07 - 2026-08-07","cimNewsStartDate":"2026-08-07T18:30:00+0200","cimNewsEndDate":"2026-08-07T22:00:00+0200","place":[],"uid":5641,"pid":2110},{"sorting":5,"sysLanguageUid":0,"hidden":true,"crdate":"2026-06-20T06:00:01+0200","tstamp":"2026-08-24T14:31:06+0200","title":"41274636 - 2026-08-14 - 2026-08-14","cimNewsStartDate":"2026-08-14T18:30:00+0200","cimNewsEndDate":"2026-08-14T22:00:00+0200","place":[],"uid":5642,"pid":2110},{"sorting":6,"sysLanguageUid":0,"hidden":false,"crdate":"2026-08-07T06:00:01+0200","tstamp":"2026-08-24T14:31:06+0200","title":"41961495 - 2026-09-04 - 2026-09-04","cimNewsStartDate":"2026-09-04T18:30:00+0200","cimNewsEndDate":"2026-09-04T22:00:00+0200","place":[],"uid":5847,"pid":2110}],"schedule":"Vendredi 7 ao\u00fbt 2026 de 18h30 \u00e0 22h.\r\n\r\nVendredi 14 ao\u00fbt 2026 de 18h30 \u00e0 22h.\r\n\r\nVendredi 4 septembre 2026 de 18h30 \u00e0 22h.","pictureShow":[{"originalResource":{"originalFile":{"updatedProperties":[],"properties":{"uid":16185,"pid":0,"missing":0,"type":"2","storage":1,"identifier":"\/user_upload\/import\/pictureShow_vendredis-festifs.png","identifier_hash":"5996515e1f8e7c62c151d1d2ee38e709e8ea6236","extension":"png","mime_type":"image\/png","name":"pictureShow_vendredis-festifs.png","sha1":"f2fb99dbdd42ee3ecc6ae1ec65dab56983a4a8af","size":801406,"creation_date":1787371206,"modification_date":1787371206,"folder_hash":"cf40f83f2cbfdec6b9ed400bffcdfea18683e513","tstamp":1786075201,"crdate":1786075201,"sys_language_uid":0,"l10n_parent":0,"l10n_state":null,"t3_origuid":0,"l10n_diffsource":"","t3ver_oid":0,"t3ver_wsid":0,"t3ver_state":0,"t3ver_stage":0,"file":16185,"title":null,"width":1415,"height":2000,"description":null,"alternative":null,"categories":0,"hide_download_link":0,"cim_base_description":null,"date_displayed":0,"cim_base_thumb":null,"archive":0,"copyright":"","cim_base_numero":0,"istopnews":0,"song_artist":"","song_title":"","language":0,"nosearch":0,"indexed":0,"content_creation_date":0,"content_modification_date":0,"visible":1,"status":"","keywords":null,"caption":null,"creator_tool":"","download_name":"","creator":"","publisher":"","source":"","location_country":"","location_region":"","location_city":"","latitude":"0.00000000000000","longitude":"0.00000000000000","ranking":0,"note":null,"unit":"","duration":0,"color_space":"","pages":0,"fe_groups":null,"external_url":"","listen_url":"","use_site_flipbook":0,"starttime":0,"endtime":0,"metadata_uid":16314},"identifier":"\/user_upload\/import\/pictureShow_vendredis-festifs.png","name":"pictureShow_vendredis-festifs.png"}},"uid":20062,"pid":2110}],"pictureList":[],"organiser":[{"type":"generique","sorting":0,"sysLanguageUid":0,"hidden":false,"crdate":"2026-06-20T06:00:01+0200","tstamp":"2026-08-22T06:00:01+0200","categories":[],"mapLongitude":0,"mapLatitude":0,"importId":"7890193","website":"https:\/\/www.aixlesbains.fr\/agendas","uid":1703,"pid":2114}],"publicType":[],"reservation":[],"tarifAdditionnal":"Gratuit.","tarifType":[{"sorting":0,"crdate":"2025-01-08T17:29:25+0100","tstamp":"2025-01-08T17:29:25+0100","hidden":false,"sysLanguageUid":0,"l10nParent":0,"title":"Gratuit","parent":{"sorting":256,"crdate":"2025-01-08T17:21:52+0100","tstamp":"2025-01-08T17:21:52+0100","hidden":false,"sysLanguageUid":0,"l10nParent":0,"title":"Types de tarifs","parent":{"sorting":256,"crdate":"2024-11-08T11:59:17+0100","tstamp":"2024-11-08T11:59:17+0100","hidden":false,"sysLanguageUid":0,"l10nParent":0,"title":"Agenda","images":[],"shortcut":0,"singlePid":0,"slug":"agenda","feBlacklist":false,"uid":406,"pid":1966},"images":[],"shortcut":0,"singlePid":0,"slug":"types-de-tarifs","feBlacklist":false,"uid":461,"pid":2116},"images":[],"shortcut":0,"singlePid":0,"feBlacklist":false,"uid":467,"pid":2116}],"lieu":[],"medias":[],"theme":[],"accessibility":[],"accessibilityDetail":[],"workflowStatus":[{"sorting":128,"crdate":"2024-10-04T16:40:41+0200","tstamp":"2024-10-04T16:40:41+0200","hidden":false,"sysLanguageUid":0,"l10nParent":0,"title":"Accept\u00e9","parent":{"sorting":256,"crdate":"2024-10-04T16:28:08+0200","tstamp":"2024-10-04T16:28:08+0200","hidden":false,"sysLanguageUid":0,"l10nParent":0,"title":"Status (workflow)","images":[],"shortcut":0,"singlePid":0,"slug":"status-workflow","feBlacklist":false,"uid":400,"pid":1805},"images":[],"shortcut":0,"singlePid":0,"slug":"accepte","feBlacklist":false,"uid":401,"pid":1805}],"uid":1979,"pid":2110,"pid_title":"Agenda Ville","site":"cms.aixlesbains.fr","sys_language_uid":0,"suggest_title":"Vendredis festifs","raw_description":"<p>VENDREDI 17 JUILLET - RUE DE CHAMB\u00c9RY<\/p>\r\n<p>D\u00c9AMBULATIONS ENTRE 19H ET 22H AVEC PAUSES<\/p>\r\n<p>\u2022 PINK IT BLACK (fanfare festive)<\/p>\r\n<p>Cette fanfare en d\u00e9ambulation v\u00eatue de rose et de noir va r\u00e9veiller \u00e0 la fois vos zygomatiques et vos gambettes \u00e0 grands coups de skabalkanico-musette.<\/p>\r\n\r\n<p>VENDREDI 24 JUILLET - AVENUE DE VERDUN<\/p>\r\n<p>\u2022 19H : VIENS POUPOULE (bal guinguette)<\/p>\r\n<p>Musique des vall\u00e9es du monde entier, revisit\u00e9e et interpr\u00e9t\u00e9e par 3 musiciennes de Haute-Savoie. Venez donc vous secouer les plumes au son du violon, de l\u2019accord\u00e9on, de la fl\u00fbte et de la harpe !<\/p>\r\n<p>\u2022 20H30 : LES STOCKER\u2019S (rock\u2019n roll slows &amp; vari\u00e9t\u00e9 fran\u00e7aise)<\/p>\r\n<p>Ce groupe familial compos\u00e9 de musiciens et chanteurs passionn\u00e9s va vous faire vibrer \u00e0 travers des standards de vari\u00e9t\u00e9 fran\u00e7aise et internationale !<\/p>\r\n\r\n<p>VENDREDI 31 JUILLET - AVENUE DU GRAND PORT<\/p>\r\n<p>\u2022 19H : SAINT-LAZARE (chanson jazz swing)<\/p>\r\n<p>Saint-Lazare, c\u2019est un voyage musical qui vous emm\u00e8ne dans le Paris des ann\u00e9es 50, o\u00f9 le jazz et la chanson fran\u00e7aise s\u2019entrelacent dans une danse envo\u00fbtante.<\/p>\r\n<p>\u2022 20H30 : FLY BY NIGHT (musique du monde)<\/p>\r\n<p>\u00c7a groove, \u00e7a swingue, \u00e7a chaloupe, \u00e7a fait r\u00eaver, \u00e7a berce et puis \u00e7a prend aux tripes\u2026 Laissez-vous emporter par ses rythmes d\u2019ailleurs et glissez-vous au centre d\u2019une f\u00eate aux couleurs du monde.<\/p>\r\n\r\n<p>VENDREDI 7 AO\u00dbT - RUE DES BAINS<\/p>\r\n<p>\u2022 19H : S\u00c9BI &amp; ADAMA (chanson m\u00e9tiss\u00e9e)<\/p>\r\n<p>S\u00e9bi &amp; Adama ou la rencontre d\u2019un griot africain, avec sa kora et d\u2019un musicien haut-savoyard avec son accord\u00e9on, sa trompette et sa guitare. Un duo po\u00e9tique &amp; m\u00e9lodieux dont la musique sans fronti\u00e8res construit des ponts entre les cultures !<\/p>\r\n<p>\u2022 20H30 : BAZARA (trip hop groove)<\/p>\r\n<p>Bazara, c\u2019est le Strange Groove made in Chamb\u00e9ry. Entre funk, soul, ska et \u00e9lectro, leur musique hybride \u00e9lectrise les sc\u00e8nes et fait groover les corps.<\/p>\r\n\r\n<p>VENDREDI 14 AO\u00dbT - PLACE CLEMENCEAU<\/p>\r\n<p>\u2022 19H : NICOLE (rock fran\u00e7ais)<\/p>\r\n<p>Nicole, c\u2019est du brico-rock aux accents garage, avec un doigt de punk. Nicole s\u2019invente, gratte, tape, frotte, s\u2019use\u2026Les oreilles, les voix, les tripes, tout y passe. Et la plume, elle, \u00e9crit, retranscrit, donne forme\u2026 d\u00e9forme\u2026 et recommence. Ainsi, Nicole bricole.<\/p>\r\n<p>\u2022 20H30 : KASLAN (\u00e9lectro brass balkan) Kaslan c\u2019est une association inattendue entre soubassophone, trompette, accord\u00e9on et et machines\u2026 Une musique aux sonorit\u00e9s \u00e9clectiques qui s\u2019inspire r\u00e9solument des codes de la techno, des couleurs des balkans, des rythmiques hip-hop, et d\u2019influences jazz.<\/p>\r\n\r\n<p>VENDREDI 4 SEPTEMBRE - AVENUE DE VERDUN<\/p>\r\n<p>\u2022 19H PHILIPPE JULIETTE (chanson fran\u00e7aise et anglaise)<\/p>\r\n<p>Laissez-vous emporter dans un voyage musical des ann\u00e9es 30 \u00e0 aujourd\u2019hui, port\u00e9 par la voix singuli\u00e8re et puissante de Philippe Juliette. Entre grands classiques revisit\u00e9s et cr\u00e9ations originales, il vous offre un tour de chant p\u00e9tillant, sensible et teint\u00e9 d\u2019humour.<\/p>","settings":{"urlBuilder":{"varDefaultDetailUidName":"idEventsDetail","parameters":{"action":"show","arguments":"directory","controller":"Events","extensionName":"cimdirectory","pluginName":"Display"}},"editorial":{"contentElementId":"51","partial":"ItemList","itemType":"events","classes":"annuaire","hn":"2","popin":"1","grid":"horizontal","showImage":"1","showCategory":"1","showTeaser":"1","showOnHover":"0","showMore":"0","showDate":"0","urlBuilder":{"varDefaultDetailUidName":"idEventsDetail","parameters":{"action":"show","arguments":"directory","controller":"Events","extensionName":"cimdirectory","pluginName":"Display"}},"images":{"list":{"fields":"pictureShow"}}},"list":{"contentElementId":"51","partial":"ItemList","itemType":"events","classes":"annuaire","hn":"2","popin":"1","grid":"horizontal","showImage":"1","showCategory":"1","showTeaser":"1","showOnHover":"0","showMore":"0","showDate":"0","urlBuilder":{"varDefaultDetailUidName":"idEventsDetail","parameters":{"action":"show","arguments":"directory","controller":"Events","extensionName":"cimdirectory","pluginName":"Display"}},"images":{"list":{"fields":"pictureShow"}}},"search":{"contentElementId":"51","partial":"ItemList","itemType":"events","classes":"annuaire","hn":"2","grid":"horizontal","showImage":"1","showCategory":"1","showTeaser":"1","showOnHover":"0","showMore":"0","showDate":"0","urlBuilder":{"varDefaultDetailUidName":"idEventsDetail","parameters":{"action":"show","arguments":"directory","controller":"Events","extensionName":"cimdirectory","pluginName":"Display"}}}},"geo_point":{"lat":0,"lon":0},"id":"2110_1979","imageList":[{"publicUrl":"https:\/\/www.aixlesbains.fr\/api\/fileadmin\/_processed_\/1\/6\/csm_pictureShow_vendredis-festifs_e294810ea8.webp","properties":{"title":"","alternative":null,"description":"","link":null,"linkData":null,"mimeType":"image\/webp","type":"image","filename":"pictureShow_vendredis-festifs.png","originalUrl":"https:\/\/www.aixlesbains.fr\/api\/fileadmin\/user_upload\/import\/pictureShow_vendredis-festifs.png","uidLocal":16185,"fileReferenceUid":20062,"size":801406,"dimensions":{"width":330,"height":470},"cropDimensions":{"width":330,"height":470},"crop":"","autoplay":null,"extension":"png","initialDimensions":{"width":1415,"height":2000},"orientation":"portrait","copyright":"","processedExtension":"webp","publicUrl":"https:\/\/www.aixlesbains.fr\/api\/fileadmin\/_processed_\/1\/6\/csm_pictureShow_vendredis-festifs_e294810ea8.webp","crdate":1787371206,"tstamp":1787371206}}],"links":[{"href":"\/agendas\/detail\/vendredis-festifs","text":"Voir la fiche","target":null}],"agency":"Cameros"},{"type":"events","sorting":0,"sysLanguageUid":0,"hidden":0,"crdate":"2026-06-26T06:00:02+0200","tstamp":"2026-08-29T06:00:01+0200","pathSegment":"\/handival","categories":[{"sorting":512,"crdate":"2025-02-25T11:34:14+0100","tstamp":"2025-02-25T11:34:14+0100","hidden":false,"sysLanguageUid":0,"l10nParent":0,"title":"Initiation \/ d\u00e9couverte dans le cadre d'un \u00e9v\u00e9nement","parent":{"sorting":512,"crdate":"2025-01-08T16:25:55+0100","tstamp":"2025-01-08T16:25:55+0100","hidden":false,"sysLanguageUid":0,"l10nParent":0,"title":"Distractions et loisirs","parent":{"sorting":768,"crdate":"2025-01-08T15:29:43+0100","tstamp":"2025-01-08T15:29:51+0100","hidden":false,"sysLanguageUid":0,"l10nParent":0,"title":"Apidae","parent":{"sorting":256,"crdate":"2024-11-08T11:59:17+0100","tstamp":"2024-11-08T11:59:17+0100","hidden":false,"sysLanguageUid":0,"l10nParent":0,"title":"Agenda","images":[],"shortcut":0,"singlePid":0,"slug":"agenda","feBlacklist":false,"uid":406,"pid":1966},"images":[],"shortcut":0,"singlePid":0,"slug":"apidae","feBlacklist":false,"uid":445,"pid":2112},"images":[],"shortcut":0,"singlePid":0,"feBlacklist":false,"uid":452,"pid":2112},"images":[],"shortcut":0,"singlePid":0,"feBlacklist":false,"uid":695,"pid":2112}],"mapLongitude":5.886452,"mapLatitude":45.697014,"title":"Handival","importId":"7896362","istopnews":false,"coupdecoeur":false,"teaser":"3000 km pour financer la recherche sur la maladie de la myopathie FSH. Le but est de participer \u00e0 une course, tous niveaux, tous moyens, et accessible \u00e0 tout le monde, rythm\u00e9 par l'inclusion, le sport et le handicap.","description":"Le samedi 5 septembre 2026, l'association Amis FSH donne rendez-vous \u00e0 tous les habitants et visiteurs pour une journ\u00e9e sportive, conviviale et solidaire \u00e0 Aix-les-Bains. L'objectif ? Parcourir ensemble 3 000 kilom\u00e8tres afin de soutenir la recherche contre la myopathie FSHD.\r\n\r\nQue vous soyez sportif confirm\u00e9 ou simple promeneur, chacun peut participer \u00e0 sa mani\u00e8re : \u00e0 pied, en courant, \u00e0 v\u00e9lo, en handbike, en fauteuil roulant, en jo\u00eblette, en roller, en skateboard ou en trottinette (non \u00e9lectrique). Chaque kilom\u00e8tre parcouru contribue \u00e0 faire avancer la recherche.\r\n\r\nDe 10 h \u00e0 16 h, le d\u00e9fi se d\u00e9roulera sur la piste cyclable d\u2019Aix-les-Bains, entre le village HandiVal install\u00e9 sur l\u2019esplanade du lac et le Cap des S\u00e9selets. \r\n\r\n- Des animations pour toute la famille -\r\n\r\nTout au long de la journ\u00e9e, le village HandiVal proposera de nombreuses activit\u00e9s pour petits et grands :\r\n\r\n\u2022 espace enfants avec ch\u00e2teau gonflable, maquillage et p\u00eache aux canards,\r\n\u2022 march\u00e9 de producteurs,\r\n\u2022 activit\u00e9s bien-\u00eatre (r\u00e9flexologie plantaire, massages, danse Nia, ost\u00e9opathie, etc.),\r\n\u2022 activit\u00e9s adapt\u00e9es aux personnes en situation de handicap,\r\n\u2022 sorties en voilier et vols en parapente sur inscription.\r\n\r\n- Accessibilit\u00e9 - \r\n\r\nL'\u00e9v\u00e9nement est con\u00e7u pour accueillir les personnes valides comme les personnes \u00e0 mobilit\u00e9 r\u00e9duite. Du mat\u00e9riel adapt\u00e9 est mis \u00e0 disposition pour les participants en situation de handicap.\r\n\r\nLes fonds collect\u00e9s auront pour but de financer la recherche sur la maladie de la myopathie FSH\r\n\r\nCette maladie d\u00e9g\u00e9n\u00e9rative est incurable pour l'instant. \r\nEn France, ce sont 5000 guerriers, car nous parlons de vrais guerriers, qui luttent contre eux-m\u00eames et il est de notre devoir de pouvoir avancer et faire progresser la recherche sur ce sujet. \r\nUn \u00e9v\u00e9nement symbole de partage, d'inclusion et d'engagement autour d'activit\u00e9s sportives et relaxantes.","creationDate":"2026-06-24T19:40:25+0200","cimNewsStartDate":"2026-09-05T09:00:00+0200","cimNewsEndDate":"2026-09-05T18:00:00+0200","duration":[{"sorting":512,"crdate":"2024-11-08T11:59:44+0100","tstamp":"2024-11-08T11:59:44+0100","hidden":false,"sysLanguageUid":0,"l10nParent":0,"title":"Courte dur\u00e9e","parent":{"sorting":256,"crdate":"2024-11-08T11:59:33+0100","tstamp":"2024-11-08T11:59:33+0100","hidden":false,"sysLanguageUid":0,"l10nParent":0,"title":"Types de dur\u00e9e","parent":{"sorting":256,"crdate":"2024-11-08T11:59:17+0100","tstamp":"2024-11-08T11:59:17+0100","hidden":false,"sysLanguageUid":0,"l10nParent":0,"title":"Agenda","images":[],"shortcut":0,"singlePid":0,"slug":"agenda","feBlacklist":false,"uid":406,"pid":1966},"images":[],"shortcut":0,"singlePid":0,"slug":"types-de-duree","feBlacklist":false,"uid":407,"pid":1967},"images":[],"shortcut":0,"singlePid":0,"slug":"courte-duree","feBlacklist":false,"uid":408,"pid":1967}],"hideRelatedEvents":false,"cimNewsScheduleDates":[{"sorting":1,"sysLanguageUid":0,"hidden":false,"crdate":"2026-06-26T06:00:02+0200","tstamp":"2026-06-26T06:00:02+0200","title":"41350436 - 2026-09-05 - 2026-09-05","cimNewsStartDate":"2026-09-05T09:00:00+0200","cimNewsEndDate":"2026-09-05T18:00:00+0200","place":[],"uid":5753,"pid":2110}],"schedule":"Samedi 5 septembre 2026 de 9h \u00e0 18h.","pictureShow":[{"originalResource":{"originalFile":{"updatedProperties":["modification_date","creation_date","type"],"properties":{"uid":15504,"pid":0,"missing":0,"type":2,"storage":1,"identifier":"\/user_upload\/import\/pictureShow_handival.jpg","identifier_hash":"178f46820abe8bed8d613ac28b4b67af7f40cee0","extension":"jpg","mime_type":"image\/jpeg","name":"pictureShow_handival.jpg","sha1":"037fb74c8bb3b359bfef44a39c5d0570ea74e928","size":206979,"creation_date":1787976008,"modification_date":1787976008,"folder_hash":"cf40f83f2cbfdec6b9ed400bffcdfea18683e513","tstamp":1782446404,"crdate":1782446402,"sys_language_uid":0,"l10n_parent":0,"l10n_state":null,"t3_origuid":0,"l10n_diffsource":"","t3ver_oid":0,"t3ver_wsid":0,"t3ver_state":0,"t3ver_stage":0,"file":15504,"title":null,"width":905,"height":1280,"description":null,"alternative":null,"categories":0,"hide_download_link":0,"cim_base_description":null,"date_displayed":0,"cim_base_thumb":null,"archive":0,"copyright":"","cim_base_numero":0,"istopnews":0,"song_artist":"","song_title":"","language":0,"nosearch":0,"indexed":0,"content_creation_date":0,"content_modification_date":0,"visible":1,"status":"","keywords":null,"caption":null,"creator_tool":"","download_name":"","creator":"","publisher":"","source":"","location_country":"","location_region":"","location_city":"","latitude":"0.00000000000000","longitude":"0.00000000000000","ranking":0,"note":null,"unit":"px","duration":0,"color_space":"","pages":0,"fe_groups":null,"external_url":"","listen_url":"","use_site_flipbook":0,"starttime":0,"endtime":0,"metadata_uid":15627},"identifier":"\/user_upload\/import\/pictureShow_handival.jpg","name":"pictureShow_handival.jpg"}},"uid":20117,"pid":2110}],"pictureList":[],"organiser":[{"type":"generique","sorting":0,"sysLanguageUid":0,"hidden":false,"crdate":"2026-06-26T06:00:02+0200","tstamp":"2026-08-29T06:00:01+0200","categories":[],"mapLongitude":0,"mapLatitude":0,"importId":"7896362","phone":"06 79 68 03 99","mail":"contact@amisfsh.fr","uid":1717,"pid":2114}],"publicType":[],"reservation":[],"ticketingLink":"https:\/\/www.amisfsh.fr\/collect\/choice\/668988-b-handival-aix-les-bains-le-5-septembre-2026","tarifType":[{"sorting":0,"crdate":"2025-01-08T17:29:25+0100","tstamp":"2025-01-08T17:29:25+0100","hidden":false,"sysLanguageUid":0,"l10nParent":0,"title":"Payant","parent":{"sorting":256,"crdate":"2025-01-08T17:21:52+0100","tstamp":"2025-01-08T17:21:52+0100","hidden":false,"sysLanguageUid":0,"l10nParent":0,"title":"Types de tarifs","parent":{"sorting":256,"crdate":"2024-11-08T11:59:17+0100","tstamp":"2024-11-08T11:59:17+0100","hidden":false,"sysLanguageUid":0,"l10nParent":0,"title":"Agenda","images":[],"shortcut":0,"singlePid":0,"slug":"agenda","feBlacklist":false,"uid":406,"pid":1966},"images":[],"shortcut":0,"singlePid":0,"slug":"types-de-tarifs","feBlacklist":false,"uid":461,"pid":2116},"images":[],"shortcut":0,"singlePid":0,"feBlacklist":false,"uid":463,"pid":2116}],"lieu":[{"type":"generique","sorting":0,"sysLanguageUid":0,"hidden":false,"crdate":"2026-06-26T06:00:02+0200","tstamp":"2026-08-29T06:00:01+0200","categories":[],"mapLongitude":5.886452,"mapLatitude":45.697014,"title":"Esplanade du Lac","importId":"7896362","address":"  73100 Aix-les-Bains","uid":1716,"pid":2115}],"medias":[{"sorting":1,"sysLanguageUid":0,"hidden":false,"crdate":"2026-06-26T06:00:02+0200","tstamp":"2026-08-29T06:00:01+0200","title":"Flyer Handival 2026","importId":"39238038","link":"https:\/\/static.apidae-tourisme.com\/filestore\/objets-touristiques\/documents\/117\/183\/41924469\/FlyerHandival-2026.pdf","extension":"pdf","size":1702063,"uid":197,"pid":2113}],"theme":[{"sorting":0,"crdate":"2026-04-14T06:00:01+0200","tstamp":"2026-04-14T06:00:01+0200","hidden":false,"sysLanguageUid":0,"l10nParent":0,"title":"Citoyennet\u00e9","parent":{"sorting":0,"crdate":"2026-01-27T09:43:03+0100","tstamp":"2026-01-27T09:43:03+0100","hidden":false,"sysLanguageUid":0,"l10nParent":0,"title":"Divers","parent":{"sorting":0,"tstamp":"2026-01-27T09:34:45+0100","hidden":false,"sysLanguageUid":0,"l10nParent":0,"title":"Apidae","images":[],"shortcut":0,"singlePid":0,"slug":"apidae-1","feBlacklist":false,"uid":807,"pid":2493},"images":[],"shortcut":0,"singlePid":0,"feBlacklist":false,"uid":828,"pid":2493},"images":[],"shortcut":0,"singlePid":0,"feBlacklist":false,"uid":905,"pid":2493}],"accessibility":[],"accessibilityDetail":[],"workflowStatus":[],"uid":1995,"pid":2110,"pid_title":"Agenda Ville","site":"cms.aixlesbains.fr","sys_language_uid":0,"suggest_title":"Handival","raw_description":"Le samedi 5 septembre 2026, l'association Amis FSH donne rendez-vous \u00e0 tous les habitants et visiteurs pour une journ\u00e9e sportive, conviviale et solidaire \u00e0 Aix-les-Bains. L'objectif ? Parcourir ensemble 3 000 kilom\u00e8tres afin de soutenir la recherche contre la myopathie FSHD.\r\n\r\nQue vous soyez sportif confirm\u00e9 ou simple promeneur, chacun peut participer \u00e0 sa mani\u00e8re : \u00e0 pied, en courant, \u00e0 v\u00e9lo, en handbike, en fauteuil roulant, en jo\u00eblette, en roller, en skateboard ou en trottinette (non \u00e9lectrique). Chaque kilom\u00e8tre parcouru contribue \u00e0 faire avancer la recherche.\r\n\r\nDe 10 h \u00e0 16 h, le d\u00e9fi se d\u00e9roulera sur la piste cyclable d\u2019Aix-les-Bains, entre le village HandiVal install\u00e9 sur l\u2019esplanade du lac et le Cap des S\u00e9selets. \r\n\r\n- Des animations pour toute la famille -\r\n\r\nTout au long de la journ\u00e9e, le village HandiVal proposera de nombreuses activit\u00e9s pour petits et grands :\r\n\r\n\u2022 espace enfants avec ch\u00e2teau gonflable, maquillage et p\u00eache aux canards,\r\n\u2022 march\u00e9 de producteurs,\r\n\u2022 activit\u00e9s bien-\u00eatre (r\u00e9flexologie plantaire, massages, danse Nia, ost\u00e9opathie, etc.),\r\n\u2022 activit\u00e9s adapt\u00e9es aux personnes en situation de handicap,\r\n\u2022 sorties en voilier et vols en parapente sur inscription.\r\n\r\n- Accessibilit\u00e9 - \r\n\r\nL'\u00e9v\u00e9nement est con\u00e7u pour accueillir les personnes valides comme les personnes \u00e0 mobilit\u00e9 r\u00e9duite. Du mat\u00e9riel adapt\u00e9 est mis \u00e0 disposition pour les participants en situation de handicap.\r\n\r\nLes fonds collect\u00e9s auront pour but de financer la recherche sur la maladie de la myopathie FSH\r\n\r\nCette maladie d\u00e9g\u00e9n\u00e9rative est incurable pour l'instant. \r\nEn France, ce sont 5000 guerriers, car nous parlons de vrais guerriers, qui luttent contre eux-m\u00eames et il est de notre devoir de pouvoir avancer et faire progresser la recherche sur ce sujet. \r\nUn \u00e9v\u00e9nement symbole de partage, d'inclusion et d'engagement autour d'activit\u00e9s sportives et relaxantes.","settings":{"urlBuilder":{"varDefaultDetailUidName":"idEventsDetail","parameters":{"action":"show","arguments":"directory","controller":"Events","extensionName":"cimdirectory","pluginName":"Display"}},"editorial":{"contentElementId":"51","partial":"ItemList","itemType":"events","classes":"annuaire","hn":"2","popin":"1","grid":"horizontal","showImage":"1","showCategory":"1","showTeaser":"1","showOnHover":"0","showMore":"0","showDate":"0","urlBuilder":{"varDefaultDetailUidName":"idEventsDetail","parameters":{"action":"show","arguments":"directory","controller":"Events","extensionName":"cimdirectory","pluginName":"Display"}},"images":{"list":{"fields":"pictureShow"}}},"list":{"contentElementId":"51","partial":"ItemList","itemType":"events","classes":"annuaire","hn":"2","popin":"1","grid":"horizontal","showImage":"1","showCategory":"1","showTeaser":"1","showOnHover":"0","showMore":"0","showDate":"0","urlBuilder":{"varDefaultDetailUidName":"idEventsDetail","parameters":{"action":"show","arguments":"directory","controller":"Events","extensionName":"cimdirectory","pluginName":"Display"}},"images":{"list":{"fields":"pictureShow"}}},"search":{"contentElementId":"51","partial":"ItemList","itemType":"events","classes":"annuaire","hn":"2","grid":"horizontal","showImage":"1","showCategory":"1","showTeaser":"1","showOnHover":"0","showMore":"0","showDate":"0","urlBuilder":{"varDefaultDetailUidName":"idEventsDetail","parameters":{"action":"show","arguments":"directory","controller":"Events","extensionName":"cimdirectory","pluginName":"Display"}}}},"geo_point":{"lat":45.697014,"lon":5.886452},"id":"2110_1995","imageList":[{"publicUrl":"https:\/\/www.aixlesbains.fr\/api\/fileadmin\/_processed_\/d\/d\/csm_pictureShow_handival_aa9af8d75b.webp","properties":{"title":"","alternative":null,"description":"","link":null,"linkData":null,"mimeType":"image\/webp","type":"image","filename":"pictureShow_handival.jpg","originalUrl":"https:\/\/www.aixlesbains.fr\/api\/fileadmin\/user_upload\/import\/pictureShow_handival.jpg","uidLocal":15504,"fileReferenceUid":20117,"size":206979,"dimensions":{"width":330,"height":470},"cropDimensions":{"width":330,"height":470},"crop":"","autoplay":null,"extension":"jpg","initialDimensions":{"width":905,"height":1280},"orientation":"portrait","copyright":"","processedExtension":"webp","publicUrl":"https:\/\/www.aixlesbains.fr\/api\/fileadmin\/_processed_\/d\/d\/csm_pictureShow_handival_aa9af8d75b.webp","crdate":1787976008,"tstamp":1787976008}}],"links":[{"href":"\/agendas\/detail\/handival","text":"Voir la fiche","target":null}],"agency":"Cameros"},{"type":"events","sorting":0,"sysLanguageUid":0,"hidden":0,"crdate":"2026-07-23T06:00:01+0200","tstamp":"2026-07-23T06:00:01+0200","pathSegment":"\/ruban-en-or-humain-pour-septembre-en-or","categories":[{"sorting":512,"crdate":"2025-02-25T11:34:14+0100","tstamp":"2025-02-25T11:34:14+0100","hidden":false,"sysLanguageUid":0,"l10nParent":0,"title":"Initiation \/ d\u00e9couverte dans le cadre d'un \u00e9v\u00e9nement","parent":{"sorting":512,"crdate":"2025-01-08T16:25:55+0100","tstamp":"2025-01-08T16:25:55+0100","hidden":false,"sysLanguageUid":0,"l10nParent":0,"title":"Distractions et loisirs","parent":{"sorting":768,"crdate":"2025-01-08T15:29:43+0100","tstamp":"2025-01-08T15:29:51+0100","hidden":false,"sysLanguageUid":0,"l10nParent":0,"title":"Apidae","parent":{"sorting":256,"crdate":"2024-11-08T11:59:17+0100","tstamp":"2024-11-08T11:59:17+0100","hidden":false,"sysLanguageUid":0,"l10nParent":0,"title":"Agenda","images":[],"shortcut":0,"singlePid":0,"slug":"agenda","feBlacklist":false,"uid":406,"pid":1966},"images":[],"shortcut":0,"singlePid":0,"slug":"apidae","feBlacklist":false,"uid":445,"pid":2112},"images":[],"shortcut":0,"singlePid":0,"feBlacklist":false,"uid":452,"pid":2112},"images":[],"shortcut":0,"singlePid":0,"feBlacklist":false,"uid":695,"pid":2112}],"mapLongitude":0,"mapLatitude":0,"title":"RUBAN EN OR Humain pour septembre en Or","importId":"7928946","istopnews":false,"coupdecoeur":false,"teaser":"Dans le cadre de Septembre en Or (Mois de sensibilisation pour le cancer p\u00e9diatrique), nous souhaitons cr\u00e9er un ruban en Or, dans le lac du Bourget.","description":"Le ruban sera fait \u00e0 l'aide de bonnets de bain couleur or.\r\nPour cela, nous recherchons des personnes voulant \"se mettre \u00e0 l'eau\"pour cet \u00e9v\u00e8nement et r\u00e9ussi le ruban en or.\r\nLe d\u00e9fi se fait \u00e0 la place de M\u00e9mard (Avenue du Grand-Port- Le Grand Port- 73100 AIX-LES-BAINS) o\u00f9 les participants ont pied. C'est pourquoi le rendez-vous est ouvert \u00e0 tout le monde aussi bien nageurs d\u00e9butants que nageurs confirm\u00e9s.\r\nLes b\u00e9n\u00e9fices de la manifestation seront revers\u00e9s au service Immuno- H\u00e9mato Oncologie p\u00e9diatrique du CHU Grenoble Alpes.\r\n\"Vous mettre \u00e0 l'eau, c'est un espoir pour un enfant hospitalis\u00e9\".","creationDate":"2026-07-21T19:02:52+0200","cimNewsStartDate":"2026-09-05T15:00:00+0200","cimNewsEndDate":"2026-09-05T17:00:00+0200","duration":[{"sorting":512,"crdate":"2024-11-08T11:59:44+0100","tstamp":"2024-11-08T11:59:44+0100","hidden":false,"sysLanguageUid":0,"l10nParent":0,"title":"Courte dur\u00e9e","parent":{"sorting":256,"crdate":"2024-11-08T11:59:33+0100","tstamp":"2024-11-08T11:59:33+0100","hidden":false,"sysLanguageUid":0,"l10nParent":0,"title":"Types de dur\u00e9e","parent":{"sorting":256,"crdate":"2024-11-08T11:59:17+0100","tstamp":"2024-11-08T11:59:17+0100","hidden":false,"sysLanguageUid":0,"l10nParent":0,"title":"Agenda","images":[],"shortcut":0,"singlePid":0,"slug":"agenda","feBlacklist":false,"uid":406,"pid":1966},"images":[],"shortcut":0,"singlePid":0,"slug":"types-de-duree","feBlacklist":false,"uid":407,"pid":1967},"images":[],"shortcut":0,"singlePid":0,"slug":"courte-duree","feBlacklist":false,"uid":408,"pid":1967}],"hideRelatedEvents":false,"cimNewsScheduleDates":[{"sorting":1,"sysLanguageUid":0,"hidden":false,"crdate":"2026-07-23T06:00:01+0200","tstamp":"2026-07-23T06:00:01+0200","title":"41754203 - 2026-09-05 - 2026-09-05","cimNewsStartDate":"2026-09-05T15:00:00+0200","cimNewsEndDate":"2026-09-05T17:00:00+0200","place":[],"uid":5826,"pid":2110}],"schedule":"Samedi 5 septembre 2026 de 15h \u00e0 17h.","pictureShow":[{"originalResource":{"originalFile":{"updatedProperties":[],"properties":{"size":291216,"modification_date":1784779202,"creation_date":1784779202,"mime_type":"image\/jpeg","name":"pictureShow_ruban-en-or-humain-pour-septembre-en-or.jpg","extension":"jpg","identifier":"\/user_upload\/import\/pictureShow_ruban-en-or-humain-pour-septembre-en-or.jpg","identifier_hash":"cec3a52cb8dac499e1c52804e49e9fd84848069a","storage":1,"folder_hash":"cf40f83f2cbfdec6b9ed400bffcdfea18683e513","type":2,"sha1":"efca8c8ae53c147b36517be46d96a043619ea6c6","missing":0,"uid":16037,"file":16037,"pid":0,"crdate":1784779201,"tstamp":1784779201,"l10n_diffsource":"","width":1024,"height":1535,"metadata_uid":"16166"},"identifier":"\/user_upload\/import\/pictureShow_ruban-en-or-humain-pour-septembre-en-or.jpg","name":"pictureShow_ruban-en-or-humain-pour-septembre-en-or.jpg"}},"uid":19933,"pid":2110}],"pictureList":[],"organiser":[{"type":"generique","sorting":0,"sysLanguageUid":0,"hidden":false,"crdate":"2026-07-23T06:00:01+0200","tstamp":"2026-07-23T06:00:01+0200","categories":[],"mapLongitude":0,"mapLatitude":0,"importId":"7928946","phone":"06 68 37 77 51","mail":"lachouettedelespoir@orange.fr","uid":1788,"pid":2114}],"publicType":[],"reservation":[],"tarifAdditionnal":"Tarif unique : 12 \u20ac (Donne le droit \u00e0 un bonnet de bain en Or \u00e0 l'efigie de l'association, un gouter de remerciement. L'int\u00e9gralit\u00e9 des b\u00e9n\u00e9fices seront revers\u00e9 au CHU Grenoble Alpes service Immuno-H\u00e9mato Oncologie).","ticketingLink":"https:\/\/www.helloasso.com\/associations\/la-chouette-de-l-espoir","tarifType":[{"sorting":0,"crdate":"2025-01-08T17:29:25+0100","tstamp":"2025-01-08T17:29:25+0100","hidden":false,"sysLanguageUid":0,"l10nParent":0,"title":"Payant","parent":{"sorting":256,"crdate":"2025-01-08T17:21:52+0100","tstamp":"2025-01-08T17:21:52+0100","hidden":false,"sysLanguageUid":0,"l10nParent":0,"title":"Types de tarifs","parent":{"sorting":256,"crdate":"2024-11-08T11:59:17+0100","tstamp":"2024-11-08T11:59:17+0100","hidden":false,"sysLanguageUid":0,"l10nParent":0,"title":"Agenda","images":[],"shortcut":0,"singlePid":0,"slug":"agenda","feBlacklist":false,"uid":406,"pid":1966},"images":[],"shortcut":0,"singlePid":0,"slug":"types-de-tarifs","feBlacklist":false,"uid":461,"pid":2116},"images":[],"shortcut":0,"singlePid":0,"feBlacklist":false,"uid":463,"pid":2116}],"lieu":[{"type":"generique","sorting":0,"sysLanguageUid":0,"hidden":false,"crdate":"2026-07-23T06:00:01+0200","tstamp":"2026-07-23T06:00:01+0200","categories":[],"mapLongitude":0,"mapLatitude":0,"title":"Plage de M\u00e9mard","importId":"7928946","address":" Avenue du Grand Port 73100 Aix-les-Bains","uid":1787,"pid":2115}],"medias":[],"theme":[{"sorting":0,"crdate":"2026-02-20T06:00:01+0100","tstamp":"2026-02-20T06:00:01+0100","hidden":false,"sysLanguageUid":0,"l10nParent":0,"title":"Caritatif","parent":{"sorting":0,"crdate":"2026-01-27T09:43:03+0100","tstamp":"2026-01-27T09:43:03+0100","hidden":false,"sysLanguageUid":0,"l10nParent":0,"title":"Divers","parent":{"sorting":0,"tstamp":"2026-01-27T09:34:45+0100","hidden":false,"sysLanguageUid":0,"l10nParent":0,"title":"Apidae","images":[],"shortcut":0,"singlePid":0,"slug":"apidae-1","feBlacklist":false,"uid":807,"pid":2493},"images":[],"shortcut":0,"singlePid":0,"feBlacklist":false,"uid":828,"pid":2493},"images":[],"shortcut":0,"singlePid":0,"feBlacklist":false,"uid":883,"pid":2493}],"accessibility":[],"accessibilityDetail":[],"workflowStatus":[],"uid":2032,"pid":2110,"pid_title":"Agenda Ville","site":"cms.aixlesbains.fr","sys_language_uid":0,"suggest_title":"RUBAN EN OR Humain pour septembre en Or","raw_description":"Le ruban sera fait \u00e0 l'aide de bonnets de bain couleur or.\r\nPour cela, nous recherchons des personnes voulant \"se mettre \u00e0 l'eau\"pour cet \u00e9v\u00e8nement et r\u00e9ussi le ruban en or.\r\nLe d\u00e9fi se fait \u00e0 la place de M\u00e9mard (Avenue du Grand-Port- Le Grand Port- 73100 AIX-LES-BAINS) o\u00f9 les participants ont pied. C'est pourquoi le rendez-vous est ouvert \u00e0 tout le monde aussi bien nageurs d\u00e9butants que nageurs confirm\u00e9s.\r\nLes b\u00e9n\u00e9fices de la manifestation seront revers\u00e9s au service Immuno- H\u00e9mato Oncologie p\u00e9diatrique du CHU Grenoble Alpes.\r\n\"Vous mettre \u00e0 l'eau, c'est un espoir pour un enfant hospitalis\u00e9\".","settings":{"urlBuilder":{"varDefaultDetailUidName":"idEventsDetail","parameters":{"action":"show","arguments":"directory","controller":"Events","extensionName":"cimdirectory","pluginName":"Display"}},"editorial":{"contentElementId":"51","partial":"ItemList","itemType":"events","classes":"annuaire","hn":"2","popin":"1","grid":"horizontal","showImage":"1","showCategory":"1","showTeaser":"1","showOnHover":"0","showMore":"0","showDate":"0","urlBuilder":{"varDefaultDetailUidName":"idEventsDetail","parameters":{"action":"show","arguments":"directory","controller":"Events","extensionName":"cimdirectory","pluginName":"Display"}},"images":{"list":{"fields":"pictureShow"}}},"list":{"contentElementId":"51","partial":"ItemList","itemType":"events","classes":"annuaire","hn":"2","popin":"1","grid":"horizontal","showImage":"1","showCategory":"1","showTeaser":"1","showOnHover":"0","showMore":"0","showDate":"0","urlBuilder":{"varDefaultDetailUidName":"idEventsDetail","parameters":{"action":"show","arguments":"directory","controller":"Events","extensionName":"cimdirectory","pluginName":"Display"}},"images":{"list":{"fields":"pictureShow"}}},"search":{"contentElementId":"51","partial":"ItemList","itemType":"events","classes":"annuaire","hn":"2","grid":"horizontal","showImage":"1","showCategory":"1","showTeaser":"1","showOnHover":"0","showMore":"0","showDate":"0","urlBuilder":{"varDefaultDetailUidName":"idEventsDetail","parameters":{"action":"show","arguments":"directory","controller":"Events","extensionName":"cimdirectory","pluginName":"Display"}}}},"geo_point":{"lat":0,"lon":0},"id":"2110_2032","imageList":[{"publicUrl":"https:\/\/www.aixlesbains.fr\/api\/fileadmin\/_processed_\/c\/b\/csm_pictureShow_ruban-en-or-humain-pour-septembre-en-or_c23c7013d3.webp","properties":{"title":"","alternative":null,"description":"","link":null,"linkData":null,"mimeType":"image\/webp","type":"image","filename":"pictureShow_ruban-en-or-humain-pour-septembre-en-or.jpg","originalUrl":"https:\/\/www.aixlesbains.fr\/api\/fileadmin\/user_upload\/import\/pictureShow_ruban-en-or-humain-pour-septembre-en-or.jpg","uidLocal":16037,"fileReferenceUid":19933,"size":291216,"dimensions":{"width":330,"height":470},"cropDimensions":{"width":330,"height":470},"crop":"","autoplay":null,"extension":"jpg","initialDimensions":{"width":1024,"height":1535},"orientation":"portrait","copyright":"","processedExtension":"webp","publicUrl":"https:\/\/www.aixlesbains.fr\/api\/fileadmin\/_processed_\/c\/b\/csm_pictureShow_ruban-en-or-humain-pour-septembre-en-or_c23c7013d3.webp","crdate":1784779202,"tstamp":1784779202}}],"links":[{"href":"\/agendas\/detail\/ruban-en-or-humain-pour-septembre-en-or","text":"Voir la fiche","target":null}],"agency":"Cameros"},{"type":"events","sorting":0,"sysLanguageUid":0,"hidden":0,"crdate":"2026-07-11T06:00:01+0200","tstamp":"2026-07-11T06:00:01+0200","pathSegment":"\/messe-de-rentree-au-petit-port","categories":[{"sorting":0,"crdate":"2026-07-11T06:00:01+0200","tstamp":"2026-07-11T06:00:01+0200","hidden":false,"sysLanguageUid":0,"l10nParent":0,"title":"C\u00e9l\u00e9bration religieuse","parent":{"sorting":0,"crdate":"2026-07-11T06:00:01+0200","tstamp":"2026-07-11T06:00:01+0200","hidden":false,"sysLanguageUid":0,"l10nParent":0,"title":"F\u00eates religieuses","parent":{"sorting":768,"crdate":"2025-01-08T15:29:43+0100","tstamp":"2025-01-08T15:29:51+0100","hidden":false,"sysLanguageUid":0,"l10nParent":0,"title":"Apidae","parent":{"sorting":256,"crdate":"2024-11-08T11:59:17+0100","tstamp":"2024-11-08T11:59:17+0100","hidden":false,"sysLanguageUid":0,"l10nParent":0,"title":"Agenda","images":[],"shortcut":0,"singlePid":0,"slug":"agenda","feBlacklist":false,"uid":406,"pid":1966},"images":[],"shortcut":0,"singlePid":0,"slug":"apidae","feBlacklist":false,"uid":445,"pid":2112},"images":[],"shortcut":0,"singlePid":0,"feBlacklist":false,"uid":941,"pid":2112},"images":[],"shortcut":0,"singlePid":0,"feBlacklist":false,"uid":942,"pid":2112}],"mapLongitude":5.889561,"mapLatitude":45.693494,"title":"MESSE DE RENTREE AU PETIT PORT","importId":"7915735","istopnews":false,"coupdecoeur":false,"teaser":"MESSE DE RENTREE PAROISSIALE.","description":"Messe paroissiale suivie de la pr\u00e9sentation des diff\u00e9rents services et mouvements de la Paroisse des 12 Ap\u00f4tres.","creationDate":"2026-07-08T23:04:33+0200","cimNewsStartDate":"2026-09-06T00:00:00+0200","cimNewsEndDate":"2026-09-06T00:00:00+0200","duration":[{"sorting":512,"crdate":"2024-11-08T11:59:44+0100","tstamp":"2024-11-08T11:59:44+0100","hidden":false,"sysLanguageUid":0,"l10nParent":0,"title":"Courte dur\u00e9e","parent":{"sorting":256,"crdate":"2024-11-08T11:59:33+0100","tstamp":"2024-11-08T11:59:33+0100","hidden":false,"sysLanguageUid":0,"l10nParent":0,"title":"Types de dur\u00e9e","parent":{"sorting":256,"crdate":"2024-11-08T11:59:17+0100","tstamp":"2024-11-08T11:59:17+0100","hidden":false,"sysLanguageUid":0,"l10nParent":0,"title":"Agenda","images":[],"shortcut":0,"singlePid":0,"slug":"agenda","feBlacklist":false,"uid":406,"pid":1966},"images":[],"shortcut":0,"singlePid":0,"slug":"types-de-duree","feBlacklist":false,"uid":407,"pid":1967},"images":[],"shortcut":0,"singlePid":0,"slug":"courte-duree","feBlacklist":false,"uid":408,"pid":1967}],"hideRelatedEvents":false,"cimNewsScheduleDates":[{"sorting":1,"sysLanguageUid":0,"hidden":false,"crdate":"2026-07-11T06:00:01+0200","tstamp":"2026-07-11T06:00:01+0200","title":"41580468 - 2026-09-06 - 2026-09-06","cimNewsStartDate":"2026-09-06T00:00:00+0200","cimNewsEndDate":"2026-09-06T00:00:00+0200","place":[],"uid":5783,"pid":2110}],"schedule":"Dimanche 6 septembre 2026.","pictureShow":[{"originalResource":{"originalFile":{"updatedProperties":[],"properties":{"size":1072085,"modification_date":1783742403,"creation_date":1783742403,"mime_type":"image\/png","name":"pictureShow_messe-de-rentree-au-petit-port.png","extension":"png","identifier":"\/user_upload\/import\/pictureShow_messe-de-rentree-au-petit-port.png","identifier_hash":"2dcfc78ab1adb1bde69d5055387a39e29f6eac84","storage":1,"folder_hash":"cf40f83f2cbfdec6b9ed400bffcdfea18683e513","type":2,"sha1":"97f36f5e2d9991db9339fa62f8ac8380f508df12","missing":0,"uid":15775,"file":15775,"pid":0,"crdate":1783742401,"tstamp":1783742401,"l10n_diffsource":"","width":905,"height":1280,"metadata_uid":"15898"},"identifier":"\/user_upload\/import\/pictureShow_messe-de-rentree-au-petit-port.png","name":"pictureShow_messe-de-rentree-au-petit-port.png"}},"uid":19869,"pid":2110}],"pictureList":[],"organiser":[{"type":"generique","sorting":0,"sysLanguageUid":0,"hidden":false,"crdate":"2026-07-11T06:00:01+0200","tstamp":"2026-07-11T06:00:01+0200","categories":[],"mapLongitude":0,"mapLatitude":0,"importId":"7915735","phone":"04 79 61 25 85","website":"https:\/\/paroisseaixlesbains.fr","mail":"accueil@paroisseaixlesbains.fr","uid":1756,"pid":2114}],"publicType":[],"reservation":[],"tarifType":[{"sorting":0,"crdate":"2025-01-08T17:29:25+0100","tstamp":"2025-01-08T17:29:25+0100","hidden":false,"sysLanguageUid":0,"l10nParent":0,"title":"Payant","parent":{"sorting":256,"crdate":"2025-01-08T17:21:52+0100","tstamp":"2025-01-08T17:21:52+0100","hidden":false,"sysLanguageUid":0,"l10nParent":0,"title":"Types de tarifs","parent":{"sorting":256,"crdate":"2024-11-08T11:59:17+0100","tstamp":"2024-11-08T11:59:17+0100","hidden":false,"sysLanguageUid":0,"l10nParent":0,"title":"Agenda","images":[],"shortcut":0,"singlePid":0,"slug":"agenda","feBlacklist":false,"uid":406,"pid":1966},"images":[],"shortcut":0,"singlePid":0,"slug":"types-de-tarifs","feBlacklist":false,"uid":461,"pid":2116},"images":[],"shortcut":0,"singlePid":0,"feBlacklist":false,"uid":463,"pid":2116}],"lieu":[{"type":"generique","sorting":0,"sysLanguageUid":0,"hidden":false,"crdate":"2026-07-11T06:00:01+0200","tstamp":"2026-07-11T06:00:01+0200","categories":[],"mapLongitude":5.889561,"mapLatitude":45.693494,"title":"PETIT PORT","importId":"7915735","address":" devant le restaurant l'AQUARIUM 73100 Aix-les-Bains","uid":1755,"pid":2115}],"medias":[],"theme":[],"accessibility":[],"accessibilityDetail":[],"workflowStatus":[],"uid":2015,"pid":2110,"pid_title":"Agenda Ville","site":"cms.aixlesbains.fr","sys_language_uid":0,"suggest_title":"MESSE DE RENTREE AU PETIT PORT","raw_description":"Messe paroissiale suivie de la pr\u00e9sentation des diff\u00e9rents services et mouvements de la Paroisse des 12 Ap\u00f4tres.","settings":{"urlBuilder":{"varDefaultDetailUidName":"idEventsDetail","parameters":{"action":"show","arguments":"directory","controller":"Events","extensionName":"cimdirectory","pluginName":"Display"}},"editorial":{"contentElementId":"51","partial":"ItemList","itemType":"events","classes":"annuaire","hn":"2","popin":"1","grid":"horizontal","showImage":"1","showCategory":"1","showTeaser":"1","showOnHover":"0","showMore":"0","showDate":"0","urlBuilder":{"varDefaultDetailUidName":"idEventsDetail","parameters":{"action":"show","arguments":"directory","controller":"Events","extensionName":"cimdirectory","pluginName":"Display"}},"images":{"list":{"fields":"pictureShow"}}},"list":{"contentElementId":"51","partial":"ItemList","itemType":"events","classes":"annuaire","hn":"2","popin":"1","grid":"horizontal","showImage":"1","showCategory":"1","showTeaser":"1","showOnHover":"0","showMore":"0","showDate":"0","urlBuilder":{"varDefaultDetailUidName":"idEventsDetail","parameters":{"action":"show","arguments":"directory","controller":"Events","extensionName":"cimdirectory","pluginName":"Display"}},"images":{"list":{"fields":"pictureShow"}}},"search":{"contentElementId":"51","partial":"ItemList","itemType":"events","classes":"annuaire","hn":"2","grid":"horizontal","showImage":"1","showCategory":"1","showTeaser":"1","showOnHover":"0","showMore":"0","showDate":"0","urlBuilder":{"varDefaultDetailUidName":"idEventsDetail","parameters":{"action":"show","arguments":"directory","controller":"Events","extensionName":"cimdirectory","pluginName":"Display"}}}},"geo_point":{"lat":45.693494,"lon":5.889561},"id":"2110_2015","imageList":[{"publicUrl":"https:\/\/www.aixlesbains.fr\/api\/fileadmin\/_processed_\/c\/0\/csm_pictureShow_messe-de-rentree-au-petit-port_41a6c39163.webp","properties":{"title":"","alternative":null,"description":"","link":null,"linkData":null,"mimeType":"image\/webp","type":"image","filename":"pictureShow_messe-de-rentree-au-petit-port.png","originalUrl":"https:\/\/www.aixlesbains.fr\/api\/fileadmin\/user_upload\/import\/pictureShow_messe-de-rentree-au-petit-port.png","uidLocal":15775,"fileReferenceUid":19869,"size":1072085,"dimensions":{"width":330,"height":470},"cropDimensions":{"width":330,"height":470},"crop":"","autoplay":null,"extension":"png","initialDimensions":{"width":905,"height":1280},"orientation":"portrait","copyright":"","processedExtension":"webp","publicUrl":"https:\/\/www.aixlesbains.fr\/api\/fileadmin\/_processed_\/c\/0\/csm_pictureShow_messe-de-rentree-au-petit-port_41a6c39163.webp","crdate":1783742403,"tstamp":1783742403}}],"links":[{"href":"\/agendas\/detail\/messe-de-rentree-au-petit-port","text":"Voir la fiche","target":null}],"agency":"Cameros"},{"type":"events","sorting":0,"sysLanguageUid":0,"hidden":0,"crdate":"2026-08-29T06:00:01+0200","tstamp":"2026-09-02T11:15:23+0200","pathSegment":"\/triathlon-aix-les-bains","categories":[{"sorting":0,"crdate":"2025-04-16T04:00:01+0200","tstamp":"2025-04-16T04:00:01+0200","hidden":false,"sysLanguageUid":0,"l10nParent":0,"title":"Comp\u00e9tition sportive","parent":{"sorting":0,"crdate":"2025-04-16T04:00:01+0200","tstamp":"2025-04-16T04:00:01+0200","hidden":false,"sysLanguageUid":0,"l10nParent":0,"title":"Sports","parent":{"sorting":768,"crdate":"2025-01-08T15:29:43+0100","tstamp":"2025-01-08T15:29:51+0100","hidden":false,"sysLanguageUid":0,"l10nParent":0,"title":"Apidae","parent":{"sorting":256,"crdate":"2024-11-08T11:59:17+0100","tstamp":"2024-11-08T11:59:17+0100","hidden":false,"sysLanguageUid":0,"l10nParent":0,"title":"Agenda","images":[],"shortcut":0,"singlePid":0,"slug":"agenda","feBlacklist":false,"uid":406,"pid":1966},"images":[],"shortcut":0,"singlePid":0,"slug":"apidae","feBlacklist":false,"uid":445,"pid":2112},"images":[],"shortcut":0,"singlePid":0,"feBlacklist":false,"uid":733,"pid":2112},"images":[],"shortcut":0,"singlePid":0,"feBlacklist":false,"uid":734,"pid":2112}],"mapLongitude":5.892847,"mapLatitude":45.690799,"title":"TRIATHLON AIX LES BAINS","importId":"7970640","istopnews":false,"coupdecoeur":false,"teaser":"Triathlon Aix les bains - 3 formats pour tous \r\n 8h00 - AQUATHLON S (Natation 1000m - Course \u00e0 pied 5kms)\r\n9h30 - TRIATHLON M (1500m Natation - 40km v\u00e9lo - course a pied 10km)\r\n10h30 Animathlon pour les mini poussions \u00e0 benjamin","description":"21eme \u00e9dition du triathlon d\u2019Aix-les-bains, dans un cadre exceptionnel, entre lac et montagnes. Esprit convivial. Parcours unique pour performer ou d\u00e9couvrir le triathlon.\r\n\r\nAQUATHLON \u2013 D\u00c9PASSE-TOI ENTRE EAU ET TERRE\r\nUn d\u00e9fi. Deux disciplines. Une seule ligne d\u2019arriv\u00e9e.\r\n\r\nTRIATHLON -Seul ou en relais, le format olympique du triathlon d'Aix-les-Bains offre un parcours montagneux avec plus de 500 m de d\u00e9nivel\u00e9 sur les 40 km \u00e0 parcourir.\r\n\r\nANIMATHLON - L'Animathlon est une \u00e9preuve ludique d\u00e9di\u00e9e aux enfants de 6 \u00e0 13 ans. Au programme : un encha\u00eenement de natation et de course \u00e0 pied, sans chronom\u00e9trage, pour privil\u00e9gier le plaisir et la d\u00e9couverte.\r\n\r\nL'\u00e9preuve se d\u00e9roulera sur la plage, avec un \u00e9chauffement collectif avant le d\u00e9part. \u00c0 l'arriv\u00e9e, un ravitaillement attendra nos champions en devenir !","creationDate":"2026-08-28T15:43:39+0200","cimNewsStartDate":"2026-09-06T08:00:00+0200","cimNewsEndDate":"2026-09-06T16:00:00+0200","duration":[{"sorting":512,"crdate":"2024-11-08T11:59:44+0100","tstamp":"2024-11-08T11:59:44+0100","hidden":false,"sysLanguageUid":0,"l10nParent":0,"title":"Courte dur\u00e9e","parent":{"sorting":256,"crdate":"2024-11-08T11:59:33+0100","tstamp":"2024-11-08T11:59:33+0100","hidden":false,"sysLanguageUid":0,"l10nParent":0,"title":"Types de dur\u00e9e","parent":{"sorting":256,"crdate":"2024-11-08T11:59:17+0100","tstamp":"2024-11-08T11:59:17+0100","hidden":false,"sysLanguageUid":0,"l10nParent":0,"title":"Agenda","images":[],"shortcut":0,"singlePid":0,"slug":"agenda","feBlacklist":false,"uid":406,"pid":1966},"images":[],"shortcut":0,"singlePid":0,"slug":"types-de-duree","feBlacklist":false,"uid":407,"pid":1967},"images":[],"shortcut":0,"singlePid":0,"slug":"courte-duree","feBlacklist":false,"uid":408,"pid":1967}],"hideRelatedEvents":false,"cimNewsScheduleDates":[{"sorting":1,"sysLanguageUid":0,"hidden":false,"crdate":"2026-08-29T06:00:01+0200","tstamp":"2026-09-02T11:15:23+0200","title":"42236546 - 2026-09-06 - 2026-09-06","cimNewsStartDate":"2026-09-06T08:00:00+0200","cimNewsEndDate":"2026-09-06T16:00:00+0200","place":[],"uid":5926,"pid":2110}],"schedule":"Dimanche 6 septembre 2026 de 8h \u00e0 16h.","pictureShow":[{"originalResource":{"originalFile":{"updatedProperties":[],"properties":{"uid":16467,"pid":0,"missing":0,"type":"2","storage":1,"identifier":"\/user_upload\/import\/pictureShow_triathlon-aix-les-bains.jpg","identifier_hash":"d27cdcc1e46720ddf7e124b92de3cfd7d5a4b303","extension":"jpg","mime_type":"image\/jpeg","name":"pictureShow_triathlon-aix-les-bains.jpg","sha1":"bdc743a44eac7ecd370730ebe4c9c8d8021c23cc","size":413520,"creation_date":1787976010,"modification_date":1787976010,"folder_hash":"cf40f83f2cbfdec6b9ed400bffcdfea18683e513","tstamp":1787976010,"crdate":1787976001,"sys_language_uid":0,"l10n_parent":0,"l10n_state":null,"t3_origuid":0,"l10n_diffsource":"","t3ver_oid":0,"t3ver_wsid":0,"t3ver_state":0,"t3ver_stage":0,"file":16467,"title":null,"width":893,"height":1280,"description":null,"alternative":null,"categories":0,"hide_download_link":0,"cim_base_description":null,"date_displayed":0,"cim_base_thumb":null,"archive":0,"copyright":"","cim_base_numero":0,"istopnews":0,"song_artist":"","song_title":"","language":0,"nosearch":0,"indexed":0,"content_creation_date":0,"content_modification_date":0,"visible":1,"status":"","keywords":null,"caption":null,"creator_tool":"","download_name":"","creator":"","publisher":"","source":"","location_country":"","location_region":"","location_city":"","latitude":"0.00000000000000","longitude":"0.00000000000000","ranking":0,"note":null,"unit":"px","duration":0,"color_space":"RGB","pages":0,"fe_groups":null,"external_url":"","listen_url":"","use_site_flipbook":0,"starttime":0,"endtime":0,"metadata_uid":16596},"identifier":"\/user_upload\/import\/pictureShow_triathlon-aix-les-bains.jpg","name":"pictureShow_triathlon-aix-les-bains.jpg"}},"uid":20119,"pid":2110}],"pictureList":[],"organiser":[{"type":"generique","sorting":0,"sysLanguageUid":0,"hidden":false,"crdate":"2026-08-29T06:00:01+0200","tstamp":"2026-08-29T06:00:01+0200","categories":[],"mapLongitude":0,"mapLatitude":0,"importId":"7970640","website":"https:\/\/www.triathlon-aixlesbains.com","mail":"info@triathlon-aixlesbains.com","uid":1871,"pid":2114}],"publicType":[{"sorting":0,"crdate":"2025-01-08T17:29:25+0100","tstamp":"2025-01-08T17:29:25+0100","hidden":false,"sysLanguageUid":0,"l10nParent":0,"title":"Sp\u00e9cial famille avec enfants","parent":{"sorting":256,"crdate":"2025-01-08T17:23:18+0100","tstamp":"2025-01-08T17:23:18+0100","hidden":false,"sysLanguageUid":0,"l10nParent":0,"title":"Types de publics","parent":{"sorting":256,"crdate":"2024-11-08T11:59:17+0100","tstamp":"2024-11-08T11:59:17+0100","hidden":false,"sysLanguageUid":0,"l10nParent":0,"title":"Agenda","images":[],"shortcut":0,"singlePid":0,"slug":"agenda","feBlacklist":false,"uid":406,"pid":1966},"images":[],"shortcut":0,"singlePid":0,"slug":"types-de-publics","feBlacklist":false,"uid":462,"pid":2117},"images":[],"shortcut":0,"singlePid":0,"feBlacklist":false,"uid":464,"pid":2117},{"sorting":0,"crdate":"2026-08-29T06:00:01+0200","tstamp":"2026-08-29T06:00:01+0200","hidden":false,"sysLanguageUid":0,"l10nParent":0,"title":"Cyclistes","parent":{"sorting":256,"crdate":"2025-01-08T17:23:18+0100","tstamp":"2025-01-08T17:23:18+0100","hidden":false,"sysLanguageUid":0,"l10nParent":0,"title":"Types de publics","parent":{"sorting":256,"crdate":"2024-11-08T11:59:17+0100","tstamp":"2024-11-08T11:59:17+0100","hidden":false,"sysLanguageUid":0,"l10nParent":0,"title":"Agenda","images":[],"shortcut":0,"singlePid":0,"slug":"agenda","feBlacklist":false,"uid":406,"pid":1966},"images":[],"shortcut":0,"singlePid":0,"slug":"types-de-publics","feBlacklist":false,"uid":462,"pid":2117},"images":[],"shortcut":0,"singlePid":0,"feBlacklist":false,"uid":952,"pid":2117},{"sorting":0,"crdate":"2026-08-29T06:00:01+0200","tstamp":"2026-08-29T06:00:01+0200","hidden":false,"sysLanguageUid":0,"l10nParent":0,"title":"Sp\u00e9cial sportifs","parent":{"sorting":256,"crdate":"2025-01-08T17:23:18+0100","tstamp":"2025-01-08T17:23:18+0100","hidden":false,"sysLanguageUid":0,"l10nParent":0,"title":"Types de publics","parent":{"sorting":256,"crdate":"2024-11-08T11:59:17+0100","tstamp":"2024-11-08T11:59:17+0100","hidden":false,"sysLanguageUid":0,"l10nParent":0,"title":"Agenda","images":[],"shortcut":0,"singlePid":0,"slug":"agenda","feBlacklist":false,"uid":406,"pid":1966},"images":[],"shortcut":0,"singlePid":0,"slug":"types-de-publics","feBlacklist":false,"uid":462,"pid":2117},"images":[],"shortcut":0,"singlePid":0,"feBlacklist":false,"uid":953,"pid":2117}],"reservation":[],"tarifAdditionnal":"Gratuit.","tarifType":[{"sorting":0,"crdate":"2025-01-08T17:29:25+0100","tstamp":"2025-01-08T17:29:25+0100","hidden":false,"sysLanguageUid":0,"l10nParent":0,"title":"Gratuit","parent":{"sorting":256,"crdate":"2025-01-08T17:21:52+0100","tstamp":"2025-01-08T17:21:52+0100","hidden":false,"sysLanguageUid":0,"l10nParent":0,"title":"Types de tarifs","parent":{"sorting":256,"crdate":"2024-11-08T11:59:17+0100","tstamp":"2024-11-08T11:59:17+0100","hidden":false,"sysLanguageUid":0,"l10nParent":0,"title":"Agenda","images":[],"shortcut":0,"singlePid":0,"slug":"agenda","feBlacklist":false,"uid":406,"pid":1966},"images":[],"shortcut":0,"singlePid":0,"slug":"types-de-tarifs","feBlacklist":false,"uid":461,"pid":2116},"images":[],"shortcut":0,"singlePid":0,"feBlacklist":false,"uid":467,"pid":2116}],"lieu":[{"type":"generique","sorting":0,"sysLanguageUid":0,"hidden":false,"crdate":"2026-08-29T06:00:01+0200","tstamp":"2026-08-29T06:00:01+0200","categories":[],"mapLongitude":5.892847,"mapLatitude":45.690799,"title":"Aqualac - plage d'aix les bains","importId":"7970640","address":" Aqualac - plage d'aix les bains 73100 Aix-les-Bains","uid":1870,"pid":2115}],"medias":[],"theme":[],"accessibility":[{"sorting":256,"crdate":"2024-01-05T15:28:26+0100","tstamp":"2024-02-27T11:48:28+0100","hidden":false,"sysLanguageUid":0,"l10nParent":0,"title":"Crit\u00e8res d'accessibilit\u00e9 pour d\u00e9ficience motrice","parent":{"sorting":64,"crdate":"2024-01-05T15:29:21+0100","tstamp":"2025-02-26T15:32:11+0100","hidden":false,"sysLanguageUid":0,"l10nParent":0,"title":"Accessibilit\u00e9","images":[],"shortcut":0,"singlePid":0,"slug":"accessibilite","feBlacklist":true,"uid":32,"pid":438},"images":[],"shortcut":0,"singlePid":0,"slug":"handicap-moteur","feBlacklist":false,"uid":29,"pid":438},{"sorting":128,"crdate":"2024-01-05T15:28:43+0100","tstamp":"2024-03-11T11:18:26+0100","hidden":false,"sysLanguageUid":0,"l10nParent":0,"title":"Crit\u00e8res d'accessibilit\u00e9 pour d\u00e9ficience mentale","parent":{"sorting":64,"crdate":"2024-01-05T15:29:21+0100","tstamp":"2025-02-26T15:32:11+0100","hidden":false,"sysLanguageUid":0,"l10nParent":0,"title":"Accessibilit\u00e9","images":[],"shortcut":0,"singlePid":0,"slug":"accessibilite","feBlacklist":true,"uid":32,"pid":438},"images":[],"shortcut":0,"singlePid":0,"slug":"handicap-mental","feBlacklist":false,"uid":30,"pid":438}],"accessibilityDetail":[{"sorting":0,"crdate":"2024-02-27T12:12:41+0100","tstamp":"2024-02-27T12:12:41+0100","hidden":false,"sysLanguageUid":0,"l10nParent":0,"title":"Accessible en fauteuil roulant avec aide","parent":{"sorting":256,"crdate":"2024-02-27T11:51:56+0100","tstamp":"2024-02-27T11:52:12+0100","hidden":false,"sysLanguageUid":0,"l10nParent":0,"title":"D\u00e9tail accessibilit\u00e9","images":[],"shortcut":0,"singlePid":0,"slug":"detail-accessibilite","feBlacklist":false,"uid":358,"pid":1730},"images":[],"shortcut":0,"singlePid":0,"feBlacklist":false,"uid":362,"pid":1730},{"sorting":0,"crdate":"2024-02-27T12:12:41+0100","tstamp":"2024-02-27T12:12:41+0100","hidden":false,"sysLanguageUid":0,"l10nParent":0,"title":"Accessible en fauteuil roulant en autonomie","parent":{"sorting":256,"crdate":"2024-02-27T11:51:56+0100","tstamp":"2024-02-27T11:52:12+0100","hidden":false,"sysLanguageUid":0,"l10nParent":0,"title":"D\u00e9tail accessibilit\u00e9","images":[],"shortcut":0,"singlePid":0,"slug":"detail-accessibilite","feBlacklist":false,"uid":358,"pid":1730},"images":[],"shortcut":0,"singlePid":0,"feBlacklist":false,"uid":363,"pid":1730},{"sorting":0,"crdate":"2024-02-27T12:12:41+0100","tstamp":"2024-02-27T12:12:41+0100","hidden":false,"sysLanguageUid":0,"l10nParent":0,"title":"Site, b\u00e2timent totalement accessible","parent":{"sorting":256,"crdate":"2024-02-27T11:51:56+0100","tstamp":"2024-02-27T11:52:12+0100","hidden":false,"sysLanguageUid":0,"l10nParent":0,"title":"D\u00e9tail accessibilit\u00e9","images":[],"shortcut":0,"singlePid":0,"slug":"detail-accessibilite","feBlacklist":false,"uid":358,"pid":1730},"images":[],"shortcut":0,"singlePid":0,"feBlacklist":false,"uid":367,"pid":1730},{"sorting":0,"crdate":"2025-01-08T17:29:25+0100","tstamp":"2025-01-08T17:29:25+0100","hidden":false,"sysLanguageUid":0,"l10nParent":0,"title":"Prestations adapt\u00e9es pour d\u00e9ficience mentale","parent":{"sorting":256,"crdate":"2024-02-27T11:51:56+0100","tstamp":"2024-02-27T11:52:12+0100","hidden":false,"sysLanguageUid":0,"l10nParent":0,"title":"D\u00e9tail accessibilit\u00e9","images":[],"shortcut":0,"singlePid":0,"slug":"detail-accessibilite","feBlacklist":false,"uid":358,"pid":1730},"images":[],"shortcut":0,"singlePid":0,"feBlacklist":false,"uid":468,"pid":1730}],"workflowStatus":[{"sorting":128,"crdate":"2024-10-04T16:40:41+0200","tstamp":"2024-10-04T16:40:41+0200","hidden":false,"sysLanguageUid":0,"l10nParent":0,"title":"Accept\u00e9","parent":{"sorting":256,"crdate":"2024-10-04T16:28:08+0200","tstamp":"2024-10-04T16:28:08+0200","hidden":false,"sysLanguageUid":0,"l10nParent":0,"title":"Status (workflow)","images":[],"shortcut":0,"singlePid":0,"slug":"status-workflow","feBlacklist":false,"uid":400,"pid":1805},"images":[],"shortcut":0,"singlePid":0,"slug":"accepte","feBlacklist":false,"uid":401,"pid":1805}],"uid":2088,"pid":2110,"pid_title":"Agenda Ville","site":"cms.aixlesbains.fr","sys_language_uid":0,"suggest_title":"TRIATHLON AIX LES BAINS","raw_description":"<p>21eme \u00e9dition du triathlon d\u2019Aix-les-bains, dans un cadre exceptionnel, entre lac et montagnes. Esprit convivial. Parcours unique pour performer ou d\u00e9couvrir le triathlon.<\/p>\r\n\r\n<p>AQUATHLON \u2013 D\u00c9PASSE-TOI ENTRE EAU ET TERRE<\/p>\r\n<p>Un d\u00e9fi. Deux disciplines. Une seule ligne d\u2019arriv\u00e9e.<\/p>\r\n\r\n<p>TRIATHLON -Seul ou en relais, le format olympique du triathlon d'Aix-les-Bains offre un parcours montagneux avec plus de 500 m de d\u00e9nivel\u00e9 sur les 40 km \u00e0 parcourir.<\/p>\r\n\r\n<p>ANIMATHLON - L'Animathlon est une \u00e9preuve ludique d\u00e9di\u00e9e aux enfants de 6 \u00e0 13 ans. Au programme : un encha\u00eenement de natation et de course \u00e0 pied, sans chronom\u00e9trage, pour privil\u00e9gier le plaisir et la d\u00e9couverte.<\/p>\r\n\r\n<p>L'\u00e9preuve se d\u00e9roulera sur la plage, avec un \u00e9chauffement collectif avant le d\u00e9part. \u00c0 l'arriv\u00e9e, un ravitaillement attendra nos champions en devenir !<\/p>","settings":{"urlBuilder":{"varDefaultDetailUidName":"idEventsDetail","parameters":{"action":"show","arguments":"directory","controller":"Events","extensionName":"cimdirectory","pluginName":"Display"}},"editorial":{"contentElementId":"51","partial":"ItemList","itemType":"events","classes":"annuaire","hn":"2","popin":"1","grid":"horizontal","showImage":"1","showCategory":"1","showTeaser":"1","showOnHover":"0","showMore":"0","showDate":"0","urlBuilder":{"varDefaultDetailUidName":"idEventsDetail","parameters":{"action":"show","arguments":"directory","controller":"Events","extensionName":"cimdirectory","pluginName":"Display"}},"images":{"list":{"fields":"pictureShow"}}},"list":{"contentElementId":"51","partial":"ItemList","itemType":"events","classes":"annuaire","hn":"2","popin":"1","grid":"horizontal","showImage":"1","showCategory":"1","showTeaser":"1","showOnHover":"0","showMore":"0","showDate":"0","urlBuilder":{"varDefaultDetailUidName":"idEventsDetail","parameters":{"action":"show","arguments":"directory","controller":"Events","extensionName":"cimdirectory","pluginName":"Display"}},"images":{"list":{"fields":"pictureShow"}}},"search":{"contentElementId":"51","partial":"ItemList","itemType":"events","classes":"annuaire","hn":"2","grid":"horizontal","showImage":"1","showCategory":"1","showTeaser":"1","showOnHover":"0","showMore":"0","showDate":"0","urlBuilder":{"varDefaultDetailUidName":"idEventsDetail","parameters":{"action":"show","arguments":"directory","controller":"Events","extensionName":"cimdirectory","pluginName":"Display"}}}},"geo_point":{"lat":45.690799,"lon":5.892847},"id":"2110_2088","imageList":[{"publicUrl":"https:\/\/www.aixlesbains.fr\/api\/fileadmin\/_processed_\/a\/d\/csm_pictureShow_triathlon-aix-les-bains_6c87a680a0.webp","properties":{"title":"","alternative":null,"description":"","link":null,"linkData":null,"mimeType":"image\/webp","type":"image","filename":"pictureShow_triathlon-aix-les-bains.jpg","originalUrl":"https:\/\/www.aixlesbains.fr\/api\/fileadmin\/user_upload\/import\/pictureShow_triathlon-aix-les-bains.jpg","uidLocal":16467,"fileReferenceUid":20119,"size":413520,"dimensions":{"width":330,"height":470},"cropDimensions":{"width":330,"height":470},"crop":"","autoplay":null,"extension":"jpg","initialDimensions":{"width":893,"height":1280},"orientation":"portrait","copyright":"","processedExtension":"webp","publicUrl":"https:\/\/www.aixlesbains.fr\/api\/fileadmin\/_processed_\/a\/d\/csm_pictureShow_triathlon-aix-les-bains_6c87a680a0.webp","crdate":1787976010,"tstamp":1787976010}}],"links":[{"href":"\/agendas\/detail\/triathlon-aix-les-bains","text":"Voir la fiche","target":null}],"agency":"Cameros"},{"type":"events","sorting":1536,"sysLanguageUid":0,"hidden":0,"crdate":"2026-04-28T06:00:01+0200","tstamp":"2026-04-28T06:00:01+0200","pathSegment":"\/conference-sante-comment-prendre-soin-de-ses-voies-respiratoires","categories":[],"mapLongitude":5.909467,"mapLatitude":45.67362,"title":"Conf\u00e9rence sant\u00e9 \u00ab Comment prendre soin de ses voies respiratoires ? \u00bb","importId":"6881002","istopnews":false,"coupdecoeur":false,"teaser":"Comment mieux respirer et am\u00e9liorer sa sant\u00e9 respiratoire ? Rendez-vous aux Thermes du Domaine de Marlioz pour une conf\u00e9rence sur le th\u00e8me de la sant\u00e9 respiratoire, anim\u00e9e par le Docteur Porret m\u00e9decin ORL.","description":"Rejoignez-nous pour une conf\u00e9rence sur le th\u00e8me de la sant\u00e9 respiratoire, anim\u00e9e par le Docteur Porret, m\u00e9decin ORL sp\u00e9cialiste des voies respiratoires.\r\n\r\nPendant une heure, le Docteur Porret partagera son expertise des pratiques apaisantes pour am\u00e9liorer votre confort respiratoire. Hydratation, hygi\u00e8ne nasale, exercices respiratoires\u2026 Que vous soyez confront\u00e9 \u00e0 des probl\u00e8mes respiratoires (asthme, allergies, sinusites\u2026) ou que vous cherchiez simplement \u00e0 am\u00e9liorer votre sant\u00e9, cette conf\u00e9rence vous d\u00e9livrera des techniques et conseils pr\u00e9cieux pour vous aider \u00e0 mieux respirer. \r\n\r\nOuverte \u00e0 tous","creationDate":"2024-04-18T14:29:34+0200","cimNewsStartDate":"2026-09-08T14:00:00+0200","cimNewsEndDate":"2026-09-08T15:00:00+0200","duration":[{"sorting":512,"crdate":"2024-11-08T11:59:44+0100","tstamp":"2024-11-08T11:59:44+0100","hidden":false,"sysLanguageUid":0,"l10nParent":0,"title":"Courte dur\u00e9e","parent":{"sorting":256,"crdate":"2024-11-08T11:59:33+0100","tstamp":"2024-11-08T11:59:33+0100","hidden":false,"sysLanguageUid":0,"l10nParent":0,"title":"Types de dur\u00e9e","parent":{"sorting":256,"crdate":"2024-11-08T11:59:17+0100","tstamp":"2024-11-08T11:59:17+0100","hidden":false,"sysLanguageUid":0,"l10nParent":0,"title":"Agenda","images":[],"shortcut":0,"singlePid":0,"slug":"agenda","feBlacklist":false,"uid":406,"pid":1966},"images":[],"shortcut":0,"singlePid":0,"slug":"types-de-duree","feBlacklist":false,"uid":407,"pid":1967},"images":[],"shortcut":0,"singlePid":0,"slug":"courte-duree","feBlacklist":false,"uid":408,"pid":1967}],"hideRelatedEvents":false,"cimNewsScheduleDates":[{"sorting":513,"sysLanguageUid":0,"hidden":false,"crdate":"2026-04-28T06:00:01+0200","tstamp":"2026-04-28T06:00:01+0200","title":"30807211 - 2026-09-08 - 2026-09-08","cimNewsStartDate":"2026-09-08T14:00:00+0200","cimNewsEndDate":"2026-09-08T15:00:00+0200","place":[],"uid":5298,"pid":2110}],"schedule":"Mardi 8 septembre 2026 de 14h \u00e0 15h.","pictureShow":[{"originalResource":{"originalFile":{"updatedProperties":[],"properties":{"uid":13791,"pid":0,"missing":0,"type":"2","storage":1,"identifier":"\/user_upload\/import\/pictureShow_conference-sante-comment-prendre-soin-de-ses-voies-respiratoires.png","identifier_hash":"a662d91eeeaef6ecf08e96fa131df13c23206d22","extension":"png","mime_type":"image\/png","name":"pictureShow_conference-sante-comment-prendre-soin-de-ses-voies-respiratoires.png","sha1":"7162dd2a4625f7adf9b76debff1504e18b3cb55d","size":2759601,"creation_date":1777348812,"modification_date":1777348812,"folder_hash":"cf40f83f2cbfdec6b9ed400bffcdfea18683e513","tstamp":1777348812,"crdate":1777348801,"sys_language_uid":0,"l10n_parent":0,"l10n_state":null,"t3_origuid":0,"l10n_diffsource":"","t3ver_oid":0,"t3ver_wsid":0,"t3ver_state":0,"t3ver_stage":0,"file":13791,"title":null,"width":1920,"height":1269,"description":null,"alternative":null,"categories":0,"hide_download_link":0,"cim_base_description":null,"date_displayed":0,"cim_base_thumb":null,"archive":0,"copyright":"","cim_base_numero":0,"istopnews":0,"song_artist":"","song_title":"","language":0,"nosearch":0,"indexed":0,"content_creation_date":0,"content_modification_date":0,"visible":1,"status":"","keywords":null,"caption":null,"creator_tool":"","download_name":"","creator":"","publisher":"","source":"","location_country":"","location_region":"","location_city":"","latitude":"0.00000000000000","longitude":"0.00000000000000","ranking":0,"note":null,"unit":"px","duration":0,"color_space":"","pages":0,"fe_groups":null,"external_url":"","listen_url":"","use_site_flipbook":0,"starttime":0,"endtime":0,"metadata_uid":13899},"identifier":"\/user_upload\/import\/pictureShow_conference-sante-comment-prendre-soin-de-ses-voies-respiratoires.png","name":"pictureShow_conference-sante-comment-prendre-soin-de-ses-voies-respiratoires.png"}},"uid":18366,"pid":2110}],"pictureList":[],"organiser":[{"type":"generique","sorting":0,"sysLanguageUid":0,"hidden":false,"crdate":"2026-04-28T06:00:01+0200","tstamp":"2026-04-28T06:00:01+0200","categories":[],"mapLongitude":0,"mapLatitude":0,"importId":"6881002","phone":"04 79 61 79 61","website":"https:\/\/www.thermesdemarlioz.com\/","mail":"thermes.domainedemarlioz@accor.com","uid":1363,"pid":2114}],"publicType":[],"reservation":[],"tarifAdditionnal":"Tarif unique : 5 \u20ac.","ticketingLink":"https:\/\/rbe-marlioz.aquao.fr\/les-bains-des-alpes-domaine-de-marlioz\/categorie\/moments-precieux-and-evenements\/cours-and-activites-au-sein-du-domaine\/prestation\/conferences-7405","tarifType":[{"sorting":0,"crdate":"2025-01-08T17:29:25+0100","tstamp":"2025-01-08T17:29:25+0100","hidden":false,"sysLanguageUid":0,"l10nParent":0,"title":"Payant","parent":{"sorting":256,"crdate":"2025-01-08T17:21:52+0100","tstamp":"2025-01-08T17:21:52+0100","hidden":false,"sysLanguageUid":0,"l10nParent":0,"title":"Types de tarifs","parent":{"sorting":256,"crdate":"2024-11-08T11:59:17+0100","tstamp":"2024-11-08T11:59:17+0100","hidden":false,"sysLanguageUid":0,"l10nParent":0,"title":"Agenda","images":[],"shortcut":0,"singlePid":0,"slug":"agenda","feBlacklist":false,"uid":406,"pid":1966},"images":[],"shortcut":0,"singlePid":0,"slug":"types-de-tarifs","feBlacklist":false,"uid":461,"pid":2116},"images":[],"shortcut":0,"singlePid":0,"feBlacklist":false,"uid":463,"pid":2116}],"lieu":[{"type":"generique","sorting":0,"sysLanguageUid":0,"hidden":false,"crdate":"2026-04-28T06:00:01+0200","tstamp":"2026-04-28T06:00:01+0200","categories":[],"mapLongitude":5.909467,"mapLatitude":45.67362,"title":"Thermes du Domaine de Marlioz","importId":"6881002","address":" 111 av Marlioz, 73100 Aix les Bains 73100 Aix-les-Bains","uid":1362,"pid":2115}],"medias":[],"theme":[{"sorting":0,"crdate":"2026-01-27T09:43:03+0100","tstamp":"2026-01-27T09:43:03+0100","hidden":false,"sysLanguageUid":0,"l10nParent":0,"title":"Bien-\u00eatre","parent":{"sorting":0,"crdate":"2026-01-27T09:43:03+0100","tstamp":"2026-01-27T09:43:03+0100","hidden":false,"sysLanguageUid":0,"l10nParent":0,"title":"Sciences et techniques","parent":{"sorting":0,"tstamp":"2026-01-27T09:34:45+0100","hidden":false,"sysLanguageUid":0,"l10nParent":0,"title":"Apidae","images":[],"shortcut":0,"singlePid":0,"slug":"apidae-1","feBlacklist":false,"uid":807,"pid":2493},"images":[],"shortcut":0,"singlePid":0,"feBlacklist":false,"uid":834,"pid":2493},"images":[],"shortcut":0,"singlePid":0,"feBlacklist":false,"uid":840,"pid":2493}],"accessibility":[],"accessibilityDetail":[],"workflowStatus":[],"uid":1673,"pid":2110,"pid_title":"Agenda Ville","site":"cms.aixlesbains.fr","sys_language_uid":0,"suggest_title":"Conf\u00e9rence sant\u00e9 \u00ab Comment prendre soin de ses voies respiratoires ? \u00bb","raw_description":"Rejoignez-nous pour une conf\u00e9rence sur le th\u00e8me de la sant\u00e9 respiratoire, anim\u00e9e par le Docteur Porret, m\u00e9decin ORL sp\u00e9cialiste des voies respiratoires.\r\n\r\nPendant une heure, le Docteur Porret partagera son expertise des pratiques apaisantes pour am\u00e9liorer votre confort respiratoire. Hydratation, hygi\u00e8ne nasale, exercices respiratoires\u2026 Que vous soyez confront\u00e9 \u00e0 des probl\u00e8mes respiratoires (asthme, allergies, sinusites\u2026) ou que vous cherchiez simplement \u00e0 am\u00e9liorer votre sant\u00e9, cette conf\u00e9rence vous d\u00e9livrera des techniques et conseils pr\u00e9cieux pour vous aider \u00e0 mieux respirer. \r\n\r\nOuverte \u00e0 tous","settings":{"urlBuilder":{"varDefaultDetailUidName":"idEventsDetail","parameters":{"action":"show","arguments":"directory","controller":"Events","extensionName":"cimdirectory","pluginName":"Display"}},"editorial":{"contentElementId":"51","partial":"ItemList","itemType":"events","classes":"annuaire","hn":"2","popin":"1","grid":"horizontal","showImage":"1","showCategory":"1","showTeaser":"1","showOnHover":"0","showMore":"0","showDate":"0","urlBuilder":{"varDefaultDetailUidName":"idEventsDetail","parameters":{"action":"show","arguments":"directory","controller":"Events","extensionName":"cimdirectory","pluginName":"Display"}},"images":{"list":{"fields":"pictureShow"}}},"list":{"contentElementId":"51","partial":"ItemList","itemType":"events","classes":"annuaire","hn":"2","popin":"1","grid":"horizontal","showImage":"1","showCategory":"1","showTeaser":"1","showOnHover":"0","showMore":"0","showDate":"0","urlBuilder":{"varDefaultDetailUidName":"idEventsDetail","parameters":{"action":"show","arguments":"directory","controller":"Events","extensionName":"cimdirectory","pluginName":"Display"}},"images":{"list":{"fields":"pictureShow"}}},"search":{"contentElementId":"51","partial":"ItemList","itemType":"events","classes":"annuaire","hn":"2","grid":"horizontal","showImage":"1","showCategory":"1","showTeaser":"1","showOnHover":"0","showMore":"0","showDate":"0","urlBuilder":{"varDefaultDetailUidName":"idEventsDetail","parameters":{"action":"show","arguments":"directory","controller":"Events","extensionName":"cimdirectory","pluginName":"Display"}}}},"geo_point":{"lat":45.67362,"lon":5.909467},"id":"2110_1673","imageList":[{"publicUrl":"https:\/\/www.aixlesbains.fr\/api\/fileadmin\/_processed_\/3\/7\/csm_pictureShow_conference-sante-comment-prendre-soin-de-ses-voies-respiratoires_8a708b9419.webp","properties":{"title":"","alternative":null,"description":"","link":null,"linkData":null,"mimeType":"image\/webp","type":"image","filename":"pictureShow_conference-sante-comment-prendre-soin-de-ses-voies-respiratoires.png","originalUrl":"https:\/\/www.aixlesbains.fr\/api\/fileadmin\/user_upload\/import\/pictureShow_conference-sante-comment-prendre-soin-de-ses-voies-respiratoires.png","uidLocal":13791,"fileReferenceUid":18366,"size":2759601,"dimensions":{"width":330,"height":470},"cropDimensions":{"width":330,"height":470},"crop":"","autoplay":null,"extension":"png","initialDimensions":{"width":1920,"height":1269},"orientation":"paysage","copyright":"","processedExtension":"webp","publicUrl":"https:\/\/www.aixlesbains.fr\/api\/fileadmin\/_processed_\/3\/7\/csm_pictureShow_conference-sante-comment-prendre-soin-de-ses-voies-respiratoires_8a708b9419.webp","crdate":1777348812,"tstamp":1777348812}}],"links":[{"href":"\/agendas\/detail\/conference-sante-comment-prendre-soin-de-ses-voies-respiratoires","text":"Voir la fiche","target":null}],"agency":"Cameros"}],"nbResults":152,"resultsPerPage":"8","form":{"title":"Agenda","parameters":[],"elementId":"element_51","fields":[{"uid":78,"identifier":"text-78","name":"tx_cimsearchelastic_displaysearch[fieldset_51][text][suggest_title,suggest_description@search]","placeholder":"Mot-cl\u00e9","label":"Mot-cl\u00e9","fieldType":"text","dbField":"suggest_title,suggest_description.search","cssClass":"","value":[],"defaultValue":[],"isKeyword":true},{"uid":83,"identifier":"period-dates-83","name":"tx_cimsearchelastic_displaysearch[fieldset_51][dates][cimNewsScheduleDates@cimNewsStartDate,cimNewsScheduleDates@cimNewsEndDate]","placeholder":"Saisissez une p\u00e9riode","label":"P\u00e9riode","fieldType":"dates","dbField":"cimNewsScheduleDates.cimNewsStartDate,cimNewsScheduleDates.cimNewsEndDate","cssClass":"","value":[],"defaultValue":[],"template":"select","subFields":[{"uid":83,"identifier":"period-dates-83","name":"tx_cimsearchelastic_displaysearch[fieldset_51][dates][cimNewsScheduleDates@cimNewsStartDate,cimNewsScheduleDates@cimNewsEndDate][period]","placeholder":"Saisissez une p\u00e9riode","label":"P\u00e9riode","fieldType":"dates","dbField":"cimNewsScheduleDates.cimNewsStartDate,cimNewsScheduleDates.cimNewsEndDate","cssClass":"","value":"","defaultValue":"","commonName":"datesPeriod","template":"select"},{"uid":83,"identifier":"startDate-dates-83","name":"tx_cimsearchelastic_displaysearch[fieldset_51][dates][cimNewsScheduleDates@cimNewsStartDate,cimNewsScheduleDates@cimNewsEndDate][startDate]","placeholder":"Saisissez une p\u00e9riode","label":"P\u00e9riode","fieldType":"dates","dbField":"cimNewsScheduleDates.cimNewsStartDate,cimNewsScheduleDates.cimNewsEndDate","cssClass":"","value":"","defaultValue":"","commonName":"datesPeriod","template":"select"},{"uid":83,"identifier":"endDate-dates-83","name":"tx_cimsearchelastic_displaysearch[fieldset_51][dates][cimNewsScheduleDates@cimNewsStartDate,cimNewsScheduleDates@cimNewsEndDate][endDate]","placeholder":"Saisissez une p\u00e9riode","label":"P\u00e9riode","fieldType":"dates","dbField":"cimNewsScheduleDates.cimNewsStartDate,cimNewsScheduleDates.cimNewsEndDate","cssClass":"","value":"","defaultValue":"","commonName":"datesPeriod","template":"select"}]},{"uid":86,"identifier":"list-86","name":"tx_cimsearchelastic_displaysearch[fieldset_51][list][categories@title@keyword][]","placeholder":"Choisissez une th\u00e9matique","label":"Cat\u00e9gories","fieldType":"list","dbField":"categories.title.keyword","cssClass":"","value":[""],"defaultValue":[""],"items":[{"value":"Concert","label":"Concert","count":37},{"value":"Th\u00e9\u00e2tre","label":"Th\u00e9\u00e2tre","count":29},{"value":"Spectacle","label":"Spectacle","count":24},{"value":"Initiation \/ d\u00e9couverte dans le cadre d'un \u00e9v\u00e9nement","label":"Initiation \/ d\u00e9couverte dans le cadre d'un \u00e9v\u00e9nement","count":12},{"value":"Exposition","label":"Exposition","count":11},{"value":"One man Show \/ One woman show","label":"One man Show \/ One woman show","count":11},{"value":"Conf\u00e9rence \/ D\u00e9bat \/ Rencontre","label":"Conf\u00e9rence \/ D\u00e9bat \/ Rencontre","count":10},{"value":"Animation sportive","label":"Animation sportive","count":3},{"value":"Escape game","label":"Escape game","count":3},{"value":"Festival","label":"Festival","count":3},{"value":"Visite guid\u00e9e et\/ou comment\u00e9e","label":"Visite guid\u00e9e et\/ou comment\u00e9e","count":3},{"value":"Bourse d'\u00e9change","label":"Bourse d'\u00e9change","count":2},{"value":"Comp\u00e9tition sportive","label":"Comp\u00e9tition sportive","count":2},{"value":"Bal","label":"Bal","count":1},{"value":"Brunch","label":"Brunch","count":1},{"value":"Culture","label":"Culture","count":1},{"value":"C\u00e9l\u00e9bration religieuse","label":"C\u00e9l\u00e9bration religieuse","count":1},{"value":"D\u00e9monstration","label":"D\u00e9monstration","count":1},{"value":"Jeu de piste \/ Chasse au tr\u00e9sor","label":"Jeu de piste \/ Chasse au tr\u00e9sor","count":1},{"value":"Performance artistique","label":"Performance artistique","count":1},{"value":"Pique-nique\/repas propos\u00e9s par les producteurs","label":"Pique-nique\/repas propos\u00e9s par les producteurs","count":1},{"value":"Proximit\u00e9","label":"Proximit\u00e9","count":1},{"value":"Rassemblement","label":"Rassemblement","count":1},{"value":"Soir\u00e9e dansante","label":"Soir\u00e9e dansante","count":1},{"value":"Th\u00e9 dansant","label":"Th\u00e9 dansant","count":1},{"value":"Vernissage \/ Inauguration","label":"Vernissage \/ Inauguration","count":1},{"value":"Visite avec un support num\u00e9rique","label":"Visite avec un support num\u00e9rique","count":1}],"template":"checkbox"},{"uid":170,"identifier":"list-170","name":"tx_cimsearchelastic_displaysearch[fieldset_51][list][theme@title@keyword][]","placeholder":"","label":"Th\u00e8me","fieldType":"list","dbField":"theme.title.keyword","cssClass":"","value":[""],"defaultValue":[""],"items":[{"value":"Musique classique","label":"Musique classique","count":21},{"value":"Chant \/ Chanson","label":"Chant \/ Chanson","count":13},{"value":"Comique","label":"Comique","count":13},{"value":"Eau","label":"Eau","count":9},{"value":"Animaux","label":"Animaux","count":8},{"value":"Environnement \/ D\u00e9veloppement durable","label":"Environnement \/ D\u00e9veloppement durable","count":8},{"value":"Historique","label":"Historique","count":7},{"value":"Patrimoine","label":"Patrimoine","count":7},{"value":"Th\u00e9\u00e2tre amateur","label":"Th\u00e9\u00e2tre amateur","count":6},{"value":"Chorale","label":"Chorale","count":5},{"value":"Bien-\u00eatre","label":"Bien-\u00eatre","count":4},{"value":"Cyclotourisme","label":"Cyclotourisme","count":4},{"value":"Danse","label":"Danse","count":4},{"value":"Paysage","label":"Paysage","count":4},{"value":"Sports cyclistes","label":"Sports cyclistes","count":4},{"value":"Divers musique","label":"Divers musique","count":3},{"value":"Jeux de soci\u00e9t\u00e9","label":"Jeux de soci\u00e9t\u00e9","count":3},{"value":"Sport divers","label":"Sport divers","count":3},{"value":"Citoyennet\u00e9","label":"Citoyennet\u00e9","count":2},{"value":"Fleurs \/ Plantes","label":"Fleurs \/ Plantes","count":2},{"value":"Jazz et blues","label":"Jazz et blues","count":2},{"value":"Sciences","label":"Sciences","count":2},{"value":"Sports d'eau","label":"Sports d'eau","count":2},{"value":"Art moderne \/ contemporain","label":"Art moderne \/ contemporain","count":1},{"value":"Artisanat","label":"Artisanat","count":1},{"value":"Arts plastiques \/ graphiques","label":"Arts plastiques \/ graphiques","count":1},{"value":"Automobile","label":"Automobile","count":1},{"value":"Caritatif","label":"Caritatif","count":1},{"value":"Cin\u00e9ma","label":"Cin\u00e9ma","count":1},{"value":"Conte","label":"Conte","count":1},{"value":"Course d'orientation","label":"Course d'orientation","count":1},{"value":"D\u00e9coration","label":"D\u00e9coration","count":1},{"value":"Gospel","label":"Gospel","count":1},{"value":"Loisirs cr\u00e9atifs","label":"Loisirs cr\u00e9atifs","count":1},{"value":"Magie","label":"Magie","count":1},{"value":"Musique de vari\u00e9t\u00e9","label":"Musique de vari\u00e9t\u00e9","count":1},{"value":"Musique du monde","label":"Musique du monde","count":1},{"value":"M\u00e9decine","label":"M\u00e9decine","count":1},{"value":"Nouvelles technologies","label":"Nouvelles technologies","count":1},{"value":"Photographie","label":"Photographie","count":1},{"value":"Plong\u00e9e sous-marine","label":"Plong\u00e9e sous-marine","count":1},{"value":"Sculpture","label":"Sculpture","count":1},{"value":"Sports m\u00e9caniques","label":"Sports m\u00e9caniques","count":1},{"value":"Sports p\u00e9destres","label":"Sports p\u00e9destres","count":1},{"value":"Stand up paddle","label":"Stand up paddle","count":1},{"value":"Sujet de soci\u00e9t\u00e9","label":"Sujet de soci\u00e9t\u00e9","count":1},{"value":"Yoga","label":"Yoga","count":1}],"template":"checkbox"},{"uid":152,"identifier":"list-152","name":"tx_cimsearchelastic_displaysearch[fieldset_51][list][tarifType@title@keyword][]","placeholder":"","label":"Tarif","fieldType":"list","dbField":"tarifType.title.keyword","cssClass":"","value":[],"defaultValue":[],"items":[{"value":"Payant","label":"Payant","count":109},{"value":"Gratuit","label":"Gratuit","count":37},{"value":"Entr\u00e9e libre","label":"Entr\u00e9e libre","count":3},{"value":"Acc\u00e8s libre","label":"Acc\u00e8s libre","count":1}],"template":"select"},{"uid":153,"identifier":"list-153","name":"tx_cimsearchelastic_displaysearch[fieldset_51][list][publicType@title@keyword][]","placeholder":"","label":"Public","fieldType":"list","dbField":"publicType.title.keyword","cssClass":"","value":[],"defaultValue":[],"items":[{"value":"Sp\u00e9cial famille avec enfants","label":"Sp\u00e9cial famille avec enfants","count":16},{"value":"Sp\u00e9cial enfants","label":"Sp\u00e9cial enfants","count":7},{"value":"Sp\u00e9cial adolescents","label":"Sp\u00e9cial adolescents","count":4},{"value":"Sp\u00e9cial retrait\u00e9s \/seniors","label":"Sp\u00e9cial retrait\u00e9s \/seniors","count":4},{"value":"Sp\u00e9cial \u00e9tudiants","label":"Sp\u00e9cial \u00e9tudiants","count":2},{"value":"Cyclistes","label":"Cyclistes","count":1},{"value":"R\u00e9serv\u00e9 \u00e0 un public majeur","label":"R\u00e9serv\u00e9 \u00e0 un public majeur","count":1},{"value":"Sp\u00e9cial amoureux","label":"Sp\u00e9cial amoureux","count":1},{"value":"Sp\u00e9cial sportifs","label":"Sp\u00e9cial sportifs","count":1}],"template":"select"}],"moreFields":[],"aggregation":{"categories.title.keyword":[{"key":"Concert","doc_count":37,"categories.feBlacklist":{"doc_count_error_upper_bound":0,"sum_other_doc_count":0,"buckets":[{"key":0,"key_as_string":"false","doc_count":37}]},"categories.description.keyword":{"doc_count_error_upper_bound":0,"sum_other_doc_count":0,"buckets":[]}},{"key":"Th\u00e9\u00e2tre","doc_count":29,"categories.feBlacklist":{"doc_count_error_upper_bound":0,"sum_other_doc_count":0,"buckets":[{"key":0,"key_as_string":"false","doc_count":29}]},"categories.description.keyword":{"doc_count_error_upper_bound":0,"sum_other_doc_count":0,"buckets":[]}},{"key":"Spectacle","doc_count":24,"categories.feBlacklist":{"doc_count_error_upper_bound":0,"sum_other_doc_count":0,"buckets":[{"key":0,"key_as_string":"false","doc_count":24}]},"categories.description.keyword":{"doc_count_error_upper_bound":0,"sum_other_doc_count":0,"buckets":[]}},{"key":"Initiation \/ d\u00e9couverte dans le cadre d'un \u00e9v\u00e9nement","doc_count":12,"categories.feBlacklist":{"doc_count_error_upper_bound":0,"sum_other_doc_count":0,"buckets":[{"key":0,"key_as_string":"false","doc_count":12}]},"categories.description.keyword":{"doc_count_error_upper_bound":0,"sum_other_doc_count":0,"buckets":[]}},{"key":"Exposition","doc_count":11,"categories.feBlacklist":{"doc_count_error_upper_bound":0,"sum_other_doc_count":0,"buckets":[{"key":0,"key_as_string":"false","doc_count":11}]},"categories.description.keyword":{"doc_count_error_upper_bound":0,"sum_other_doc_count":0,"buckets":[]}},{"key":"One man Show \/ One woman show","doc_count":11,"categories.feBlacklist":{"doc_count_error_upper_bound":0,"sum_other_doc_count":0,"buckets":[{"key":0,"key_as_string":"false","doc_count":11}]},"categories.description.keyword":{"doc_count_error_upper_bound":0,"sum_other_doc_count":0,"buckets":[]}},{"key":"Conf\u00e9rence \/ D\u00e9bat \/ Rencontre","doc_count":10,"categories.feBlacklist":{"doc_count_error_upper_bound":0,"sum_other_doc_count":0,"buckets":[{"key":0,"key_as_string":"false","doc_count":10}]},"categories.description.keyword":{"doc_count_error_upper_bound":0,"sum_other_doc_count":0,"buckets":[]}},{"key":"Animation sportive","doc_count":3,"categories.feBlacklist":{"doc_count_error_upper_bound":0,"sum_other_doc_count":0,"buckets":[{"key":0,"key_as_string":"false","doc_count":3}]},"categories.description.keyword":{"doc_count_error_upper_bound":0,"sum_other_doc_count":0,"buckets":[]}},{"key":"Escape game","doc_count":3,"categories.feBlacklist":{"doc_count_error_upper_bound":0,"sum_other_doc_count":0,"buckets":[{"key":0,"key_as_string":"false","doc_count":3}]},"categories.description.keyword":{"doc_count_error_upper_bound":0,"sum_other_doc_count":0,"buckets":[]}},{"key":"Festival","doc_count":3,"categories.feBlacklist":{"doc_count_error_upper_bound":0,"sum_other_doc_count":0,"buckets":[{"key":0,"key_as_string":"false","doc_count":3}]},"categories.description.keyword":{"doc_count_error_upper_bound":0,"sum_other_doc_count":0,"buckets":[]}},{"key":"Visite guid\u00e9e et\/ou comment\u00e9e","doc_count":3,"categories.feBlacklist":{"doc_count_error_upper_bound":0,"sum_other_doc_count":0,"buckets":[{"key":0,"key_as_string":"false","doc_count":3}]},"categories.description.keyword":{"doc_count_error_upper_bound":0,"sum_other_doc_count":0,"buckets":[]}},{"key":"Bourse d'\u00e9change","doc_count":2,"categories.feBlacklist":{"doc_count_error_upper_bound":0,"sum_other_doc_count":0,"buckets":[{"key":0,"key_as_string":"false","doc_count":2}]},"categories.description.keyword":{"doc_count_error_upper_bound":0,"sum_other_doc_count":0,"buckets":[]}},{"key":"Comp\u00e9tition sportive","doc_count":2,"categories.feBlacklist":{"doc_count_error_upper_bound":0,"sum_other_doc_count":0,"buckets":[{"key":0,"key_as_string":"false","doc_count":2}]},"categories.description.keyword":{"doc_count_error_upper_bound":0,"sum_other_doc_count":0,"buckets":[]}},{"key":"Bal","doc_count":1,"categories.feBlacklist":{"doc_count_error_upper_bound":0,"sum_other_doc_count":0,"buckets":[{"key":0,"key_as_string":"false","doc_count":1}]},"categories.description.keyword":{"doc_count_error_upper_bound":0,"sum_other_doc_count":0,"buckets":[]}},{"key":"Brunch","doc_count":1,"categories.feBlacklist":{"doc_count_error_upper_bound":0,"sum_other_doc_count":0,"buckets":[{"key":0,"key_as_string":"false","doc_count":1}]},"categories.description.keyword":{"doc_count_error_upper_bound":0,"sum_other_doc_count":0,"buckets":[]}},{"key":"Culture","doc_count":1,"categories.feBlacklist":{"doc_count_error_upper_bound":0,"sum_other_doc_count":0,"buckets":[{"key":0,"key_as_string":"false","doc_count":1}]},"categories.description.keyword":{"doc_count_error_upper_bound":0,"sum_other_doc_count":0,"buckets":[]}},{"key":"C\u00e9l\u00e9bration religieuse","doc_count":1,"categories.feBlacklist":{"doc_count_error_upper_bound":0,"sum_other_doc_count":0,"buckets":[{"key":0,"key_as_string":"false","doc_count":1}]},"categories.description.keyword":{"doc_count_error_upper_bound":0,"sum_other_doc_count":0,"buckets":[]}},{"key":"D\u00e9monstration","doc_count":1,"categories.feBlacklist":{"doc_count_error_upper_bound":0,"sum_other_doc_count":0,"buckets":[{"key":0,"key_as_string":"false","doc_count":1}]},"categories.description.keyword":{"doc_count_error_upper_bound":0,"sum_other_doc_count":0,"buckets":[]}},{"key":"Jeu de piste \/ Chasse au tr\u00e9sor","doc_count":1,"categories.feBlacklist":{"doc_count_error_upper_bound":0,"sum_other_doc_count":0,"buckets":[{"key":0,"key_as_string":"false","doc_count":1}]},"categories.description.keyword":{"doc_count_error_upper_bound":0,"sum_other_doc_count":0,"buckets":[]}},{"key":"Performance artistique","doc_count":1,"categories.feBlacklist":{"doc_count_error_upper_bound":0,"sum_other_doc_count":0,"buckets":[{"key":0,"key_as_string":"false","doc_count":1}]},"categories.description.keyword":{"doc_count_error_upper_bound":0,"sum_other_doc_count":0,"buckets":[]}},{"key":"Pique-nique\/repas propos\u00e9s par les producteurs","doc_count":1,"categories.feBlacklist":{"doc_count_error_upper_bound":0,"sum_other_doc_count":0,"buckets":[{"key":0,"key_as_string":"false","doc_count":1}]},"categories.description.keyword":{"doc_count_error_upper_bound":0,"sum_other_doc_count":0,"buckets":[]}},{"key":"Proximit\u00e9","doc_count":1,"categories.feBlacklist":{"doc_count_error_upper_bound":0,"sum_other_doc_count":0,"buckets":[{"key":0,"key_as_string":"false","doc_count":1}]},"categories.description.keyword":{"doc_count_error_upper_bound":0,"sum_other_doc_count":0,"buckets":[]}},{"key":"Rassemblement","doc_count":1,"categories.feBlacklist":{"doc_count_error_upper_bound":0,"sum_other_doc_count":0,"buckets":[{"key":0,"key_as_string":"false","doc_count":1}]},"categories.description.keyword":{"doc_count_error_upper_bound":0,"sum_other_doc_count":0,"buckets":[]}},{"key":"Soir\u00e9e dansante","doc_count":1,"categories.feBlacklist":{"doc_count_error_upper_bound":0,"sum_other_doc_count":0,"buckets":[{"key":0,"key_as_string":"false","doc_count":1}]},"categories.description.keyword":{"doc_count_error_upper_bound":0,"sum_other_doc_count":0,"buckets":[]}},{"key":"Th\u00e9 dansant","doc_count":1,"categories.feBlacklist":{"doc_count_error_upper_bound":0,"sum_other_doc_count":0,"buckets":[{"key":0,"key_as_string":"false","doc_count":1}]},"categories.description.keyword":{"doc_count_error_upper_bound":0,"sum_other_doc_count":0,"buckets":[]}},{"key":"Vernissage \/ Inauguration","doc_count":1,"categories.feBlacklist":{"doc_count_error_upper_bound":0,"sum_other_doc_count":0,"buckets":[{"key":0,"key_as_string":"false","doc_count":1}]},"categories.description.keyword":{"doc_count_error_upper_bound":0,"sum_other_doc_count":0,"buckets":[]}},{"key":"Visite avec un support num\u00e9rique","doc_count":1,"categories.feBlacklist":{"doc_count_error_upper_bound":0,"sum_other_doc_count":0,"buckets":[{"key":0,"key_as_string":"false","doc_count":1}]},"categories.description.keyword":{"doc_count_error_upper_bound":0,"sum_other_doc_count":0,"buckets":[]}}],"theme.title.keyword":[{"key":"Musique classique","doc_count":21},{"key":"Chant \/ Chanson","doc_count":13},{"key":"Comique","doc_count":13},{"key":"Eau","doc_count":9},{"key":"Animaux","doc_count":8},{"key":"Environnement \/ D\u00e9veloppement durable","doc_count":8},{"key":"Historique","doc_count":7},{"key":"Patrimoine","doc_count":7},{"key":"Th\u00e9\u00e2tre amateur","doc_count":6},{"key":"Chorale","doc_count":5},{"key":"Bien-\u00eatre","doc_count":4},{"key":"Cyclotourisme","doc_count":4},{"key":"Danse","doc_count":4},{"key":"Paysage","doc_count":4},{"key":"Sports cyclistes","doc_count":4},{"key":"Divers musique","doc_count":3},{"key":"Jeux de soci\u00e9t\u00e9","doc_count":3},{"key":"Sport divers","doc_count":3},{"key":"Citoyennet\u00e9","doc_count":2},{"key":"Fleurs \/ Plantes","doc_count":2},{"key":"Jazz et blues","doc_count":2},{"key":"Sciences","doc_count":2},{"key":"Sports d'eau","doc_count":2},{"key":"Art moderne \/ contemporain","doc_count":1},{"key":"Artisanat","doc_count":1},{"key":"Arts plastiques \/ graphiques","doc_count":1},{"key":"Automobile","doc_count":1},{"key":"Caritatif","doc_count":1},{"key":"Cin\u00e9ma","doc_count":1},{"key":"Conte","doc_count":1},{"key":"Course d'orientation","doc_count":1},{"key":"D\u00e9coration","doc_count":1},{"key":"Gospel","doc_count":1},{"key":"Loisirs cr\u00e9atifs","doc_count":1},{"key":"Magie","doc_count":1},{"key":"Musique de vari\u00e9t\u00e9","doc_count":1},{"key":"Musique du monde","doc_count":1},{"key":"M\u00e9decine","doc_count":1},{"key":"Nouvelles technologies","doc_count":1},{"key":"Photographie","doc_count":1},{"key":"Plong\u00e9e sous-marine","doc_count":1},{"key":"Sculpture","doc_count":1},{"key":"Sports m\u00e9caniques","doc_count":1},{"key":"Sports p\u00e9destres","doc_count":1},{"key":"Stand up paddle","doc_count":1},{"key":"Sujet de soci\u00e9t\u00e9","doc_count":1},{"key":"Yoga","doc_count":1}],"tarifType.title.keyword":[{"key":"Payant","doc_count":109},{"key":"Gratuit","doc_count":37},{"key":"Entr\u00e9e libre","doc_count":3},{"key":"Acc\u00e8s libre","doc_count":1}],"publicType.title.keyword":[{"key":"Sp\u00e9cial famille avec enfants","doc_count":16},{"key":"Sp\u00e9cial enfants","doc_count":7},{"key":"Sp\u00e9cial adolescents","doc_count":4},{"key":"Sp\u00e9cial retrait\u00e9s \/seniors","doc_count":4},{"key":"Sp\u00e9cial \u00e9tudiants","doc_count":2},{"key":"Cyclistes","doc_count":1},{"key":"R\u00e9serv\u00e9 \u00e0 un public majeur","doc_count":1},{"key":"Sp\u00e9cial amoureux","doc_count":1},{"key":"Sp\u00e9cial sportifs","doc_count":1}]}},"initialForm":{"title":"Agenda","parameters":[],"elementId":"element_51","fields":[{"uid":78,"identifier":"text-78","name":"tx_cimsearchelastic_displaysearch[fieldset_51][text][suggest_title,suggest_description@search]","placeholder":"Mot-cl\u00e9","label":"Mot-cl\u00e9","fieldType":"text","dbField":"suggest_title,suggest_description.search","cssClass":"","value":[],"defaultValue":[],"isKeyword":true},{"uid":83,"identifier":"period-dates-83","name":"tx_cimsearchelastic_displaysearch[fieldset_51][dates][cimNewsScheduleDates@cimNewsStartDate,cimNewsScheduleDates@cimNewsEndDate]","placeholder":"Saisissez une p\u00e9riode","label":"P\u00e9riode","fieldType":"dates","dbField":"cimNewsScheduleDates.cimNewsStartDate,cimNewsScheduleDates.cimNewsEndDate","cssClass":"","value":[],"defaultValue":[],"template":"select","subFields":[{"uid":83,"identifier":"period-dates-83","name":"tx_cimsearchelastic_displaysearch[fieldset_51][dates][cimNewsScheduleDates@cimNewsStartDate,cimNewsScheduleDates@cimNewsEndDate][period]","placeholder":"Saisissez une p\u00e9riode","label":"P\u00e9riode","fieldType":"dates","dbField":"cimNewsScheduleDates.cimNewsStartDate,cimNewsScheduleDates.cimNewsEndDate","cssClass":"","value":"","defaultValue":"","commonName":"datesPeriod","template":"select"},{"uid":83,"identifier":"startDate-dates-83","name":"tx_cimsearchelastic_displaysearch[fieldset_51][dates][cimNewsScheduleDates@cimNewsStartDate,cimNewsScheduleDates@cimNewsEndDate][startDate]","placeholder":"Saisissez une p\u00e9riode","label":"P\u00e9riode","fieldType":"dates","dbField":"cimNewsScheduleDates.cimNewsStartDate,cimNewsScheduleDates.cimNewsEndDate","cssClass":"","value":"","defaultValue":"","commonName":"datesPeriod","template":"select"},{"uid":83,"identifier":"endDate-dates-83","name":"tx_cimsearchelastic_displaysearch[fieldset_51][dates][cimNewsScheduleDates@cimNewsStartDate,cimNewsScheduleDates@cimNewsEndDate][endDate]","placeholder":"Saisissez une p\u00e9riode","label":"P\u00e9riode","fieldType":"dates","dbField":"cimNewsScheduleDates.cimNewsStartDate,cimNewsScheduleDates.cimNewsEndDate","cssClass":"","value":"","defaultValue":"","commonName":"datesPeriod","template":"select"}]},{"uid":86,"identifier":"list-86","name":"tx_cimsearchelastic_displaysearch[fieldset_51][list][categories@title@keyword][]","placeholder":"Choisissez une th\u00e9matique","label":"Cat\u00e9gories","fieldType":"list","dbField":"categories.title.keyword","cssClass":"","value":[""],"defaultValue":[""],"items":[{"value":"Concert","label":"Concert","count":37},{"value":"Th\u00e9\u00e2tre","label":"Th\u00e9\u00e2tre","count":29},{"value":"Spectacle","label":"Spectacle","count":24},{"value":"Initiation \/ d\u00e9couverte dans le cadre d'un \u00e9v\u00e9nement","label":"Initiation \/ d\u00e9couverte dans le cadre d'un \u00e9v\u00e9nement","count":12},{"value":"Exposition","label":"Exposition","count":11},{"value":"One man Show \/ One woman show","label":"One man Show \/ One woman show","count":11},{"value":"Conf\u00e9rence \/ D\u00e9bat \/ Rencontre","label":"Conf\u00e9rence \/ D\u00e9bat \/ Rencontre","count":10},{"value":"Animation sportive","label":"Animation sportive","count":3},{"value":"Escape game","label":"Escape game","count":3},{"value":"Festival","label":"Festival","count":3},{"value":"Visite guid\u00e9e et\/ou comment\u00e9e","label":"Visite guid\u00e9e et\/ou comment\u00e9e","count":3},{"value":"Bourse d'\u00e9change","label":"Bourse d'\u00e9change","count":2},{"value":"Comp\u00e9tition sportive","label":"Comp\u00e9tition sportive","count":2},{"value":"Bal","label":"Bal","count":1},{"value":"Brunch","label":"Brunch","count":1},{"value":"Culture","label":"Culture","count":1},{"value":"C\u00e9l\u00e9bration religieuse","label":"C\u00e9l\u00e9bration religieuse","count":1},{"value":"D\u00e9monstration","label":"D\u00e9monstration","count":1},{"value":"Jeu de piste \/ Chasse au tr\u00e9sor","label":"Jeu de piste \/ Chasse au tr\u00e9sor","count":1},{"value":"Performance artistique","label":"Performance artistique","count":1},{"value":"Pique-nique\/repas propos\u00e9s par les producteurs","label":"Pique-nique\/repas propos\u00e9s par les producteurs","count":1},{"value":"Proximit\u00e9","label":"Proximit\u00e9","count":1},{"value":"Rassemblement","label":"Rassemblement","count":1},{"value":"Soir\u00e9e dansante","label":"Soir\u00e9e dansante","count":1},{"value":"Th\u00e9 dansant","label":"Th\u00e9 dansant","count":1},{"value":"Vernissage \/ Inauguration","label":"Vernissage \/ Inauguration","count":1},{"value":"Visite avec un support num\u00e9rique","label":"Visite avec un support num\u00e9rique","count":1}],"template":"checkbox"},{"uid":170,"identifier":"list-170","name":"tx_cimsearchelastic_displaysearch[fieldset_51][list][theme@title@keyword][]","placeholder":"","label":"Th\u00e8me","fieldType":"list","dbField":"theme.title.keyword","cssClass":"","value":[""],"defaultValue":[""],"items":[{"value":"Musique classique","label":"Musique classique","count":21},{"value":"Chant \/ Chanson","label":"Chant \/ Chanson","count":13},{"value":"Comique","label":"Comique","count":13},{"value":"Eau","label":"Eau","count":9},{"value":"Animaux","label":"Animaux","count":8},{"value":"Environnement \/ D\u00e9veloppement durable","label":"Environnement \/ D\u00e9veloppement durable","count":8},{"value":"Historique","label":"Historique","count":7},{"value":"Patrimoine","label":"Patrimoine","count":7},{"value":"Th\u00e9\u00e2tre amateur","label":"Th\u00e9\u00e2tre amateur","count":6},{"value":"Chorale","label":"Chorale","count":5},{"value":"Bien-\u00eatre","label":"Bien-\u00eatre","count":4},{"value":"Cyclotourisme","label":"Cyclotourisme","count":4},{"value":"Danse","label":"Danse","count":4},{"value":"Paysage","label":"Paysage","count":4},{"value":"Sports cyclistes","label":"Sports cyclistes","count":4},{"value":"Divers musique","label":"Divers musique","count":3},{"value":"Jeux de soci\u00e9t\u00e9","label":"Jeux de soci\u00e9t\u00e9","count":3},{"value":"Sport divers","label":"Sport divers","count":3},{"value":"Citoyennet\u00e9","label":"Citoyennet\u00e9","count":2},{"value":"Fleurs \/ Plantes","label":"Fleurs \/ Plantes","count":2},{"value":"Jazz et blues","label":"Jazz et blues","count":2},{"value":"Sciences","label":"Sciences","count":2},{"value":"Sports d'eau","label":"Sports d'eau","count":2},{"value":"Art moderne \/ contemporain","label":"Art moderne \/ contemporain","count":1},{"value":"Artisanat","label":"Artisanat","count":1},{"value":"Arts plastiques \/ graphiques","label":"Arts plastiques \/ graphiques","count":1},{"value":"Automobile","label":"Automobile","count":1},{"value":"Caritatif","label":"Caritatif","count":1},{"value":"Cin\u00e9ma","label":"Cin\u00e9ma","count":1},{"value":"Conte","label":"Conte","count":1},{"value":"Course d'orientation","label":"Course d'orientation","count":1},{"value":"D\u00e9coration","label":"D\u00e9coration","count":1},{"value":"Gospel","label":"Gospel","count":1},{"value":"Loisirs cr\u00e9atifs","label":"Loisirs cr\u00e9atifs","count":1},{"value":"Magie","label":"Magie","count":1},{"value":"Musique de vari\u00e9t\u00e9","label":"Musique de vari\u00e9t\u00e9","count":1},{"value":"Musique du monde","label":"Musique du monde","count":1},{"value":"M\u00e9decine","label":"M\u00e9decine","count":1},{"value":"Nouvelles technologies","label":"Nouvelles technologies","count":1},{"value":"Photographie","label":"Photographie","count":1},{"value":"Plong\u00e9e sous-marine","label":"Plong\u00e9e sous-marine","count":1},{"value":"Sculpture","label":"Sculpture","count":1},{"value":"Sports m\u00e9caniques","label":"Sports m\u00e9caniques","count":1},{"value":"Sports p\u00e9destres","label":"Sports p\u00e9destres","count":1},{"value":"Stand up paddle","label":"Stand up paddle","count":1},{"value":"Sujet de soci\u00e9t\u00e9","label":"Sujet de soci\u00e9t\u00e9","count":1},{"value":"Yoga","label":"Yoga","count":1}],"template":"checkbox"},{"uid":152,"identifier":"list-152","name":"tx_cimsearchelastic_displaysearch[fieldset_51][list][tarifType@title@keyword][]","placeholder":"","label":"Tarif","fieldType":"list","dbField":"tarifType.title.keyword","cssClass":"","value":[],"defaultValue":[],"items":[{"value":"Payant","label":"Payant","count":109},{"value":"Gratuit","label":"Gratuit","count":37},{"value":"Entr\u00e9e libre","label":"Entr\u00e9e libre","count":3},{"value":"Acc\u00e8s libre","label":"Acc\u00e8s libre","count":1}],"template":"select"},{"uid":153,"identifier":"list-153","name":"tx_cimsearchelastic_displaysearch[fieldset_51][list][publicType@title@keyword][]","placeholder":"","label":"Public","fieldType":"list","dbField":"publicType.title.keyword","cssClass":"","value":[],"defaultValue":[],"items":[{"value":"Sp\u00e9cial famille avec enfants","label":"Sp\u00e9cial famille avec enfants","count":16},{"value":"Sp\u00e9cial enfants","label":"Sp\u00e9cial enfants","count":7},{"value":"Sp\u00e9cial adolescents","label":"Sp\u00e9cial adolescents","count":4},{"value":"Sp\u00e9cial retrait\u00e9s \/seniors","label":"Sp\u00e9cial retrait\u00e9s \/seniors","count":4},{"value":"Sp\u00e9cial \u00e9tudiants","label":"Sp\u00e9cial \u00e9tudiants","count":2},{"value":"Cyclistes","label":"Cyclistes","count":1},{"value":"R\u00e9serv\u00e9 \u00e0 un public majeur","label":"R\u00e9serv\u00e9 \u00e0 un public majeur","count":1},{"value":"Sp\u00e9cial amoureux","label":"Sp\u00e9cial amoureux","count":1},{"value":"Sp\u00e9cial sportifs","label":"Sp\u00e9cial sportifs","count":1}],"template":"select"}],"moreFields":[],"aggregation":{"categories.title.keyword":[{"key":"Concert","doc_count":37,"categories.feBlacklist":{"doc_count_error_upper_bound":0,"sum_other_doc_count":0,"buckets":[{"key":0,"key_as_string":"false","doc_count":37}]},"categories.description.keyword":{"doc_count_error_upper_bound":0,"sum_other_doc_count":0,"buckets":[]}},{"key":"Th\u00e9\u00e2tre","doc_count":29,"categories.feBlacklist":{"doc_count_error_upper_bound":0,"sum_other_doc_count":0,"buckets":[{"key":0,"key_as_string":"false","doc_count":29}]},"categories.description.keyword":{"doc_count_error_upper_bound":0,"sum_other_doc_count":0,"buckets":[]}},{"key":"Spectacle","doc_count":24,"categories.feBlacklist":{"doc_count_error_upper_bound":0,"sum_other_doc_count":0,"buckets":[{"key":0,"key_as_string":"false","doc_count":24}]},"categories.description.keyword":{"doc_count_error_upper_bound":0,"sum_other_doc_count":0,"buckets":[]}},{"key":"Initiation \/ d\u00e9couverte dans le cadre d'un \u00e9v\u00e9nement","doc_count":12,"categories.feBlacklist":{"doc_count_error_upper_bound":0,"sum_other_doc_count":0,"buckets":[{"key":0,"key_as_string":"false","doc_count":12}]},"categories.description.keyword":{"doc_count_error_upper_bound":0,"sum_other_doc_count":0,"buckets":[]}},{"key":"Exposition","doc_count":11,"categories.feBlacklist":{"doc_count_error_upper_bound":0,"sum_other_doc_count":0,"buckets":[{"key":0,"key_as_string":"false","doc_count":11}]},"categories.description.keyword":{"doc_count_error_upper_bound":0,"sum_other_doc_count":0,"buckets":[]}},{"key":"One man Show \/ One woman show","doc_count":11,"categories.feBlacklist":{"doc_count_error_upper_bound":0,"sum_other_doc_count":0,"buckets":[{"key":0,"key_as_string":"false","doc_count":11}]},"categories.description.keyword":{"doc_count_error_upper_bound":0,"sum_other_doc_count":0,"buckets":[]}},{"key":"Conf\u00e9rence \/ D\u00e9bat \/ Rencontre","doc_count":10,"categories.feBlacklist":{"doc_count_error_upper_bound":0,"sum_other_doc_count":0,"buckets":[{"key":0,"key_as_string":"false","doc_count":10}]},"categories.description.keyword":{"doc_count_error_upper_bound":0,"sum_other_doc_count":0,"buckets":[]}},{"key":"Animation sportive","doc_count":3,"categories.feBlacklist":{"doc_count_error_upper_bound":0,"sum_other_doc_count":0,"buckets":[{"key":0,"key_as_string":"false","doc_count":3}]},"categories.description.keyword":{"doc_count_error_upper_bound":0,"sum_other_doc_count":0,"buckets":[]}},{"key":"Escape game","doc_count":3,"categories.feBlacklist":{"doc_count_error_upper_bound":0,"sum_other_doc_count":0,"buckets":[{"key":0,"key_as_string":"false","doc_count":3}]},"categories.description.keyword":{"doc_count_error_upper_bound":0,"sum_other_doc_count":0,"buckets":[]}},{"key":"Festival","doc_count":3,"categories.feBlacklist":{"doc_count_error_upper_bound":0,"sum_other_doc_count":0,"buckets":[{"key":0,"key_as_string":"false","doc_count":3}]},"categories.description.keyword":{"doc_count_error_upper_bound":0,"sum_other_doc_count":0,"buckets":[]}},{"key":"Visite guid\u00e9e et\/ou comment\u00e9e","doc_count":3,"categories.feBlacklist":{"doc_count_error_upper_bound":0,"sum_other_doc_count":0,"buckets":[{"key":0,"key_as_string":"false","doc_count":3}]},"categories.description.keyword":{"doc_count_error_upper_bound":0,"sum_other_doc_count":0,"buckets":[]}},{"key":"Bourse d'\u00e9change","doc_count":2,"categories.feBlacklist":{"doc_count_error_upper_bound":0,"sum_other_doc_count":0,"buckets":[{"key":0,"key_as_string":"false","doc_count":2}]},"categories.description.keyword":{"doc_count_error_upper_bound":0,"sum_other_doc_count":0,"buckets":[]}},{"key":"Comp\u00e9tition sportive","doc_count":2,"categories.feBlacklist":{"doc_count_error_upper_bound":0,"sum_other_doc_count":0,"buckets":[{"key":0,"key_as_string":"false","doc_count":2}]},"categories.description.keyword":{"doc_count_error_upper_bound":0,"sum_other_doc_count":0,"buckets":[]}},{"key":"Bal","doc_count":1,"categories.feBlacklist":{"doc_count_error_upper_bound":0,"sum_other_doc_count":0,"buckets":[{"key":0,"key_as_string":"false","doc_count":1}]},"categories.description.keyword":{"doc_count_error_upper_bound":0,"sum_other_doc_count":0,"buckets":[]}},{"key":"Brunch","doc_count":1,"categories.feBlacklist":{"doc_count_error_upper_bound":0,"sum_other_doc_count":0,"buckets":[{"key":0,"key_as_string":"false","doc_count":1}]},"categories.description.keyword":{"doc_count_error_upper_bound":0,"sum_other_doc_count":0,"buckets":[]}},{"key":"Culture","doc_count":1,"categories.feBlacklist":{"doc_count_error_upper_bound":0,"sum_other_doc_count":0,"buckets":[{"key":0,"key_as_string":"false","doc_count":1}]},"categories.description.keyword":{"doc_count_error_upper_bound":0,"sum_other_doc_count":0,"buckets":[]}},{"key":"C\u00e9l\u00e9bration religieuse","doc_count":1,"categories.feBlacklist":{"doc_count_error_upper_bound":0,"sum_other_doc_count":0,"buckets":[{"key":0,"key_as_string":"false","doc_count":1}]},"categories.description.keyword":{"doc_count_error_upper_bound":0,"sum_other_doc_count":0,"buckets":[]}},{"key":"D\u00e9monstration","doc_count":1,"categories.feBlacklist":{"doc_count_error_upper_bound":0,"sum_other_doc_count":0,"buckets":[{"key":0,"key_as_string":"false","doc_count":1}]},"categories.description.keyword":{"doc_count_error_upper_bound":0,"sum_other_doc_count":0,"buckets":[]}},{"key":"Jeu de piste \/ Chasse au tr\u00e9sor","doc_count":1,"categories.feBlacklist":{"doc_count_error_upper_bound":0,"sum_other_doc_count":0,"buckets":[{"key":0,"key_as_string":"false","doc_count":1}]},"categories.description.keyword":{"doc_count_error_upper_bound":0,"sum_other_doc_count":0,"buckets":[]}},{"key":"Performance artistique","doc_count":1,"categories.feBlacklist":{"doc_count_error_upper_bound":0,"sum_other_doc_count":0,"buckets":[{"key":0,"key_as_string":"false","doc_count":1}]},"categories.description.keyword":{"doc_count_error_upper_bound":0,"sum_other_doc_count":0,"buckets":[]}},{"key":"Pique-nique\/repas propos\u00e9s par les producteurs","doc_count":1,"categories.feBlacklist":{"doc_count_error_upper_bound":0,"sum_other_doc_count":0,"buckets":[{"key":0,"key_as_string":"false","doc_count":1}]},"categories.description.keyword":{"doc_count_error_upper_bound":0,"sum_other_doc_count":0,"buckets":[]}},{"key":"Proximit\u00e9","doc_count":1,"categories.feBlacklist":{"doc_count_error_upper_bound":0,"sum_other_doc_count":0,"buckets":[{"key":0,"key_as_string":"false","doc_count":1}]},"categories.description.keyword":{"doc_count_error_upper_bound":0,"sum_other_doc_count":0,"buckets":[]}},{"key":"Rassemblement","doc_count":1,"categories.feBlacklist":{"doc_count_error_upper_bound":0,"sum_other_doc_count":0,"buckets":[{"key":0,"key_as_string":"false","doc_count":1}]},"categories.description.keyword":{"doc_count_error_upper_bound":0,"sum_other_doc_count":0,"buckets":[]}},{"key":"Soir\u00e9e dansante","doc_count":1,"categories.feBlacklist":{"doc_count_error_upper_bound":0,"sum_other_doc_count":0,"buckets":[{"key":0,"key_as_string":"false","doc_count":1}]},"categories.description.keyword":{"doc_count_error_upper_bound":0,"sum_other_doc_count":0,"buckets":[]}},{"key":"Th\u00e9 dansant","doc_count":1,"categories.feBlacklist":{"doc_count_error_upper_bound":0,"sum_other_doc_count":0,"buckets":[{"key":0,"key_as_string":"false","doc_count":1}]},"categories.description.keyword":{"doc_count_error_upper_bound":0,"sum_other_doc_count":0,"buckets":[]}},{"key":"Vernissage \/ Inauguration","doc_count":1,"categories.feBlacklist":{"doc_count_error_upper_bound":0,"sum_other_doc_count":0,"buckets":[{"key":0,"key_as_string":"false","doc_count":1}]},"categories.description.keyword":{"doc_count_error_upper_bound":0,"sum_other_doc_count":0,"buckets":[]}},{"key":"Visite avec un support num\u00e9rique","doc_count":1,"categories.feBlacklist":{"doc_count_error_upper_bound":0,"sum_other_doc_count":0,"buckets":[{"key":0,"key_as_string":"false","doc_count":1}]},"categories.description.keyword":{"doc_count_error_upper_bound":0,"sum_other_doc_count":0,"buckets":[]}}],"theme.title.keyword":[{"key":"Musique classique","doc_count":21},{"key":"Chant \/ Chanson","doc_count":13},{"key":"Comique","doc_count":13},{"key":"Eau","doc_count":9},{"key":"Animaux","doc_count":8},{"key":"Environnement \/ D\u00e9veloppement durable","doc_count":8},{"key":"Historique","doc_count":7},{"key":"Patrimoine","doc_count":7},{"key":"Th\u00e9\u00e2tre amateur","doc_count":6},{"key":"Chorale","doc_count":5},{"key":"Bien-\u00eatre","doc_count":4},{"key":"Cyclotourisme","doc_count":4},{"key":"Danse","doc_count":4},{"key":"Paysage","doc_count":4},{"key":"Sports cyclistes","doc_count":4},{"key":"Divers musique","doc_count":3},{"key":"Jeux de soci\u00e9t\u00e9","doc_count":3},{"key":"Sport divers","doc_count":3},{"key":"Citoyennet\u00e9","doc_count":2},{"key":"Fleurs \/ Plantes","doc_count":2},{"key":"Jazz et blues","doc_count":2},{"key":"Sciences","doc_count":2},{"key":"Sports d'eau","doc_count":2},{"key":"Art moderne \/ contemporain","doc_count":1},{"key":"Artisanat","doc_count":1},{"key":"Arts plastiques \/ graphiques","doc_count":1},{"key":"Automobile","doc_count":1},{"key":"Caritatif","doc_count":1},{"key":"Cin\u00e9ma","doc_count":1},{"key":"Conte","doc_count":1},{"key":"Course d'orientation","doc_count":1},{"key":"D\u00e9coration","doc_count":1},{"key":"Gospel","doc_count":1},{"key":"Loisirs cr\u00e9atifs","doc_count":1},{"key":"Magie","doc_count":1},{"key":"Musique de vari\u00e9t\u00e9","doc_count":1},{"key":"Musique du monde","doc_count":1},{"key":"M\u00e9decine","doc_count":1},{"key":"Nouvelles technologies","doc_count":1},{"key":"Photographie","doc_count":1},{"key":"Plong\u00e9e sous-marine","doc_count":1},{"key":"Sculpture","doc_count":1},{"key":"Sports m\u00e9caniques","doc_count":1},{"key":"Sports p\u00e9destres","doc_count":1},{"key":"Stand up paddle","doc_count":1},{"key":"Sujet de soci\u00e9t\u00e9","doc_count":1},{"key":"Yoga","doc_count":1}],"tarifType.title.keyword":[{"key":"Payant","doc_count":109},{"key":"Gratuit","doc_count":37},{"key":"Entr\u00e9e libre","doc_count":3},{"key":"Acc\u00e8s libre","doc_count":1}],"publicType.title.keyword":[{"key":"Sp\u00e9cial famille avec enfants","doc_count":16},{"key":"Sp\u00e9cial enfants","doc_count":7},{"key":"Sp\u00e9cial adolescents","doc_count":4},{"key":"Sp\u00e9cial retrait\u00e9s \/seniors","doc_count":4},{"key":"Sp\u00e9cial \u00e9tudiants","doc_count":2},{"key":"Cyclistes","doc_count":1},{"key":"R\u00e9serv\u00e9 \u00e0 un public majeur","doc_count":1},{"key":"Sp\u00e9cial amoureux","doc_count":1},{"key":"Sp\u00e9cial sportifs","doc_count":1}]}},"prefilters":[],"urlScroll":"\/?contentElements=51&elementId=3330&noCache=1&tx_cimsearchelastic_displaysearch%5Baction%5D=scroll&tx_cimsearchelastic_displaysearch%5Bcontroller%5D=Listing&type=99992&cHash=e1796457d69608aa33600cbf890765d8","urlGeo":"\/?contentElements=51&elementId=3330&noCache=1&tx_cimsearchelastic_displaysearch%5Baction%5D=geo&tx_cimsearchelastic_displaysearch%5Bcontroller%5D=Listing&type=99991&cHash=e1796457d69608aa33600cbf890765d8","urlShow":"\/?noCache=1&tx_cimsearchelastic_displaysearch%5Baction%5D=popup&tx_cimsearchelastic_displaysearch%5Bcontroller%5D=Listing&type=1602769059&cHash=7f6fb869087889a1f143d4d24e361700","urlPopup":"\/?noCache=1&tx_cimsearchelastic_displaysearch%5Baction%5D=popup&tx_cimsearchelastic_displaysearch%5Bcontroller%5D=Listing&type=1602769059&cHash=7f6fb869087889a1f143d4d24e361700","listLink":{"href":"\/agendas","text":"","target":""},"archiveListLink":{"href":"","text":"","target":""},"eventsListLink":{"href":"\/agendas","text":"","target":""},"newsListLink":{"href":"\/actualites","text":"","target":""}}}},{"id":3329,"type":"mask_bloc_zoom_sur","colPos":0,"categories":"","appearance":{"layout":"default","frameClass":"default","spaceBefore":"","spaceAfter":""},"show_in_summary":false,"background_color":"","content":{"header":"Zoom~sur","subheader":"","headerLayout":2,"headerPosition":"","headerLink":{"href":"\/annuaires\/zoom-sur","target":null,"class":null,"title":null,"linkText":"Zoom sur","additionalAttributes":[]},"link_to_list":[{"type":"page","additionalAttributes":{"href":"\/annuaires\/zoom-sur"},"href":"\/annuaires\/zoom-sur","target":"","text":"Tous les sujets"}],"items":[{"uid":"86","title":"R\u00e9am\u00e9nagement du quartier des anciens Thermes","teaser":"Avec la r\u00e9novation du quartier des anciens Thermes nationaux, Aix-les-Bains s\u2019appr\u00eate \u00e0 \u00e9crire l\u2019un des chapitres importants de son histoire urbaine.","datetime":"","categories":[],"imageList":[{"publicUrl":"https:\/\/www.aixlesbains.fr\/api\/fileadmin\/_processed_\/f\/3\/csm_anciensThermes-ZoomSur02_9a2861a8eb.webp","properties":{"title":null,"alternative":null,"description":null,"link":null,"linkData":null,"mimeType":"image\/webp","type":"image","filename":"anciensThermes-ZoomSur02.webp","originalUrl":"https:\/\/www.aixlesbains.fr\/api\/fileadmin\/mediatheque_aix-les-bains\/Zoom_sur\/Anciens_Thermes\/anciensThermes-ZoomSur02.webp","uidLocal":13662,"fileReferenceUid":18333,"size":33566,"dimensions":{"width":920,"height":645},"cropDimensions":{"width":920,"height":645},"crop":{"default":{"cropArea":{"x":0,"y":0,"width":1,"height":1},"selectedRatio":"NaN","focusArea":null}},"autoplay":null,"extension":"webp","initialDimensions":{"width":940,"height":660},"orientation":"paysage","copyright":"","processedExtension":"webp","publicUrl":"https:\/\/www.aixlesbains.fr\/api\/fileadmin\/_processed_\/f\/3\/csm_anciensThermes-ZoomSur02_9a2861a8eb.webp","crdate":1776934099,"tstamp":1776934099}}],"links":[{"type":"page","additionalAttributes":{"href":"\/annuaires\/zoom-sur\/detail\/reamenagement-du-quartier-des-anciens-thermes"},"href":"\/annuaires\/zoom-sur\/detail\/reamenagement-du-quartier-des-anciens-thermes","target":"","text":"R\u00e9am\u00e9nagement du quartier des anciens Thermes"}]},{"uid":"43","title":"Agenda de l'\u00e9t\u00e9","teaser":"Programme des manifestations estivales de la Mairie d'Aix-les-Bains.","datetime":"","categories":[],"imageList":[{"publicUrl":"https:\/\/www.aixlesbains.fr\/api\/fileadmin\/_processed_\/7\/6\/csm_Agenda-Ete-ZoomSur_82414471aa.webp","properties":{"title":null,"alternative":null,"description":null,"link":null,"linkData":null,"mimeType":"image\/webp","type":"image","filename":"Agenda-Ete-ZoomSur.webp","originalUrl":"https:\/\/www.aixlesbains.fr\/api\/fileadmin\/mediatheque_aix-les-bains\/Actualites\/marronnier\/06-AGENDA_ETE\/Agenda-Ete-ZoomSur.webp","uidLocal":8592,"fileReferenceUid":14111,"size":56482,"dimensions":{"width":920,"height":645},"cropDimensions":{"width":920,"height":645},"crop":{"default":{"cropArea":{"x":0,"y":0,"width":1,"height":1},"selectedRatio":"NaN","focusArea":null}},"autoplay":null,"extension":"webp","initialDimensions":{"width":940,"height":660},"orientation":"paysage","copyright":"","processedExtension":"webp","publicUrl":"https:\/\/www.aixlesbains.fr\/api\/fileadmin\/_processed_\/7\/6\/csm_Agenda-Ete-ZoomSur_82414471aa.webp","crdate":1778659173,"tstamp":1778659173}}],"links":[{"type":"page","additionalAttributes":{"href":"\/annuaires\/zoom-sur\/detail\/agenda-de-lete"},"href":"\/annuaires\/zoom-sur\/detail\/agenda-de-lete","target":"","text":"Agenda de l'\u00e9t\u00e9"}]}]}},{"id":3328,"type":"mask_bloc_map_cities","colPos":0,"categories":"","appearance":{"layout":"default","frameClass":"default","spaceBefore":"","spaceAfter":""},"show_in_summary":false,"background_color":"","content":{"header":"La ville~\u00e0 la carte","subheader":"","headerLayout":2,"headerPosition":"","headerLink":"","svg_carte":[{"publicUrl":"https:\/\/www.aixlesbains.fr\/api\/fileadmin\/mediatheque_aix-les-bains\/pictos\/carte_interactive_home\/carte_illustrative.svg","properties":{"title":null,"alternative":null,"description":null,"link":null,"linkData":null,"mimeType":"image\/svg+xml","type":"image","filename":"carte_illustrative.svg","originalUrl":"https:\/\/www.aixlesbains.fr\/api\/fileadmin\/mediatheque_aix-les-bains\/pictos\/carte_interactive_home\/carte_illustrative.svg","uidLocal":5130,"fileReferenceUid":11282,"size":208448,"dimensions":{"width":558,"height":585},"cropDimensions":{"width":558,"height":585},"crop":{"default":{"cropArea":{"x":0,"y":0,"width":1,"height":1},"selectedRatio":"NaN","focusArea":null}},"autoplay":0,"extension":"svg","initialDimensions":{"width":558,"height":585},"orientation":"portrait","copyright":"","processedExtension":"webp","publicUrl":"https:\/\/www.aixlesbains.fr\/api\/fileadmin\/mediatheque_aix-les-bains\/pictos\/carte_interactive_home\/carte_illustrative.svg","crdate":1730986383,"tstamp":1730986383}}],"image_bandeau":[{"publicUrl":"https:\/\/www.aixlesbains.fr\/api\/fileadmin\/mediatheque_aix-les-bains\/pictos\/carte_interactive_home\/home_carte_interactive.webp","properties":{"title":null,"alternative":null,"description":null,"link":null,"linkData":null,"mimeType":"image\/webp","type":"image","filename":"home_carte_interactive.webp","originalUrl":"https:\/\/www.aixlesbains.fr\/api\/fileadmin\/mediatheque_aix-les-bains\/pictos\/carte_interactive_home\/home_carte_interactive.webp","uidLocal":5127,"fileReferenceUid":11286,"size":112980,"dimensions":{"width":587,"height":338},"cropDimensions":{"width":587,"height":338},"crop":{"default":{"cropArea":{"x":0,"y":0,"width":1,"height":1},"selectedRatio":"NaN","focusArea":null}},"autoplay":null,"extension":"webp","initialDimensions":{"width":921,"height":531},"orientation":"paysage","copyright":"","processedExtension":"webp","publicUrl":"https:\/\/www.aixlesbains.fr\/api\/fileadmin\/mediatheque_aix-les-bains\/pictos\/carte_interactive_home\/home_carte_interactive.webp","crdate":1730986363,"tstamp":1730986363}}],"carte_interactive_link":[{"type":"page","additionalAttributes":{"href":"\/carte-interactive"},"href":"\/carte-interactive","target":"","text":"Consulter la carte interactive"}],"communes_link":[{"type":"","additionalAttributes":[],"href":"","target":null,"text":""}],"prefilters":[{"link":[{"type":"page","additionalAttributes":{"href":"\/annuaires\/travaux"},"href":"\/annuaires\/travaux","target":"","text":"Travaux"}],"images":[{"publicUrl":"https:\/\/www.aixlesbains.fr\/api\/fileadmin\/mediatheque_aix-les-bains\/pictos\/carte_interactive_home\/travaux.svg","properties":{"title":null,"alternative":null,"description":null,"link":null,"linkData":null,"mimeType":"image\/svg+xml","type":"image","filename":"travaux.svg","originalUrl":"https:\/\/www.aixlesbains.fr\/api\/fileadmin\/mediatheque_aix-les-bains\/pictos\/carte_interactive_home\/travaux.svg","uidLocal":5128,"fileReferenceUid":11283,"size":2555,"dimensions":{"width":55,"height":55},"cropDimensions":{"width":55,"height":55},"crop":{"default":{"cropArea":{"x":0,"y":0,"width":1,"height":1},"selectedRatio":"NaN","focusArea":null}},"autoplay":0,"extension":"svg","initialDimensions":{"width":55,"height":55},"orientation":"paysage","copyright":"","processedExtension":"webp","publicUrl":"https:\/\/www.aixlesbains.fr\/api\/fileadmin\/mediatheque_aix-les-bains\/pictos\/carte_interactive_home\/travaux.svg","crdate":1730986383,"tstamp":1730986383}}]},{"link":[{"type":"page","additionalAttributes":{"href":"\/annuaires\/mobilite"},"href":"\/annuaires\/mobilite","target":"","text":"Mobilit\u00e9 douce"}],"images":[{"publicUrl":"https:\/\/www.aixlesbains.fr\/api\/fileadmin\/mediatheque_aix-les-bains\/pictos\/carte_interactive_home\/mobilite_douce.svg","properties":{"title":null,"alternative":null,"description":null,"link":null,"linkData":null,"mimeType":"image\/svg+xml","type":"image","filename":"mobilite_douce.svg","originalUrl":"https:\/\/www.aixlesbains.fr\/api\/fileadmin\/mediatheque_aix-les-bains\/pictos\/carte_interactive_home\/mobilite_douce.svg","uidLocal":5131,"fileReferenceUid":11284,"size":3495,"dimensions":{"width":55,"height":55},"cropDimensions":{"width":55,"height":55},"crop":{"default":{"cropArea":{"x":0,"y":0,"width":1,"height":1},"selectedRatio":"NaN","focusArea":null}},"autoplay":0,"extension":"svg","initialDimensions":{"width":55,"height":55},"orientation":"paysage","copyright":"","processedExtension":"webp","publicUrl":"https:\/\/www.aixlesbains.fr\/api\/fileadmin\/mediatheque_aix-les-bains\/pictos\/carte_interactive_home\/mobilite_douce.svg","crdate":1730986383,"tstamp":1730986383}}]},{"link":[{"type":"page","additionalAttributes":{"href":"\/annuaires\/equipements"},"href":"\/annuaires\/equipements","target":"","text":"\u00c9quipements"}],"images":[{"publicUrl":"https:\/\/www.aixlesbains.fr\/api\/fileadmin\/mediatheque_aix-les-bains\/pictos\/carte_interactive_home\/equipements.svg","properties":{"title":null,"alternative":null,"description":null,"link":null,"linkData":null,"mimeType":"image\/svg+xml","type":"image","filename":"equipements.svg","originalUrl":"https:\/\/www.aixlesbains.fr\/api\/fileadmin\/mediatheque_aix-les-bains\/pictos\/carte_interactive_home\/equipements.svg","uidLocal":5129,"fileReferenceUid":11285,"size":8453,"dimensions":{"width":55,"height":55},"cropDimensions":{"width":55,"height":55},"crop":{"default":{"cropArea":{"x":0,"y":0,"width":1,"height":1},"selectedRatio":"NaN","focusArea":null}},"autoplay":0,"extension":"svg","initialDimensions":{"width":55,"height":55},"orientation":"paysage","copyright":"","processedExtension":"webp","publicUrl":"https:\/\/www.aixlesbains.fr\/api\/fileadmin\/mediatheque_aix-les-bains\/pictos\/carte_interactive_home\/equipements.svg","crdate":1730986383,"tstamp":1730986383}}]}]}}]},"i18n":[{"languageId":0,"locale":"fr_FR.UTF-8","title":"Fran\u00e7ais","navigationTitle":"Fran\u00e7ais","twoLetterIsoCode":"fr","hreflang":"fr-FR","direction":"ltr","flag":"flags-fr","link":"\/","active":1,"current":0,"available":1}],"pictureBannerHome":[{"publicUrl":"https:\/\/www.aixlesbains.fr\/api\/fileadmin\/_processed_\/f\/4\/csm_home_bandeau_1_a02e4c9df6.webp","properties":{"title":null,"alternative":null,"description":null,"link":null,"linkData":null,"mimeType":"image\/webp","type":"image","filename":"home_bandeau_1.webp","originalUrl":"https:\/\/www.aixlesbains.fr\/api\/fileadmin\/mediatheque_aix-les-bains\/Bandeaux\/home_bandeau_1.webp","uidLocal":5091,"fileReferenceUid":11281,"size":223086,"dimensions":{"width":1920,"height":700},"cropDimensions":{"width":1920,"height":700},"crop":{"default":{"cropArea":{"x":0,"y":0,"width":1,"height":1},"selectedRatio":"NaN","focusArea":null}},"autoplay":null,"extension":"webp","initialDimensions":{"width":1921,"height":711},"orientation":"paysage","copyright":"","processedExtension":"webp","publicUrl":"https:\/\/www.aixlesbains.fr\/api\/fileadmin\/_processed_\/f\/4\/csm_home_bandeau_1_a02e4c9df6.webp","crdate":1730977172,"tstamp":1730977172}}],"pictureBannerEditorial":[{"publicUrl":"https:\/\/www.aixlesbains.fr\/api\/fileadmin\/_processed_\/f\/4\/csm_home_bandeau_1_5a43c9bcde.webp","properties":{"title":null,"alternative":null,"description":null,"link":null,"linkData":null,"mimeType":"image\/webp","type":"image","filename":"home_bandeau_1.webp","originalUrl":"https:\/\/www.aixlesbains.fr\/api\/fileadmin\/mediatheque_aix-les-bains\/Bandeaux\/home_bandeau_1.webp","uidLocal":5091,"fileReferenceUid":11281,"size":223086,"dimensions":{"width":825,"height":578},"cropDimensions":{"width":825,"height":578},"crop":{"default":{"cropArea":{"x":0,"y":0,"width":1,"height":1},"selectedRatio":"NaN","focusArea":null}},"autoplay":null,"extension":"webp","initialDimensions":{"width":1921,"height":711},"orientation":"paysage","copyright":"","processedExtension":"webp","publicUrl":"https:\/\/www.aixlesbains.fr\/api\/fileadmin\/_processed_\/f\/4\/csm_home_bandeau_1_5a43c9bcde.webp","crdate":1730977172,"tstamp":1730977172}},{"publicUrl":"https:\/\/www.aixlesbains.fr\/api\/fileadmin\/_processed_\/f\/4\/csm_home_bandeau_1_5a43c9bcde.webp","properties":{"title":null,"alternative":null,"description":null,"link":null,"linkData":null,"mimeType":"image\/webp","type":"image","filename":"home_bandeau_1.webp","originalUrl":"https:\/\/www.aixlesbains.fr\/api\/fileadmin\/mediatheque_aix-les-bains\/Bandeaux\/home_bandeau_1.webp","uidLocal":5091,"fileReferenceUid":11281,"size":223086,"dimensions":{"width":825,"height":578},"cropDimensions":{"width":825,"height":578},"crop":{"default":{"cropArea":{"x":0,"y":0,"width":1,"height":1},"selectedRatio":"NaN","focusArea":null}},"autoplay":null,"extension":"webp","initialDimensions":{"width":1921,"height":711},"orientation":"paysage","copyright":"","processedExtension":"webp","publicUrl":"https:\/\/www.aixlesbains.fr\/api\/fileadmin\/_processed_\/f\/4\/csm_home_bandeau_1_5a43c9bcde.webp","crdate":1730977172,"tstamp":1730977172}}],"pictureMenu":[],"itemType":"pages","uid":1818,"pid":0,"crdate":"1730912625","tsedit":"1788341855","cim_base_hide_update_date":false,"cim_base_hide_quality":false,"cim_base_hide_summary":false,"related":[],"relatedContent":[],"sc_link":[{"type":"","additionalAttributes":[],"href":"","target":null,"text":""}],"bannerAlert":{"items":[]},"popinAlert":{"items":[]},"images":""}