{"id":1818,"type":"Standard","slug":"\/","seo":{"title":"","meta":[{"name":"description","content":"Site officiel de la Ville d&#039;Aix-les-Bains : retrouvez les actualit\u00e9s municipales, les services aux citoyens, les d\u00e9marches administratives et l&#039;agenda des \u00e9v\u00e9nements."},{"name":"generator","content":"TYPO3 CMS x T3Headless"},{"name":"twitter:card","content":"summary"}],"link":[{"href":"https:\/\/www.aixlesbains.fr\/","rel":"canonical"}],"htmlAttrs":{"lang":"fr","dir":null},"bodyAttrs":{"class":"pid-1818 layout-layout-0"}},"meta":{"title":"Ville d'Aix-les-Bains","subtitle":"Bienvenue sur le site officiel de la Ville d'Aix-les-Bains. Portail pratique pens\u00e9 pour vous, pour suivre la vie de votre ville, r\u00e9aliser vos d\u00e9marches en toute simplicit\u00e9 et profiter des services et \u00e9v\u00e9nements qui rythment votre quotidien.","abstract":"","description":"Site officiel de la Ville d'Aix-les-Bains : retrouvez les actualit\u00e9s municipales, les services aux citoyens, les d\u00e9marches administratives et l'agenda des \u00e9v\u00e9nements.","keywords":"","canonical":"","robots":{"noIndex":false,"noFollow":false},"author":"","authorEmail":"","ogTitle":"Aix-les-Bains","ogDescription":"Site officiel de la Ville d'Aix-les-Bains : retrouvez les actualit\u00e9s municipales, les services aux citoyens, les d\u00e9marches administratives et l'agenda des \u00e9v\u00e9nements.","ogImage":null,"twitterTitle":"Aix-les-Bains","twitterDescription":"Site officiel de la Ville d'Aix-les-Bains : retrouvez les actualit\u00e9s municipales, les services aux citoyens, les d\u00e9marches administratives et l'agenda des \u00e9v\u00e9nements.","twitterCard":"summary","twitterImage":null,"nav_title":"","header":"Bienvenue sur le site officiel de la Ville d'Aix-les-Bains. Portail pratique pens\u00e9 pour vous, pour suivre la vie de votre ville, r\u00e9aliser vos d\u00e9marches en toute simplicit\u00e9 et profiter des services et \u00e9v\u00e9nements qui rythment votre quotidien."},"categories":[],"breadcrumbs":[{"title":"Aix-les-Bains","link":"\/","target":"","active":1,"current":1,"spacer":0,"hasSubpages":1}],"appearance":{"layout":"layout-0","backendLayout":"home"},"content":{"colPos2":[{"id":3327,"type":"cimsearchelastic_displaysearch","colPos":2,"categories":"","appearance":{"layout":"default","frameClass":"default","spaceBefore":"","spaceAfter":""},"show_in_summary":false,"background_color":"strate_bg_blanc","content":{"header":"Le kiosque","subheader":"","headerLayout":2,"headerPosition":"","headerLink":{"href":"https:\/\/aixlesbains-template.cimeos.dev\/kiosque","target":"_blank","class":null,"title":null,"linkText":"Kiosque","additionalAttributes":[]},"data":{"settings":{"dateFormat":{"en":"Y-m-d","fr":"Y-m-d"},"page":"","template":"homeKiosque","custom_template":"","type_affichage":"list_map","engineLocation":"VerticalForm","picture":"0","prefilters":"","title":"","subtitle":"","showResults":"1","showArchives":"0","showFilters":"0","showArchiveFilter":"0","removeNumeric":"0","content_element":"9","categories":"","filter":"{ \"wildcard\": { \"folder\": { \"value\": \"*\/mediatheque_aix-les-bains\/Kiosque\/*\" } } }","multisite":"0","storage":"","includeSubfolders":"0","categoryConjunction":"or","noResultsMsg":"","source":"","excludeFields":"","categories_field":"specificCategories","idPageDetail":"","idPageList":"1891","typoLinkPageList":"","idPageArchives":"","idPageProp":"","titlePageProp":"Proposer un contenu","nb_results_per_page":"10","shouldLoad":"1","search_order":"","search_order_direction":"asc","specific_search_order":"[ { \"metadata.date_displayed\" : {\"order\" : \"desc\"}} ]","getResultsByType":"0","getResultsByCategories":"0","groupByParentCategory":"","favoritesFirst":"0","limitToCurrentUser":"0","groupByCategoryFieldname":"categories"},"results":[{"type":"kiosque","id":"0_13761","name":"Aix_les_Bains_La_Lettre_72_210x270_avril_2026r.pdf","extension":"pdf","mimetype":"application\/pdf","size":910769,"url":"\/fileadmin\/mediatheque_aix-les-bains\/Kiosque\/Aix_les_Bains_La_Lettre_72_210x270_avril_2026r.pdf","indexed":true,"uid":13761,"permissions":{"read":true,"write":true,"delete":true},"checksum":"e4fd1297aa4d74af00b02415e5a606c5","pid":0,"missing":0,"storage":1,"identifier":"\/mediatheque_aix-les-bains\/Kiosque\/Aix_les_Bains_La_Lettre_72_210x270_avril_2026r.pdf","identifier_hash":"21c186199077375ed43f8cf665fbfd8e6b972849","mime_type":"application\/pdf","sha1":"fb850950e8f611428a4dc7fee958e26f8d14f559","creation_date":1777284368,"modification_date":1777284368,"folder_hash":"fbb24563965a25300c4ce1f3f2c49907b0a7b92c","atime":1777487868,"mtime":1777284368,"ctime":1777284368,"metadata":{"uid":13761,"pid":0,"missing":0,"type":"5","storage":1,"identifier":"\/mediatheque_aix-les-bains\/Kiosque\/Aix_les_Bains_La_Lettre_72_210x270_avril_2026r.pdf","identifier_hash":"21c186199077375ed43f8cf665fbfd8e6b972849","extension":"pdf","mime_type":"application\/pdf","name":"Aix_les_Bains_La_Lettre_72_210x270_avril_2026r.pdf","sha1":"fb850950e8f611428a4dc7fee958e26f8d14f559","size":910769,"creation_date":"2026-04-27T12:06:08+02:00","modification_date":1777284368,"folder_hash":"fbb24563965a25300c4ce1f3f2c49907b0a7b92c","tstamp":1777540244,"crdate":1777284368,"sys_language_uid":0,"l10n_parent":0,"l10n_state":null,"t3_origuid":0,"l10n_diffsource":"{\"title\":\"\",\"description\":\"\",\"istopnews\":\"\",\"cim_base_numero\":\"\",\"cim_base_thumb\":\"\",\"external_url\":\"\",\"listen_url\":\"\",\"date_displayed\":\"\",\"caption\":\"\",\"sys_language_uid\":\"\",\"copyright\":\"\",\"starttime\":\"\",\"endtime\":\"\",\"categories\":\"\",\"nosearch\":\"\",\"indexed\":\"\"}","t3ver_oid":0,"t3ver_wsid":0,"t3ver_state":0,"t3ver_stage":0,"file":13761,"title":"La Lettre 72","width":637,"height":807,"description":null,"alternative":null,"categories":0,"hide_download_link":0,"cim_base_description":null,"date_displayed":1777280520,"cim_base_thumb":"0","archive":0,"copyright":"","cim_base_numero":0,"istopnews":0,"song_artist":"","song_title":"","language":0,"nosearch":0,"indexed":0,"content_creation_date":0,"content_modification_date":0,"visible":1,"status":"1","keywords":null,"caption":null,"creator_tool":"","download_name":"","creator":"","publisher":"","source":"","location_country":"","location_region":"","location_city":"","latitude":"0.00000000000000","longitude":"0.00000000000000","ranking":0,"note":null,"unit":"","duration":0,"color_space":"","pages":4,"fe_groups":null,"external_url":"","listen_url":"","use_site_flipbook":0,"starttime":0,"endtime":0,"metadata_uid":13869,"date_displayed_str":"2026-04-27T11:02:00+02:00","nbPages":4,"originalUrl":"https:\/\/www.aixlesbains.fr\/fileadmin\/mediatheque_aix-les-bains\/Kiosque\/Aix_les_Bains_La_Lettre_72_210x270_avril_2026r.pdf"},"sys_language_uid":0,"title":"La Lettre 72","suggest_title":"La Lettre 72","nosearch":0,"nolist":0,"folder":"\/fileadmin\/mediatheque_aix-les-bains\/Kiosque\/","categories":[],"imageList":[{"publicUrl":"https:\/\/www.aixlesbains.fr\/api\/fileadmin\/_processed_\/8\/5\/csm_Aix_les_Bains_La_Lettre_72_210x270_avril_2026r_4c14a97922.webp","properties":{"title":"La Lettre 72","alternative":null,"description":null,"link":null,"linkData":null,"mimeType":"image\/webp","type":"image","filename":"Aix_les_Bains_La_Lettre_72_210x270_avril_2026r.pdf","originalUrl":"https:\/\/www.aixlesbains.fr\/api\/fileadmin\/mediatheque_aix-les-bains\/Kiosque\/Aix_les_Bains_La_Lettre_72_210x270_avril_2026r.pdf","uidLocal":null,"fileReferenceUid":13761,"size":910769,"dimensions":{"width":275,"height":390},"cropDimensions":{"width":275,"height":390},"crop":null,"autoplay":null,"extension":"pdf","nbPages":4,"copyright":"","external_url":"","use_site_flipbook":0,"hide_download_link":0,"numero":0,"date_displayed":1777280520,"listen_url":null,"publicUrl":"https:\/\/www.aixlesbains.fr\/api\/fileadmin\/_processed_\/8\/5\/csm_Aix_les_Bains_La_Lettre_72_210x270_avril_2026r_4c14a97922.webp","crdate":1777284368,"tstamp":1777284368}}],"links":[{"href":"https:\/\/www.aixlesbains.fr\/fileadmin\/mediatheque_aix-les-bains\/Kiosque\/Aix_les_Bains_La_Lettre_72_210x270_avril_2026r.pdf","target":"_blank","text":"Aix_les_Bains_La_Lettre_72_210x270_avril_2026r.pdf"},{"href":"https:\/\/www.aixlesbains.fr\/fileadmin\/mediatheque_aix-les-bains\/Kiosque\/Aix_les_Bains_La_Lettre_72_210x270_avril_2026r.pdf","target":"_blank","text":"Aix_les_Bains_La_Lettre_72_210x270_avril_2026r.pdf"}],"agency":"Cameros"},{"type":"kiosque","id":"0_7155","name":"brochure_conservatoire_VF-web2.pdf","extension":"pdf","mimetype":"application\/pdf","size":1819987,"url":"\/fileadmin\/mediatheque_aix-les-bains\/Kiosque\/brochure_conservatoire_VF-web2.pdf","indexed":true,"uid":7155,"permissions":{"read":true,"write":true,"delete":true},"checksum":"a08050166e94abb392cc7fc6d7b65d6c","pid":0,"missing":0,"storage":1,"identifier":"\/mediatheque_aix-les-bains\/Kiosque\/brochure_conservatoire_VF-web2.pdf","identifier_hash":"23b651a90c611b5f5fe2c241860e4881cfd71755","mime_type":"application\/pdf","sha1":"fc741e3e2a98aca293fd56d146ffcd9161fbd951","creation_date":1747225064,"modification_date":1747225064,"folder_hash":"fbb24563965a25300c4ce1f3f2c49907b0a7b92c","atime":1747225064,"mtime":1747225064,"ctime":1747225064,"metadata":{"uid":7155,"pid":0,"missing":0,"type":5,"storage":1,"identifier":"\/mediatheque_aix-les-bains\/Kiosque\/brochure_conservatoire_VF-web2.pdf","identifier_hash":"23b651a90c611b5f5fe2c241860e4881cfd71755","extension":"pdf","mime_type":"application\/pdf","name":"brochure_conservatoire_VF-web2.pdf","sha1":"fc741e3e2a98aca293fd56d146ffcd9161fbd951","size":1819987,"creation_date":"2025-04-28T09:27:37+02:00","modification_date":1747225064,"folder_hash":"fbb24563965a25300c4ce1f3f2c49907b0a7b92c","tstamp":1747221776,"crdate":1745825257,"sys_language_uid":0,"l10n_parent":0,"l10n_state":null,"t3_origuid":0,"l10n_diffsource":"{\"title\":\"\",\"description\":\"\",\"istopnews\":\"\",\"cim_base_numero\":\"\",\"cim_base_thumb\":\"\",\"external_url\":\"\",\"listen_url\":\"\",\"date_displayed\":\"\",\"caption\":\"\",\"sys_language_uid\":\"\",\"copyright\":\"\",\"starttime\":\"\",\"endtime\":\"\",\"categories\":\"\",\"nosearch\":\"\",\"indexed\":\"\"}","t3ver_oid":0,"t3ver_wsid":0,"t3ver_state":0,"t3ver_stage":0,"file":7155,"title":"Plaquette du Conservatoire de musique et d'art dramatique 2025-2026","width":420,"height":595,"description":null,"alternative":null,"categories":0,"hide_download_link":0,"cim_base_description":null,"date_displayed":0,"cim_base_thumb":"0","archive":0,"copyright":"","cim_base_numero":0,"istopnews":0,"song_artist":"","song_title":"","language":0,"nosearch":0,"indexed":1,"content_creation_date":0,"content_modification_date":0,"visible":1,"status":"","keywords":null,"caption":null,"creator_tool":"","download_name":"","creator":"","publisher":"","source":"","location_country":"","location_region":"","location_city":"","latitude":"0.00000000000000","longitude":"0.00000000000000","ranking":0,"note":null,"unit":"","duration":0,"color_space":"","pages":11,"fe_groups":null,"external_url":"","listen_url":"","use_site_flipbook":0,"starttime":0,"endtime":1783029600,"metadata_uid":7163,"nbPages":20,"originalUrl":"https:\/\/www.aixlesbains.fr\/fileadmin\/mediatheque_aix-les-bains\/Kiosque\/brochure_conservatoire_VF-web2.pdf"},"sys_language_uid":0,"title":"Plaquette du Conservatoire de musique et d'art dramatique 2025-2026","suggest_title":"Plaquette du Conservatoire de musique et d'art dramatique 2025-2026","endtime":"2026-07-03T00:00:00+02:00","nosearch":0,"nolist":0,"folder":"\/fileadmin\/mediatheque_aix-les-bains\/Kiosque\/","categories":[],"imageList":[{"publicUrl":"https:\/\/www.aixlesbains.fr\/api\/fileadmin\/_processed_\/0\/7\/csm_brochure_conservatoire_VF-web2_5e9ac819a0.webp","properties":{"title":"Plaquette du Conservatoire de musique et d'art dramatique 2025-2026","alternative":null,"description":null,"link":null,"linkData":null,"mimeType":"image\/webp","type":"image","filename":"brochure_conservatoire_VF-web2.pdf","originalUrl":"https:\/\/www.aixlesbains.fr\/api\/fileadmin\/mediatheque_aix-les-bains\/Kiosque\/brochure_conservatoire_VF-web2.pdf","uidLocal":null,"fileReferenceUid":7155,"size":1819987,"dimensions":{"width":275,"height":390},"cropDimensions":{"width":275,"height":390},"crop":null,"autoplay":null,"extension":"pdf","nbPages":20,"copyright":"","external_url":"","use_site_flipbook":0,"hide_download_link":0,"numero":0,"date_displayed":0,"listen_url":null,"publicUrl":"https:\/\/www.aixlesbains.fr\/api\/fileadmin\/_processed_\/0\/7\/csm_brochure_conservatoire_VF-web2_5e9ac819a0.webp","crdate":1747225064,"tstamp":1747225064}}],"links":[{"href":"https:\/\/www.aixlesbains.fr\/fileadmin\/mediatheque_aix-les-bains\/Kiosque\/brochure_conservatoire_VF-web2.pdf","target":"_blank","text":"brochure_conservatoire_VF-web2.pdf"},{"href":"https:\/\/www.aixlesbains.fr\/fileadmin\/mediatheque_aix-les-bains\/Kiosque\/brochure_conservatoire_VF-web2.pdf","target":"_blank","text":"brochure_conservatoire_VF-web2.pdf"}],"agency":"Cameros"},{"type":"kiosque","id":"0_7567","name":"AIX_Brochure_SC_25-26_WEB_PAP.pdf","extension":"pdf","mimetype":"application\/pdf","size":2213266,"url":"\/fileadmin\/mediatheque_aix-les-bains\/Kiosque\/Kiosque-2026\/AIX_Brochure_SC_25-26_WEB_PAP.pdf","indexed":true,"uid":7567,"permissions":{"read":true,"write":true,"delete":true},"checksum":"a3303a7ea8acd9f23ddb4a90f2f142e4","pid":0,"missing":0,"storage":1,"identifier":"\/mediatheque_aix-les-bains\/Kiosque\/Kiosque-2026\/AIX_Brochure_SC_25-26_WEB_PAP.pdf","identifier_hash":"f40cb489bf3407568bb79c533e396e11a51b5cd7","mime_type":"application\/pdf","sha1":"c36e9e47941616f9998d9acc28fc051b887b991e","creation_date":1747990909,"modification_date":1747990909,"folder_hash":"4902cce566f74e49fa74670974456da8dd9076a5","atime":1748421667,"mtime":1747990909,"ctime":1747990909,"metadata":{"uid":7567,"pid":0,"missing":0,"type":"5","storage":1,"identifier":"\/mediatheque_aix-les-bains\/Kiosque\/Kiosque-2026\/AIX_Brochure_SC_25-26_WEB_PAP.pdf","identifier_hash":"f40cb489bf3407568bb79c533e396e11a51b5cd7","extension":"pdf","mime_type":"application\/pdf","name":"AIX_Brochure_SC_25-26_WEB_PAP.pdf","sha1":"c36e9e47941616f9998d9acc28fc051b887b991e","size":2213266,"creation_date":"2025-05-23T11:01:49+02:00","modification_date":1747990909,"folder_hash":"4902cce566f74e49fa74670974456da8dd9076a5","tstamp":1748423005,"crdate":1747990909,"sys_language_uid":0,"l10n_parent":0,"l10n_state":null,"t3_origuid":0,"l10n_diffsource":"{\"title\":\"\",\"description\":\"\",\"istopnews\":\"\",\"cim_base_numero\":\"\",\"cim_base_thumb\":\"\",\"external_url\":\"\",\"listen_url\":\"\",\"date_displayed\":\"\",\"caption\":\"\",\"sys_language_uid\":\"\",\"copyright\":\"\",\"starttime\":\"\",\"endtime\":\"\",\"categories\":\"\",\"nosearch\":\"\",\"indexed\":\"\"}","t3ver_oid":0,"t3ver_wsid":0,"t3ver_state":0,"t3ver_stage":0,"file":7567,"title":"Brochure de la saison culturelle 2025-2026","width":473,"height":680,"description":null,"alternative":null,"categories":0,"hide_download_link":0,"cim_base_description":null,"date_displayed":0,"cim_base_thumb":"0","archive":0,"copyright":"","cim_base_numero":0,"istopnews":0,"song_artist":"","song_title":"","language":0,"nosearch":0,"indexed":1,"content_creation_date":0,"content_modification_date":0,"visible":1,"status":"","keywords":null,"caption":null,"creator_tool":"","download_name":"","creator":"","publisher":"","source":"","location_country":"","location_region":"","location_city":"","latitude":"0.00000000000000","longitude":"0.00000000000000","ranking":0,"note":null,"unit":"","duration":0,"color_space":"","pages":84,"fe_groups":null,"external_url":"","listen_url":"","use_site_flipbook":0,"starttime":1749749400,"endtime":0,"metadata_uid":7576,"nbPages":84,"originalUrl":"https:\/\/www.aixlesbains.fr\/fileadmin\/mediatheque_aix-les-bains\/Kiosque\/Kiosque-2026\/AIX_Brochure_SC_25-26_WEB_PAP.pdf"},"sys_language_uid":0,"title":"Brochure de la saison culturelle 2025-2026","suggest_title":"Brochure de la saison culturelle 2025-2026","starttime":"2025-06-12T19:30:00+02:00","nosearch":0,"nolist":0,"folder":"\/fileadmin\/mediatheque_aix-les-bains\/Kiosque\/Kiosque-2026\/","categories":[],"imageList":[{"publicUrl":"https:\/\/www.aixlesbains.fr\/api\/fileadmin\/_processed_\/8\/b\/csm_AIX_Brochure_SC_25-26_WEB_PAP_db1026e7b5.webp","properties":{"title":"Brochure de la saison culturelle 2025-2026","alternative":null,"description":null,"link":null,"linkData":null,"mimeType":"image\/webp","type":"image","filename":"AIX_Brochure_SC_25-26_WEB_PAP.pdf","originalUrl":"https:\/\/www.aixlesbains.fr\/api\/fileadmin\/mediatheque_aix-les-bains\/Kiosque\/Kiosque-2026\/AIX_Brochure_SC_25-26_WEB_PAP.pdf","uidLocal":null,"fileReferenceUid":7567,"size":2213266,"dimensions":{"width":275,"height":390},"cropDimensions":{"width":275,"height":390},"crop":null,"autoplay":null,"extension":"pdf","nbPages":84,"copyright":"","external_url":"","use_site_flipbook":0,"hide_download_link":0,"numero":0,"date_displayed":0,"listen_url":null,"publicUrl":"https:\/\/www.aixlesbains.fr\/api\/fileadmin\/_processed_\/8\/b\/csm_AIX_Brochure_SC_25-26_WEB_PAP_db1026e7b5.webp","crdate":1747990909,"tstamp":1747990909}}],"links":[{"href":"https:\/\/www.aixlesbains.fr\/fileadmin\/mediatheque_aix-les-bains\/Kiosque\/Kiosque-2026\/AIX_Brochure_SC_25-26_WEB_PAP.pdf","target":"_blank","text":"AIX_Brochure_SC_25-26_WEB_PAP.pdf"},{"href":"https:\/\/www.aixlesbains.fr\/fileadmin\/mediatheque_aix-les-bains\/Kiosque\/Kiosque-2026\/AIX_Brochure_SC_25-26_WEB_PAP.pdf","target":"_blank","text":"AIX_Brochure_SC_25-26_WEB_PAP.pdf"}],"agency":"Cameros"},{"type":"kiosque","extension":"pdf","metadata":{"download_name":"","copyright":"","keywords":null,"use_site_flipbook":0,"caption":null,"pid":0,"language":0,"cim_base_description":null,"source":"","starttime":0,"type":"5","creator_tool":"","external_url":"","song_title":"","pages":6,"date_displayed":0,"modification_date":1753097150,"cim_base_numero":0,"fe_groups":null,"l10n_parent":0,"height":595,"longitude":"0.00000000000000","identifier":"\/mediatheque_aix-les-bains\/Kiosque\/Kiosque-2026\/Guide_Pratique_Enfance_Jeunesse_24-25_-_WEB.pdf","t3_origuid":0,"location_region":"","visible":1,"indexed":0,"nosearch":0,"archive":0,"creation_date":"2025-07-21T13:25:50+02:00","folder_hash":"4902cce566f74e49fa74670974456da8dd9076a5","sha1":"4681bfd967b1370efc30ed394f9e14a467919f07","unit":"","tstamp":1753097198,"size":1422943,"identifier_hash":"9c5c38fc4f67b0637f540c8c028a688d61c9e6d1","mime_type":"application\/pdf","song_artist":"","name":"Guide_Pratique_Enfance_Jeunesse_24-25_-_WEB.pdf","hide_download_link":0,"publisher":"","status":"","note":null,"extension":"pdf","t3ver_oid":0,"location_country":"","t3ver_state":0,"latitude":"0.00000000000000","content_modification_date":0,"sys_language_uid":0,"description":null,"storage":1,"title":"Guide pratique Enfance Jeunesse","duration":0,"uid":9296,"l10n_diffsource":"{\"title\":\"\",\"description\":\"\",\"istopnews\":\"\",\"cim_base_numero\":\"\",\"cim_base_thumb\":\"\",\"external_url\":\"\",\"listen_url\":\"\",\"date_displayed\":\"\",\"caption\":\"\",\"sys_language_uid\":\"\",\"copyright\":\"\",\"starttime\":\"\",\"endtime\":\"\",\"categories\":\"\",\"nosearch\":\"\",\"indexed\":\"\"}","t3ver_stage":0,"file":9296,"t3ver_wsid":0,"location_city":"","missing":0,"categories":0,"cim_base_thumb":"0","color_space":"","creator":"","alternative":null,"endtime":1783115940,"listen_url":"","istopnews":0,"l10n_state":null,"crdate":1753097150,"width":420,"ranking":0,"metadata_uid":9377,"content_creation_date":0,"nbPages":6,"originalUrl":"https:\/\/www.aixlesbains.fr\/fileadmin\/mediatheque_aix-les-bains\/Kiosque\/Kiosque-2026\/Guide_Pratique_Enfance_Jeunesse_24-25_-_WEB.pdf"},"sys_language_uid":0,"pid":0,"storage":1,"mtime":1753097150,"title":"Guide pratique Enfance Jeunesse","uid":9296,"permissions":{"read":true,"write":true,"delete":true},"modification_date":1753097150,"checksum":"793c937a2ac7c104f7a6bb2ac018063f","missing":0,"ctime":1753097150,"suggest_title":"Guide pratique Enfance Jeunesse","id":"0_9296","categories":[],"nolist":0,"identifier":"\/mediatheque_aix-les-bains\/Kiosque\/Kiosque-2026\/Guide_Pratique_Enfance_Jeunesse_24-25_-_WEB.pdf","atime":1753097150,"indexed":true,"nosearch":0,"endtime":"2026-07-03T23:59:00+02:00","creation_date":1753097150,"folder_hash":"4902cce566f74e49fa74670974456da8dd9076a5","url":"fileadmin\/mediatheque_aix-les-bains\/Kiosque\/Kiosque-2026\/Guide_Pratique_Enfance_Jeunesse_24-25_-_WEB.pdf","sha1":"4681bfd967b1370efc30ed394f9e14a467919f07","folder":"fileadmin\/mediatheque_aix-les-bains\/Kiosque\/Kiosque-2026\/","size":1422943,"identifier_hash":"9c5c38fc4f67b0637f540c8c028a688d61c9e6d1","mime_type":"application\/pdf","name":"Guide_Pratique_Enfance_Jeunesse_24-25_-_WEB.pdf","mimetype":"application\/pdf","imageList":[{"publicUrl":"https:\/\/www.aixlesbains.fr\/api\/fileadmin\/_processed_\/8\/c\/csm_Guide_Pratique_Enfance_Jeunesse_24-25_-_WEB_72aa808434.webp","properties":{"title":"Guide pratique Enfance Jeunesse","alternative":null,"description":null,"link":null,"linkData":null,"mimeType":"image\/webp","type":"image","filename":"Guide_Pratique_Enfance_Jeunesse_24-25_-_WEB.pdf","originalUrl":"https:\/\/www.aixlesbains.fr\/api\/fileadmin\/mediatheque_aix-les-bains\/Kiosque\/Kiosque-2026\/Guide_Pratique_Enfance_Jeunesse_24-25_-_WEB.pdf","uidLocal":null,"fileReferenceUid":9296,"size":1422943,"dimensions":{"width":275,"height":390},"cropDimensions":{"width":275,"height":390},"crop":null,"autoplay":null,"extension":"pdf","nbPages":6,"copyright":"","external_url":"","use_site_flipbook":0,"hide_download_link":0,"numero":0,"date_displayed":0,"listen_url":null,"publicUrl":"https:\/\/www.aixlesbains.fr\/api\/fileadmin\/_processed_\/8\/c\/csm_Guide_Pratique_Enfance_Jeunesse_24-25_-_WEB_72aa808434.webp","crdate":1753097150,"tstamp":1753097150}}],"links":[{"href":"https:\/\/www.aixlesbains.fr\/fileadmin\/mediatheque_aix-les-bains\/Kiosque\/Kiosque-2026\/Guide_Pratique_Enfance_Jeunesse_24-25_-_WEB.pdf","target":"_blank","text":"Guide_Pratique_Enfance_Jeunesse_24-25_-_WEB.pdf"},{"href":"https:\/\/www.aixlesbains.fr\/fileadmin\/mediatheque_aix-les-bains\/Kiosque\/Kiosque-2026\/Guide_Pratique_Enfance_Jeunesse_24-25_-_WEB.pdf","target":"_blank","text":"Guide_Pratique_Enfance_Jeunesse_24-25_-_WEB.pdf"}],"agency":"Cameros"},{"type":"kiosque","id":"0_10858","name":"Aix_les_Bains_La_Lettre_71_210x270_novembre_2025-BAT6.pdf","extension":"pdf","mimetype":"application\/pdf","size":987373,"url":"\/fileadmin\/mediatheque_aix-les-bains\/Kiosque\/Aix_les_Bains_La_Lettre_71_210x270_novembre_2025-BAT6.pdf","indexed":true,"uid":10858,"permissions":{"read":true,"write":true,"delete":true},"checksum":"3479ee1b724f27839c4a452ac6d9d532","pid":0,"missing":0,"storage":1,"identifier":"\/mediatheque_aix-les-bains\/Kiosque\/Aix_les_Bains_La_Lettre_71_210x270_novembre_2025-BAT6.pdf","identifier_hash":"18135a40f3b811d8193c0b749ade63be5ed7ae88","mime_type":"application\/pdf","sha1":"f8317ccd7408ff7dd882446b8f2cf145f0b04626","creation_date":1761828900,"modification_date":1761828900,"folder_hash":"fbb24563965a25300c4ce1f3f2c49907b0a7b92c","atime":1761828900,"mtime":1761828900,"ctime":1761828900,"metadata":{"uid":10858,"pid":0,"missing":0,"type":"5","storage":1,"identifier":"\/mediatheque_aix-les-bains\/Kiosque\/Aix_les_Bains_La_Lettre_71_210x270_novembre_2025-BAT6.pdf","identifier_hash":"18135a40f3b811d8193c0b749ade63be5ed7ae88","extension":"pdf","mime_type":"application\/pdf","name":"Aix_les_Bains_La_Lettre_71_210x270_novembre_2025-BAT6.pdf","sha1":"f8317ccd7408ff7dd882446b8f2cf145f0b04626","size":987373,"creation_date":"2025-10-29T14:46:08+01:00","modification_date":1761828900,"folder_hash":"fbb24563965a25300c4ce1f3f2c49907b0a7b92c","tstamp":1761828927,"crdate":1761745568,"sys_language_uid":0,"l10n_parent":0,"l10n_state":null,"t3_origuid":0,"l10n_diffsource":"{\"title\":\"\",\"description\":\"\",\"istopnews\":\"\",\"cim_base_numero\":\"\",\"cim_base_thumb\":\"\",\"external_url\":\"\",\"listen_url\":\"\",\"date_displayed\":\"\",\"caption\":\"\",\"sys_language_uid\":\"\",\"copyright\":\"\",\"starttime\":\"\",\"endtime\":\"\",\"categories\":\"\",\"nosearch\":\"\",\"indexed\":\"\"}","t3ver_oid":0,"t3ver_wsid":0,"t3ver_state":0,"t3ver_stage":0,"file":10858,"title":"La Lettre 71","width":595,"height":765,"description":null,"alternative":null,"categories":0,"hide_download_link":0,"cim_base_description":null,"date_displayed":0,"cim_base_thumb":"0","archive":0,"copyright":"","cim_base_numero":0,"istopnews":0,"song_artist":"","song_title":"","language":0,"nosearch":0,"indexed":1,"content_creation_date":0,"content_modification_date":0,"visible":1,"status":"","keywords":null,"caption":null,"creator_tool":"","download_name":"","creator":"","publisher":"","source":"","location_country":"","location_region":"","location_city":"","latitude":"0.00000000000000","longitude":"0.00000000000000","ranking":0,"note":null,"unit":"","duration":0,"color_space":"","pages":4,"fe_groups":null,"external_url":"","listen_url":"","use_site_flipbook":0,"starttime":1763355600,"endtime":0,"metadata_uid":10948,"nbPages":4,"originalUrl":"https:\/\/www.aixlesbains.fr\/fileadmin\/mediatheque_aix-les-bains\/Kiosque\/Aix_les_Bains_La_Lettre_71_210x270_novembre_2025-BAT6.pdf"},"sys_language_uid":0,"title":"La Lettre 71","suggest_title":"La Lettre 71","starttime":"2025-11-17T06:00:00+01:00","nosearch":0,"nolist":0,"folder":"\/fileadmin\/mediatheque_aix-les-bains\/Kiosque\/","categories":[],"imageList":[{"publicUrl":"https:\/\/www.aixlesbains.fr\/api\/fileadmin\/_processed_\/8\/e\/csm_Aix_les_Bains_La_Lettre_71_210x270_novembre_2025-BAT6_8034aba08b.webp","properties":{"title":"La Lettre 71","alternative":null,"description":null,"link":null,"linkData":null,"mimeType":"image\/webp","type":"image","filename":"Aix_les_Bains_La_Lettre_71_210x270_novembre_2025-BAT6.pdf","originalUrl":"https:\/\/www.aixlesbains.fr\/api\/fileadmin\/mediatheque_aix-les-bains\/Kiosque\/Aix_les_Bains_La_Lettre_71_210x270_novembre_2025-BAT6.pdf","uidLocal":null,"fileReferenceUid":10858,"size":987373,"dimensions":{"width":275,"height":390},"cropDimensions":{"width":275,"height":390},"crop":null,"autoplay":null,"extension":"pdf","nbPages":4,"copyright":"","external_url":"","use_site_flipbook":0,"hide_download_link":0,"numero":0,"date_displayed":0,"listen_url":null,"publicUrl":"https:\/\/www.aixlesbains.fr\/api\/fileadmin\/_processed_\/8\/e\/csm_Aix_les_Bains_La_Lettre_71_210x270_novembre_2025-BAT6_8034aba08b.webp","crdate":1761828900,"tstamp":1761828900}}],"links":[{"href":"https:\/\/www.aixlesbains.fr\/fileadmin\/mediatheque_aix-les-bains\/Kiosque\/Aix_les_Bains_La_Lettre_71_210x270_novembre_2025-BAT6.pdf","target":"_blank","text":"Aix_les_Bains_La_Lettre_71_210x270_novembre_2025-BAT6.pdf"},{"href":"https:\/\/www.aixlesbains.fr\/fileadmin\/mediatheque_aix-les-bains\/Kiosque\/Aix_les_Bains_La_Lettre_71_210x270_novembre_2025-BAT6.pdf","target":"_blank","text":"Aix_les_Bains_La_Lettre_71_210x270_novembre_2025-BAT6.pdf"}],"agency":"Cameros"},{"type":"kiosque","extension":"pdf","metadata":{"download_name":"","copyright":"","keywords":null,"use_site_flipbook":0,"caption":null,"pid":0,"language":0,"cim_base_description":null,"source":"","starttime":0,"type":"5","creator_tool":"","external_url":"","song_title":"","pages":12,"date_displayed":0,"modification_date":1762955274,"cim_base_numero":0,"fe_groups":null,"l10n_parent":0,"height":459,"longitude":"0.00000000000000","identifier":"\/mediatheque_aix-les-bains\/Kiosque\/Kiosque-2026\/Saison_Conservatoire.pdf","t3_origuid":0,"location_region":"","visible":1,"indexed":0,"nosearch":0,"archive":0,"creation_date":"2025-11-12T14:47:54+01:00","folder_hash":"4902cce566f74e49fa74670974456da8dd9076a5","sha1":"b55387f6eb2a8e19e30b5284d499d456f2a6fc07","unit":"","tstamp":1762955324,"size":3052099,"identifier_hash":"9e3c524677dde663296854c525b597d1da424d58","mime_type":"application\/pdf","song_artist":"","name":"Saison_Conservatoire.pdf","hide_download_link":0,"publisher":"","status":"","note":null,"extension":"pdf","t3ver_oid":0,"location_country":"","t3ver_state":0,"latitude":"0.00000000000000","content_modification_date":0,"sys_language_uid":0,"description":null,"storage":1,"title":"La saison du Conservatoire - Agenda","duration":0,"uid":11067,"l10n_diffsource":"{\"title\":\"\",\"description\":\"\",\"istopnews\":\"\",\"cim_base_numero\":\"\",\"cim_base_thumb\":\"\",\"external_url\":\"\",\"listen_url\":\"\",\"date_displayed\":\"\",\"caption\":\"\",\"sys_language_uid\":\"\",\"copyright\":\"\",\"starttime\":\"\",\"endtime\":\"\",\"categories\":\"\",\"nosearch\":\"\",\"indexed\":\"\"}","t3ver_stage":0,"file":11067,"t3ver_wsid":0,"location_city":"","missing":0,"categories":0,"cim_base_thumb":"0","color_space":"","creator":"","alternative":null,"endtime":1814651940,"listen_url":"","istopnews":0,"l10n_state":null,"crdate":1762955274,"width":326,"ranking":0,"metadata_uid":11157,"content_creation_date":0,"nbPages":12,"originalUrl":"https:\/\/www.aixlesbains.fr\/fileadmin\/mediatheque_aix-les-bains\/Kiosque\/Kiosque-2026\/Saison_Conservatoire.pdf"},"sys_language_uid":0,"pid":0,"storage":1,"mtime":1762955274,"title":"La saison du Conservatoire - Agenda","uid":11067,"permissions":{"read":true,"write":true,"delete":true},"modification_date":1762955274,"checksum":"b71552139d900832dbc9e19eb8244b29","missing":0,"ctime":1762955274,"suggest_title":"La saison du Conservatoire - Agenda","id":"0_11067","categories":[],"nolist":0,"identifier":"\/mediatheque_aix-les-bains\/Kiosque\/Kiosque-2026\/Saison_Conservatoire.pdf","atime":1765647365,"indexed":true,"nosearch":0,"endtime":"2027-07-03T23:59:00+02:00","creation_date":1762955274,"folder_hash":"4902cce566f74e49fa74670974456da8dd9076a5","url":"fileadmin\/mediatheque_aix-les-bains\/Kiosque\/Kiosque-2026\/Saison_Conservatoire.pdf","sha1":"b55387f6eb2a8e19e30b5284d499d456f2a6fc07","folder":"fileadmin\/mediatheque_aix-les-bains\/Kiosque\/Kiosque-2026\/","size":3052099,"identifier_hash":"9e3c524677dde663296854c525b597d1da424d58","mime_type":"application\/pdf","name":"Saison_Conservatoire.pdf","mimetype":"application\/pdf","imageList":[{"publicUrl":"https:\/\/www.aixlesbains.fr\/api\/fileadmin\/_processed_\/4\/2\/csm_Saison_Conservatoire_351e398dde.webp","properties":{"title":"La saison du Conservatoire - Agenda","alternative":null,"description":null,"link":null,"linkData":null,"mimeType":"image\/webp","type":"image","filename":"Saison_Conservatoire.pdf","originalUrl":"https:\/\/www.aixlesbains.fr\/api\/fileadmin\/mediatheque_aix-les-bains\/Kiosque\/Kiosque-2026\/Saison_Conservatoire.pdf","uidLocal":null,"fileReferenceUid":11067,"size":3052099,"dimensions":{"width":275,"height":390},"cropDimensions":{"width":275,"height":390},"crop":null,"autoplay":null,"extension":"pdf","nbPages":12,"copyright":"","external_url":"","use_site_flipbook":0,"hide_download_link":0,"numero":0,"date_displayed":0,"listen_url":null,"publicUrl":"https:\/\/www.aixlesbains.fr\/api\/fileadmin\/_processed_\/4\/2\/csm_Saison_Conservatoire_351e398dde.webp","crdate":1762955274,"tstamp":1762955274}}],"links":[{"href":"https:\/\/www.aixlesbains.fr\/fileadmin\/mediatheque_aix-les-bains\/Kiosque\/Kiosque-2026\/Saison_Conservatoire.pdf","target":"_blank","text":"Saison_Conservatoire.pdf"},{"href":"https:\/\/www.aixlesbains.fr\/fileadmin\/mediatheque_aix-les-bains\/Kiosque\/Kiosque-2026\/Saison_Conservatoire.pdf","target":"_blank","text":"Saison_Conservatoire.pdf"}],"agency":"Cameros"},{"type":"kiosque","extension":"pdf","metadata":{"download_name":"","copyright":"","keywords":null,"use_site_flipbook":0,"caption":null,"pid":0,"language":0,"cim_base_description":null,"source":"","starttime":1769410800,"type":"5","creator_tool":"","external_url":"","song_title":"","pages":32,"date_displayed":0,"modification_date":1768467960,"cim_base_numero":0,"fe_groups":null,"l10n_parent":0,"height":765,"longitude":"0.00000000000000","identifier":"\/mediatheque_aix-les-bains\/Kiosque\/Aix_les_Bains_Magazine_177_210x270_janvier_2026_BATdef2.pdf","t3_origuid":0,"location_region":"","visible":1,"indexed":0,"nosearch":0,"archive":0,"creation_date":"2026-01-15T10:06:00+01:00","folder_hash":"fbb24563965a25300c4ce1f3f2c49907b0a7b92c","sha1":"93e9a9938fd871cfe7a8514d8cc0490028175b0a","unit":"","tstamp":1768468024,"size":3176559,"identifier_hash":"e7aed7cd5544a812bafd276926398ef1c6a05caf","mime_type":"application\/pdf","song_artist":"","name":"Aix_les_Bains_Magazine_177_210x270_janvier_2026_BATdef2.pdf","hide_download_link":0,"publisher":"","status":"","note":null,"extension":"pdf","t3ver_oid":0,"location_country":"","t3ver_state":0,"latitude":"0.00000000000000","content_modification_date":0,"sys_language_uid":0,"description":null,"storage":1,"title":"Magazine municipal 177","duration":0,"uid":11894,"l10n_diffsource":"{\"title\":\"\",\"description\":\"\",\"istopnews\":\"\",\"cim_base_numero\":\"\",\"cim_base_thumb\":\"\",\"external_url\":\"\",\"listen_url\":\"\",\"date_displayed\":\"\",\"caption\":\"\",\"sys_language_uid\":\"\",\"copyright\":\"\",\"starttime\":\"\",\"endtime\":\"\",\"categories\":\"\",\"nosearch\":\"\",\"indexed\":\"\"}","t3ver_stage":0,"file":11894,"t3ver_wsid":0,"location_city":"","missing":0,"categories":0,"cim_base_thumb":"0","color_space":"","creator":"","alternative":null,"endtime":0,"listen_url":"","istopnews":0,"l10n_state":null,"crdate":1768467960,"width":595,"ranking":0,"metadata_uid":11990,"content_creation_date":0,"nbPages":32,"originalUrl":"https:\/\/www.aixlesbains.fr\/fileadmin\/mediatheque_aix-les-bains\/Kiosque\/Aix_les_Bains_Magazine_177_210x270_janvier_2026_BATdef2.pdf"},"sys_language_uid":0,"pid":0,"storage":1,"starttime":"2026-01-26T08:00:00+01:00","mtime":1768467960,"title":"Magazine municipal 177","uid":11894,"permissions":{"read":true,"write":true,"delete":true},"modification_date":1768467960,"checksum":"a54deb533b241acfd27d1aeee064a144","missing":0,"ctime":1768467960,"suggest_title":"Magazine municipal 177","id":"0_11894","categories":[],"nolist":0,"identifier":"\/mediatheque_aix-les-bains\/Kiosque\/Aix_les_Bains_Magazine_177_210x270_janvier_2026_BATdef2.pdf","atime":1774211392,"indexed":true,"nosearch":0,"creation_date":1768467960,"folder_hash":"fbb24563965a25300c4ce1f3f2c49907b0a7b92c","url":"fileadmin\/mediatheque_aix-les-bains\/Kiosque\/Aix_les_Bains_Magazine_177_210x270_janvier_2026_BATdef2.pdf","sha1":"93e9a9938fd871cfe7a8514d8cc0490028175b0a","folder":"fileadmin\/mediatheque_aix-les-bains\/Kiosque\/","size":3176559,"identifier_hash":"e7aed7cd5544a812bafd276926398ef1c6a05caf","mime_type":"application\/pdf","name":"Aix_les_Bains_Magazine_177_210x270_janvier_2026_BATdef2.pdf","mimetype":"application\/pdf","imageList":[{"publicUrl":"https:\/\/www.aixlesbains.fr\/api\/fileadmin\/_processed_\/8\/6\/csm_Aix_les_Bains_Magazine_177_210x270_janvier_2026_BATdef2_1a1092e0a4.webp","properties":{"title":"Magazine municipal 177","alternative":null,"description":null,"link":null,"linkData":null,"mimeType":"image\/webp","type":"image","filename":"Aix_les_Bains_Magazine_177_210x270_janvier_2026_BATdef2.pdf","originalUrl":"https:\/\/www.aixlesbains.fr\/api\/fileadmin\/mediatheque_aix-les-bains\/Kiosque\/Aix_les_Bains_Magazine_177_210x270_janvier_2026_BATdef2.pdf","uidLocal":null,"fileReferenceUid":11894,"size":3176559,"dimensions":{"width":275,"height":390},"cropDimensions":{"width":275,"height":390},"crop":null,"autoplay":null,"extension":"pdf","nbPages":32,"copyright":"","external_url":"","use_site_flipbook":0,"hide_download_link":0,"numero":0,"date_displayed":0,"listen_url":null,"publicUrl":"https:\/\/www.aixlesbains.fr\/api\/fileadmin\/_processed_\/8\/6\/csm_Aix_les_Bains_Magazine_177_210x270_janvier_2026_BATdef2_1a1092e0a4.webp","crdate":1768467960,"tstamp":1768467960}}],"links":[{"href":"https:\/\/www.aixlesbains.fr\/fileadmin\/mediatheque_aix-les-bains\/Kiosque\/Aix_les_Bains_Magazine_177_210x270_janvier_2026_BATdef2.pdf","target":"_blank","text":"Aix_les_Bains_Magazine_177_210x270_janvier_2026_BATdef2.pdf"},{"href":"https:\/\/www.aixlesbains.fr\/fileadmin\/mediatheque_aix-les-bains\/Kiosque\/Aix_les_Bains_Magazine_177_210x270_janvier_2026_BATdef2.pdf","target":"_blank","text":"Aix_les_Bains_Magazine_177_210x270_janvier_2026_BATdef2.pdf"}],"agency":"Cameros"},{"type":"kiosque","extension":"pdf","metadata":{"download_name":"","copyright":"","keywords":null,"use_site_flipbook":0,"caption":null,"pid":0,"language":0,"cim_base_description":null,"source":"","starttime":0,"type":"5","creator_tool":"","external_url":"","song_title":"","pages":28,"date_displayed":0,"modification_date":1772180954,"cim_base_numero":0,"fe_groups":null,"l10n_parent":0,"height":459,"longitude":"0.00000000000000","identifier":"\/mediatheque_aix-les-bains\/Kiosque\/Kiosque-2026\/BROCHURE_RDV_CULTURELS_MARS-JUIN_2026_VF_page_par_page-r.pdf","t3_origuid":0,"location_region":"","visible":1,"indexed":0,"nosearch":0,"archive":0,"creation_date":"2026-02-24T10:02:53+01:00","folder_hash":"4902cce566f74e49fa74670974456da8dd9076a5","sha1":"ab44fd9beae5ba6e9b96cd9355a26c90fae949ec","unit":"","tstamp":1772180954,"size":8744210,"identifier_hash":"38a859085bd2807789f3a447f05f44c6f44b8fbd","mime_type":"application\/pdf","song_artist":"","name":"BROCHURE_RDV_CULTURELS_MARS-JUIN_2026_VF_page_par_page-r.pdf","hide_download_link":0,"publisher":"","status":"","note":null,"extension":"pdf","t3ver_oid":0,"location_country":"","t3ver_state":0,"latitude":"0.00000000000000","content_modification_date":0,"sys_language_uid":0,"description":null,"storage":1,"title":"Brochure Les rendez-vous culturels Aix-les-Bains \u2022 Mars \u00e0 juin","duration":0,"uid":12378,"l10n_diffsource":"{\"pages\":\"\"}","t3ver_stage":0,"file":12378,"t3ver_wsid":0,"location_city":"","missing":0,"categories":0,"cim_base_thumb":"0","color_space":"","creator":"","alternative":null,"endtime":1782856740,"listen_url":"","istopnews":0,"l10n_state":null,"crdate":1771923773,"width":326,"ranking":0,"metadata_uid":12478,"content_creation_date":0,"nbPages":28,"originalUrl":"https:\/\/www.aixlesbains.fr\/fileadmin\/mediatheque_aix-les-bains\/Kiosque\/Kiosque-2026\/BROCHURE_RDV_CULTURELS_MARS-JUIN_2026_VF_page_par_page-r.pdf"},"sys_language_uid":0,"pid":0,"storage":1,"mtime":1772180954,"title":"Brochure Les rendez-vous culturels Aix-les-Bains \u2022 Mars \u00e0 juin","uid":12378,"permissions":{"read":true,"write":true,"delete":true},"modification_date":1772180954,"checksum":"be4068ee9194cf240ae50f25aaa0a2f4","missing":0,"ctime":1772180954,"suggest_title":"Brochure Les rendez-vous culturels Aix-les-Bains \u2022 Mars \u00e0 juin","id":"0_12378","categories":[],"nolist":0,"identifier":"\/mediatheque_aix-les-bains\/Kiosque\/Kiosque-2026\/BROCHURE_RDV_CULTURELS_MARS-JUIN_2026_VF_page_par_page-r.pdf","atime":1774254240,"indexed":true,"nosearch":0,"endtime":"2026-06-30T23:59:00+02:00","creation_date":1772180954,"folder_hash":"4902cce566f74e49fa74670974456da8dd9076a5","url":"fileadmin\/mediatheque_aix-les-bains\/Kiosque\/Kiosque-2026\/BROCHURE_RDV_CULTURELS_MARS-JUIN_2026_VF_page_par_page-r.pdf","sha1":"ab44fd9beae5ba6e9b96cd9355a26c90fae949ec","folder":"fileadmin\/mediatheque_aix-les-bains\/Kiosque\/Kiosque-2026\/","size":8744210,"identifier_hash":"38a859085bd2807789f3a447f05f44c6f44b8fbd","mime_type":"application\/pdf","name":"BROCHURE_RDV_CULTURELS_MARS-JUIN_2026_VF_page_par_page-r.pdf","mimetype":"application\/pdf","imageList":[{"publicUrl":"https:\/\/www.aixlesbains.fr\/api\/fileadmin\/_processed_\/6\/8\/csm_BROCHURE_RDV_CULTURELS_MARS-JUIN_2026_VF_page_par_page-r_b126fcb60d.webp","properties":{"title":"Brochure Les rendez-vous culturels Aix-les-Bains \u2022 Mars \u00e0 juin","alternative":null,"description":null,"link":null,"linkData":null,"mimeType":"image\/webp","type":"image","filename":"BROCHURE_RDV_CULTURELS_MARS-JUIN_2026_VF_page_par_page-r.pdf","originalUrl":"https:\/\/www.aixlesbains.fr\/api\/fileadmin\/mediatheque_aix-les-bains\/Kiosque\/Kiosque-2026\/BROCHURE_RDV_CULTURELS_MARS-JUIN_2026_VF_page_par_page-r.pdf","uidLocal":null,"fileReferenceUid":12378,"size":8744210,"dimensions":{"width":275,"height":390},"cropDimensions":{"width":275,"height":390},"crop":null,"autoplay":null,"extension":"pdf","nbPages":28,"copyright":"","external_url":"","use_site_flipbook":0,"hide_download_link":0,"numero":0,"date_displayed":0,"listen_url":null,"publicUrl":"https:\/\/www.aixlesbains.fr\/api\/fileadmin\/_processed_\/6\/8\/csm_BROCHURE_RDV_CULTURELS_MARS-JUIN_2026_VF_page_par_page-r_b126fcb60d.webp","crdate":1772180954,"tstamp":1772180954}}],"links":[{"href":"https:\/\/www.aixlesbains.fr\/fileadmin\/mediatheque_aix-les-bains\/Kiosque\/Kiosque-2026\/BROCHURE_RDV_CULTURELS_MARS-JUIN_2026_VF_page_par_page-r.pdf","target":"_blank","text":"BROCHURE_RDV_CULTURELS_MARS-JUIN_2026_VF_page_par_page-r.pdf"},{"href":"https:\/\/www.aixlesbains.fr\/fileadmin\/mediatheque_aix-les-bains\/Kiosque\/Kiosque-2026\/BROCHURE_RDV_CULTURELS_MARS-JUIN_2026_VF_page_par_page-r.pdf","target":"_blank","text":"BROCHURE_RDV_CULTURELS_MARS-JUIN_2026_VF_page_par_page-r.pdf"}],"agency":"Cameros"},{"type":"kiosque","id":"0_13669","name":"R\u00e9am\u00e9nagement_du_quartier_Anciens_Thermes_Aix-les-Bains.pdf","extension":"pdf","mimetype":"application\/pdf","size":2628587,"url":"\/fileadmin\/mediatheque_aix-les-bains\/Kiosque\/R%C3%A9am%C3%A9nagement_du_quartier_Anciens_Thermes_Aix-les-Bains.pdf","indexed":true,"uid":13669,"permissions":{"read":true,"write":true,"delete":true},"checksum":"4e9217b17887e7ae812fdfd44b9cd6cb","pid":0,"missing":0,"storage":1,"identifier":"\/mediatheque_aix-les-bains\/Kiosque\/R\u00e9am\u00e9nagement_du_quartier_Anciens_Thermes_Aix-les-Bains.pdf","identifier_hash":"28580217784761705d4a37c35ab9c308784f86a7","mime_type":"application\/pdf","sha1":"9fa96c5567c6aaf89b77388f3ede9f02db1b1ee8","creation_date":1776935605,"modification_date":1776935605,"folder_hash":"fbb24563965a25300c4ce1f3f2c49907b0a7b92c","atime":1776935605,"mtime":1776935605,"ctime":1776935605,"metadata":{"uid":13669,"pid":0,"missing":0,"type":"5","storage":1,"identifier":"\/mediatheque_aix-les-bains\/Kiosque\/R\u00e9am\u00e9nagement_du_quartier_Anciens_Thermes_Aix-les-Bains.pdf","identifier_hash":"28580217784761705d4a37c35ab9c308784f86a7","extension":"pdf","mime_type":"application\/pdf","name":"R\u00e9am\u00e9nagement_du_quartier_Anciens_Thermes_Aix-les-Bains.pdf","sha1":"9fa96c5567c6aaf89b77388f3ede9f02db1b1ee8","size":2628587,"creation_date":"2026-04-23T11:13:25+02:00","modification_date":1776935605,"folder_hash":"fbb24563965a25300c4ce1f3f2c49907b0a7b92c","tstamp":1776935665,"crdate":1776935605,"sys_language_uid":0,"l10n_parent":0,"l10n_state":null,"t3_origuid":0,"l10n_diffsource":"{\"title\":\"\",\"description\":\"\",\"istopnews\":\"\",\"cim_base_numero\":\"\",\"cim_base_thumb\":\"\",\"external_url\":\"\",\"listen_url\":\"\",\"date_displayed\":\"\",\"caption\":\"\",\"sys_language_uid\":\"\",\"copyright\":\"\",\"starttime\":\"\",\"endtime\":\"\",\"categories\":\"\",\"nosearch\":\"\",\"indexed\":\"\"}","t3ver_oid":0,"t3ver_wsid":0,"t3ver_state":0,"t3ver_stage":0,"file":13669,"title":"Plaquette sur le r\u00e9am\u00e9nagement du quartier des anciens Thermes","width":1317,"height":654,"description":null,"alternative":null,"categories":0,"hide_download_link":0,"cim_base_description":null,"date_displayed":0,"cim_base_thumb":"0","archive":0,"copyright":"","cim_base_numero":0,"istopnews":0,"song_artist":"","song_title":"","language":0,"nosearch":0,"indexed":0,"content_creation_date":0,"content_modification_date":0,"visible":1,"status":"","keywords":null,"caption":null,"creator_tool":"","download_name":"","creator":"","publisher":"","source":"","location_country":"","location_region":"","location_city":"","latitude":"0.00000000000000","longitude":"0.00000000000000","ranking":0,"note":null,"unit":"","duration":0,"color_space":"","pages":2,"fe_groups":null,"external_url":"","listen_url":"","use_site_flipbook":0,"starttime":0,"endtime":1872280740,"metadata_uid":13777,"nbPages":2,"originalUrl":"https:\/\/www.aixlesbains.fr\/fileadmin\/mediatheque_aix-les-bains\/Kiosque\/R%C3%A9am%C3%A9nagement_du_quartier_Anciens_Thermes_Aix-les-Bains.pdf"},"sys_language_uid":0,"title":"Plaquette sur le r\u00e9am\u00e9nagement du quartier des anciens Thermes","suggest_title":"Plaquette sur le r\u00e9am\u00e9nagement du quartier des anciens Thermes","endtime":"2029-04-30T23:59:00+02:00","nosearch":0,"nolist":0,"folder":"\/fileadmin\/mediatheque_aix-les-bains\/Kiosque\/","categories":[],"imageList":[{"publicUrl":"https:\/\/www.aixlesbains.fr\/api\/fileadmin\/_processed_\/9\/4\/csm_R%C3%A9am%C3%A9nagement_du_quartier_Anciens_Thermes_Aix-les-Bains_dbff0c4e5c.webp","properties":{"title":"Plaquette sur le r\u00e9am\u00e9nagement du quartier des anciens Thermes","alternative":null,"description":null,"link":null,"linkData":null,"mimeType":"image\/webp","type":"image","filename":"R\u00e9am\u00e9nagement_du_quartier_Anciens_Thermes_Aix-les-Bains.pdf","originalUrl":"https:\/\/www.aixlesbains.fr\/api\/fileadmin\/mediatheque_aix-les-bains\/Kiosque\/R%C3%A9am%C3%A9nagement_du_quartier_Anciens_Thermes_Aix-les-Bains.pdf","uidLocal":null,"fileReferenceUid":13669,"size":2628587,"dimensions":{"width":275,"height":390},"cropDimensions":{"width":275,"height":390},"crop":null,"autoplay":null,"extension":"pdf","nbPages":2,"copyright":"","external_url":"","use_site_flipbook":0,"hide_download_link":0,"numero":0,"date_displayed":0,"listen_url":null,"publicUrl":"https:\/\/www.aixlesbains.fr\/api\/fileadmin\/_processed_\/9\/4\/csm_R%C3%A9am%C3%A9nagement_du_quartier_Anciens_Thermes_Aix-les-Bains_dbff0c4e5c.webp","crdate":1776935605,"tstamp":1776935605}}],"links":[{"href":"https:\/\/www.aixlesbains.fr\/fileadmin\/mediatheque_aix-les-bains\/Kiosque\/R%C3%A9am%C3%A9nagement_du_quartier_Anciens_Thermes_Aix-les-Bains.pdf","target":"_blank","text":"R\u00e9am\u00e9nagement_du_quartier_Anciens_Thermes_Aix-les-Bains.pdf"},{"href":"https:\/\/www.aixlesbains.fr\/fileadmin\/mediatheque_aix-les-bains\/Kiosque\/R%C3%A9am%C3%A9nagement_du_quartier_Anciens_Thermes_Aix-les-Bains.pdf","target":"_blank","text":"R\u00e9am\u00e9nagement_du_quartier_Anciens_Thermes_Aix-les-Bains.pdf"}],"agency":"Cameros"},{"type":"kiosque","id":"0_5491","name":"EMS_2025-26_Depliant_WEB2__2_.pdf","extension":"pdf","mimetype":"application\/pdf","size":516309,"url":"\/fileadmin\/mediatheque_aix-les-bains\/Kiosque\/EMS_2025-26_Depliant_WEB2__2_.pdf","indexed":true,"uid":5491,"permissions":{"read":true,"write":true,"delete":true},"checksum":"c8a6fce809287a707a7f20ed28a13060","pid":0,"missing":0,"storage":1,"identifier":"\/mediatheque_aix-les-bains\/Kiosque\/EMS_2025-26_Depliant_WEB2__2_.pdf","identifier_hash":"dafadb2cca68d16e380f954c532831b80b309bc4","mime_type":"application\/pdf","sha1":"e81a0da82a4c4d7e859b0943723bf563530fd842","creation_date":1755164261,"modification_date":1751378940,"folder_hash":"fbb24563965a25300c4ce1f3f2c49907b0a7b92c","atime":1755164261,"mtime":1751378940,"ctime":1755164261,"metadata":{"uid":5491,"pid":0,"missing":0,"type":5,"storage":1,"identifier":"\/mediatheque_aix-les-bains\/Kiosque\/EMS_2025-26_Depliant_WEB2__2_.pdf","identifier_hash":"dafadb2cca68d16e380f954c532831b80b309bc4","extension":"pdf","mime_type":"application\/pdf","name":"EMS_2025-26_Depliant_WEB2__2_.pdf","sha1":"e81a0da82a4c4d7e859b0943723bf563530fd842","size":516309,"creation_date":"2025-01-28T10:14:28+01:00","modification_date":1751378940,"folder_hash":"fbb24563965a25300c4ce1f3f2c49907b0a7b92c","tstamp":1755164246,"crdate":1738055668,"sys_language_uid":0,"l10n_parent":0,"l10n_state":null,"t3_origuid":0,"l10n_diffsource":"{\"title\":\"\",\"description\":\"\",\"istopnews\":\"\",\"cim_base_numero\":\"\",\"cim_base_thumb\":\"\",\"external_url\":\"\",\"listen_url\":\"\",\"date_displayed\":\"\",\"caption\":\"\",\"sys_language_uid\":\"\",\"copyright\":\"\",\"starttime\":\"\",\"endtime\":\"\",\"categories\":\"\",\"nosearch\":\"\",\"indexed\":\"\"}","t3ver_oid":0,"t3ver_wsid":0,"t3ver_state":0,"t3ver_stage":0,"file":5491,"title":"Plaquette d\u2019information sur l\u2019EMS","width":1270,"height":595,"description":null,"alternative":null,"categories":0,"hide_download_link":0,"cim_base_description":null,"date_displayed":0,"cim_base_thumb":"0","archive":0,"copyright":"","cim_base_numero":0,"istopnews":0,"song_artist":"","song_title":"","language":0,"nosearch":0,"indexed":1,"content_creation_date":0,"content_modification_date":0,"visible":1,"status":"","keywords":null,"caption":null,"creator_tool":"","download_name":"","creator":"","publisher":"","source":"","location_country":"","location_region":"","location_city":"","latitude":"0.00000000000000","longitude":"0.00000000000000","ranking":0,"note":null,"unit":"","duration":0,"color_space":"","pages":2,"fe_groups":null,"external_url":"","listen_url":"","use_site_flipbook":0,"starttime":0,"endtime":0,"metadata_uid":5493,"nbPages":2,"originalUrl":"https:\/\/www.aixlesbains.fr\/fileadmin\/mediatheque_aix-les-bains\/Kiosque\/EMS_2025-26_Depliant_WEB2__2_.pdf"},"sys_language_uid":0,"title":"Plaquette d\u2019information sur l\u2019EMS","suggest_title":"Plaquette d\u2019information sur l\u2019EMS","nosearch":0,"nolist":0,"folder":"\/fileadmin\/mediatheque_aix-les-bains\/Kiosque\/","categories":[],"imageList":[{"publicUrl":"https:\/\/www.aixlesbains.fr\/api\/fileadmin\/_processed_\/e\/d\/csm_EMS_2024_Depliant_WEB2__2__60e6978dc4.webp","properties":{"title":"Plaquette d\u2019information sur l\u2019EMS","alternative":null,"description":null,"link":null,"linkData":null,"mimeType":"image\/webp","type":"image","filename":"EMS_2025-26_Depliant_WEB2__2_.pdf","originalUrl":"https:\/\/www.aixlesbains.fr\/api\/fileadmin\/mediatheque_aix-les-bains\/Kiosque\/EMS_2025-26_Depliant_WEB2__2_.pdf","uidLocal":null,"fileReferenceUid":5491,"size":516309,"dimensions":{"width":275,"height":390},"cropDimensions":{"width":275,"height":390},"crop":null,"autoplay":null,"extension":"pdf","nbPages":2,"copyright":"","external_url":"","use_site_flipbook":0,"hide_download_link":0,"numero":0,"date_displayed":0,"listen_url":null,"publicUrl":"https:\/\/www.aixlesbains.fr\/api\/fileadmin\/_processed_\/e\/d\/csm_EMS_2024_Depliant_WEB2__2__60e6978dc4.webp","crdate":1755164261,"tstamp":1751378940}}],"links":[{"href":"https:\/\/www.aixlesbains.fr\/fileadmin\/mediatheque_aix-les-bains\/Kiosque\/EMS_2025-26_Depliant_WEB2__2_.pdf","target":"_blank","text":"EMS_2025-26_Depliant_WEB2__2_.pdf"},{"href":"https:\/\/www.aixlesbains.fr\/fileadmin\/mediatheque_aix-les-bains\/Kiosque\/EMS_2025-26_Depliant_WEB2__2_.pdf","target":"_blank","text":"EMS_2025-26_Depliant_WEB2__2_.pdf"}],"agency":"Cameros"}],"nbResults":11,"resultsPerPage":"10","form":null,"initialForm":null,"prefilters":[],"urlScroll":"\/?contentElements=9&elementId=3327&noCache=1&tx_cimsearchelastic_displaysearch%5Baction%5D=scroll&tx_cimsearchelastic_displaysearch%5Bcontroller%5D=Listing&type=99992&cHash=2d90514a6532d1f7aee7d2e54634cc53","urlGeo":"\/?contentElements=9&elementId=3327&noCache=1&tx_cimsearchelastic_displaysearch%5Baction%5D=geo&tx_cimsearchelastic_displaysearch%5Bcontroller%5D=Listing&type=99991&cHash=2d90514a6532d1f7aee7d2e54634cc53","urlShow":"\/?noCache=1&tx_cimsearchelastic_displaysearch%5Baction%5D=popup&tx_cimsearchelastic_displaysearch%5Bcontroller%5D=Listing&type=1602769059&cHash=7f6fb869087889a1f143d4d24e361700","urlPopup":"\/?noCache=1&tx_cimsearchelastic_displaysearch%5Baction%5D=popup&tx_cimsearchelastic_displaysearch%5Bcontroller%5D=Listing&type=1602769059&cHash=7f6fb869087889a1f143d4d24e361700","listLink":{"href":"\/kiosque","text":"","target":""},"archiveListLink":{"href":"","text":"","target":""},"eventsListLink":{"href":"\/agendas","text":"","target":""},"newsListLink":{"href":"\/actualites","text":"","target":""}}}}],"colPos3":[{"id":3326,"type":"mask_bloc_galaxy","colPos":3,"categories":"","appearance":{"layout":"default","frameClass":"default","spaceBefore":"","spaceAfter":""},"show_in_summary":false,"background_color":"","content":{"header":"Les sites~de la Ville","subheader":"","headerLayout":2,"headerPosition":"","headerLink":"","sites":[{"title":"Aix'Pass","logo":[{"publicUrl":"https:\/\/www.aixlesbains.fr\/api\/fileadmin\/mediatheque_aix-les-bains\/Mon_quotidien\/Etre_parent\/Restauration_scolaire\/grenouille-bouton320-2.webp","properties":{"title":null,"alternative":null,"description":null,"link":"https:\/\/www.espace-citoyens.net\/aixlesbains\/espace-citoyens\/Home\/AccueilPublic","linkData":{"href":"https:\/\/www.espace-citoyens.net\/aixlesbains\/espace-citoyens\/Home\/AccueilPublic","target":"_blank","class":null,"title":null,"linkText":"https:\/\/www.espace-citoyens.net\/aixlesbains\/espace-citoyens\/Home\/AccueilPublic","additionalAttributes":{"rel":"noreferrer"}},"mimeType":"image\/webp","type":"image","filename":"grenouille-bouton320-2.webp","originalUrl":"https:\/\/www.aixlesbains.fr\/api\/fileadmin\/mediatheque_aix-les-bains\/Mon_quotidien\/Etre_parent\/Restauration_scolaire\/grenouille-bouton320-2.webp","uidLocal":9687,"fileReferenceUid":15539,"size":21988,"dimensions":{"width":150,"height":150},"cropDimensions":{"width":150,"height":150},"crop":{"default":{"cropArea":{"x":0,"y":0,"width":1,"height":1},"selectedRatio":"NaN","focusArea":null}},"autoplay":null,"extension":"webp","initialDimensions":{"width":150,"height":150},"orientation":"paysage","copyright":"","processedExtension":"webp","publicUrl":"https:\/\/www.aixlesbains.fr\/api\/fileadmin\/mediatheque_aix-les-bains\/Mon_quotidien\/Etre_parent\/Restauration_scolaire\/grenouille-bouton320-2.webp","crdate":1756105299,"tstamp":1756105299}}]},{"title":"Biblioth\u00e8que Municipale Lamartine","logo":[{"publicUrl":"https:\/\/www.aixlesbains.fr\/api\/fileadmin\/mediatheque_aix-les-bains\/pictos\/logos\/logo_bibliotheque_municipale.webp","properties":{"title":null,"alternative":null,"description":null,"link":"https:\/\/www.bm-aixlesbains.net\/","linkData":{"href":"https:\/\/www.bm-aixlesbains.net\/","target":"_blank","class":null,"title":null,"linkText":"https:\/\/www.bm-aixlesbains.net\/","additionalAttributes":{"rel":"noreferrer"}},"mimeType":"image\/webp","type":"image","filename":"logo_bibliotheque_municipale.webp","originalUrl":"https:\/\/www.aixlesbains.fr\/api\/fileadmin\/mediatheque_aix-les-bains\/pictos\/logos\/logo_bibliotheque_municipale.webp","uidLocal":5096,"fileReferenceUid":11291,"size":3834,"dimensions":{"width":210,"height":150},"cropDimensions":{"width":210,"height":150},"crop":{"default":{"cropArea":{"x":0,"y":0,"width":1,"height":1},"selectedRatio":"NaN","focusArea":null}},"autoplay":null,"extension":"webp","initialDimensions":{"width":210,"height":150},"orientation":"paysage","copyright":"","processedExtension":"webp","publicUrl":"https:\/\/www.aixlesbains.fr\/api\/fileadmin\/mediatheque_aix-les-bains\/pictos\/logos\/logo_bibliotheque_municipale.webp","crdate":1730977202,"tstamp":1730977202}}]},{"title":"La Villa mus\u00e9e des Beaux-Arts","logo":[{"publicUrl":"https:\/\/www.aixlesbains.fr\/api\/fileadmin\/mediatheque_aix-les-bains\/pictos\/logos\/logo_villa.webp","properties":{"title":null,"alternative":null,"description":null,"link":"https:\/\/lavillacollectiondart.fr\/","linkData":{"href":"https:\/\/lavillacollectiondart.fr\/","target":"_blank","class":null,"title":null,"linkText":"https:\/\/lavillacollectiondart.fr\/","additionalAttributes":{"rel":"noreferrer"}},"mimeType":"image\/webp","type":"image","filename":"logo_villa.webp","originalUrl":"https:\/\/www.aixlesbains.fr\/api\/fileadmin\/mediatheque_aix-les-bains\/pictos\/logos\/logo_villa.webp","uidLocal":5097,"fileReferenceUid":11293,"size":117470,"dimensions":{"width":2497,"height":647},"cropDimensions":{"width":2497,"height":647},"crop":{"default":{"cropArea":{"x":0,"y":0,"width":1,"height":1},"selectedRatio":"NaN","focusArea":null}},"autoplay":null,"extension":"webp","initialDimensions":{"width":2497,"height":647},"orientation":"paysage","copyright":"","processedExtension":"webp","publicUrl":"https:\/\/www.aixlesbains.fr\/api\/fileadmin\/mediatheque_aix-les-bains\/pictos\/logos\/logo_villa.webp","crdate":1739781002,"tstamp":1739781001}}]}]}}],"colPos1":[{"id":3333,"type":"mask_bloc_header_slider","colPos":1,"categories":"","appearance":{"layout":"default","frameClass":"default","spaceBefore":"","spaceAfter":""},"show_in_summary":false,"background_color":"","content":{"header":"","subheader":"","headerLayout":0,"headerPosition":"","headerLink":"","display_mode":"slider","images":[{"image":[{"publicUrl":"https:\/\/www.aixlesbains.fr\/api\/fileadmin\/_processed_\/1\/2\/csm_chatprintems_slide_4bdbdf78e1.webp","properties":{"title":null,"alternative":null,"description":null,"link":null,"linkData":null,"mimeType":"image\/webp","type":"image","filename":"chatprintems_slide.webp","originalUrl":"https:\/\/www.aixlesbains.fr\/api\/fileadmin\/mediatheque_aix-les-bains\/Bandeaux\/chatprintems_slide.webp","uidLocal":13469,"fileReferenceUid":18258,"size":403232,"dimensions":{"width":1920,"height":700},"cropDimensions":{"width":1920,"height":700},"crop":{"default":{"cropArea":{"x":0,"y":0,"width":1,"height":1},"selectedRatio":"NaN","focusArea":null}},"autoplay":null,"extension":"webp","initialDimensions":{"width":1920,"height":700},"orientation":"paysage","copyright":"","processedExtension":"webp","publicUrl":"https:\/\/www.aixlesbains.fr\/api\/fileadmin\/_processed_\/1\/2\/csm_chatprintems_slide_4bdbdf78e1.webp","crdate":1776325387,"tstamp":1776325387}}],"title":"","contenu_specifique":{"title":"","links":[{"href":"","target":"_blank","text":""}],"result":null}},{"image":[{"publicUrl":"https:\/\/www.aixlesbains.fr\/api\/fileadmin\/_processed_\/0\/1\/csm_mollard0426-slider_2c6bf26164.webp","properties":{"title":null,"alternative":null,"description":null,"link":null,"linkData":null,"mimeType":"image\/webp","type":"image","filename":"mollard0426-slider.webp","originalUrl":"https:\/\/www.aixlesbains.fr\/api\/fileadmin\/mediatheque_aix-les-bains\/Bandeaux\/mollard0426-slider.webp","uidLocal":13471,"fileReferenceUid":18259,"size":351582,"dimensions":{"width":1920,"height":700},"cropDimensions":{"width":1920,"height":700},"crop":{"default":{"cropArea":{"x":0,"y":0,"width":1,"height":1},"selectedRatio":"NaN","focusArea":null}},"autoplay":null,"extension":"webp","initialDimensions":{"width":1920,"height":700},"orientation":"paysage","copyright":"","processedExtension":"webp","publicUrl":"https:\/\/www.aixlesbains.fr\/api\/fileadmin\/_processed_\/0\/1\/csm_mollard0426-slider_2c6bf26164.webp","crdate":1776326838,"tstamp":1776326838}}],"title":"","contenu_specifique":{"title":"","links":[{"href":"","target":"_blank","text":""}],"result":null}},{"image":[{"publicUrl":"https:\/\/www.aixlesbains.fr\/api\/fileadmin\/_processed_\/0\/2\/csm_chambotteviolet-slider_60635be99d.webp","properties":{"title":null,"alternative":null,"description":null,"link":null,"linkData":null,"mimeType":"image\/webp","type":"image","filename":"chambotteviolet-slider.webp","originalUrl":"https:\/\/www.aixlesbains.fr\/api\/fileadmin\/mediatheque_aix-les-bains\/Bandeaux\/chambotteviolet-slider.webp","uidLocal":13472,"fileReferenceUid":18260,"size":88176,"dimensions":{"width":1920,"height":700},"cropDimensions":{"width":1920,"height":700},"crop":{"default":{"cropArea":{"x":0,"y":0,"width":1,"height":1},"selectedRatio":"NaN","focusArea":null}},"autoplay":null,"extension":"webp","initialDimensions":{"width":1920,"height":700},"orientation":"paysage","copyright":"","processedExtension":"webp","publicUrl":"https:\/\/www.aixlesbains.fr\/api\/fileadmin\/_processed_\/0\/2\/csm_chambotteviolet-slider_60635be99d.webp","crdate":1776327058,"tstamp":1776327058}}],"title":"","contenu_specifique":{"title":"","links":[{"href":"","target":"_blank","text":""}],"result":null}},{"image":[{"publicUrl":"https:\/\/www.aixlesbains.fr\/api\/fileadmin\/_processed_\/8\/e\/csm_campanus0426-slider_9ac225e0c1.webp","properties":{"title":null,"alternative":null,"description":null,"link":null,"linkData":null,"mimeType":"image\/webp","type":"image","filename":"campanus0426-slider.webp","originalUrl":"https:\/\/www.aixlesbains.fr\/api\/fileadmin\/mediatheque_aix-les-bains\/Bandeaux\/campanus0426-slider.webp","uidLocal":13470,"fileReferenceUid":18261,"size":383200,"dimensions":{"width":1920,"height":700},"cropDimensions":{"width":1920,"height":700},"crop":{"default":{"cropArea":{"x":0,"y":0,"width":1,"height":1},"selectedRatio":"NaN","focusArea":null}},"autoplay":null,"extension":"webp","initialDimensions":{"width":1920,"height":700},"orientation":"paysage","copyright":"","processedExtension":"webp","publicUrl":"https:\/\/www.aixlesbains.fr\/api\/fileadmin\/_processed_\/8\/e\/csm_campanus0426-slider_9ac225e0c1.webp","crdate":1776326838,"tstamp":1776326837}}],"title":"","contenu_specifique":{"title":"","links":[{"href":"","target":"_blank","text":""}],"result":null}},{"image":[{"publicUrl":"https:\/\/www.aixlesbains.fr\/api\/fileadmin\/_processed_\/3\/b\/csm_lacwebc0426_61c76539e6.webp","properties":{"title":null,"alternative":null,"description":null,"link":null,"linkData":null,"mimeType":"image\/webp","type":"image","filename":"lacwebc0426.webp","originalUrl":"https:\/\/www.aixlesbains.fr\/api\/fileadmin\/mediatheque_aix-les-bains\/Bandeaux\/lacwebc0426.webp","uidLocal":13473,"fileReferenceUid":18262,"size":232780,"dimensions":{"width":1920,"height":700},"cropDimensions":{"width":1920,"height":700},"crop":{"default":{"cropArea":{"x":0,"y":0,"width":1,"height":1},"selectedRatio":"NaN","focusArea":null}},"autoplay":null,"extension":"webp","initialDimensions":{"width":1920,"height":700},"orientation":"paysage","copyright":"","processedExtension":"webp","publicUrl":"https:\/\/www.aixlesbains.fr\/api\/fileadmin\/_processed_\/3\/b\/csm_lacwebc0426_61c76539e6.webp","crdate":1776327761,"tstamp":1776327761}}],"title":"","contenu_specifique":{"title":"","links":[{"href":"","target":"_blank","text":""}],"result":null}}],"video":[{"publicUrl":"https:\/\/www.aixlesbains.fr\/api\/fileadmin\/mediatheque_donnees_test\/Videos\/typo3-video.mp4","properties":{"title":"title","alternative":null,"description":"<p>Description vid\u00e9o html&nbsp;<\/p>","link":null,"linkData":null,"mimeType":"video\/mp4","type":"video","filename":"typo3-video.mp4","originalUrl":"https:\/\/www.aixlesbains.fr\/api\/fileadmin\/mediatheque_donnees_test\/Videos\/typo3-video.mp4","uidLocal":58,"fileReferenceUid":11325,"size":2758388,"dimensions":{"width":0,"height":0},"cropDimensions":{"width":0,"height":0},"crop":"","autoplay":1,"extension":"mp4","copyright":"Copyright HTML","publicUrl":"https:\/\/www.aixlesbains.fr\/api\/fileadmin\/mediatheque_donnees_test\/Videos\/typo3-video.mp4","crdate":1728304190,"tstamp":1696842573}}],"loop":true}},{"id":3332,"type":"cimlinks_listlinks","colPos":1,"categories":"","appearance":{"layout":"default","frameClass":"default","spaceBefore":"","spaceAfter":""},"show_in_summary":false,"background_color":"strate_bg_blanc","content":{"header":"","subheader":"","headerLayout":2,"headerPosition":"","headerLink":"","data":{"title":"En un~Clic","subtitle":"","image":"0","links":[{"links":[{"href":"\/mon-quotidien\/mobilite-et-transports\/en-voiture","target":"","text":"Stationnement"}],"imageList":[{"publicUrl":"https:\/\/www.aixlesbains.fr\/api\/fileadmin\/_processed_\/5\/c\/csm_stationnement_bc54981a8e.webp","type":"image","properties":{"type":2,"name":"stationnement.svg","title":"","alternative":"","description":"","copyright":"","orientation":"paysage","dimensions":{"width":50,"height":50},"initialDimensions":{"width":55,"height":55}}}]},{"links":[{"href":"\/mon-quotidien\/solidarite-et-sante\/pharmacies-de-garde","target":"","text":"Pharmacies de garde"}],"imageList":[{"publicUrl":"https:\/\/www.aixlesbains.fr\/api\/fileadmin\/_processed_\/2\/e\/csm_pharmacie_59aeffb997.webp","type":"image","properties":{"type":2,"name":"pharmacie.svg","title":"","alternative":"","description":"","copyright":"","orientation":"paysage","dimensions":{"width":50,"height":50},"initialDimensions":{"width":55,"height":55}}}]},{"links":[{"href":"\/annuaires\/offres-demploi","target":"","text":"Offres d'emploi"}],"imageList":[{"publicUrl":"https:\/\/www.aixlesbains.fr\/api\/fileadmin\/_processed_\/f\/d\/csm_emploi_a094584b2e.webp","type":"image","properties":{"type":2,"name":"emploi.svg","title":"","alternative":"","description":"","copyright":"","orientation":"paysage","dimensions":{"width":50,"height":50},"initialDimensions":{"width":55,"height":55}}}]},{"links":[{"href":"\/annuaires\/travaux","target":"","text":"Travaux"}],"imageList":[{"publicUrl":"https:\/\/www.aixlesbains.fr\/api\/fileadmin\/_processed_\/d\/b\/csm_travaux_02602ab724.webp","type":"image","properties":{"type":2,"name":"travaux.svg","title":"","alternative":"","description":"","copyright":"","orientation":"paysage","dimensions":{"width":50,"height":50},"initialDimensions":{"width":55,"height":55}}}]},{"links":[{"href":"\/annuaires\/catalogue-des-demarches\/detail\/actes-detat-civil","target":"","text":"\u00c9tat civil"}],"imageList":[{"publicUrl":"https:\/\/www.aixlesbains.fr\/api\/fileadmin\/_processed_\/8\/b\/csm_etat_civil_1474175cc6.webp","type":"image","properties":{"type":2,"name":"etat_civil.svg","title":"","alternative":"","description":"","copyright":"","orientation":"paysage","dimensions":{"width":50,"height":50},"initialDimensions":{"width":55,"height":55}}}]},{"links":[{"href":"https:\/\/www.espace-citoyens.net\/aixlesbains\/espace-citoyens\/Home\/AccueilPublic","target":"_blank","text":"Aix'Pass"}],"imageList":[{"publicUrl":"https:\/\/www.aixlesbains.fr\/api\/fileadmin\/_processed_\/9\/d\/csm_aix_pass_1d76a033c4.webp","type":"image","properties":{"type":2,"name":"aix_pass.svg","title":"","alternative":"","description":"","copyright":"","orientation":"paysage","dimensions":{"width":50,"height":50},"initialDimensions":{"width":56,"height":56}}}]}],"linkToAll":null}}}],"colPos0":[{"id":3331,"type":"cimsearchelastic_displaysearch","colPos":0,"categories":"","appearance":{"layout":"default","frameClass":"default","spaceBefore":"","spaceAfter":""},"show_in_summary":false,"background_color":"strate_bg_blanc","content":{"header":"","subheader":"","headerLayout":2,"headerPosition":"","headerLink":{"href":"\/actualites","target":null,"class":null,"title":"Les actualit\u00e9s","linkText":"Actualit\u00e9s","additionalAttributes":[]},"data":{"settings":{"dateFormat":{"en":"Y-m-d","fr":"Y-m-d"},"page":"","template":"homeNews","custom_template":"","type_affichage":"list_map","engineLocation":"VerticalForm","picture":"0","title":"Les~Actualit\u00e9s","subtitle":"","prefilters":"","showResults":"1","showArchives":"0","showFilters":"0","showArchiveFilter":"0","removeNumeric":"0","content_element":"","categories":"","filter":"","multisite":"0","storage":"1844","includeSubfolders":"0","categoryConjunction":"or","noResultsMsg":"","source":"","excludeFields":"","idPageDetail":"","idPageList":"1929","typoLinkPageList":"t3:\/\/page?uid=134","idPageArchives":"","idPageProp":"","titlePageProp":"Proposer un contenu","nb_results_per_page":"4","shouldLoad":"0","search_order":"","search_order_direction":"asc","specific_search_order":"[   {     \"istopnews\": {       \"order\": \"desc\"     }   },   {     \"datetime\": {       \"order\": \"desc\"     }   } ]","getResultsByType":"0","getResultsByCategories":"0","groupByParentCategory":"","favoritesFirst":"0","limitToCurrentUser":"0","groupByCategoryFieldname":"categories"},"results":[{"type":"news","sorting":4608,"sysLanguageUid":0,"hidden":0,"crdate":"2026-04-16T08:26:08+0200","starttime":"2026-04-27T17:28:00+0200","tstamp":"2026-04-27T17:30:54+0200","pathSegment":"\/renouvellement-des-titres-didentite-cest-le-bon-moment","categories":[{"sorting":1152,"crdate":"2025-01-08T17:04:23+0100","tstamp":"2025-01-30T14:04:40+0100","hidden":false,"sysLanguageUid":0,"l10nParent":0,"title":"D\u00e9marche","parent":{"sorting":1280,"crdate":"2024-11-08T11:38:55+0100","tstamp":"2024-11-08T11:38:55+0100","hidden":false,"sysLanguageUid":0,"l10nParent":0,"title":"Aix-les-bains","parent":{"sorting":64,"crdate":"2024-01-05T15:29:02+0100","tstamp":"2025-01-30T13:33:44+0100","hidden":false,"sysLanguageUid":0,"l10nParent":0,"title":"Th\u00e9matiques \u00e9ditoriales","images":[],"shortcut":0,"singlePid":0,"slug":"thematiques-editoriales","feBlacklist":true,"uid":31,"pid":41},"images":[],"shortcut":0,"singlePid":0,"slug":"aix-les-bains","feBlacklist":false,"uid":404,"pid":1964},"images":[],"shortcut":0,"singlePid":0,"slug":"test-categorie-de-test-1","feBlacklist":false,"uid":460,"pid":1964}],"title":"Renouvellement des titres d'identit\u00e9 : c'est le bon moment !","istopnews":false,"teaser":"V\u00e9rifiez d\u00e8s \u00e0 pr\u00e9sent la validit\u00e9 de vos titres d'identit\u00e9, passeport et carte d'identit\u00e9, en pr\u00e9vision de vos vacances d'\u00e9t\u00e9.","quartier":[],"datetime":"2026-04-27T17:28:00+0200","archive":"2026-05-31T23:59:00+0200","hideRelatedContent":false,"pictureShow":[{"originalResource":{"originalFile":{"updatedProperties":[],"properties":{"uid":6445,"pid":0,"missing":0,"type":"2","storage":1,"identifier":"\/mediatheque_aix-les-bains\/Actualites\/marronnier\/04-TITRES_IDENTITE_ANTICIPEZ\/francetitres.webp","identifier_hash":"4dfab22c8a3532df20c1c92a1b3aa94d90c223fc","extension":"webp","mime_type":"image\/webp","name":"francetitres.webp","sha1":"6119786f11403a73b2769656a464b654cb3c9286","size":44856,"creation_date":1776332375,"modification_date":1776332375,"folder_hash":"dfa15b681cd49e78c7b2401b1026ddc3cba0b2f4","tstamp":1776332375,"crdate":1742820476,"sys_language_uid":0,"l10n_parent":0,"l10n_state":null,"t3_origuid":0,"l10n_diffsource":"","t3ver_oid":0,"t3ver_wsid":0,"t3ver_state":0,"t3ver_stage":0,"file":6445,"title":null,"width":860,"height":502,"description":null,"alternative":null,"categories":0,"hide_download_link":0,"cim_base_description":null,"date_displayed":0,"cim_base_thumb":null,"archive":0,"copyright":"","cim_base_numero":0,"istopnews":0,"song_artist":"","song_title":"","language":0,"nosearch":0,"indexed":0,"content_creation_date":0,"content_modification_date":0,"visible":1,"status":"","keywords":null,"caption":null,"creator_tool":"","download_name":"","creator":"","publisher":"","source":"","location_country":"","location_region":"","location_city":"","latitude":"0.00000000000000","longitude":"0.00000000000000","ranking":0,"note":null,"unit":"","duration":0,"color_space":"","pages":0,"fe_groups":null,"external_url":"","listen_url":"","use_site_flipbook":0,"starttime":0,"endtime":0,"metadata_uid":6445},"identifier":"\/mediatheque_aix-les-bains\/Actualites\/marronnier\/04-TITRES_IDENTITE_ANTICIPEZ\/francetitres.webp","name":"francetitres.webp"}},"uid":12608,"pid":1844}],"pictureList":[],"uid":35,"pid":1844,"pid_title":"Actualit\u00e9s","site":"cms.aixlesbains.fr","sys_language_uid":0,"suggest_title":"Renouvellement des titres d'identit\u00e9 : c'est le bon moment !","settings":{"urlBuilder":{"varDefaultDetailUidName":"idNewsDetail","parameters":{"action":"show","arguments":"directory","controller":"News","extensionName":"cimdirectory","pluginName":"Display"}},"editorial":{"contentElementId":"60","partial":"ItemList","itemType":"news","classes":"annuaire","hn":"2","popin":"1","grid":"horizontal","showImage":"1","showCategory":"1","showTeaser":"1","showOnHover":"0","showMore":"0","showDate":"0","urlBuilder":{"varDefaultDetailUidName":"idNewsDetail","parameters":{"action":"show","arguments":"directory","controller":"News","extensionName":"cimdirectory","pluginName":"Display"}},"images":{"list":{"fields":"pictureShow"}}},"list":{"contentElementId":"60","partial":"ItemList","itemType":"news","classes":"annuaire","hn":"2","popin":"1","grid":"horizontal","showImage":"1","showCategory":"1","showTeaser":"1","showOnHover":"0","showMore":"0","showDate":"0","urlBuilder":{"varDefaultDetailUidName":"idNewsDetail","parameters":{"action":"show","arguments":"directory","controller":"News","extensionName":"cimdirectory","pluginName":"Display"}},"images":{"list":{"fields":"pictureShow"}}},"search":{"contentElementId":"60","partial":"ItemList","itemType":"news","classes":"annuaire","hn":"2","grid":"horizontal","showImage":"1","showCategory":"1","showTeaser":"1","showOnHover":"0","showMore":"0","showDate":"0","urlBuilder":{"varDefaultDetailUidName":"idNewsDetail","parameters":{"action":"show","arguments":"directory","controller":"News","extensionName":"cimdirectory","pluginName":"Display"}}}},"id":"1844_35","imageList":[{"publicUrl":"https:\/\/www.aixlesbains.fr\/api\/fileadmin\/_processed_\/8\/4\/csm_francetitres_17f618c275.webp","properties":{"title":null,"alternative":null,"description":null,"link":null,"linkData":null,"mimeType":"image\/webp","type":"image","filename":"francetitres.webp","originalUrl":"https:\/\/www.aixlesbains.fr\/api\/fileadmin\/mediatheque_aix-les-bains\/Actualites\/marronnier\/04-TITRES_IDENTITE_ANTICIPEZ\/francetitres.webp","uidLocal":6445,"fileReferenceUid":12608,"size":44856,"dimensions":{"width":846,"height":494},"cropDimensions":{"width":846,"height":494},"crop":"{\"default\":{\"cropArea\":{\"x\":0,\"y\":0,\"width\":1,\"height\":1},\"selectedRatio\":\"NaN\",\"focusArea\":null}}","autoplay":null,"extension":"webp","initialDimensions":{"width":860,"height":502},"orientation":"paysage","copyright":"","processedExtension":"webp","publicUrl":"https:\/\/www.aixlesbains.fr\/api\/fileadmin\/_processed_\/8\/4\/csm_francetitres_17f618c275.webp","crdate":1776332375,"tstamp":1776332375}}],"links":[{"href":"\/actualites\/detail\/renouvellement-des-titres-didentite-cest-le-bon-moment","text":"Voir la fiche","target":null}],"agency":"Cameros"},{"type":"news","sorting":1024,"sysLanguageUid":0,"hidden":0,"crdate":"2025-12-30T10:38:03+0100","starttime":"2026-02-11T16:49:00+0100","tstamp":"2026-04-21T12:11:49+0200","pathSegment":"\/les-enfants-de-lems-sinitient-aux-joies-des-sports-dhiver","categories":[{"sorting":1028,"crdate":"2025-01-30T11:30:40+0100","tstamp":"2025-02-24T16:12:33+0100","hidden":false,"sysLanguageUid":0,"l10nParent":0,"title":"Famille","parent":{"sorting":1280,"crdate":"2024-11-08T11:38:55+0100","tstamp":"2024-11-08T11:38:55+0100","hidden":false,"sysLanguageUid":0,"l10nParent":0,"title":"Aix-les-bains","parent":{"sorting":64,"crdate":"2024-01-05T15:29:02+0100","tstamp":"2025-01-30T13:33:44+0100","hidden":false,"sysLanguageUid":0,"l10nParent":0,"title":"Th\u00e9matiques \u00e9ditoriales","images":[],"shortcut":0,"singlePid":0,"slug":"thematiques-editoriales","feBlacklist":true,"uid":31,"pid":41},"images":[],"shortcut":0,"singlePid":0,"slug":"aix-les-bains","feBlacklist":false,"uid":404,"pid":1964},"images":[],"shortcut":0,"singlePid":0,"slug":"famille","feBlacklist":false,"uid":506,"pid":1964},{"sorting":768,"crdate":"2025-01-30T11:31:41+0100","tstamp":"2025-02-24T16:13:29+0100","hidden":false,"sysLanguageUid":0,"l10nParent":0,"title":"Sport","parent":{"sorting":1280,"crdate":"2024-11-08T11:38:55+0100","tstamp":"2024-11-08T11:38:55+0100","hidden":false,"sysLanguageUid":0,"l10nParent":0,"title":"Aix-les-bains","parent":{"sorting":64,"crdate":"2024-01-05T15:29:02+0100","tstamp":"2025-01-30T13:33:44+0100","hidden":false,"sysLanguageUid":0,"l10nParent":0,"title":"Th\u00e9matiques \u00e9ditoriales","images":[],"shortcut":0,"singlePid":0,"slug":"thematiques-editoriales","feBlacklist":true,"uid":31,"pid":41},"images":[],"shortcut":0,"singlePid":0,"slug":"aix-les-bains","feBlacklist":false,"uid":404,"pid":1964},"images":[],"shortcut":0,"singlePid":0,"slug":"sport","feBlacklist":false,"uid":510,"pid":1964}],"title":"Un d\u00e9but d\u2019ann\u00e9e enneig\u00e9 et sportif pour les enfants de l\u2019EMS","istopnews":false,"teaser":"En ce d\u00e9but de printemps, voici un r\u00e9sum\u00e9 en images de l\u2019hiver des enfants de l\u2019EMS. Un hiver riche en neige et en souvenirs !","quartier":[],"datetime":"2026-04-21T12:55:00+0200","archive":"2026-06-01T23:59:00+0200","hideRelatedContent":false,"pictureShow":[{"originalResource":{"originalFile":{"updatedProperties":[],"properties":{"uid":13598,"pid":0,"missing":0,"type":"2","storage":1,"identifier":"\/mediatheque_aix-les-bains\/Actualites\/Actus-2026\/04-EMS\/emsslalom.webp","identifier_hash":"933a71baf835426de201db7dfdbe6660d95b1798","extension":"webp","mime_type":"image\/webp","name":"emsslalom.webp","sha1":"64e2ade4c3aae93de2c2b4159578f0fa4bbc1105","size":125236,"creation_date":1776766262,"modification_date":1776766262,"folder_hash":"0ce48edd4281dba842fc8b941b25311353a9c607","tstamp":1776766262,"crdate":1776766262,"sys_language_uid":0,"l10n_parent":0,"l10n_state":null,"t3_origuid":0,"l10n_diffsource":"","t3ver_oid":0,"t3ver_wsid":0,"t3ver_state":0,"t3ver_stage":0,"file":13598,"title":null,"width":860,"height":502,"description":null,"alternative":null,"categories":0,"hide_download_link":0,"cim_base_description":null,"date_displayed":0,"cim_base_thumb":null,"archive":0,"copyright":"","cim_base_numero":0,"istopnews":0,"song_artist":"","song_title":"","language":0,"nosearch":0,"indexed":0,"content_creation_date":0,"content_modification_date":0,"visible":1,"status":"","keywords":null,"caption":null,"creator_tool":"","download_name":"","creator":"","publisher":"","source":"","location_country":"","location_region":"","location_city":"","latitude":"0.00000000000000","longitude":"0.00000000000000","ranking":0,"note":null,"unit":"","duration":0,"color_space":"","pages":0,"fe_groups":null,"external_url":"","listen_url":"","use_site_flipbook":0,"starttime":0,"endtime":0,"metadata_uid":13706},"identifier":"\/mediatheque_aix-les-bains\/Actualites\/Actus-2026\/04-EMS\/emsslalom.webp","name":"emsslalom.webp"}},"uid":18301,"pid":1844}],"pictureList":[],"uid":132,"pid":1844,"pid_title":"Actualit\u00e9s","site":"cms.aixlesbains.fr","sys_language_uid":0,"suggest_title":"Un d\u00e9but d\u2019ann\u00e9e enneig\u00e9 et sportif pour les enfants de l\u2019EMS","settings":{"urlBuilder":{"varDefaultDetailUidName":"idNewsDetail","parameters":{"action":"show","arguments":"directory","controller":"News","extensionName":"cimdirectory","pluginName":"Display"}},"editorial":{"contentElementId":"60","partial":"ItemList","itemType":"news","classes":"annuaire","hn":"2","popin":"1","grid":"horizontal","showImage":"1","showCategory":"1","showTeaser":"1","showOnHover":"0","showMore":"0","showDate":"0","urlBuilder":{"varDefaultDetailUidName":"idNewsDetail","parameters":{"action":"show","arguments":"directory","controller":"News","extensionName":"cimdirectory","pluginName":"Display"}},"images":{"list":{"fields":"pictureShow"}}},"list":{"contentElementId":"60","partial":"ItemList","itemType":"news","classes":"annuaire","hn":"2","popin":"1","grid":"horizontal","showImage":"1","showCategory":"1","showTeaser":"1","showOnHover":"0","showMore":"0","showDate":"0","urlBuilder":{"varDefaultDetailUidName":"idNewsDetail","parameters":{"action":"show","arguments":"directory","controller":"News","extensionName":"cimdirectory","pluginName":"Display"}},"images":{"list":{"fields":"pictureShow"}}},"search":{"contentElementId":"60","partial":"ItemList","itemType":"news","classes":"annuaire","hn":"2","grid":"horizontal","showImage":"1","showCategory":"1","showTeaser":"1","showOnHover":"0","showMore":"0","showDate":"0","urlBuilder":{"varDefaultDetailUidName":"idNewsDetail","parameters":{"action":"show","arguments":"directory","controller":"News","extensionName":"cimdirectory","pluginName":"Display"}}}},"id":"1844_132","imageList":[{"publicUrl":"https:\/\/www.aixlesbains.fr\/api\/fileadmin\/_processed_\/8\/b\/csm_emsslalom_1fded81d40.webp","properties":{"title":null,"alternative":null,"description":null,"link":null,"linkData":null,"mimeType":"image\/webp","type":"image","filename":"emsslalom.webp","originalUrl":"https:\/\/www.aixlesbains.fr\/api\/fileadmin\/mediatheque_aix-les-bains\/Actualites\/Actus-2026\/04-EMS\/emsslalom.webp","uidLocal":13598,"fileReferenceUid":18301,"size":125236,"dimensions":{"width":440,"height":285},"cropDimensions":{"width":440,"height":285},"crop":"{\"default\":{\"cropArea\":{\"x\":0,\"y\":0,\"width\":1,\"height\":1},\"selectedRatio\":\"NaN\",\"focusArea\":null}}","autoplay":null,"extension":"webp","initialDimensions":{"width":860,"height":502},"orientation":"paysage","copyright":"","processedExtension":"webp","publicUrl":"https:\/\/www.aixlesbains.fr\/api\/fileadmin\/_processed_\/8\/b\/csm_emsslalom_1fded81d40.webp","crdate":1776766262,"tstamp":1776766262}}],"links":[{"href":"\/actualites\/detail\/les-enfants-de-lems-sinitient-aux-joies-des-sports-dhiver","text":"Voir la fiche","target":null}],"agency":"Cameros"},{"type":"news","sorting":256,"sysLanguageUid":0,"hidden":0,"crdate":"2026-04-10T10:19:07+0200","tstamp":"2026-04-22T14:03:24+0200","pathSegment":"\/fete-de-la-musique-appel-a-musiciens-amateurs","categories":[{"sorting":1088,"crdate":"2025-01-16T16:55:31+0100","tstamp":"2025-01-16T16:55:31+0100","hidden":false,"sysLanguageUid":0,"l10nParent":0,"title":"Culture","parent":{"sorting":1280,"crdate":"2024-11-08T11:38:55+0100","tstamp":"2024-11-08T11:38:55+0100","hidden":false,"sysLanguageUid":0,"l10nParent":0,"title":"Aix-les-bains","parent":{"sorting":64,"crdate":"2024-01-05T15:29:02+0100","tstamp":"2025-01-30T13:33:44+0100","hidden":false,"sysLanguageUid":0,"l10nParent":0,"title":"Th\u00e9matiques \u00e9ditoriales","images":[],"shortcut":0,"singlePid":0,"slug":"thematiques-editoriales","feBlacklist":true,"uid":31,"pid":41},"images":[],"shortcut":0,"singlePid":0,"slug":"aix-les-bains","feBlacklist":false,"uid":404,"pid":1964},"images":[],"shortcut":0,"singlePid":0,"slug":"culture","feBlacklist":false,"uid":471,"pid":1964},{"sorting":1152,"crdate":"2025-01-08T17:04:23+0100","tstamp":"2025-01-30T14:04:40+0100","hidden":false,"sysLanguageUid":0,"l10nParent":0,"title":"D\u00e9marche","parent":{"sorting":1280,"crdate":"2024-11-08T11:38:55+0100","tstamp":"2024-11-08T11:38:55+0100","hidden":false,"sysLanguageUid":0,"l10nParent":0,"title":"Aix-les-bains","parent":{"sorting":64,"crdate":"2024-01-05T15:29:02+0100","tstamp":"2025-01-30T13:33:44+0100","hidden":false,"sysLanguageUid":0,"l10nParent":0,"title":"Th\u00e9matiques \u00e9ditoriales","images":[],"shortcut":0,"singlePid":0,"slug":"thematiques-editoriales","feBlacklist":true,"uid":31,"pid":41},"images":[],"shortcut":0,"singlePid":0,"slug":"aix-les-bains","feBlacklist":false,"uid":404,"pid":1964},"images":[],"shortcut":0,"singlePid":0,"slug":"test-categorie-de-test-1","feBlacklist":false,"uid":460,"pid":1964}],"title":"F\u00eate de la musique - Appel \u00e0 musiciens amateurs","istopnews":false,"teaser":"La F\u00eate de la Musique revient \u00e0 Aix-les-Bains le dimanche 21 juin 2026 ! \u00c0 cette occasion, un appel \u00e0 candidatures est lanc\u00e9 afin de compl\u00e9ter la programmation musicale de l\u2019\u00e9v\u00e9nement.","quartier":[],"datetime":"2026-04-13T13:46:00+0200","archive":"2026-05-03T23:59:00+0200","hideRelatedContent":false,"pictureShow":[{"originalResource":{"originalFile":{"updatedProperties":[],"properties":{"uid":13360,"pid":0,"missing":0,"type":"2","storage":1,"identifier":"\/mediatheque_aix-les-bains\/Actualites\/marronnier\/06-FETE_DE_LA_MUSIQUE\/fetemusique-actu.webp","identifier_hash":"c7665709a8426ac8bc0b60633dc0474465548522","extension":"webp","mime_type":"image\/webp","name":"fetemusique-actu.webp","sha1":"21b5acabc23133a5b30eb5619d5fdbb9e3d280b9","size":123844,"creation_date":1776683499,"modification_date":1776683499,"folder_hash":"2995168423b4c066f7fe561116fac4e0a42de611","tstamp":1775808511,"crdate":1775808511,"sys_language_uid":0,"l10n_parent":0,"l10n_state":null,"t3_origuid":0,"l10n_diffsource":"","t3ver_oid":0,"t3ver_wsid":0,"t3ver_state":0,"t3ver_stage":0,"file":13360,"title":null,"width":860,"height":502,"description":null,"alternative":null,"categories":0,"hide_download_link":0,"cim_base_description":null,"date_displayed":0,"cim_base_thumb":null,"archive":0,"copyright":"","cim_base_numero":0,"istopnews":0,"song_artist":"","song_title":"","language":0,"nosearch":0,"indexed":0,"content_creation_date":0,"content_modification_date":0,"visible":1,"status":"","keywords":null,"caption":null,"creator_tool":"","download_name":"","creator":"","publisher":"","source":"","location_country":"","location_region":"","location_city":"","latitude":"0.00000000000000","longitude":"0.00000000000000","ranking":0,"note":null,"unit":"","duration":0,"color_space":"","pages":0,"fe_groups":null,"external_url":"","listen_url":"","use_site_flipbook":0,"starttime":0,"endtime":0,"metadata_uid":13468},"identifier":"\/mediatheque_aix-les-bains\/Actualites\/marronnier\/06-FETE_DE_LA_MUSIQUE\/fetemusique-actu.webp","name":"fetemusique-actu.webp"}},"uid":18174,"pid":1844}],"pictureList":[],"uid":146,"pid":1844,"pid_title":"Actualit\u00e9s","site":"cms.aixlesbains.fr","sys_language_uid":0,"suggest_title":"F\u00eate de la musique - Appel \u00e0 musiciens amateurs","settings":{"urlBuilder":{"varDefaultDetailUidName":"idNewsDetail","parameters":{"action":"show","arguments":"directory","controller":"News","extensionName":"cimdirectory","pluginName":"Display"}},"editorial":{"contentElementId":"60","partial":"ItemList","itemType":"news","classes":"annuaire","hn":"2","popin":"1","grid":"horizontal","showImage":"1","showCategory":"1","showTeaser":"1","showOnHover":"0","showMore":"0","showDate":"0","urlBuilder":{"varDefaultDetailUidName":"idNewsDetail","parameters":{"action":"show","arguments":"directory","controller":"News","extensionName":"cimdirectory","pluginName":"Display"}},"images":{"list":{"fields":"pictureShow"}}},"list":{"contentElementId":"60","partial":"ItemList","itemType":"news","classes":"annuaire","hn":"2","popin":"1","grid":"horizontal","showImage":"1","showCategory":"1","showTeaser":"1","showOnHover":"0","showMore":"0","showDate":"0","urlBuilder":{"varDefaultDetailUidName":"idNewsDetail","parameters":{"action":"show","arguments":"directory","controller":"News","extensionName":"cimdirectory","pluginName":"Display"}},"images":{"list":{"fields":"pictureShow"}}},"search":{"contentElementId":"60","partial":"ItemList","itemType":"news","classes":"annuaire","hn":"2","grid":"horizontal","showImage":"1","showCategory":"1","showTeaser":"1","showOnHover":"0","showMore":"0","showDate":"0","urlBuilder":{"varDefaultDetailUidName":"idNewsDetail","parameters":{"action":"show","arguments":"directory","controller":"News","extensionName":"cimdirectory","pluginName":"Display"}}}},"id":"1844_146","imageList":[{"publicUrl":"https:\/\/www.aixlesbains.fr\/api\/fileadmin\/_processed_\/3\/a\/csm_fetemusique-actu_a91e7d8803.webp","properties":{"title":null,"alternative":null,"description":null,"link":null,"linkData":null,"mimeType":"image\/webp","type":"image","filename":"fetemusique-actu.webp","originalUrl":"https:\/\/www.aixlesbains.fr\/api\/fileadmin\/mediatheque_aix-les-bains\/Actualites\/marronnier\/06-FETE_DE_LA_MUSIQUE\/fetemusique-actu.webp","uidLocal":13360,"fileReferenceUid":18174,"size":123844,"dimensions":{"width":440,"height":285},"cropDimensions":{"width":440,"height":285},"crop":"{\"default\":{\"cropArea\":{\"x\":0,\"y\":0,\"width\":1,\"height\":1},\"selectedRatio\":\"NaN\",\"focusArea\":null}}","autoplay":null,"extension":"webp","initialDimensions":{"width":860,"height":502},"orientation":"paysage","copyright":"","processedExtension":"webp","publicUrl":"https:\/\/www.aixlesbains.fr\/api\/fileadmin\/_processed_\/3\/a\/csm_fetemusique-actu_a91e7d8803.webp","crdate":1776683499,"tstamp":1776683499}}],"links":[{"href":"\/actualites\/detail\/fete-de-la-musique-appel-a-musiciens-amateurs","text":"Voir la fiche","target":null}],"agency":"Cameros"},{"type":"news","sorting":3078,"sysLanguageUid":0,"hidden":0,"crdate":"2025-05-28T17:18:46+0200","starttime":"2026-04-01T08:00:00+0200","tstamp":"2026-03-04T08:52:38+0100","pathSegment":"\/il-est-temps-dinstaller-votre-piege-a-moustiques","categories":[{"sorting":1026,"crdate":"2025-01-30T11:30:55+0100","tstamp":"2025-02-24T16:12:45+0100","hidden":false,"sysLanguageUid":0,"l10nParent":0,"title":"Environnement","parent":{"sorting":1280,"crdate":"2024-11-08T11:38:55+0100","tstamp":"2024-11-08T11:38:55+0100","hidden":false,"sysLanguageUid":0,"l10nParent":0,"title":"Aix-les-bains","parent":{"sorting":64,"crdate":"2024-01-05T15:29:02+0100","tstamp":"2025-01-30T13:33:44+0100","hidden":false,"sysLanguageUid":0,"l10nParent":0,"title":"Th\u00e9matiques \u00e9ditoriales","images":[],"shortcut":0,"singlePid":0,"slug":"thematiques-editoriales","feBlacklist":true,"uid":31,"pid":41},"images":[],"shortcut":0,"singlePid":0,"slug":"aix-les-bains","feBlacklist":false,"uid":404,"pid":1964},"images":[],"shortcut":0,"singlePid":0,"slug":"environnement","feBlacklist":false,"uid":507,"pid":1964}],"title":"Il est temps d'installer votre pi\u00e8ge \u00e0 moustiques","istopnews":false,"teaser":"La saison des moustiques est de retour, pensez \u00e0 mettre en place le pi\u00e8ge \u00e0 moustiques dans votre jardin si vous en disposez d'un.","quartier":[],"datetime":"2026-03-31T08:00:00+0200","hideRelatedContent":false,"pictureShow":[{"originalResource":{"originalFile":{"updatedProperties":[],"properties":{"uid":7803,"pid":0,"missing":0,"type":"2","storage":1,"identifier":"\/mediatheque_aix-les-bains\/Actualites\/marronnier\/MOUSTIQUE_TIGRE\/piege-moustique.webp","identifier_hash":"bc47581444adf281c04ed6ed5c394c4d14b160ce","extension":"webp","mime_type":"image\/webp","name":"piege-moustique.webp","sha1":"0913cfaadae278b18ada36f7a347e7a9e32c459b","size":367230,"creation_date":1748587916,"modification_date":1748587916,"folder_hash":"8677e5385f816b5920dd7e39697f308480e81a1a","tstamp":1748446789,"crdate":1748446789,"sys_language_uid":0,"l10n_parent":0,"l10n_state":null,"t3_origuid":0,"l10n_diffsource":"","t3ver_oid":0,"t3ver_wsid":0,"t3ver_state":0,"t3ver_stage":0,"file":7803,"title":null,"width":846,"height":494,"description":null,"alternative":null,"categories":0,"hide_download_link":0,"cim_base_description":null,"date_displayed":0,"cim_base_thumb":null,"archive":0,"copyright":"","cim_base_numero":0,"istopnews":0,"song_artist":"","song_title":"","language":0,"nosearch":0,"indexed":0,"content_creation_date":0,"content_modification_date":0,"visible":1,"status":"","keywords":null,"caption":null,"creator_tool":"","download_name":"","creator":"","publisher":"","source":"","location_country":"","location_region":"","location_city":"","latitude":"0.00000000000000","longitude":"0.00000000000000","ranking":0,"note":null,"unit":"","duration":0,"color_space":"","pages":0,"fe_groups":null,"external_url":"","listen_url":"","use_site_flipbook":0,"starttime":0,"endtime":0,"metadata_uid":7852},"identifier":"\/mediatheque_aix-les-bains\/Actualites\/marronnier\/MOUSTIQUE_TIGRE\/piege-moustique.webp","name":"piege-moustique.webp"}},"uid":13404,"pid":1844}],"pictureList":[],"uid":68,"pid":1844,"pid_title":"Actualit\u00e9s","site":"cms.aixlesbains.fr","sys_language_uid":0,"suggest_title":"Il est temps d'installer votre pi\u00e8ge \u00e0 moustiques","settings":{"urlBuilder":{"varDefaultDetailUidName":"idNewsDetail","parameters":{"action":"show","arguments":"directory","controller":"News","extensionName":"cimdirectory","pluginName":"Display"}},"editorial":{"contentElementId":"60","partial":"ItemList","itemType":"news","classes":"annuaire","hn":"2","popin":"1","grid":"horizontal","showImage":"1","showCategory":"1","showTeaser":"1","showOnHover":"0","showMore":"0","showDate":"0","urlBuilder":{"varDefaultDetailUidName":"idNewsDetail","parameters":{"action":"show","arguments":"directory","controller":"News","extensionName":"cimdirectory","pluginName":"Display"}},"images":{"list":{"fields":"pictureShow"}}},"list":{"contentElementId":"60","partial":"ItemList","itemType":"news","classes":"annuaire","hn":"2","popin":"1","grid":"horizontal","showImage":"1","showCategory":"1","showTeaser":"1","showOnHover":"0","showMore":"0","showDate":"0","urlBuilder":{"varDefaultDetailUidName":"idNewsDetail","parameters":{"action":"show","arguments":"directory","controller":"News","extensionName":"cimdirectory","pluginName":"Display"}},"images":{"list":{"fields":"pictureShow"}}},"search":{"contentElementId":"60","partial":"ItemList","itemType":"news","classes":"annuaire","hn":"2","grid":"horizontal","showImage":"1","showCategory":"1","showTeaser":"1","showOnHover":"0","showMore":"0","showDate":"0","urlBuilder":{"varDefaultDetailUidName":"idNewsDetail","parameters":{"action":"show","arguments":"directory","controller":"News","extensionName":"cimdirectory","pluginName":"Display"}}}},"id":"1844_68","imageList":[{"publicUrl":"https:\/\/www.aixlesbains.fr\/api\/fileadmin\/_processed_\/c\/7\/csm_piege-moustique_4e0fa99a21.webp","properties":{"title":null,"alternative":null,"description":null,"link":null,"linkData":null,"mimeType":"image\/webp","type":"image","filename":"piege-moustique.webp","originalUrl":"https:\/\/www.aixlesbains.fr\/api\/fileadmin\/mediatheque_aix-les-bains\/Actualites\/marronnier\/MOUSTIQUE_TIGRE\/piege-moustique.webp","uidLocal":7803,"fileReferenceUid":13404,"size":367230,"dimensions":{"width":440,"height":285},"cropDimensions":{"width":440,"height":285},"crop":"{\"default\":{\"cropArea\":{\"x\":0,\"y\":0,\"width\":1,\"height\":1},\"selectedRatio\":\"NaN\",\"focusArea\":null}}","autoplay":null,"extension":"webp","initialDimensions":{"width":846,"height":494},"orientation":"paysage","copyright":"","processedExtension":"webp","publicUrl":"https:\/\/www.aixlesbains.fr\/api\/fileadmin\/_processed_\/c\/7\/csm_piege-moustique_4e0fa99a21.webp","crdate":1748587916,"tstamp":1748587916}}],"links":[{"href":"\/actualites\/detail\/il-est-temps-dinstaller-votre-piege-a-moustiques","text":"Voir la fiche","target":null}],"agency":"Cameros"}],"nbResults":10,"resultsPerPage":"4","form":null,"initialForm":null,"prefilters":[],"urlScroll":"\/?contentElements=4%2C9%2C11%2C15%2C45%2C46%2C47%2C48%2C49%2C50%2C51%2C52%2C53%2C54%2C55%2C56%2C57%2C58%2C59%2C60%2C61%2C62%2C63%2C64%2C65%2C66%2C67%2C74%2C75%2C76%2C77%2C78%2C79%2C80%2C81%2C82&elementId=3331&noCache=1&tx_cimsearchelastic_displaysearch%5Baction%5D=scroll&tx_cimsearchelastic_displaysearch%5Bcontroller%5D=Listing&type=99992&cHash=3773a35dc880dd09676697f22dfdb6be","urlGeo":"\/?contentElements=4%2C9%2C11%2C15%2C45%2C46%2C47%2C48%2C49%2C50%2C51%2C52%2C53%2C54%2C55%2C56%2C57%2C58%2C59%2C60%2C61%2C62%2C63%2C64%2C65%2C66%2C67%2C74%2C75%2C76%2C77%2C78%2C79%2C80%2C81%2C82&elementId=3331&noCache=1&tx_cimsearchelastic_displaysearch%5Baction%5D=geo&tx_cimsearchelastic_displaysearch%5Bcontroller%5D=Listing&type=99991&cHash=3773a35dc880dd09676697f22dfdb6be","urlShow":"\/?noCache=1&tx_cimsearchelastic_displaysearch%5Baction%5D=popup&tx_cimsearchelastic_displaysearch%5Bcontroller%5D=Listing&type=1602769059&cHash=7f6fb869087889a1f143d4d24e361700","urlPopup":"\/?noCache=1&tx_cimsearchelastic_displaysearch%5Baction%5D=popup&tx_cimsearchelastic_displaysearch%5Bcontroller%5D=Listing&type=1602769059&cHash=7f6fb869087889a1f143d4d24e361700","listLink":{"href":"\/actualites","text":"","target":""},"archiveListLink":{"href":"","text":"","target":""},"eventsListLink":{"href":"\/agendas","text":"","target":""},"newsListLink":{"href":"\/actualites","text":"","target":""}}}},{"id":3330,"type":"cimsearchelastic_displaysearch","colPos":0,"categories":"","appearance":{"layout":"default","frameClass":"default","spaceBefore":"","spaceAfter":""},"show_in_summary":false,"background_color":"strate_bg_blanc","content":{"header":"L'~Agenda","subheader":"","headerLayout":2,"headerPosition":"","headerLink":{"href":"\/agendas","target":null,"class":null,"title":"L'Agenda","linkText":"L'agenda d'Aix-les-Bains","additionalAttributes":[]},"data":{"settings":{"dateFormat":{"en":"Y-m-d","fr":"Y-m-d"},"page":"","template":"homeEvent","custom_template":"","type_affichage":"list_map","engineLocation":"VerticalForm","picture":"0","title":"Les~Agendas","subtitle":"","prefilters":"","showResults":"1","showArchives":"0","showFilters":"1","showArchiveFilter":"0","removeNumeric":"0","content_element":"51","categories":"","filter":"","multisite":"0","storage":"2110,2473,2474,2475,1846","includeSubfolders":"0","categoryConjunction":"or","noResultsMsg":"","source":"","excludeFields":"","categories_field":"specificCategories","idPageDetail":"","idPageList":"1927","typoLinkPageList":"","idPageArchives":"","idPageProp":"","titlePageProp":"Proposer un contenu","titlePageList":"","nb_results_per_page":"8","shouldLoad":"0","search_order":"datetime","search_order_direction":"asc","specific_search_order":"[ { \"istopnews\" : {\"order\" : \"desc\"}},  { \"duration.uid\" : {\"order\" : \"asc\"}}, { \"cimNewsStartDate\" : {\"order\" : \"asc\"}}, { \"cimNewsEndDate\" : {\"order\" : \"asc\"}} ]","getResultsByType":"0","getResultsByCategories":"0","groupByParentCategory":"","favoritesFirst":"0","limitToCurrentUser":"0","groupByCategoryFieldname":"categories"},"results":[{"type":"events","sorting":0,"sysLanguageUid":0,"hidden":0,"crdate":"2026-03-19T06:00:01+0100","tstamp":"2026-03-19T06:00:01+0100","pathSegment":"\/carnaval-venitien","categories":[],"mapLongitude":5.915029,"mapLatitude":45.686498,"title":"Carnaval V\u00e9nitien","importId":"7693452","istopnews":false,"teaser":"La magie du Carnaval v\u00e9nitien : costumes somptueux, masques \u00e9l\u00e9gants et ambiance f\u00e9erique envahissent les rues. Entre d\u00e9ambulations artistiques et march\u00e9 gastronomique aux saveurs raffin\u00e9es, vivez un voyage enchanteur au c\u0153ur des traditions italiennes.","description":"Samedi 2 mai 2026 : \r\n- \u00e0 partir de 10h et 14h30, d\u00e9ambulation libre, Parc de Verdure et alentours.\r\n- 15h30, pr\u00e9sentation des costum\u00e9s, Th\u00e9\u00e2tre de Verdure.\r\n- de 10h \u00e0 17h, March\u00e9 gastronomique italien, Th\u00e9\u00e2tre de Verdure.\r\n\r\nDimanche 3 mai 2026 :\r\n- \u00e0 partir de 15h, d\u00e9ambulation libre, centre-ville.\r\n- de 10h \u00e0 17h, March\u00e9 gastronomique italien, Th\u00e9\u00e2tre de Verdure.","creationDate":"2026-02-24T17:25:58+0100","cimNewsStartDate":"2026-05-02T00:00:00+0200","cimNewsEndDate":"2026-05-03T00:00:00+0200","duration":[{"sorting":512,"crdate":"2024-11-08T11:59:44+0100","tstamp":"2024-11-08T11:59:44+0100","hidden":false,"sysLanguageUid":0,"l10nParent":0,"title":"Courte dur\u00e9e","parent":{"sorting":256,"crdate":"2024-11-08T11:59:33+0100","tstamp":"2024-11-08T11:59:33+0100","hidden":false,"sysLanguageUid":0,"l10nParent":0,"title":"Types de dur\u00e9e","parent":{"sorting":256,"crdate":"2024-11-08T11:59:17+0100","tstamp":"2024-11-08T11:59:17+0100","hidden":false,"sysLanguageUid":0,"l10nParent":0,"title":"Agenda","images":[],"shortcut":0,"singlePid":0,"slug":"agenda","feBlacklist":false,"uid":406,"pid":1966},"images":[],"shortcut":0,"singlePid":0,"slug":"types-de-duree","feBlacklist":false,"uid":407,"pid":1967},"images":[],"shortcut":0,"singlePid":0,"slug":"courte-duree","feBlacklist":false,"uid":408,"pid":1967}],"hideRelatedEvents":false,"cimNewsScheduleDates":[{"sorting":1,"sysLanguageUid":0,"hidden":false,"crdate":"2026-03-19T06:00:01+0100","tstamp":"2026-03-19T06:00:01+0100","title":"39582979 - 2026-05-02 - 2026-05-03","cimNewsStartDate":"2026-05-02T00:00:00+0200","cimNewsEndDate":"2026-05-03T00:00:00+0200","complement":"Tous les jours.","place":[],"uid":5141,"pid":2110}],"schedule":"Du samedi 2 au dimanche 3 mai 2026 le samedi de 10h \u00e0 17h. Le dimanche de 15h \u00e0 17h.","pictureShow":[{"originalResource":{"originalFile":{"updatedProperties":[],"properties":{"size":203318,"modification_date":1773896411,"creation_date":1773896411,"mime_type":"image\/jpeg","name":"pictureShow_carnaval-venitien.jpeg","extension":"jpeg","identifier":"\/user_upload\/import\/pictureShow_carnaval-venitien.jpeg","identifier_hash":"f1db002b2d700274522bd73c6bf89e3eb38ae8fd","storage":1,"folder_hash":"cf40f83f2cbfdec6b9ed400bffcdfea18683e513","type":2,"sha1":"b93279cfec5ec9327861ddbec96e217bd56a7aba","missing":0,"uid":12709,"file":12709,"pid":0,"crdate":1773896401,"tstamp":1773896401,"l10n_diffsource":"","width":914,"height":1280,"metadata_uid":"12809"},"identifier":"\/user_upload\/import\/pictureShow_carnaval-venitien.jpeg","name":"pictureShow_carnaval-venitien.jpeg"}},"uid":17985,"pid":2110}],"pictureList":[],"organiser":[{"type":"generique","sorting":0,"sysLanguageUid":0,"hidden":false,"crdate":"2026-03-19T06:00:01+0100","tstamp":"2026-03-19T06:00:01+0100","categories":[],"mapLongitude":0,"mapLatitude":0,"importId":"7693452","phone":"06 52 19 07 11","mail":"aixevenement73@gmail.com","uid":1217,"pid":2114}],"publicType":[],"reservation":[],"tarifAdditionnal":"Gratuit.","tarifType":[{"sorting":0,"crdate":"2025-01-08T17:29:25+0100","tstamp":"2025-01-08T17:29:25+0100","hidden":false,"sysLanguageUid":0,"l10nParent":0,"title":"Gratuit","parent":{"sorting":256,"crdate":"2025-01-08T17:21:52+0100","tstamp":"2025-01-08T17:21:52+0100","hidden":false,"sysLanguageUid":0,"l10nParent":0,"title":"Types de tarifs","parent":{"sorting":256,"crdate":"2024-11-08T11:59:17+0100","tstamp":"2024-11-08T11:59:17+0100","hidden":false,"sysLanguageUid":0,"l10nParent":0,"title":"Agenda","images":[],"shortcut":0,"singlePid":0,"slug":"agenda","feBlacklist":false,"uid":406,"pid":1966},"images":[],"shortcut":0,"singlePid":0,"slug":"types-de-tarifs","feBlacklist":false,"uid":461,"pid":2116},"images":[],"shortcut":0,"singlePid":0,"feBlacklist":false,"uid":467,"pid":2116}],"lieu":[{"type":"generique","sorting":0,"sysLanguageUid":0,"hidden":false,"crdate":"2026-03-19T06:00:01+0100","tstamp":"2026-03-19T06:00:01+0100","categories":[],"mapLongitude":5.915029,"mapLatitude":45.686498,"title":"Th\u00e9\u00e2tre de Verdure","importId":"7693452","address":" Parc des thermes 73100 Aix-les-Bains","uid":1216,"pid":2115}],"medias":[],"theme":[{"sorting":0,"crdate":"2026-02-16T16:40:01+0100","tstamp":"2026-02-16T16:40:01+0100","hidden":false,"sysLanguageUid":0,"l10nParent":0,"title":"Divers arts","parent":{"sorting":0,"crdate":"2026-01-27T09:43:03+0100","tstamp":"2026-01-27T09:43:03+0100","hidden":false,"sysLanguageUid":0,"l10nParent":0,"title":"Arts et culture","parent":{"sorting":0,"tstamp":"2026-01-27T09:34:45+0100","hidden":false,"sysLanguageUid":0,"l10nParent":0,"title":"Apidae","images":[],"shortcut":0,"singlePid":0,"slug":"apidae-1","feBlacklist":false,"uid":807,"pid":2493},"images":[],"shortcut":0,"singlePid":0,"feBlacklist":false,"uid":815,"pid":2493},"images":[],"shortcut":0,"singlePid":0,"feBlacklist":false,"uid":875,"pid":2493}],"accessibility":[],"accessibilityDetail":[],"workflowStatus":[],"uid":1580,"pid":2110,"pid_title":"Agenda Ville","site":"cms.aixlesbains.fr","sys_language_uid":0,"suggest_title":"Carnaval V\u00e9nitien","raw_description":"Samedi 2 mai 2026 : \r\n- \u00e0 partir de 10h et 14h30, d\u00e9ambulation libre, Parc de Verdure et alentours.\r\n- 15h30, pr\u00e9sentation des costum\u00e9s, Th\u00e9\u00e2tre de Verdure.\r\n- de 10h \u00e0 17h, March\u00e9 gastronomique italien, Th\u00e9\u00e2tre de Verdure.\r\n\r\nDimanche 3 mai 2026 :\r\n- \u00e0 partir de 15h, d\u00e9ambulation libre, centre-ville.\r\n- de 10h \u00e0 17h, March\u00e9 gastronomique italien, Th\u00e9\u00e2tre de Verdure.","settings":{"urlBuilder":{"varDefaultDetailUidName":"idEventsDetail","parameters":{"action":"show","arguments":"directory","controller":"Events","extensionName":"cimdirectory","pluginName":"Display"}},"editorial":{"contentElementId":"51","partial":"ItemList","itemType":"events","classes":"annuaire","hn":"2","popin":"1","grid":"horizontal","showImage":"1","showCategory":"1","showTeaser":"1","showOnHover":"0","showMore":"0","showDate":"0","urlBuilder":{"varDefaultDetailUidName":"idEventsDetail","parameters":{"action":"show","arguments":"directory","controller":"Events","extensionName":"cimdirectory","pluginName":"Display"}},"images":{"list":{"fields":"pictureShow"}}},"list":{"contentElementId":"51","partial":"ItemList","itemType":"events","classes":"annuaire","hn":"2","popin":"1","grid":"horizontal","showImage":"1","showCategory":"1","showTeaser":"1","showOnHover":"0","showMore":"0","showDate":"0","urlBuilder":{"varDefaultDetailUidName":"idEventsDetail","parameters":{"action":"show","arguments":"directory","controller":"Events","extensionName":"cimdirectory","pluginName":"Display"}},"images":{"list":{"fields":"pictureShow"}}},"search":{"contentElementId":"51","partial":"ItemList","itemType":"events","classes":"annuaire","hn":"2","grid":"horizontal","showImage":"1","showCategory":"1","showTeaser":"1","showOnHover":"0","showMore":"0","showDate":"0","urlBuilder":{"varDefaultDetailUidName":"idEventsDetail","parameters":{"action":"show","arguments":"directory","controller":"Events","extensionName":"cimdirectory","pluginName":"Display"}}}},"geo_point":{"lat":45.686498,"lon":5.915029},"id":"2110_1580","imageList":[{"publicUrl":"https:\/\/www.aixlesbains.fr\/api\/fileadmin\/_processed_\/c\/a\/csm_pictureShow_carnaval-venitien_79437922a9.webp","properties":{"title":"","alternative":null,"description":"","link":null,"linkData":null,"mimeType":"image\/webp","type":"image","filename":"pictureShow_carnaval-venitien.jpeg","originalUrl":"https:\/\/www.aixlesbains.fr\/api\/fileadmin\/user_upload\/import\/pictureShow_carnaval-venitien.jpeg","uidLocal":12709,"fileReferenceUid":17985,"size":203318,"dimensions":{"width":390,"height":550},"cropDimensions":{"width":390,"height":550},"crop":"","autoplay":null,"extension":"jpeg","initialDimensions":{"width":914,"height":1280},"orientation":"portrait","copyright":"","processedExtension":"webp","publicUrl":"https:\/\/www.aixlesbains.fr\/api\/fileadmin\/_processed_\/c\/a\/csm_pictureShow_carnaval-venitien_79437922a9.webp","crdate":1773896411,"tstamp":1773896411}}],"links":[{"href":"\/agendas\/detail\/carnaval-venitien","text":"Voir la fiche","target":null}],"agency":"Cameros"},{"type":"events","sorting":0,"sysLanguageUid":0,"hidden":0,"crdate":"2026-04-14T06:00:01+0200","tstamp":"2026-04-15T06:00:01+0200","pathSegment":"\/pneumobile-tabac-prevention-respiration-parlons-en","categories":[{"sorting":512,"crdate":"2025-02-25T11:34:14+0100","tstamp":"2025-02-25T11:34:14+0100","hidden":false,"sysLanguageUid":0,"l10nParent":0,"title":"Initiation \/ d\u00e9couverte dans le cadre d'un \u00e9v\u00e9nement","parent":{"sorting":512,"crdate":"2025-01-08T16:25:55+0100","tstamp":"2025-01-08T16:25:55+0100","hidden":false,"sysLanguageUid":0,"l10nParent":0,"title":"Distractions et loisirs","parent":{"sorting":768,"crdate":"2025-01-08T15:29:43+0100","tstamp":"2025-01-08T15:29:51+0100","hidden":false,"sysLanguageUid":0,"l10nParent":0,"title":"Apidae","parent":{"sorting":256,"crdate":"2024-11-08T11:59:17+0100","tstamp":"2024-11-08T11:59:17+0100","hidden":false,"sysLanguageUid":0,"l10nParent":0,"title":"Agenda","images":[],"shortcut":0,"singlePid":0,"slug":"agenda","feBlacklist":false,"uid":406,"pid":1966},"images":[],"shortcut":0,"singlePid":0,"slug":"apidae","feBlacklist":false,"uid":445,"pid":2112},"images":[],"shortcut":0,"singlePid":0,"feBlacklist":false,"uid":452,"pid":2112},"images":[],"shortcut":0,"singlePid":0,"feBlacklist":false,"uid":695,"pid":2112}],"mapLongitude":5.909645,"mapLatitude":45.673949,"title":"Pneumobile : Tabac, pr\u00e9vention, respiration, parlons-en","importId":"7768219","istopnews":false,"coupdecoeur":false,"teaser":"Les Thermes de Marlioz accueillent le Pneumobile, un scanner mobile d\u00e9di\u00e9 au d\u00e9pistage du cancer du poumon. Durant 3 jours, \u00e9changez avec des professionnels de sant\u00e9 et profitez d\u2019\u00e9v\u00e9nements gratuits pour mieux comprendre les risques li\u00e9s au tabac.","description":"A l'occasion de la toute premi\u00e8re venue du camion Pneumobile \u00e0 Aix-les-Bains, trois jours de rencontres et d'\u00e9changes sont organis\u00e9s aux Thermes de Marlioz autour de la sant\u00e9 respiratoire.\r\n\r\nUn camion m\u00e9dical dot\u00e9 d\u2019un scanner mobile et d\u2019une \u00e9quipe m\u00e9dicale pour faire le point sur votre sant\u00e9 respiratoire\r\n\r\nLe Pneumobile est un camion m\u00e9dical dot\u00e9 d'un scanner mobile et d'une \u00e9quipe m\u00e9dicale pour faire le point sur votre sant\u00e9 respiratoire. Prenez rendez-vous pour effectuer gratuitement un d\u00e9pistage du cancer du poumon, pr\u00e8s de chez vous. \r\nCe bilan s\u2019adresse aux personnes \u00e2g\u00e9es de 50 \u00e0 74 ans, fumeuses ou ex-fumeuses, avec une consommation \u00e9quivalente \u00e0 10 cigarettes\/jour pendant 20 ans ou 20 cigarettes\/jour pendant 10 ans.\r\n\r\n3 jours pour s\u2019informer, comprendre et agir\r\nEn compl\u00e9ment des consultations propos\u00e9es dans le camion Pneumobile (sur inscription pr\u00e9alable), plusieurs temps d'\u00e9change sont propos\u00e9s gratuitement aux Thermes de Marlioz.\r\n\r\nCes rendez-vous ont \u00e9t\u00e9 pens\u00e9s pour permettre \u00e0 chacun de mieux comprendre les enjeux li\u00e9s au tabac et \u00e0 la sant\u00e9 respiratoire, et de s\u2019informer pour pr\u00e9venir les risques.\r\n\r\nJOURN\u00c9ES PORTES OUVERTES DES THERMES DE MARLIOZ\r\nVous connaissez les Thermes de Marlioz, mais vous n\u2019avez pas eu l\u2019opportunit\u00e9 de les tester?\r\nLes Thermes ouvrent leurs portes pour vous faire d\u00e9couvrir les soins thermaux d\u00e9di\u00e9s aux voies respiratoires, et vous permettre d\u2019\u00e9changer avec notre \u00e9quipe sur les bienfaits de la m\u00e9decine thermale dans la prise en charge respiratoire.\r\n> Mardi 5 mai, entre 8h et 11h\r\n> Mercredi 6 mai, entre 8h et 11h\r\nGratuit, Sur inscription.\r\n\r\nCONF\u00c9RENCE \"LE TABAC : LE POINT DE VUE D'UN ORL\"\r\nQuels sont les effets du tabac sur la gorge, la voix, le nez, les oreilles ou encore la respiration ?\r\nLe m\u00e9decin ORL C\u00e9dric Porret vous aide \u00e0 mieux comprendre les effets du tabac sur la sph\u00e8re ORL, \u00e0 rep\u00e9rer certains signaux d\u2019alerte et \u00e0 adopter les bons r\u00e9flexes pour pr\u00e9server votre sant\u00e9.\r\nUn temps utile pour s\u2019informer, et peut-\u00eatre amorcer un d\u00e9clic.\r\n> Mardi 5 mai, de 14h \u00e0 15h \r\nGratuit, Sur inscription.\r\n\r\nTABLE RONDE : \"TABAC ET NOUVELLES CONSOMMATIONS : COMMENT EN PARLER?\"\r\nVape, puff, chicha, cigarillos, snus, tabac \u00e0 chiquer\u2026 Ces nouveaux usages du tabac, per\u00e7us comme plus discrets ou moins nocifs que la cigarette, soul\u00e8vent pourtant eux aussi des questions de sant\u00e9 et des id\u00e9es re\u00e7ues. Faisons le point.\r\nComment aborder ces sujets avec les plus jeunes ? Avec un proche ? Avec un patient ?\r\nComment ouvrir le dialogue pour mieux informer et mieux accompagner ? \r\nEn pr\u00e9sence du Professeur Couraud, chef de service de pneumologie de l'hopital Lyon Sud, et de Pascal Bataille, cette table ronde r\u00e9unira plusieurs professionnels de sant\u00e9 reconnus.\r\n> Mardi 5 mai, de 15h \u00e0 17h\r\nGratuit, Sur inscription. \r\n\r\nQue vous soyez fumeur, ex fumeur, professionnel de sant\u00e9, ou que vous ayez des fumeurs dans votre entourage, ces \u00e9v\u00e9nements sont OUVERTS \u00c0 TOUS.\r\n\r\nCes temps forts sont GRATUITS et SUR INSCRIPTION.\r\n\r\nRenseignements aupr\u00e8s des Thermes de Marlioz au 04 79 61 79 61, ou par mail \u00e0 l'adresse thermes.domainedemarlioz@accor.com.","creationDate":"2026-04-11T06:02:21+0200","cimNewsStartDate":"2026-05-04T08:00:00+0200","cimNewsEndDate":"2026-05-06T17:00:00+0200","duration":[{"sorting":512,"crdate":"2024-11-08T11:59:44+0100","tstamp":"2024-11-08T11:59:44+0100","hidden":false,"sysLanguageUid":0,"l10nParent":0,"title":"Courte dur\u00e9e","parent":{"sorting":256,"crdate":"2024-11-08T11:59:33+0100","tstamp":"2024-11-08T11:59:33+0100","hidden":false,"sysLanguageUid":0,"l10nParent":0,"title":"Types de dur\u00e9e","parent":{"sorting":256,"crdate":"2024-11-08T11:59:17+0100","tstamp":"2024-11-08T11:59:17+0100","hidden":false,"sysLanguageUid":0,"l10nParent":0,"title":"Agenda","images":[],"shortcut":0,"singlePid":0,"slug":"agenda","feBlacklist":false,"uid":406,"pid":1966},"images":[],"shortcut":0,"singlePid":0,"slug":"types-de-duree","feBlacklist":false,"uid":407,"pid":1967},"images":[],"shortcut":0,"singlePid":0,"slug":"courte-duree","feBlacklist":false,"uid":408,"pid":1967}],"hideRelatedEvents":false,"cimNewsScheduleDates":[{"sorting":1,"sysLanguageUid":0,"hidden":false,"crdate":"2026-04-14T06:00:01+0200","tstamp":"2026-04-14T06:00:01+0200","title":"40272375 - 2026-05-04 - 2026-05-06","cimNewsStartDate":"2026-05-04T08:00:00+0200","cimNewsEndDate":"2026-05-06T17:00:00+0200","complement":"Tous les jours.","place":[],"uid":5234,"pid":2110}],"schedule":"Du lundi 4 au mercredi 6 mai 2026 de 8h \u00e0 17h.","pictureShow":[{"originalResource":{"originalFile":{"updatedProperties":["modification_date","creation_date","type"],"properties":{"uid":13404,"pid":0,"missing":0,"type":2,"storage":1,"identifier":"\/user_upload\/import\/pictureShow_pneumobile-tabac-prevention-respiration-parlons-en.jpg","identifier_hash":"4731e0e81e71276edc63e0f8ac4962cd6558f06c","extension":"jpg","mime_type":"image\/jpeg","name":"pictureShow_pneumobile-tabac-prevention-respiration-parlons-en.jpg","sha1":"20921e1b985ad95a3b9f5b73b208fabb081724ab","size":230647,"creation_date":1776225606,"modification_date":1776225606,"folder_hash":"cf40f83f2cbfdec6b9ed400bffcdfea18683e513","tstamp":1776139201,"crdate":1776139201,"sys_language_uid":0,"l10n_parent":0,"l10n_state":null,"t3_origuid":0,"l10n_diffsource":"","t3ver_oid":0,"t3ver_wsid":0,"t3ver_state":0,"t3ver_stage":0,"file":13404,"title":null,"width":1464,"height":884,"description":null,"alternative":null,"categories":0,"hide_download_link":0,"cim_base_description":null,"date_displayed":0,"cim_base_thumb":null,"archive":0,"copyright":"","cim_base_numero":0,"istopnews":0,"song_artist":"","song_title":"","language":0,"nosearch":0,"indexed":0,"content_creation_date":0,"content_modification_date":0,"visible":1,"status":"","keywords":null,"caption":null,"creator_tool":"","download_name":"","creator":"","publisher":"","source":"","location_country":"","location_region":"","location_city":"","latitude":"0.00000000000000","longitude":"0.00000000000000","ranking":0,"note":null,"unit":"","duration":0,"color_space":"","pages":0,"fe_groups":null,"external_url":"","listen_url":"","use_site_flipbook":0,"starttime":0,"endtime":0,"metadata_uid":13512},"identifier":"\/user_upload\/import\/pictureShow_pneumobile-tabac-prevention-respiration-parlons-en.jpg","name":"pictureShow_pneumobile-tabac-prevention-respiration-parlons-en.jpg"}},"uid":18244,"pid":2110}],"pictureList":[],"organiser":[{"type":"generique","sorting":0,"sysLanguageUid":0,"hidden":false,"crdate":"2026-04-14T06:00:01+0200","tstamp":"2026-04-15T06:00:01+0200","categories":[],"mapLongitude":0,"mapLatitude":0,"importId":"7768219","phone":"04 79 61 79 61","website":"https:\/\/www.thermesdemarlioz.com\/camion-pneumobile-aix-les-bains","mail":"thermes.domainedemarlioz@accor.com","uid":1300,"pid":2114}],"publicType":[],"reservation":[],"tarifAdditionnal":"Gratuit.","ticketingLink":"https:\/\/docs.google.com\/forms\/d\/e\/1FAIpQLSf_T7-VjEdQFZN9NIikpsg53Vo271T5z8J_pzAHtxDxprFtPQ\/viewform","tarifType":[{"sorting":0,"crdate":"2025-01-08T17:29:25+0100","tstamp":"2025-01-08T17:29:25+0100","hidden":false,"sysLanguageUid":0,"l10nParent":0,"title":"Gratuit","parent":{"sorting":256,"crdate":"2025-01-08T17:21:52+0100","tstamp":"2025-01-08T17:21:52+0100","hidden":false,"sysLanguageUid":0,"l10nParent":0,"title":"Types de tarifs","parent":{"sorting":256,"crdate":"2024-11-08T11:59:17+0100","tstamp":"2024-11-08T11:59:17+0100","hidden":false,"sysLanguageUid":0,"l10nParent":0,"title":"Agenda","images":[],"shortcut":0,"singlePid":0,"slug":"agenda","feBlacklist":false,"uid":406,"pid":1966},"images":[],"shortcut":0,"singlePid":0,"slug":"types-de-tarifs","feBlacklist":false,"uid":461,"pid":2116},"images":[],"shortcut":0,"singlePid":0,"feBlacklist":false,"uid":467,"pid":2116}],"lieu":[{"type":"generique","sorting":0,"sysLanguageUid":0,"hidden":false,"crdate":"2026-04-14T06:00:01+0200","tstamp":"2026-04-15T06:00:01+0200","categories":[],"mapLongitude":5.909645,"mapLatitude":45.673949,"title":"Thermes du Domaine de Marlioz","importId":"7768219","address":" 111 Avenue de Marlioz 73100 Aix-les-Bains","uid":1299,"pid":2115}],"medias":[{"sorting":1,"sysLanguageUid":0,"hidden":false,"crdate":"2026-04-14T06:00:01+0200","tstamp":"2026-04-15T06:00:01+0200","title":"Temps forts organis\u00e9s autour du camion Pneumobile","importId":"37600214","link":"https:\/\/static.apidae-tourisme.com\/filestore\/objets-touristiques\/documents\/203\/37\/40117707\/FLYER+TEMPS+FORTS+PNEUMOBILE+-+Thermes+de+Marlioz.pdf","extension":"pdf","size":442903,"uid":143,"pid":2113}],"theme":[{"sorting":0,"crdate":"2026-01-27T09:43:03+0100","tstamp":"2026-01-27T09:43:03+0100","hidden":false,"sysLanguageUid":0,"l10nParent":0,"title":"Bien-\u00eatre","parent":{"sorting":0,"crdate":"2026-01-27T09:43:03+0100","tstamp":"2026-01-27T09:43:03+0100","hidden":false,"sysLanguageUid":0,"l10nParent":0,"title":"Sciences et techniques","parent":{"sorting":0,"tstamp":"2026-01-27T09:34:45+0100","hidden":false,"sysLanguageUid":0,"l10nParent":0,"title":"Apidae","images":[],"shortcut":0,"singlePid":0,"slug":"apidae-1","feBlacklist":false,"uid":807,"pid":2493},"images":[],"shortcut":0,"singlePid":0,"feBlacklist":false,"uid":834,"pid":2493},"images":[],"shortcut":0,"singlePid":0,"feBlacklist":false,"uid":840,"pid":2493},{"sorting":0,"crdate":"2026-01-27T09:43:03+0100","tstamp":"2026-01-27T09:43:03+0100","hidden":false,"sysLanguageUid":0,"l10nParent":0,"title":"Sant\u00e9 publique","parent":{"sorting":0,"crdate":"2026-01-27T09:43:03+0100","tstamp":"2026-01-27T09:43:03+0100","hidden":false,"sysLanguageUid":0,"l10nParent":0,"title":"Sciences et techniques","parent":{"sorting":0,"tstamp":"2026-01-27T09:34:45+0100","hidden":false,"sysLanguageUid":0,"l10nParent":0,"title":"Apidae","images":[],"shortcut":0,"singlePid":0,"slug":"apidae-1","feBlacklist":false,"uid":807,"pid":2493},"images":[],"shortcut":0,"singlePid":0,"feBlacklist":false,"uid":834,"pid":2493},"images":[],"shortcut":0,"singlePid":0,"feBlacklist":false,"uid":841,"pid":2493},{"sorting":0,"crdate":"2026-02-20T06:00:01+0100","tstamp":"2026-02-20T06:00:01+0100","hidden":false,"sysLanguageUid":0,"l10nParent":0,"title":"Sujet de soci\u00e9t\u00e9","parent":{"sorting":0,"crdate":"2026-01-27T09:43:03+0100","tstamp":"2026-01-27T09:43:03+0100","hidden":false,"sysLanguageUid":0,"l10nParent":0,"title":"Divers","parent":{"sorting":0,"tstamp":"2026-01-27T09:34:45+0100","hidden":false,"sysLanguageUid":0,"l10nParent":0,"title":"Apidae","images":[],"shortcut":0,"singlePid":0,"slug":"apidae-1","feBlacklist":false,"uid":807,"pid":2493},"images":[],"shortcut":0,"singlePid":0,"feBlacklist":false,"uid":828,"pid":2493},"images":[],"shortcut":0,"singlePid":0,"feBlacklist":false,"uid":884,"pid":2493},{"sorting":0,"crdate":"2026-04-14T06:00:01+0200","tstamp":"2026-04-14T06:00:01+0200","hidden":false,"sysLanguageUid":0,"l10nParent":0,"title":"M\u00e9decine","parent":{"sorting":0,"crdate":"2026-01-27T09:43:03+0100","tstamp":"2026-01-27T09:43:03+0100","hidden":false,"sysLanguageUid":0,"l10nParent":0,"title":"Sciences et techniques","parent":{"sorting":0,"tstamp":"2026-01-27T09:34:45+0100","hidden":false,"sysLanguageUid":0,"l10nParent":0,"title":"Apidae","images":[],"shortcut":0,"singlePid":0,"slug":"apidae-1","feBlacklist":false,"uid":807,"pid":2493},"images":[],"shortcut":0,"singlePid":0,"feBlacklist":false,"uid":834,"pid":2493},"images":[],"shortcut":0,"singlePid":0,"feBlacklist":false,"uid":904,"pid":2493},{"sorting":0,"crdate":"2026-04-14T06:00:01+0200","tstamp":"2026-04-14T06:00:01+0200","hidden":false,"sysLanguageUid":0,"l10nParent":0,"title":"Citoyennet\u00e9","parent":{"sorting":0,"crdate":"2026-01-27T09:43:03+0100","tstamp":"2026-01-27T09:43:03+0100","hidden":false,"sysLanguageUid":0,"l10nParent":0,"title":"Divers","parent":{"sorting":0,"tstamp":"2026-01-27T09:34:45+0100","hidden":false,"sysLanguageUid":0,"l10nParent":0,"title":"Apidae","images":[],"shortcut":0,"singlePid":0,"slug":"apidae-1","feBlacklist":false,"uid":807,"pid":2493},"images":[],"shortcut":0,"singlePid":0,"feBlacklist":false,"uid":828,"pid":2493},"images":[],"shortcut":0,"singlePid":0,"feBlacklist":false,"uid":905,"pid":2493}],"accessibility":[],"accessibilityDetail":[],"workflowStatus":[],"uid":1631,"pid":2110,"pid_title":"Agenda Ville","site":"cms.aixlesbains.fr","sys_language_uid":0,"suggest_title":"Pneumobile : Tabac, pr\u00e9vention, respiration, parlons-en","raw_description":"A l'occasion de la toute premi\u00e8re venue du camion Pneumobile \u00e0 Aix-les-Bains, trois jours de rencontres et d'\u00e9changes sont organis\u00e9s aux Thermes de Marlioz autour de la sant\u00e9 respiratoire.\r\n\r\nUn camion m\u00e9dical dot\u00e9 d\u2019un scanner mobile et d\u2019une \u00e9quipe m\u00e9dicale pour faire le point sur votre sant\u00e9 respiratoire\r\n\r\nLe Pneumobile est un camion m\u00e9dical dot\u00e9 d'un scanner mobile et d'une \u00e9quipe m\u00e9dicale pour faire le point sur votre sant\u00e9 respiratoire. Prenez rendez-vous pour effectuer gratuitement un d\u00e9pistage du cancer du poumon, pr\u00e8s de chez vous. \r\nCe bilan s\u2019adresse aux personnes \u00e2g\u00e9es de 50 \u00e0 74 ans, fumeuses ou ex-fumeuses, avec une consommation \u00e9quivalente \u00e0 10 cigarettes\/jour pendant 20 ans ou 20 cigarettes\/jour pendant 10 ans.\r\n\r\n3 jours pour s\u2019informer, comprendre et agir\r\nEn compl\u00e9ment des consultations propos\u00e9es dans le camion Pneumobile (sur inscription pr\u00e9alable), plusieurs temps d'\u00e9change sont propos\u00e9s gratuitement aux Thermes de Marlioz.\r\n\r\nCes rendez-vous ont \u00e9t\u00e9 pens\u00e9s pour permettre \u00e0 chacun de mieux comprendre les enjeux li\u00e9s au tabac et \u00e0 la sant\u00e9 respiratoire, et de s\u2019informer pour pr\u00e9venir les risques.\r\n\r\nJOURN\u00c9ES PORTES OUVERTES DES THERMES DE MARLIOZ\r\nVous connaissez les Thermes de Marlioz, mais vous n\u2019avez pas eu l\u2019opportunit\u00e9 de les tester?\r\nLes Thermes ouvrent leurs portes pour vous faire d\u00e9couvrir les soins thermaux d\u00e9di\u00e9s aux voies respiratoires, et vous permettre d\u2019\u00e9changer avec notre \u00e9quipe sur les bienfaits de la m\u00e9decine thermale dans la prise en charge respiratoire.\r\n> Mardi 5 mai, entre 8h et 11h\r\n> Mercredi 6 mai, entre 8h et 11h\r\nGratuit, Sur inscription.\r\n\r\nCONF\u00c9RENCE \"LE TABAC : LE POINT DE VUE D'UN ORL\"\r\nQuels sont les effets du tabac sur la gorge, la voix, le nez, les oreilles ou encore la respiration ?\r\nLe m\u00e9decin ORL C\u00e9dric Porret vous aide \u00e0 mieux comprendre les effets du tabac sur la sph\u00e8re ORL, \u00e0 rep\u00e9rer certains signaux d\u2019alerte et \u00e0 adopter les bons r\u00e9flexes pour pr\u00e9server votre sant\u00e9.\r\nUn temps utile pour s\u2019informer, et peut-\u00eatre amorcer un d\u00e9clic.\r\n> Mardi 5 mai, de 14h \u00e0 15h \r\nGratuit, Sur inscription.\r\n\r\nTABLE RONDE : \"TABAC ET NOUVELLES CONSOMMATIONS : COMMENT EN PARLER?\"\r\nVape, puff, chicha, cigarillos, snus, tabac \u00e0 chiquer\u2026 Ces nouveaux usages du tabac, per\u00e7us comme plus discrets ou moins nocifs que la cigarette, soul\u00e8vent pourtant eux aussi des questions de sant\u00e9 et des id\u00e9es re\u00e7ues. Faisons le point.\r\nComment aborder ces sujets avec les plus jeunes ? Avec un proche ? Avec un patient ?\r\nComment ouvrir le dialogue pour mieux informer et mieux accompagner ? \r\nEn pr\u00e9sence du Professeur Couraud, chef de service de pneumologie de l'hopital Lyon Sud, et de Pascal Bataille, cette table ronde r\u00e9unira plusieurs professionnels de sant\u00e9 reconnus.\r\n> Mardi 5 mai, de 15h \u00e0 17h\r\nGratuit, Sur inscription. \r\n\r\nQue vous soyez fumeur, ex fumeur, professionnel de sant\u00e9, ou que vous ayez des fumeurs dans votre entourage, ces \u00e9v\u00e9nements sont OUVERTS \u00c0 TOUS.\r\n\r\nCes temps forts sont GRATUITS et SUR INSCRIPTION.\r\n\r\nRenseignements aupr\u00e8s des Thermes de Marlioz au 04 79 61 79 61, ou par mail \u00e0 l'adresse thermes.domainedemarlioz@accor.com.","settings":{"urlBuilder":{"varDefaultDetailUidName":"idEventsDetail","parameters":{"action":"show","arguments":"directory","controller":"Events","extensionName":"cimdirectory","pluginName":"Display"}},"editorial":{"contentElementId":"51","partial":"ItemList","itemType":"events","classes":"annuaire","hn":"2","popin":"1","grid":"horizontal","showImage":"1","showCategory":"1","showTeaser":"1","showOnHover":"0","showMore":"0","showDate":"0","urlBuilder":{"varDefaultDetailUidName":"idEventsDetail","parameters":{"action":"show","arguments":"directory","controller":"Events","extensionName":"cimdirectory","pluginName":"Display"}},"images":{"list":{"fields":"pictureShow"}}},"list":{"contentElementId":"51","partial":"ItemList","itemType":"events","classes":"annuaire","hn":"2","popin":"1","grid":"horizontal","showImage":"1","showCategory":"1","showTeaser":"1","showOnHover":"0","showMore":"0","showDate":"0","urlBuilder":{"varDefaultDetailUidName":"idEventsDetail","parameters":{"action":"show","arguments":"directory","controller":"Events","extensionName":"cimdirectory","pluginName":"Display"}},"images":{"list":{"fields":"pictureShow"}}},"search":{"contentElementId":"51","partial":"ItemList","itemType":"events","classes":"annuaire","hn":"2","grid":"horizontal","showImage":"1","showCategory":"1","showTeaser":"1","showOnHover":"0","showMore":"0","showDate":"0","urlBuilder":{"varDefaultDetailUidName":"idEventsDetail","parameters":{"action":"show","arguments":"directory","controller":"Events","extensionName":"cimdirectory","pluginName":"Display"}}}},"geo_point":{"lat":45.673949,"lon":5.909645},"id":"2110_1631","imageList":[{"publicUrl":"https:\/\/www.aixlesbains.fr\/api\/fileadmin\/_processed_\/0\/7\/csm_pictureShow_pneumobile-tabac-prevention-respiration-parlons-en_cf1a47ae22.webp","properties":{"title":"","alternative":null,"description":"","link":null,"linkData":null,"mimeType":"image\/webp","type":"image","filename":"pictureShow_pneumobile-tabac-prevention-respiration-parlons-en.jpg","originalUrl":"https:\/\/www.aixlesbains.fr\/api\/fileadmin\/user_upload\/import\/pictureShow_pneumobile-tabac-prevention-respiration-parlons-en.jpg","uidLocal":13404,"fileReferenceUid":18244,"size":230647,"dimensions":{"width":330,"height":470},"cropDimensions":{"width":330,"height":470},"crop":"","autoplay":null,"extension":"jpg","initialDimensions":{"width":1464,"height":884},"orientation":"paysage","copyright":"","processedExtension":"webp","publicUrl":"https:\/\/www.aixlesbains.fr\/api\/fileadmin\/_processed_\/0\/7\/csm_pictureShow_pneumobile-tabac-prevention-respiration-parlons-en_cf1a47ae22.webp","crdate":1776225606,"tstamp":1776225606}}],"links":[{"href":"\/agendas\/detail\/pneumobile-tabac-prevention-respiration-parlons-en","text":"Voir la fiche","target":null}],"agency":"Cameros"},{"type":"events","sorting":0,"sysLanguageUid":0,"hidden":0,"crdate":"2026-04-15T06:00:01+0200","tstamp":"2026-04-15T06:00:01+0200","pathSegment":"\/journees-portes-ouvertes-aux-thermes-de-marlioz","categories":[{"sorting":512,"crdate":"2025-01-08T16:25:55+0100","tstamp":"2025-01-08T16:25:55+0100","hidden":false,"sysLanguageUid":0,"l10nParent":0,"title":"Conf\u00e9rence \/ D\u00e9bat \/ Rencontre","parent":{"sorting":512,"crdate":"2025-01-08T16:25:08+0100","tstamp":"2025-01-08T16:25:08+0100","hidden":false,"sysLanguageUid":0,"l10nParent":0,"title":"Arts et culture","parent":{"sorting":768,"crdate":"2025-01-08T15:29:43+0100","tstamp":"2025-01-08T15:29:51+0100","hidden":false,"sysLanguageUid":0,"l10nParent":0,"title":"Apidae","parent":{"sorting":256,"crdate":"2024-11-08T11:59:17+0100","tstamp":"2024-11-08T11:59:17+0100","hidden":false,"sysLanguageUid":0,"l10nParent":0,"title":"Agenda","images":[],"shortcut":0,"singlePid":0,"slug":"agenda","feBlacklist":false,"uid":406,"pid":1966},"images":[],"shortcut":0,"singlePid":0,"slug":"apidae","feBlacklist":false,"uid":445,"pid":2112},"images":[],"shortcut":0,"singlePid":0,"feBlacklist":false,"uid":446,"pid":2112},"images":[],"shortcut":0,"singlePid":0,"feBlacklist":false,"uid":454,"pid":2112}],"mapLongitude":5.909564,"mapLatitude":45.673994,"title":"Journ\u00e9es Portes Ouvertes aux Thermes de Marlioz","importId":"7773093","istopnews":false,"coupdecoeur":false,"teaser":"Vous connaissez les Thermes de Marlioz, mais vous n\u2019avez pas eu l\u2019opportunit\u00e9 de les tester?\r\nLes Thermes ouvrent leurs portes pour vous faire d\u00e9couvrir les soins thermaux d\u00e9di\u00e9s aux voies respiratoires.","description":"Vous connaissez les Thermes de Marlioz, mais vous n\u2019avez pas eu l\u2019opportunit\u00e9 de les tester?\r\nLes Thermes ouvrent leurs portes pour vous faire d\u00e9couvrir les soins thermaux d\u00e9di\u00e9s aux voies respiratoires, et vous permettre d\u2019\u00e9changer avec notre \u00e9quipe sur les bienfaits de la m\u00e9decine thermale dans la prise en charge respiratoire.\r\n\r\nGratuit, ouvert \u00e0 tous\r\nSur inscription","creationDate":"2026-04-13T17:48:25+0200","cimNewsStartDate":"2026-05-05T08:00:00+0200","cimNewsEndDate":"2026-05-06T11:00:00+0200","duration":[{"sorting":512,"crdate":"2024-11-08T11:59:44+0100","tstamp":"2024-11-08T11:59:44+0100","hidden":false,"sysLanguageUid":0,"l10nParent":0,"title":"Courte dur\u00e9e","parent":{"sorting":256,"crdate":"2024-11-08T11:59:33+0100","tstamp":"2024-11-08T11:59:33+0100","hidden":false,"sysLanguageUid":0,"l10nParent":0,"title":"Types de dur\u00e9e","parent":{"sorting":256,"crdate":"2024-11-08T11:59:17+0100","tstamp":"2024-11-08T11:59:17+0100","hidden":false,"sysLanguageUid":0,"l10nParent":0,"title":"Agenda","images":[],"shortcut":0,"singlePid":0,"slug":"agenda","feBlacklist":false,"uid":406,"pid":1966},"images":[],"shortcut":0,"singlePid":0,"slug":"types-de-duree","feBlacklist":false,"uid":407,"pid":1967},"images":[],"shortcut":0,"singlePid":0,"slug":"courte-duree","feBlacklist":false,"uid":408,"pid":1967}],"hideRelatedEvents":false,"cimNewsScheduleDates":[{"sorting":1,"sysLanguageUid":0,"hidden":false,"crdate":"2026-04-15T06:00:01+0200","tstamp":"2026-04-15T06:00:01+0200","title":"40303911 - 2026-05-05 - 2026-05-06","cimNewsStartDate":"2026-05-05T08:00:00+0200","cimNewsEndDate":"2026-05-06T11:00:00+0200","complement":"Tous les jours.","place":[],"uid":5237,"pid":2110}],"schedule":"Du mardi 5 au mercredi 6 mai 2026 de 8h \u00e0 11h.","pictureShow":[{"originalResource":{"originalFile":{"updatedProperties":[],"properties":{"size":1093386,"modification_date":1776225605,"creation_date":1776225606,"mime_type":"image\/png","name":"pictureShow_journees-portes-ouvertes-aux-thermes-de-marlioz.png","extension":"png","identifier":"\/user_upload\/import\/pictureShow_journees-portes-ouvertes-aux-thermes-de-marlioz.png","identifier_hash":"3d56e32ad95649b76f04119e6f03f1a769f59a46","storage":1,"folder_hash":"cf40f83f2cbfdec6b9ed400bffcdfea18683e513","type":2,"sha1":"369d1cd018fd471f105e82eb2c750b4115008010","missing":0,"uid":13433,"file":13433,"pid":0,"crdate":1776225601,"tstamp":1776225601,"l10n_diffsource":"","width":940,"height":788,"metadata_uid":"13541"},"identifier":"\/user_upload\/import\/pictureShow_journees-portes-ouvertes-aux-thermes-de-marlioz.png","name":"pictureShow_journees-portes-ouvertes-aux-thermes-de-marlioz.png"}},"uid":18243,"pid":2110}],"pictureList":[],"organiser":[{"type":"generique","sorting":0,"sysLanguageUid":0,"hidden":false,"crdate":"2026-04-15T06:00:01+0200","tstamp":"2026-04-15T06:00:01+0200","categories":[],"mapLongitude":0,"mapLatitude":0,"importId":"7773093","phone":"04 79 61 79 61","website":"https:\/\/www.thermesdemarlioz.com\/camion-pneumobile-aix-les-bains","mail":"thermes.domainedemarlioz@accor.com","uid":1304,"pid":2114}],"publicType":[],"reservation":[],"tarifAdditionnal":"Gratuit.","ticketingLink":"https:\/\/forms.gle\/id6K6DxNUzjUFneh8","tarifType":[{"sorting":0,"crdate":"2025-01-08T17:29:25+0100","tstamp":"2025-01-08T17:29:25+0100","hidden":false,"sysLanguageUid":0,"l10nParent":0,"title":"Gratuit","parent":{"sorting":256,"crdate":"2025-01-08T17:21:52+0100","tstamp":"2025-01-08T17:21:52+0100","hidden":false,"sysLanguageUid":0,"l10nParent":0,"title":"Types de tarifs","parent":{"sorting":256,"crdate":"2024-11-08T11:59:17+0100","tstamp":"2024-11-08T11:59:17+0100","hidden":false,"sysLanguageUid":0,"l10nParent":0,"title":"Agenda","images":[],"shortcut":0,"singlePid":0,"slug":"agenda","feBlacklist":false,"uid":406,"pid":1966},"images":[],"shortcut":0,"singlePid":0,"slug":"types-de-tarifs","feBlacklist":false,"uid":461,"pid":2116},"images":[],"shortcut":0,"singlePid":0,"feBlacklist":false,"uid":467,"pid":2116}],"lieu":[{"type":"generique","sorting":0,"sysLanguageUid":0,"hidden":false,"crdate":"2026-04-15T06:00:01+0200","tstamp":"2026-04-15T06:00:01+0200","categories":[],"mapLongitude":5.909564,"mapLatitude":45.673994,"title":"Thermes de Marlioz","importId":"7773093","address":" 111 Avenue de Marlioz 73100 Aix-les-Bains","uid":1303,"pid":2115}],"medias":[{"sorting":1,"sysLanguageUid":0,"hidden":false,"crdate":"2026-04-15T06:00:01+0200","tstamp":"2026-04-15T06:00:01+0200","title":"Temps Forts Pneumobile Aix les Bains","importId":"37732121","link":"https:\/\/static.apidae-tourisme.com\/filestore\/objets-touristiques\/documents\/92\/99\/40264540\/FLYER+TEMPS+FORTS+PNEUMOBILE+-+Thermes+de+Marlioz.pdf","extension":"pdf","size":442903,"uid":144,"pid":2113}],"theme":[{"sorting":0,"crdate":"2026-01-27T09:43:03+0100","tstamp":"2026-01-27T09:43:03+0100","hidden":false,"sysLanguageUid":0,"l10nParent":0,"title":"Bien-\u00eatre","parent":{"sorting":0,"crdate":"2026-01-27T09:43:03+0100","tstamp":"2026-01-27T09:43:03+0100","hidden":false,"sysLanguageUid":0,"l10nParent":0,"title":"Sciences et techniques","parent":{"sorting":0,"tstamp":"2026-01-27T09:34:45+0100","hidden":false,"sysLanguageUid":0,"l10nParent":0,"title":"Apidae","images":[],"shortcut":0,"singlePid":0,"slug":"apidae-1","feBlacklist":false,"uid":807,"pid":2493},"images":[],"shortcut":0,"singlePid":0,"feBlacklist":false,"uid":834,"pid":2493},"images":[],"shortcut":0,"singlePid":0,"feBlacklist":false,"uid":840,"pid":2493},{"sorting":0,"crdate":"2026-01-27T09:43:03+0100","tstamp":"2026-01-27T09:43:03+0100","hidden":false,"sysLanguageUid":0,"l10nParent":0,"title":"Sant\u00e9 publique","parent":{"sorting":0,"crdate":"2026-01-27T09:43:03+0100","tstamp":"2026-01-27T09:43:03+0100","hidden":false,"sysLanguageUid":0,"l10nParent":0,"title":"Sciences et techniques","parent":{"sorting":0,"tstamp":"2026-01-27T09:34:45+0100","hidden":false,"sysLanguageUid":0,"l10nParent":0,"title":"Apidae","images":[],"shortcut":0,"singlePid":0,"slug":"apidae-1","feBlacklist":false,"uid":807,"pid":2493},"images":[],"shortcut":0,"singlePid":0,"feBlacklist":false,"uid":834,"pid":2493},"images":[],"shortcut":0,"singlePid":0,"feBlacklist":false,"uid":841,"pid":2493},{"sorting":0,"crdate":"2026-04-14T06:00:01+0200","tstamp":"2026-04-14T06:00:01+0200","hidden":false,"sysLanguageUid":0,"l10nParent":0,"title":"M\u00e9decine","parent":{"sorting":0,"crdate":"2026-01-27T09:43:03+0100","tstamp":"2026-01-27T09:43:03+0100","hidden":false,"sysLanguageUid":0,"l10nParent":0,"title":"Sciences et techniques","parent":{"sorting":0,"tstamp":"2026-01-27T09:34:45+0100","hidden":false,"sysLanguageUid":0,"l10nParent":0,"title":"Apidae","images":[],"shortcut":0,"singlePid":0,"slug":"apidae-1","feBlacklist":false,"uid":807,"pid":2493},"images":[],"shortcut":0,"singlePid":0,"feBlacklist":false,"uid":834,"pid":2493},"images":[],"shortcut":0,"singlePid":0,"feBlacklist":false,"uid":904,"pid":2493}],"accessibility":[],"accessibilityDetail":[],"workflowStatus":[],"uid":1633,"pid":2110,"pid_title":"Agenda Ville","site":"cms.aixlesbains.fr","sys_language_uid":0,"suggest_title":"Journ\u00e9es Portes Ouvertes aux Thermes de Marlioz","raw_description":"Vous connaissez les Thermes de Marlioz, mais vous n\u2019avez pas eu l\u2019opportunit\u00e9 de les tester?\r\nLes Thermes ouvrent leurs portes pour vous faire d\u00e9couvrir les soins thermaux d\u00e9di\u00e9s aux voies respiratoires, et vous permettre d\u2019\u00e9changer avec notre \u00e9quipe sur les bienfaits de la m\u00e9decine thermale dans la prise en charge respiratoire.\r\n\r\nGratuit, ouvert \u00e0 tous\r\nSur inscription","settings":{"urlBuilder":{"varDefaultDetailUidName":"idEventsDetail","parameters":{"action":"show","arguments":"directory","controller":"Events","extensionName":"cimdirectory","pluginName":"Display"}},"editorial":{"contentElementId":"51","partial":"ItemList","itemType":"events","classes":"annuaire","hn":"2","popin":"1","grid":"horizontal","showImage":"1","showCategory":"1","showTeaser":"1","showOnHover":"0","showMore":"0","showDate":"0","urlBuilder":{"varDefaultDetailUidName":"idEventsDetail","parameters":{"action":"show","arguments":"directory","controller":"Events","extensionName":"cimdirectory","pluginName":"Display"}},"images":{"list":{"fields":"pictureShow"}}},"list":{"contentElementId":"51","partial":"ItemList","itemType":"events","classes":"annuaire","hn":"2","popin":"1","grid":"horizontal","showImage":"1","showCategory":"1","showTeaser":"1","showOnHover":"0","showMore":"0","showDate":"0","urlBuilder":{"varDefaultDetailUidName":"idEventsDetail","parameters":{"action":"show","arguments":"directory","controller":"Events","extensionName":"cimdirectory","pluginName":"Display"}},"images":{"list":{"fields":"pictureShow"}}},"search":{"contentElementId":"51","partial":"ItemList","itemType":"events","classes":"annuaire","hn":"2","grid":"horizontal","showImage":"1","showCategory":"1","showTeaser":"1","showOnHover":"0","showMore":"0","showDate":"0","urlBuilder":{"varDefaultDetailUidName":"idEventsDetail","parameters":{"action":"show","arguments":"directory","controller":"Events","extensionName":"cimdirectory","pluginName":"Display"}}}},"geo_point":{"lat":45.673994,"lon":5.909564},"id":"2110_1633","imageList":[{"publicUrl":"https:\/\/www.aixlesbains.fr\/api\/fileadmin\/_processed_\/2\/e\/csm_pictureShow_journees-portes-ouvertes-aux-thermes-de-marlioz_7ef4ad9e73.webp","properties":{"title":"","alternative":null,"description":"","link":null,"linkData":null,"mimeType":"image\/webp","type":"image","filename":"pictureShow_journees-portes-ouvertes-aux-thermes-de-marlioz.png","originalUrl":"https:\/\/www.aixlesbains.fr\/api\/fileadmin\/user_upload\/import\/pictureShow_journees-portes-ouvertes-aux-thermes-de-marlioz.png","uidLocal":13433,"fileReferenceUid":18243,"size":1093386,"dimensions":{"width":330,"height":470},"cropDimensions":{"width":330,"height":470},"crop":"","autoplay":null,"extension":"png","initialDimensions":{"width":940,"height":788},"orientation":"paysage","copyright":"","processedExtension":"webp","publicUrl":"https:\/\/www.aixlesbains.fr\/api\/fileadmin\/_processed_\/2\/e\/csm_pictureShow_journees-portes-ouvertes-aux-thermes-de-marlioz_7ef4ad9e73.webp","crdate":1776225606,"tstamp":1776225605}}],"links":[{"href":"\/agendas\/detail\/journees-portes-ouvertes-aux-thermes-de-marlioz","text":"Voir la fiche","target":null}],"agency":"Cameros"},{"type":"events","sorting":0,"sysLanguageUid":0,"hidden":0,"crdate":"2026-04-15T06:00:01+0200","tstamp":"2026-04-15T06:00:01+0200","pathSegment":"\/conference-le-tabac-le-point-de-vue-d-un-orl","categories":[{"sorting":512,"crdate":"2025-01-08T16:25:55+0100","tstamp":"2025-01-08T16:25:55+0100","hidden":false,"sysLanguageUid":0,"l10nParent":0,"title":"Conf\u00e9rence \/ D\u00e9bat \/ Rencontre","parent":{"sorting":512,"crdate":"2025-01-08T16:25:08+0100","tstamp":"2025-01-08T16:25:08+0100","hidden":false,"sysLanguageUid":0,"l10nParent":0,"title":"Arts et culture","parent":{"sorting":768,"crdate":"2025-01-08T15:29:43+0100","tstamp":"2025-01-08T15:29:51+0100","hidden":false,"sysLanguageUid":0,"l10nParent":0,"title":"Apidae","parent":{"sorting":256,"crdate":"2024-11-08T11:59:17+0100","tstamp":"2024-11-08T11:59:17+0100","hidden":false,"sysLanguageUid":0,"l10nParent":0,"title":"Agenda","images":[],"shortcut":0,"singlePid":0,"slug":"agenda","feBlacklist":false,"uid":406,"pid":1966},"images":[],"shortcut":0,"singlePid":0,"slug":"apidae","feBlacklist":false,"uid":445,"pid":2112},"images":[],"shortcut":0,"singlePid":0,"feBlacklist":false,"uid":446,"pid":2112},"images":[],"shortcut":0,"singlePid":0,"feBlacklist":false,"uid":454,"pid":2112}],"mapLongitude":5.909543,"mapLatitude":45.673889,"title":"Conf\u00e9rence \"Le tabac : le point de vue d'un ORL\"","importId":"7772983","istopnews":false,"coupdecoeur":false,"teaser":"Quels sont les effets du tabac sur la gorge, la voix, le nez, les oreilles ou encore la respiration ?\r\nLe m\u00e9decin ORL C\u00e9dric Porret vous aide \u00e0 mieux comprendre les effets du tabac sur la sph\u00e8re ORL, et \u00e0 adopter les bons r\u00e9flexes pour pr\u00e9server sa sant\u00e9.","description":"Quels sont les effets du tabac sur la gorge, la voix, le nez, les oreilles ou encore la respiration ?\r\nLe m\u00e9decin ORL C\u00e9dric Porret vous aide \u00e0 mieux comprendre les effets du tabac sur la sph\u00e8re ORL, \u00e0 rep\u00e9rer certains signaux d\u2019alerte et \u00e0 adopter les bons r\u00e9flexes pour pr\u00e9server votre sant\u00e9.\r\nUn temps utile pour s\u2019informer, et peut-\u00eatre amorcer un d\u00e9clic.\r\n\r\nGratuit, ouvert \u00e0 tous\r\nSur inscription.","creationDate":"2026-04-13T17:14:45+0200","cimNewsStartDate":"2026-05-05T14:00:00+0200","cimNewsEndDate":"2026-05-05T15:00:00+0200","duration":[{"sorting":512,"crdate":"2024-11-08T11:59:44+0100","tstamp":"2024-11-08T11:59:44+0100","hidden":false,"sysLanguageUid":0,"l10nParent":0,"title":"Courte dur\u00e9e","parent":{"sorting":256,"crdate":"2024-11-08T11:59:33+0100","tstamp":"2024-11-08T11:59:33+0100","hidden":false,"sysLanguageUid":0,"l10nParent":0,"title":"Types de dur\u00e9e","parent":{"sorting":256,"crdate":"2024-11-08T11:59:17+0100","tstamp":"2024-11-08T11:59:17+0100","hidden":false,"sysLanguageUid":0,"l10nParent":0,"title":"Agenda","images":[],"shortcut":0,"singlePid":0,"slug":"agenda","feBlacklist":false,"uid":406,"pid":1966},"images":[],"shortcut":0,"singlePid":0,"slug":"types-de-duree","feBlacklist":false,"uid":407,"pid":1967},"images":[],"shortcut":0,"singlePid":0,"slug":"courte-duree","feBlacklist":false,"uid":408,"pid":1967}],"hideRelatedEvents":false,"cimNewsScheduleDates":[{"sorting":1,"sysLanguageUid":0,"hidden":false,"crdate":"2026-04-15T06:00:01+0200","tstamp":"2026-04-15T06:00:01+0200","title":"40303520 - 2026-05-05 - 2026-05-05","cimNewsStartDate":"2026-05-05T14:00:00+0200","cimNewsEndDate":"2026-05-05T15:00:00+0200","place":[],"uid":5238,"pid":2110}],"schedule":"Mardi 5 mai 2026 de 14h \u00e0 15h.","pictureShow":[{"originalResource":{"originalFile":{"updatedProperties":[],"properties":{"size":625173,"modification_date":1776225607,"creation_date":1776225607,"mime_type":"image\/png","name":"pictureShow_conference-le-tabac-le-point-de-vue-d-un-orl.png","extension":"png","identifier":"\/user_upload\/import\/pictureShow_conference-le-tabac-le-point-de-vue-d-un-orl.png","identifier_hash":"b935a4e95cacda6bdb7bc5de949cea37e83d0bc2","storage":1,"folder_hash":"cf40f83f2cbfdec6b9ed400bffcdfea18683e513","type":2,"sha1":"b375f65d42677e214576e40e6ffd8cd88dd9cd3d","missing":0,"uid":13434,"file":13434,"pid":0,"crdate":1776225601,"tstamp":1776225601,"l10n_diffsource":"","width":940,"height":788,"metadata_uid":"13542"},"identifier":"\/user_upload\/import\/pictureShow_conference-le-tabac-le-point-de-vue-d-un-orl.png","name":"pictureShow_conference-le-tabac-le-point-de-vue-d-un-orl.png"}},"uid":18245,"pid":2110}],"pictureList":[],"organiser":[{"type":"generique","sorting":0,"sysLanguageUid":0,"hidden":false,"crdate":"2026-04-15T06:00:01+0200","tstamp":"2026-04-15T06:00:01+0200","categories":[],"mapLongitude":0,"mapLatitude":0,"importId":"7772983","phone":"04 79 61 79 61","website":"https:\/\/www.thermesdemarlioz.com\/camion-pneumobile-aix-les-bains","mail":"thermes.domainedemarlioz@accor.com","uid":1306,"pid":2114}],"publicType":[],"reservation":[],"tarifAdditionnal":"Gratuit.","ticketingLink":"https:\/\/docs.google.com\/forms\/d\/e\/1FAIpQLSf_T7-VjEdQFZN9NIikpsg53Vo271T5z8J_pzAHtxDxprFtPQ\/viewform","tarifType":[{"sorting":0,"crdate":"2025-01-08T17:29:25+0100","tstamp":"2025-01-08T17:29:25+0100","hidden":false,"sysLanguageUid":0,"l10nParent":0,"title":"Gratuit","parent":{"sorting":256,"crdate":"2025-01-08T17:21:52+0100","tstamp":"2025-01-08T17:21:52+0100","hidden":false,"sysLanguageUid":0,"l10nParent":0,"title":"Types de tarifs","parent":{"sorting":256,"crdate":"2024-11-08T11:59:17+0100","tstamp":"2024-11-08T11:59:17+0100","hidden":false,"sysLanguageUid":0,"l10nParent":0,"title":"Agenda","images":[],"shortcut":0,"singlePid":0,"slug":"agenda","feBlacklist":false,"uid":406,"pid":1966},"images":[],"shortcut":0,"singlePid":0,"slug":"types-de-tarifs","feBlacklist":false,"uid":461,"pid":2116},"images":[],"shortcut":0,"singlePid":0,"feBlacklist":false,"uid":467,"pid":2116}],"lieu":[{"type":"generique","sorting":0,"sysLanguageUid":0,"hidden":false,"crdate":"2026-04-15T06:00:01+0200","tstamp":"2026-04-15T06:00:01+0200","categories":[],"mapLongitude":5.909543,"mapLatitude":45.673889,"title":"Thermes du Domaine de Marlioz","importId":"7772983","address":" 111 Avenue de Marlioz, 73100 Aix-les-Bains 73100 Aix-les-Bains","uid":1305,"pid":2115}],"medias":[{"sorting":1,"sysLanguageUid":0,"hidden":false,"crdate":"2026-04-15T06:00:01+0200","tstamp":"2026-04-15T06:00:01+0200","title":"Temps forts organis\u00e9s autour du camion Pneumobile","importId":"37730674","link":"https:\/\/static.apidae-tourisme.com\/filestore\/objets-touristiques\/documents\/188\/93\/40263100\/FLYER+TEMPS+FORTS+PNEUMOBILE+-+Thermes+de+Marlioz.pdf","extension":"pdf","size":442903,"uid":145,"pid":2113}],"theme":[{"sorting":0,"crdate":"2026-01-27T09:43:03+0100","tstamp":"2026-01-27T09:43:03+0100","hidden":false,"sysLanguageUid":0,"l10nParent":0,"title":"Bien-\u00eatre","parent":{"sorting":0,"crdate":"2026-01-27T09:43:03+0100","tstamp":"2026-01-27T09:43:03+0100","hidden":false,"sysLanguageUid":0,"l10nParent":0,"title":"Sciences et techniques","parent":{"sorting":0,"tstamp":"2026-01-27T09:34:45+0100","hidden":false,"sysLanguageUid":0,"l10nParent":0,"title":"Apidae","images":[],"shortcut":0,"singlePid":0,"slug":"apidae-1","feBlacklist":false,"uid":807,"pid":2493},"images":[],"shortcut":0,"singlePid":0,"feBlacklist":false,"uid":834,"pid":2493},"images":[],"shortcut":0,"singlePid":0,"feBlacklist":false,"uid":840,"pid":2493},{"sorting":0,"crdate":"2026-01-27T09:43:03+0100","tstamp":"2026-01-27T09:43:03+0100","hidden":false,"sysLanguageUid":0,"l10nParent":0,"title":"Sant\u00e9 publique","parent":{"sorting":0,"crdate":"2026-01-27T09:43:03+0100","tstamp":"2026-01-27T09:43:03+0100","hidden":false,"sysLanguageUid":0,"l10nParent":0,"title":"Sciences et techniques","parent":{"sorting":0,"tstamp":"2026-01-27T09:34:45+0100","hidden":false,"sysLanguageUid":0,"l10nParent":0,"title":"Apidae","images":[],"shortcut":0,"singlePid":0,"slug":"apidae-1","feBlacklist":false,"uid":807,"pid":2493},"images":[],"shortcut":0,"singlePid":0,"feBlacklist":false,"uid":834,"pid":2493},"images":[],"shortcut":0,"singlePid":0,"feBlacklist":false,"uid":841,"pid":2493},{"sorting":0,"crdate":"2026-02-20T06:00:01+0100","tstamp":"2026-02-20T06:00:01+0100","hidden":false,"sysLanguageUid":0,"l10nParent":0,"title":"Sujet de soci\u00e9t\u00e9","parent":{"sorting":0,"crdate":"2026-01-27T09:43:03+0100","tstamp":"2026-01-27T09:43:03+0100","hidden":false,"sysLanguageUid":0,"l10nParent":0,"title":"Divers","parent":{"sorting":0,"tstamp":"2026-01-27T09:34:45+0100","hidden":false,"sysLanguageUid":0,"l10nParent":0,"title":"Apidae","images":[],"shortcut":0,"singlePid":0,"slug":"apidae-1","feBlacklist":false,"uid":807,"pid":2493},"images":[],"shortcut":0,"singlePid":0,"feBlacklist":false,"uid":828,"pid":2493},"images":[],"shortcut":0,"singlePid":0,"feBlacklist":false,"uid":884,"pid":2493},{"sorting":0,"crdate":"2026-04-14T06:00:01+0200","tstamp":"2026-04-14T06:00:01+0200","hidden":false,"sysLanguageUid":0,"l10nParent":0,"title":"M\u00e9decine","parent":{"sorting":0,"crdate":"2026-01-27T09:43:03+0100","tstamp":"2026-01-27T09:43:03+0100","hidden":false,"sysLanguageUid":0,"l10nParent":0,"title":"Sciences et techniques","parent":{"sorting":0,"tstamp":"2026-01-27T09:34:45+0100","hidden":false,"sysLanguageUid":0,"l10nParent":0,"title":"Apidae","images":[],"shortcut":0,"singlePid":0,"slug":"apidae-1","feBlacklist":false,"uid":807,"pid":2493},"images":[],"shortcut":0,"singlePid":0,"feBlacklist":false,"uid":834,"pid":2493},"images":[],"shortcut":0,"singlePid":0,"feBlacklist":false,"uid":904,"pid":2493},{"sorting":0,"crdate":"2026-04-14T06:00:01+0200","tstamp":"2026-04-14T06:00:01+0200","hidden":false,"sysLanguageUid":0,"l10nParent":0,"title":"Citoyennet\u00e9","parent":{"sorting":0,"crdate":"2026-01-27T09:43:03+0100","tstamp":"2026-01-27T09:43:03+0100","hidden":false,"sysLanguageUid":0,"l10nParent":0,"title":"Divers","parent":{"sorting":0,"tstamp":"2026-01-27T09:34:45+0100","hidden":false,"sysLanguageUid":0,"l10nParent":0,"title":"Apidae","images":[],"shortcut":0,"singlePid":0,"slug":"apidae-1","feBlacklist":false,"uid":807,"pid":2493},"images":[],"shortcut":0,"singlePid":0,"feBlacklist":false,"uid":828,"pid":2493},"images":[],"shortcut":0,"singlePid":0,"feBlacklist":false,"uid":905,"pid":2493}],"accessibility":[],"accessibilityDetail":[],"workflowStatus":[],"uid":1634,"pid":2110,"pid_title":"Agenda Ville","site":"cms.aixlesbains.fr","sys_language_uid":0,"suggest_title":"Conf\u00e9rence \"Le tabac : le point de vue d'un ORL\"","raw_description":"Quels sont les effets du tabac sur la gorge, la voix, le nez, les oreilles ou encore la respiration ?\r\nLe m\u00e9decin ORL C\u00e9dric Porret vous aide \u00e0 mieux comprendre les effets du tabac sur la sph\u00e8re ORL, \u00e0 rep\u00e9rer certains signaux d\u2019alerte et \u00e0 adopter les bons r\u00e9flexes pour pr\u00e9server votre sant\u00e9.\r\nUn temps utile pour s\u2019informer, et peut-\u00eatre amorcer un d\u00e9clic.\r\n\r\nGratuit, ouvert \u00e0 tous\r\nSur inscription.","settings":{"urlBuilder":{"varDefaultDetailUidName":"idEventsDetail","parameters":{"action":"show","arguments":"directory","controller":"Events","extensionName":"cimdirectory","pluginName":"Display"}},"editorial":{"contentElementId":"51","partial":"ItemList","itemType":"events","classes":"annuaire","hn":"2","popin":"1","grid":"horizontal","showImage":"1","showCategory":"1","showTeaser":"1","showOnHover":"0","showMore":"0","showDate":"0","urlBuilder":{"varDefaultDetailUidName":"idEventsDetail","parameters":{"action":"show","arguments":"directory","controller":"Events","extensionName":"cimdirectory","pluginName":"Display"}},"images":{"list":{"fields":"pictureShow"}}},"list":{"contentElementId":"51","partial":"ItemList","itemType":"events","classes":"annuaire","hn":"2","popin":"1","grid":"horizontal","showImage":"1","showCategory":"1","showTeaser":"1","showOnHover":"0","showMore":"0","showDate":"0","urlBuilder":{"varDefaultDetailUidName":"idEventsDetail","parameters":{"action":"show","arguments":"directory","controller":"Events","extensionName":"cimdirectory","pluginName":"Display"}},"images":{"list":{"fields":"pictureShow"}}},"search":{"contentElementId":"51","partial":"ItemList","itemType":"events","classes":"annuaire","hn":"2","grid":"horizontal","showImage":"1","showCategory":"1","showTeaser":"1","showOnHover":"0","showMore":"0","showDate":"0","urlBuilder":{"varDefaultDetailUidName":"idEventsDetail","parameters":{"action":"show","arguments":"directory","controller":"Events","extensionName":"cimdirectory","pluginName":"Display"}}}},"geo_point":{"lat":45.673889,"lon":5.909543},"id":"2110_1634","imageList":[{"publicUrl":"https:\/\/www.aixlesbains.fr\/api\/fileadmin\/_processed_\/5\/e\/csm_pictureShow_conference-le-tabac-le-point-de-vue-d-un-orl_11d4cfd22d.webp","properties":{"title":"","alternative":null,"description":"","link":null,"linkData":null,"mimeType":"image\/webp","type":"image","filename":"pictureShow_conference-le-tabac-le-point-de-vue-d-un-orl.png","originalUrl":"https:\/\/www.aixlesbains.fr\/api\/fileadmin\/user_upload\/import\/pictureShow_conference-le-tabac-le-point-de-vue-d-un-orl.png","uidLocal":13434,"fileReferenceUid":18245,"size":625173,"dimensions":{"width":330,"height":470},"cropDimensions":{"width":330,"height":470},"crop":"","autoplay":null,"extension":"png","initialDimensions":{"width":940,"height":788},"orientation":"paysage","copyright":"","processedExtension":"webp","publicUrl":"https:\/\/www.aixlesbains.fr\/api\/fileadmin\/_processed_\/5\/e\/csm_pictureShow_conference-le-tabac-le-point-de-vue-d-un-orl_11d4cfd22d.webp","crdate":1776225607,"tstamp":1776225607}}],"links":[{"href":"\/agendas\/detail\/conference-le-tabac-le-point-de-vue-d-un-orl","text":"Voir la fiche","target":null}],"agency":"Cameros"},{"type":"events","sorting":0,"sysLanguageUid":0,"hidden":0,"crdate":"2026-04-15T06:00:01+0200","tstamp":"2026-04-15T06:00:01+0200","pathSegment":"\/table-ronde-tabac-et-nouvelles-consommations-comment-en-parler","categories":[{"sorting":512,"crdate":"2025-01-08T16:25:55+0100","tstamp":"2025-01-08T16:25:55+0100","hidden":false,"sysLanguageUid":0,"l10nParent":0,"title":"Conf\u00e9rence \/ D\u00e9bat \/ Rencontre","parent":{"sorting":512,"crdate":"2025-01-08T16:25:08+0100","tstamp":"2025-01-08T16:25:08+0100","hidden":false,"sysLanguageUid":0,"l10nParent":0,"title":"Arts et culture","parent":{"sorting":768,"crdate":"2025-01-08T15:29:43+0100","tstamp":"2025-01-08T15:29:51+0100","hidden":false,"sysLanguageUid":0,"l10nParent":0,"title":"Apidae","parent":{"sorting":256,"crdate":"2024-11-08T11:59:17+0100","tstamp":"2024-11-08T11:59:17+0100","hidden":false,"sysLanguageUid":0,"l10nParent":0,"title":"Agenda","images":[],"shortcut":0,"singlePid":0,"slug":"agenda","feBlacklist":false,"uid":406,"pid":1966},"images":[],"shortcut":0,"singlePid":0,"slug":"apidae","feBlacklist":false,"uid":445,"pid":2112},"images":[],"shortcut":0,"singlePid":0,"feBlacklist":false,"uid":446,"pid":2112},"images":[],"shortcut":0,"singlePid":0,"feBlacklist":false,"uid":454,"pid":2112}],"mapLongitude":5.909586,"mapLatitude":45.673754,"title":"Table ronde \"Tabac et nouvelles consommations : comment en parler?\"","importId":"7773105","istopnews":false,"coupdecoeur":false,"teaser":"Vape, puff, chicha, cigarillos, snus, tabac \u00e0 chiquer\u2026 \r\nComment aborder ces sujets avec les plus jeunes ? Avec un proche ? Avec un patient ? Comment ouvrir le dialogue pour mieux informer et mieux accompagner ? Des professionnels de sant\u00e9 vous r\u00e9pondent","description":"Vape, puff, chicha, cigarillos, snus, tabac \u00e0 chiquer\u2026 Ces nouveaux usages du tabac, per\u00e7us comme plus discrets ou moins nocifs que la cigarette, soul\u00e8vent pourtant eux aussi des questions de sant\u00e9 et des id\u00e9es re\u00e7ues. Faisons le point.\r\nComment aborder ces sujets avec les plus jeunes ? Avec un proche ? Avec un patient ?\r\nComment ouvrir le dialogue pour mieux informer et mieux accompagner ? \r\nEn pr\u00e9sence du Professeur Couraud, chef de service de pneumologie de l'hopital Lyon Sud, et de Pascal Bataille, cette table ronde r\u00e9unira plusieurs professionnels de sant\u00e9 reconnus.\r\n\r\nGratuit, ouvert \u00e0 tous\r\nSur inscription.","creationDate":"2026-04-13T17:51:20+0200","cimNewsStartDate":"2026-05-05T15:00:00+0200","cimNewsEndDate":"2026-05-05T17:00:00+0200","duration":[{"sorting":512,"crdate":"2024-11-08T11:59:44+0100","tstamp":"2024-11-08T11:59:44+0100","hidden":false,"sysLanguageUid":0,"l10nParent":0,"title":"Courte dur\u00e9e","parent":{"sorting":256,"crdate":"2024-11-08T11:59:33+0100","tstamp":"2024-11-08T11:59:33+0100","hidden":false,"sysLanguageUid":0,"l10nParent":0,"title":"Types de dur\u00e9e","parent":{"sorting":256,"crdate":"2024-11-08T11:59:17+0100","tstamp":"2024-11-08T11:59:17+0100","hidden":false,"sysLanguageUid":0,"l10nParent":0,"title":"Agenda","images":[],"shortcut":0,"singlePid":0,"slug":"agenda","feBlacklist":false,"uid":406,"pid":1966},"images":[],"shortcut":0,"singlePid":0,"slug":"types-de-duree","feBlacklist":false,"uid":407,"pid":1967},"images":[],"shortcut":0,"singlePid":0,"slug":"courte-duree","feBlacklist":false,"uid":408,"pid":1967}],"hideRelatedEvents":false,"cimNewsScheduleDates":[{"sorting":1,"sysLanguageUid":0,"hidden":false,"crdate":"2026-04-15T06:00:01+0200","tstamp":"2026-04-15T06:00:01+0200","title":"40303944 - 2026-05-05 - 2026-05-05","cimNewsStartDate":"2026-05-05T15:00:00+0200","cimNewsEndDate":"2026-05-05T17:00:00+0200","place":[],"uid":5239,"pid":2110}],"schedule":"Mardi 5 mai 2026 de 15h \u00e0 17h.","pictureShow":[{"originalResource":{"originalFile":{"updatedProperties":[],"properties":{"size":786832,"modification_date":1776225608,"creation_date":1776225608,"mime_type":"image\/png","name":"pictureShow_table-ronde-tabac-et-nouvelles-consommations-comment-en-parler.png","extension":"png","identifier":"\/user_upload\/import\/pictureShow_table-ronde-tabac-et-nouvelles-consommations-comment-en-parler.png","identifier_hash":"e662b1d182bc8e98be4861a2c6dc74566256f4ed","storage":1,"folder_hash":"cf40f83f2cbfdec6b9ed400bffcdfea18683e513","type":2,"sha1":"406a03a0292db1007b53ac92013d66d58312e5ec","missing":0,"uid":13436,"file":13436,"pid":0,"crdate":1776225601,"tstamp":1776225601,"l10n_diffsource":"","width":940,"height":788,"metadata_uid":"13544"},"identifier":"\/user_upload\/import\/pictureShow_table-ronde-tabac-et-nouvelles-consommations-comment-en-parler.png","name":"pictureShow_table-ronde-tabac-et-nouvelles-consommations-comment-en-parler.png"}},"uid":18246,"pid":2110}],"pictureList":[],"organiser":[{"type":"generique","sorting":0,"sysLanguageUid":0,"hidden":false,"crdate":"2026-04-15T06:00:01+0200","tstamp":"2026-04-15T06:00:01+0200","categories":[],"mapLongitude":0,"mapLatitude":0,"importId":"7773105","phone":"04 79 61 79 61","website":"https:\/\/www.thermesdemarlioz.com\/camion-pneumobile-aix-les-bains","mail":"thermes.domainedemarlioz@accor.com","uid":1308,"pid":2114}],"publicType":[],"reservation":[],"tarifAdditionnal":"Gratuit.","ticketingLink":"https:\/\/forms.gle\/id6K6DxNUzjUFneh8","tarifType":[{"sorting":0,"crdate":"2025-01-08T17:29:25+0100","tstamp":"2025-01-08T17:29:25+0100","hidden":false,"sysLanguageUid":0,"l10nParent":0,"title":"Gratuit","parent":{"sorting":256,"crdate":"2025-01-08T17:21:52+0100","tstamp":"2025-01-08T17:21:52+0100","hidden":false,"sysLanguageUid":0,"l10nParent":0,"title":"Types de tarifs","parent":{"sorting":256,"crdate":"2024-11-08T11:59:17+0100","tstamp":"2024-11-08T11:59:17+0100","hidden":false,"sysLanguageUid":0,"l10nParent":0,"title":"Agenda","images":[],"shortcut":0,"singlePid":0,"slug":"agenda","feBlacklist":false,"uid":406,"pid":1966},"images":[],"shortcut":0,"singlePid":0,"slug":"types-de-tarifs","feBlacklist":false,"uid":461,"pid":2116},"images":[],"shortcut":0,"singlePid":0,"feBlacklist":false,"uid":467,"pid":2116}],"lieu":[{"type":"generique","sorting":0,"sysLanguageUid":0,"hidden":false,"crdate":"2026-04-15T06:00:01+0200","tstamp":"2026-04-15T06:00:01+0200","categories":[],"mapLongitude":5.909586,"mapLatitude":45.673754,"title":"Thermes de Marlioz","importId":"7773105","address":" 111 Avenue de Marlioz 73100 Aix-les-Bains","uid":1307,"pid":2115}],"medias":[{"sorting":1,"sysLanguageUid":0,"hidden":false,"crdate":"2026-04-15T06:00:01+0200","tstamp":"2026-04-15T06:00:01+0200","title":"Temps Forts Pneumobile Aix les Bains","importId":"37732327","link":"https:\/\/static.apidae-tourisme.com\/filestore\/objets-touristiques\/documents\/42\/100\/40264746\/FLYER+TEMPS+FORTS+PNEUMOBILE+-+Thermes+de+Marlioz.pdf","extension":"pdf","size":442903,"uid":146,"pid":2113}],"theme":[{"sorting":0,"crdate":"2026-01-27T09:43:03+0100","tstamp":"2026-01-27T09:43:03+0100","hidden":false,"sysLanguageUid":0,"l10nParent":0,"title":"Bien-\u00eatre","parent":{"sorting":0,"crdate":"2026-01-27T09:43:03+0100","tstamp":"2026-01-27T09:43:03+0100","hidden":false,"sysLanguageUid":0,"l10nParent":0,"title":"Sciences et techniques","parent":{"sorting":0,"tstamp":"2026-01-27T09:34:45+0100","hidden":false,"sysLanguageUid":0,"l10nParent":0,"title":"Apidae","images":[],"shortcut":0,"singlePid":0,"slug":"apidae-1","feBlacklist":false,"uid":807,"pid":2493},"images":[],"shortcut":0,"singlePid":0,"feBlacklist":false,"uid":834,"pid":2493},"images":[],"shortcut":0,"singlePid":0,"feBlacklist":false,"uid":840,"pid":2493},{"sorting":0,"crdate":"2026-01-27T09:43:03+0100","tstamp":"2026-01-27T09:43:03+0100","hidden":false,"sysLanguageUid":0,"l10nParent":0,"title":"Sant\u00e9 publique","parent":{"sorting":0,"crdate":"2026-01-27T09:43:03+0100","tstamp":"2026-01-27T09:43:03+0100","hidden":false,"sysLanguageUid":0,"l10nParent":0,"title":"Sciences et techniques","parent":{"sorting":0,"tstamp":"2026-01-27T09:34:45+0100","hidden":false,"sysLanguageUid":0,"l10nParent":0,"title":"Apidae","images":[],"shortcut":0,"singlePid":0,"slug":"apidae-1","feBlacklist":false,"uid":807,"pid":2493},"images":[],"shortcut":0,"singlePid":0,"feBlacklist":false,"uid":834,"pid":2493},"images":[],"shortcut":0,"singlePid":0,"feBlacklist":false,"uid":841,"pid":2493},{"sorting":0,"crdate":"2026-02-20T06:00:01+0100","tstamp":"2026-02-20T06:00:01+0100","hidden":false,"sysLanguageUid":0,"l10nParent":0,"title":"Sujet de soci\u00e9t\u00e9","parent":{"sorting":0,"crdate":"2026-01-27T09:43:03+0100","tstamp":"2026-01-27T09:43:03+0100","hidden":false,"sysLanguageUid":0,"l10nParent":0,"title":"Divers","parent":{"sorting":0,"tstamp":"2026-01-27T09:34:45+0100","hidden":false,"sysLanguageUid":0,"l10nParent":0,"title":"Apidae","images":[],"shortcut":0,"singlePid":0,"slug":"apidae-1","feBlacklist":false,"uid":807,"pid":2493},"images":[],"shortcut":0,"singlePid":0,"feBlacklist":false,"uid":828,"pid":2493},"images":[],"shortcut":0,"singlePid":0,"feBlacklist":false,"uid":884,"pid":2493},{"sorting":0,"crdate":"2026-04-14T06:00:01+0200","tstamp":"2026-04-14T06:00:01+0200","hidden":false,"sysLanguageUid":0,"l10nParent":0,"title":"M\u00e9decine","parent":{"sorting":0,"crdate":"2026-01-27T09:43:03+0100","tstamp":"2026-01-27T09:43:03+0100","hidden":false,"sysLanguageUid":0,"l10nParent":0,"title":"Sciences et techniques","parent":{"sorting":0,"tstamp":"2026-01-27T09:34:45+0100","hidden":false,"sysLanguageUid":0,"l10nParent":0,"title":"Apidae","images":[],"shortcut":0,"singlePid":0,"slug":"apidae-1","feBlacklist":false,"uid":807,"pid":2493},"images":[],"shortcut":0,"singlePid":0,"feBlacklist":false,"uid":834,"pid":2493},"images":[],"shortcut":0,"singlePid":0,"feBlacklist":false,"uid":904,"pid":2493},{"sorting":0,"crdate":"2026-04-14T06:00:01+0200","tstamp":"2026-04-14T06:00:01+0200","hidden":false,"sysLanguageUid":0,"l10nParent":0,"title":"Citoyennet\u00e9","parent":{"sorting":0,"crdate":"2026-01-27T09:43:03+0100","tstamp":"2026-01-27T09:43:03+0100","hidden":false,"sysLanguageUid":0,"l10nParent":0,"title":"Divers","parent":{"sorting":0,"tstamp":"2026-01-27T09:34:45+0100","hidden":false,"sysLanguageUid":0,"l10nParent":0,"title":"Apidae","images":[],"shortcut":0,"singlePid":0,"slug":"apidae-1","feBlacklist":false,"uid":807,"pid":2493},"images":[],"shortcut":0,"singlePid":0,"feBlacklist":false,"uid":828,"pid":2493},"images":[],"shortcut":0,"singlePid":0,"feBlacklist":false,"uid":905,"pid":2493}],"accessibility":[],"accessibilityDetail":[],"workflowStatus":[],"uid":1635,"pid":2110,"pid_title":"Agenda Ville","site":"cms.aixlesbains.fr","sys_language_uid":0,"suggest_title":"Table ronde \"Tabac et nouvelles consommations : comment en parler?\"","raw_description":"Vape, puff, chicha, cigarillos, snus, tabac \u00e0 chiquer\u2026 Ces nouveaux usages du tabac, per\u00e7us comme plus discrets ou moins nocifs que la cigarette, soul\u00e8vent pourtant eux aussi des questions de sant\u00e9 et des id\u00e9es re\u00e7ues. Faisons le point.\r\nComment aborder ces sujets avec les plus jeunes ? Avec un proche ? Avec un patient ?\r\nComment ouvrir le dialogue pour mieux informer et mieux accompagner ? \r\nEn pr\u00e9sence du Professeur Couraud, chef de service de pneumologie de l'hopital Lyon Sud, et de Pascal Bataille, cette table ronde r\u00e9unira plusieurs professionnels de sant\u00e9 reconnus.\r\n\r\nGratuit, ouvert \u00e0 tous\r\nSur inscription.","settings":{"urlBuilder":{"varDefaultDetailUidName":"idEventsDetail","parameters":{"action":"show","arguments":"directory","controller":"Events","extensionName":"cimdirectory","pluginName":"Display"}},"editorial":{"contentElementId":"51","partial":"ItemList","itemType":"events","classes":"annuaire","hn":"2","popin":"1","grid":"horizontal","showImage":"1","showCategory":"1","showTeaser":"1","showOnHover":"0","showMore":"0","showDate":"0","urlBuilder":{"varDefaultDetailUidName":"idEventsDetail","parameters":{"action":"show","arguments":"directory","controller":"Events","extensionName":"cimdirectory","pluginName":"Display"}},"images":{"list":{"fields":"pictureShow"}}},"list":{"contentElementId":"51","partial":"ItemList","itemType":"events","classes":"annuaire","hn":"2","popin":"1","grid":"horizontal","showImage":"1","showCategory":"1","showTeaser":"1","showOnHover":"0","showMore":"0","showDate":"0","urlBuilder":{"varDefaultDetailUidName":"idEventsDetail","parameters":{"action":"show","arguments":"directory","controller":"Events","extensionName":"cimdirectory","pluginName":"Display"}},"images":{"list":{"fields":"pictureShow"}}},"search":{"contentElementId":"51","partial":"ItemList","itemType":"events","classes":"annuaire","hn":"2","grid":"horizontal","showImage":"1","showCategory":"1","showTeaser":"1","showOnHover":"0","showMore":"0","showDate":"0","urlBuilder":{"varDefaultDetailUidName":"idEventsDetail","parameters":{"action":"show","arguments":"directory","controller":"Events","extensionName":"cimdirectory","pluginName":"Display"}}}},"geo_point":{"lat":45.673754,"lon":5.909586},"id":"2110_1635","imageList":[{"publicUrl":"https:\/\/www.aixlesbains.fr\/api\/fileadmin\/_processed_\/a\/6\/csm_pictureShow_table-ronde-tabac-et-nouvelles-consommations-comment-en-parler_e8c1a25130.webp","properties":{"title":"","alternative":null,"description":"","link":null,"linkData":null,"mimeType":"image\/webp","type":"image","filename":"pictureShow_table-ronde-tabac-et-nouvelles-consommations-comment-en-parler.png","originalUrl":"https:\/\/www.aixlesbains.fr\/api\/fileadmin\/user_upload\/import\/pictureShow_table-ronde-tabac-et-nouvelles-consommations-comment-en-parler.png","uidLocal":13436,"fileReferenceUid":18246,"size":786832,"dimensions":{"width":330,"height":470},"cropDimensions":{"width":330,"height":470},"crop":"","autoplay":null,"extension":"png","initialDimensions":{"width":940,"height":788},"orientation":"paysage","copyright":"","processedExtension":"webp","publicUrl":"https:\/\/www.aixlesbains.fr\/api\/fileadmin\/_processed_\/a\/6\/csm_pictureShow_table-ronde-tabac-et-nouvelles-consommations-comment-en-parler_e8c1a25130.webp","crdate":1776225608,"tstamp":1776225608}}],"links":[{"href":"\/agendas\/detail\/table-ronde-tabac-et-nouvelles-consommations-comment-en-parler","text":"Voir la fiche","target":null}],"agency":"Cameros"},{"type":"events","sorting":512,"sysLanguageUid":0,"hidden":0,"crdate":"2026-02-17T06:00:01+0100","tstamp":"2026-03-17T10:30:49+0100","pathSegment":"\/les-nuits-celestes-savoyardes","categories":[{"sorting":512,"crdate":"2025-01-08T16:25:55+0100","tstamp":"2025-01-08T16:25:55+0100","hidden":false,"sysLanguageUid":0,"l10nParent":0,"title":"Concert","parent":{"sorting":512,"crdate":"2025-01-08T16:25:08+0100","tstamp":"2025-01-08T16:25:08+0100","hidden":false,"sysLanguageUid":0,"l10nParent":0,"title":"Arts et culture","parent":{"sorting":768,"crdate":"2025-01-08T15:29:43+0100","tstamp":"2025-01-08T15:29:51+0100","hidden":false,"sysLanguageUid":0,"l10nParent":0,"title":"Apidae","parent":{"sorting":256,"crdate":"2024-11-08T11:59:17+0100","tstamp":"2024-11-08T11:59:17+0100","hidden":false,"sysLanguageUid":0,"l10nParent":0,"title":"Agenda","images":[],"shortcut":0,"singlePid":0,"slug":"agenda","feBlacklist":false,"uid":406,"pid":1966},"images":[],"shortcut":0,"singlePid":0,"slug":"apidae","feBlacklist":false,"uid":445,"pid":2112},"images":[],"shortcut":0,"singlePid":0,"feBlacklist":false,"uid":446,"pid":2112},"images":[],"shortcut":0,"singlePid":0,"feBlacklist":false,"uid":451,"pid":2112}],"mapLongitude":5.913434,"mapLatitude":45.688764,"title":"LES NUITS CELESTES SAVOYARDES","importId":"7394494","istopnews":false,"teaser":"Sc\u00e8nes locales 2025\/2026\r\nMusique classique\r\nKarine VARTANIAN Piano Solo.","description":"Karine Vartanian et son exploration musicale en compagnie de Beethoven. Pour ce nouveau r\u00e9cital, et dans le cadre des Nuits C\u00e9lestes Savoyardes, la pianiste Karine Vartanian nous propose une exploration musicale en compagnie du compositeur allemand Ludwig van Beethoven.\r\n\r\nAu programme : \r\n\u00b7 Sonate n\u00b023 en fa mineur op. 57 \"Appassionata\"\r\n\u00b7 Sonate n\u00b017 en r\u00e9 mineur op. 31 n\u00b02 \"La Temp\u00eate\"\r\n \r\nPlacement libre\r\nDur\u00e9e : 1h","creationDate":"2025-06-06T14:11:21+0200","cimNewsStartDate":"2026-05-05T20:30:00+0200","cimNewsEndDate":"2026-05-05T21:30:00+0200","duration":[{"sorting":512,"crdate":"2024-11-08T11:59:44+0100","tstamp":"2024-11-08T11:59:44+0100","hidden":false,"sysLanguageUid":0,"l10nParent":0,"title":"Courte dur\u00e9e","parent":{"sorting":256,"crdate":"2024-11-08T11:59:33+0100","tstamp":"2024-11-08T11:59:33+0100","hidden":false,"sysLanguageUid":0,"l10nParent":0,"title":"Types de dur\u00e9e","parent":{"sorting":256,"crdate":"2024-11-08T11:59:17+0100","tstamp":"2024-11-08T11:59:17+0100","hidden":false,"sysLanguageUid":0,"l10nParent":0,"title":"Agenda","images":[],"shortcut":0,"singlePid":0,"slug":"agenda","feBlacklist":false,"uid":406,"pid":1966},"images":[],"shortcut":0,"singlePid":0,"slug":"types-de-duree","feBlacklist":false,"uid":407,"pid":1967},"images":[],"shortcut":0,"singlePid":0,"slug":"courte-duree","feBlacklist":false,"uid":408,"pid":1967}],"hideRelatedEvents":false,"cimNewsScheduleDates":[{"sorting":1,"sysLanguageUid":0,"hidden":false,"crdate":"2025-11-25T12:05:01+0100","tstamp":"2026-03-17T10:30:49+0100","title":"36015022 - 2026-05-05 - 2026-05-05","cimNewsStartDate":"2026-05-05T20:30:00+0200","cimNewsEndDate":"2026-05-05T21:30:00+0200","place":[],"uid":4810,"pid":2110}],"schedule":"Mardi 5 mai 2026 de 20h30 \u00e0 21h30.","pictureShow":[{"originalResource":{"originalFile":{"updatedProperties":["modification_date","creation_date","type"],"properties":{"uid":5334,"pid":0,"missing":0,"type":2,"storage":1,"identifier":"\/user_upload\/import\/pictureShow_les-nuits-celestes-savoyardes.jpg","identifier_hash":"357d171f608ff28e617dc8861dcfc2bfcd9e2ebf","extension":"jpg","mime_type":"image\/jpeg","name":"pictureShow_les-nuits-celestes-savoyardes.jpg","sha1":"cc9589a1fcf45bd0b0b1d827e996bbbf8eb724ff","size":85803,"creation_date":1773739884,"modification_date":1773739884,"folder_hash":"cf40f83f2cbfdec6b9ed400bffcdfea18683e513","tstamp":1749866469,"crdate":1736349955,"sys_language_uid":0,"l10n_parent":0,"l10n_state":null,"t3_origuid":0,"l10n_diffsource":"","t3ver_oid":0,"t3ver_wsid":0,"t3ver_state":0,"t3ver_stage":0,"file":5334,"title":null,"width":1080,"height":677,"description":null,"alternative":null,"categories":0,"hide_download_link":0,"cim_base_description":null,"date_displayed":0,"cim_base_thumb":null,"archive":0,"copyright":"","cim_base_numero":0,"istopnews":0,"song_artist":"","song_title":"","language":0,"nosearch":0,"indexed":0,"content_creation_date":0,"content_modification_date":0,"visible":1,"status":"","keywords":null,"caption":null,"creator_tool":"","download_name":"","creator":"","publisher":"","source":"","location_country":"","location_region":"","location_city":"","latitude":"0.00000000000000","longitude":"0.00000000000000","ranking":0,"note":null,"unit":"","duration":0,"color_space":"","pages":0,"fe_groups":null,"external_url":"","listen_url":"","use_site_flipbook":0,"starttime":0,"endtime":0,"metadata_uid":5334},"identifier":"\/user_upload\/import\/pictureShow_les-nuits-celestes-savoyardes.jpg","name":"pictureShow_les-nuits-celestes-savoyardes.jpg"}},"uid":17939,"pid":2110}],"pictureList":[],"organiser":[{"type":"generique","sorting":0,"sysLanguageUid":0,"hidden":false,"crdate":"2025-06-14T04:00:01+0200","tstamp":"2026-03-17T10:30:49+0100","categories":[],"mapLongitude":0,"mapLatitude":0,"importId":"7394494","uid":655,"pid":2114}],"publicType":[],"reservation":[],"tarifAdditionnal":"Plein tarif : de 15 \u00e0 30 \u20ac.","ticketingLink":"https:\/\/billetterie.seetickets.fr\/les-nuits-celestes-savoyardes-spectacle-theatre-du-casino-placement-libre-aix-les-bains-05-mai-2026-css5-otaixlesbainsrivieradesalpes-pg101-ri11057731.html","tarifType":[{"sorting":0,"crdate":"2025-01-08T17:29:25+0100","tstamp":"2025-01-08T17:29:25+0100","hidden":false,"sysLanguageUid":0,"l10nParent":0,"title":"Payant","parent":{"sorting":256,"crdate":"2025-01-08T17:21:52+0100","tstamp":"2025-01-08T17:21:52+0100","hidden":false,"sysLanguageUid":0,"l10nParent":0,"title":"Types de tarifs","parent":{"sorting":256,"crdate":"2024-11-08T11:59:17+0100","tstamp":"2024-11-08T11:59:17+0100","hidden":false,"sysLanguageUid":0,"l10nParent":0,"title":"Agenda","images":[],"shortcut":0,"singlePid":0,"slug":"agenda","feBlacklist":false,"uid":406,"pid":1966},"images":[],"shortcut":0,"singlePid":0,"slug":"types-de-tarifs","feBlacklist":false,"uid":461,"pid":2116},"images":[],"shortcut":0,"singlePid":0,"feBlacklist":false,"uid":463,"pid":2116}],"lieu":[{"type":"generique","sorting":0,"sysLanguageUid":0,"hidden":false,"crdate":"2025-06-14T04:00:01+0200","tstamp":"2026-03-17T10:30:49+0100","categories":[],"mapLongitude":5.913434,"mapLatitude":45.688764,"title":"Th\u00e9\u00e2tre du Casino Grand Cercle","importId":"7394494","address":" 200 rue du Casino 73100 Aix-les-Bains","uid":654,"pid":2115}],"medias":[],"theme":[{"sorting":0,"crdate":"2026-01-27T09:43:03+0100","tstamp":"2026-01-27T09:43:03+0100","hidden":false,"sysLanguageUid":0,"l10nParent":0,"title":"Musique classique","parent":{"sorting":0,"crdate":"2026-01-27T09:43:03+0100","tstamp":"2026-01-27T09:43:03+0100","hidden":false,"sysLanguageUid":0,"l10nParent":0,"title":"Musique","parent":{"sorting":0,"tstamp":"2026-01-27T09:34:45+0100","hidden":false,"sysLanguageUid":0,"l10nParent":0,"title":"Apidae","images":[],"shortcut":0,"singlePid":0,"slug":"apidae-1","feBlacklist":false,"uid":807,"pid":2493},"images":[],"shortcut":0,"singlePid":0,"feBlacklist":false,"uid":811,"pid":2493},"images":[],"shortcut":0,"singlePid":0,"feBlacklist":false,"uid":819,"pid":2493}],"accessibility":[],"accessibilityDetail":[],"workflowStatus":[],"uid":1504,"pid":2110,"pid_title":"Agenda Ville","site":"cms.aixlesbains.fr","sys_language_uid":0,"suggest_title":"LES NUITS CELESTES SAVOYARDES","raw_description":"Karine Vartanian et son exploration musicale en compagnie de Beethoven. Pour ce nouveau r\u00e9cital, et dans le cadre des Nuits C\u00e9lestes Savoyardes, la pianiste Karine Vartanian nous propose une exploration musicale en compagnie du compositeur allemand Ludwig van Beethoven.\r\n\r\nAu programme : \r\n\u00b7 Sonate n\u00b023 en fa mineur op. 57 \"Appassionata\"\r\n\u00b7 Sonate n\u00b017 en r\u00e9 mineur op. 31 n\u00b02 \"La Temp\u00eate\"\r\n \r\nPlacement libre\r\nDur\u00e9e : 1h","settings":{"urlBuilder":{"varDefaultDetailUidName":"idEventsDetail","parameters":{"action":"show","arguments":"directory","controller":"Events","extensionName":"cimdirectory","pluginName":"Display"}},"editorial":{"contentElementId":"51","partial":"ItemList","itemType":"events","classes":"annuaire","hn":"2","popin":"1","grid":"horizontal","showImage":"1","showCategory":"1","showTeaser":"1","showOnHover":"0","showMore":"0","showDate":"0","urlBuilder":{"varDefaultDetailUidName":"idEventsDetail","parameters":{"action":"show","arguments":"directory","controller":"Events","extensionName":"cimdirectory","pluginName":"Display"}},"images":{"list":{"fields":"pictureShow"}}},"list":{"contentElementId":"51","partial":"ItemList","itemType":"events","classes":"annuaire","hn":"2","popin":"1","grid":"horizontal","showImage":"1","showCategory":"1","showTeaser":"1","showOnHover":"0","showMore":"0","showDate":"0","urlBuilder":{"varDefaultDetailUidName":"idEventsDetail","parameters":{"action":"show","arguments":"directory","controller":"Events","extensionName":"cimdirectory","pluginName":"Display"}},"images":{"list":{"fields":"pictureShow"}}},"search":{"contentElementId":"51","partial":"ItemList","itemType":"events","classes":"annuaire","hn":"2","grid":"horizontal","showImage":"1","showCategory":"1","showTeaser":"1","showOnHover":"0","showMore":"0","showDate":"0","urlBuilder":{"varDefaultDetailUidName":"idEventsDetail","parameters":{"action":"show","arguments":"directory","controller":"Events","extensionName":"cimdirectory","pluginName":"Display"}}}},"geo_point":{"lat":45.688764,"lon":5.913434},"id":"2110_1504","imageList":[{"publicUrl":"https:\/\/www.aixlesbains.fr\/api\/fileadmin\/_processed_\/6\/4\/csm_pictureShow_les-nuits-celestes-savoyardes_b443728f81.webp","properties":{"title":"","alternative":null,"description":"","link":null,"linkData":null,"mimeType":"image\/webp","type":"image","filename":"pictureShow_les-nuits-celestes-savoyardes.jpg","originalUrl":"https:\/\/www.aixlesbains.fr\/api\/fileadmin\/user_upload\/import\/pictureShow_les-nuits-celestes-savoyardes.jpg","uidLocal":5334,"fileReferenceUid":17939,"size":85803,"dimensions":{"width":330,"height":470},"cropDimensions":{"width":330,"height":470},"crop":"","autoplay":null,"extension":"jpg","initialDimensions":{"width":1080,"height":677},"orientation":"paysage","copyright":"","processedExtension":"webp","publicUrl":"https:\/\/www.aixlesbains.fr\/api\/fileadmin\/_processed_\/6\/4\/csm_pictureShow_les-nuits-celestes-savoyardes_b443728f81.webp","crdate":1773739884,"tstamp":1773739884}}],"links":[{"href":"\/agendas\/detail\/les-nuits-celestes-savoyardes","text":"Voir la fiche","target":null}],"agency":"Cameros"},{"type":"events","sorting":0,"sysLanguageUid":0,"hidden":0,"crdate":"2026-03-24T06:00:01+0100","tstamp":"2026-03-24T06:00:01+0100","pathSegment":"\/l-alchimiste-un-voyage-musical-sous-les-etoiles","categories":[{"sorting":512,"crdate":"2025-01-08T16:25:55+0100","tstamp":"2025-01-08T16:25:55+0100","hidden":false,"sysLanguageUid":0,"l10nParent":0,"title":"Concert","parent":{"sorting":512,"crdate":"2025-01-08T16:25:08+0100","tstamp":"2025-01-08T16:25:08+0100","hidden":false,"sysLanguageUid":0,"l10nParent":0,"title":"Arts et culture","parent":{"sorting":768,"crdate":"2025-01-08T15:29:43+0100","tstamp":"2025-01-08T15:29:51+0100","hidden":false,"sysLanguageUid":0,"l10nParent":0,"title":"Apidae","parent":{"sorting":256,"crdate":"2024-11-08T11:59:17+0100","tstamp":"2024-11-08T11:59:17+0100","hidden":false,"sysLanguageUid":0,"l10nParent":0,"title":"Agenda","images":[],"shortcut":0,"singlePid":0,"slug":"agenda","feBlacklist":false,"uid":406,"pid":1966},"images":[],"shortcut":0,"singlePid":0,"slug":"apidae","feBlacklist":false,"uid":445,"pid":2112},"images":[],"shortcut":0,"singlePid":0,"feBlacklist":false,"uid":446,"pid":2112},"images":[],"shortcut":0,"singlePid":0,"feBlacklist":false,"uid":451,"pid":2112}],"mapLongitude":5.91333,"mapLatitude":45.70398,"title":"L'Alchimiste - un voyage musical sous les \u00e9toiles","importId":"7730000","istopnews":false,"teaser":"Une pianiste, un chanteur, une lectrice et un violoncelliste proposent un concert intimiste, \u00e9clair\u00e9 \u00e0 la bougie et sous une voute \u00e9toil\u00e9e, autour du roman mondialement connu L\u2019Alchimiste de Paulo Coelho","description":"\u2728Santiago, jeune berger andalou, contemple les \u00e9toiles. Il a tout pour \u00eatre heureux : ses brebis qui ont besoin de lui, un livre et un manteau sur lequel se reposer. Mais un r\u00eave, \u00e0 deux reprises, l'appelle au plus profond de lui-m\u00eame : un tr\u00e9sor l'attend, au pied des Pyramides... \r\n\r\n\u2728Son voyage nous conduit de l'Espagne \u00e0 l'Afrique, sous les \u00e9toiles du d\u00e9sert, et nous raconte avec sensibilit\u00e9 ses joies, ses doutes, ses rencontres qui l\u2019aident \u00e0 grandir et \u00e0 mieux comprendre le sens de sa vie.\r\n \r\nC\u2019est un r\u00e9cit simple et profond, un spectacle aux milles \u00e9motions, qui parle aux petits comme aux grands, de courage, de pers\u00e9v\u00e9rance, et de la mani\u00e8re dont chacun peut choisir sa vie, vivre ses r\u00eaves.\r\n \r\n\u2728Guid\u00e9s par Paulo Coelho (extraits du texte), notre voyage musical nous conduira de Chopin \u00e0 Einaudi, de Schubert \u00e0 Hans Zimmer, de Sofiane Pamart \u00e0 Aznavour, Alicia Keys, Whitney Houston... en qu\u00eate de notre \u00e9toile.\r\n \r\n \r\nArtistes : Claire Damour (piano), Mardoch\u00e9 Nelson (chant), Charlotte Bauduin (texte), Diego Coutinho (violoncelle)\r\nClaire Damour \u2013 piano : Grand Prix de Conservatoire, prim\u00e9e de plusieurs concours internationaux, elle habite sa musique avec gr\u00e2ce et d\u00e9licatesse, elle partage son piano avec douceur et \u00e9nergie, avec son coeur.\r\n\r\nMardoch\u00e9 Nelson \u2013 chant : Originaire des Gona\u00efves en Ha\u00efti, chanteur Gospel depuis qu\u2019il a trois ans, il a re\u00e7u le don d\u2019une voix extraordinaire. Son plus grand bonheur est de partager son \u00e9nergie incroyable, de faire rayonner sa grande joie !\r\n\r\nCharlotte Bauduin \u2013 texte : Danseuse et com\u00e9dienne, elle a ce talent de pouvoir donner vie au roman, avec simplicit\u00e9 et \u00e9motion.\r\n\r\nDiego Countinho \u2013 violoncelle : Br\u00e9silien d'origine (comme Paulo Coelho), il gagne une bourse pour \u00e9tudier en Europe, notamment au conservatoire royal de Bruxelles, o\u00f9 il obtient une m\u00e9daille d'or. Sa pr\u00e9sence apporte une profondeur musicale bouleversante.\r\n\r\n \r\n\r\nT\u00e9moignages :\r\nMarie G. \u2b50\u2b50\u2b50\u2b50\u2b50 : \u00abUn moment d\u2019une grande beaut\u00e9, entre m\u00e9ditation, contemplation et joie profonde. \u00bb\r\n\r\nC\u00e9cile B. \u2b50\u2b50\u2b50\u2b50\u2b50 : \u00ab Une soir\u00e9e pleine d\u2019humanit\u00e9, port\u00e9e par des artistes exceptionnels. \u00bb\r\n\r\nAnne B. \u2b50\u2b50\u2b50\u2b50\u2b50 : \u00ab Un concert qui touche le c\u0153ur. Qui fait tellement de bien. Merci pour cette parenth\u00e8se magique ! \u00bb\r\n\r\n \r\n \r\nINFOS :\r\nDur\u00e9e : concert d'1h30 environ. Ouverture de la salle 45 minutes avant le d\u00e9but du concert. Pas d'entr\u00e9e possible pour les retardataires, par respect pour le public et pour la qualit\u00e9 du spectacle.\r\n\r\n\u00c2ge conseill\u00e9 : 8 ans et plus. Le concert offre d'abord une ambiance m\u00e9ditative (45 min) avant d'\u00eatre plus festive, et peut para\u00eetre long aux plus jeunes enfants, de moins de 8 ans.\r\n\r\nPlacement : par ordre d\u2019arriv\u00e9e.","creationDate":"2026-03-21T16:39:31+0100","cimNewsStartDate":"2026-05-06T00:00:00+0200","cimNewsEndDate":"2026-05-07T00:00:00+0200","duration":[{"sorting":512,"crdate":"2024-11-08T11:59:44+0100","tstamp":"2024-11-08T11:59:44+0100","hidden":false,"sysLanguageUid":0,"l10nParent":0,"title":"Courte dur\u00e9e","parent":{"sorting":256,"crdate":"2024-11-08T11:59:33+0100","tstamp":"2024-11-08T11:59:33+0100","hidden":false,"sysLanguageUid":0,"l10nParent":0,"title":"Types de dur\u00e9e","parent":{"sorting":256,"crdate":"2024-11-08T11:59:17+0100","tstamp":"2024-11-08T11:59:17+0100","hidden":false,"sysLanguageUid":0,"l10nParent":0,"title":"Agenda","images":[],"shortcut":0,"singlePid":0,"slug":"agenda","feBlacklist":false,"uid":406,"pid":1966},"images":[],"shortcut":0,"singlePid":0,"slug":"types-de-duree","feBlacklist":false,"uid":407,"pid":1967},"images":[],"shortcut":0,"singlePid":0,"slug":"courte-duree","feBlacklist":false,"uid":408,"pid":1967}],"hideRelatedEvents":false,"cimNewsScheduleDates":[{"sorting":1,"sysLanguageUid":0,"hidden":false,"crdate":"2026-03-24T06:00:01+0100","tstamp":"2026-03-24T06:00:01+0100","title":"39957756 - 2026-05-06 - 2026-05-06","cimNewsStartDate":"2026-05-06T00:00:00+0200","cimNewsEndDate":"2026-05-06T00:00:00+0200","place":[],"uid":5153,"pid":2110},{"sorting":2,"sysLanguageUid":0,"hidden":false,"crdate":"2026-03-24T06:00:01+0100","tstamp":"2026-03-24T06:00:01+0100","title":"39957757 - 2026-05-07 - 2026-05-07","cimNewsStartDate":"2026-05-07T00:00:00+0200","cimNewsEndDate":"2026-05-07T00:00:00+0200","place":[],"uid":5154,"pid":2110}],"schedule":"Mercredi 6 mai 2026.\n\nJeudi 7 mai 2026.","pictureShow":[{"originalResource":{"originalFile":{"updatedProperties":[],"properties":{"size":1110456,"modification_date":1774328403,"creation_date":1774328403,"mime_type":"image\/png","name":"pictureShow_l-alchimiste-un-voyage-musical-sous-les-etoiles.png","extension":"png","identifier":"\/user_upload\/import\/pictureShow_l-alchimiste-un-voyage-musical-sous-les-etoiles.png","identifier_hash":"aabc247ea32c132f8ba9202fbf4d8a9e83cff2da","storage":1,"folder_hash":"cf40f83f2cbfdec6b9ed400bffcdfea18683e513","type":2,"sha1":"c37e72b474c27d9d7993f06f9f0b8b96dd7a328d","missing":0,"uid":12802,"file":12802,"pid":0,"crdate":1774328401,"tstamp":1774328401,"l10n_diffsource":"","width":905,"height":1280,"metadata_uid":"12903"},"identifier":"\/user_upload\/import\/pictureShow_l-alchimiste-un-voyage-musical-sous-les-etoiles.png","name":"pictureShow_l-alchimiste-un-voyage-musical-sous-les-etoiles.png"}},"uid":18010,"pid":2110}],"pictureList":[],"organiser":[{"type":"generique","sorting":0,"sysLanguageUid":0,"hidden":false,"crdate":"2026-03-24T06:00:01+0100","tstamp":"2026-03-24T06:00:01+0100","categories":[],"mapLongitude":0,"mapLatitude":0,"importId":"7730000","website":"https:\/\/www.concertsauxetoiles.com","mail":"concertsauxetoiles@gmail.com","uid":1235,"pid":2114}],"publicType":[],"reservation":[],"ticketingLink":"https:\/\/www.billetweb.fr\/lalchimiste-aix-les-bains","tarifType":[{"sorting":0,"crdate":"2025-01-08T17:29:25+0100","tstamp":"2025-01-08T17:29:25+0100","hidden":false,"sysLanguageUid":0,"l10nParent":0,"title":"Payant","parent":{"sorting":256,"crdate":"2025-01-08T17:21:52+0100","tstamp":"2025-01-08T17:21:52+0100","hidden":false,"sysLanguageUid":0,"l10nParent":0,"title":"Types de tarifs","parent":{"sorting":256,"crdate":"2024-11-08T11:59:17+0100","tstamp":"2024-11-08T11:59:17+0100","hidden":false,"sysLanguageUid":0,"l10nParent":0,"title":"Agenda","images":[],"shortcut":0,"singlePid":0,"slug":"agenda","feBlacklist":false,"uid":406,"pid":1966},"images":[],"shortcut":0,"singlePid":0,"slug":"types-de-tarifs","feBlacklist":false,"uid":461,"pid":2116},"images":[],"shortcut":0,"singlePid":0,"feBlacklist":false,"uid":463,"pid":2116}],"lieu":[{"type":"generique","sorting":0,"sysLanguageUid":0,"hidden":false,"crdate":"2026-03-24T06:00:01+0100","tstamp":"2026-03-24T06:00:01+0100","categories":[],"mapLongitude":5.91333,"mapLatitude":45.70398,"title":"Eglise Saint Simond","importId":"7730000","address":" avenue Saint Simond 73100 Aix-les-Bains","uid":1234,"pid":2115}],"medias":[],"theme":[],"accessibility":[],"accessibilityDetail":[],"workflowStatus":[],"uid":1589,"pid":2110,"pid_title":"Agenda Ville","site":"cms.aixlesbains.fr","sys_language_uid":0,"suggest_title":"L'Alchimiste - un voyage musical sous les \u00e9toiles","raw_description":"\u2728Santiago, jeune berger andalou, contemple les \u00e9toiles. Il a tout pour \u00eatre heureux : ses brebis qui ont besoin de lui, un livre et un manteau sur lequel se reposer. Mais un r\u00eave, \u00e0 deux reprises, l'appelle au plus profond de lui-m\u00eame : un tr\u00e9sor l'attend, au pied des Pyramides... \r\n\r\n\u2728Son voyage nous conduit de l'Espagne \u00e0 l'Afrique, sous les \u00e9toiles du d\u00e9sert, et nous raconte avec sensibilit\u00e9 ses joies, ses doutes, ses rencontres qui l\u2019aident \u00e0 grandir et \u00e0 mieux comprendre le sens de sa vie.\r\n \r\nC\u2019est un r\u00e9cit simple et profond, un spectacle aux milles \u00e9motions, qui parle aux petits comme aux grands, de courage, de pers\u00e9v\u00e9rance, et de la mani\u00e8re dont chacun peut choisir sa vie, vivre ses r\u00eaves.\r\n \r\n\u2728Guid\u00e9s par Paulo Coelho (extraits du texte), notre voyage musical nous conduira de Chopin \u00e0 Einaudi, de Schubert \u00e0 Hans Zimmer, de Sofiane Pamart \u00e0 Aznavour, Alicia Keys, Whitney Houston... en qu\u00eate de notre \u00e9toile.\r\n \r\n \r\nArtistes : Claire Damour (piano), Mardoch\u00e9 Nelson (chant), Charlotte Bauduin (texte), Diego Coutinho (violoncelle)\r\nClaire Damour \u2013 piano : Grand Prix de Conservatoire, prim\u00e9e de plusieurs concours internationaux, elle habite sa musique avec gr\u00e2ce et d\u00e9licatesse, elle partage son piano avec douceur et \u00e9nergie, avec son coeur.\r\n\r\nMardoch\u00e9 Nelson \u2013 chant : Originaire des Gona\u00efves en Ha\u00efti, chanteur Gospel depuis qu\u2019il a trois ans, il a re\u00e7u le don d\u2019une voix extraordinaire. Son plus grand bonheur est de partager son \u00e9nergie incroyable, de faire rayonner sa grande joie !\r\n\r\nCharlotte Bauduin \u2013 texte : Danseuse et com\u00e9dienne, elle a ce talent de pouvoir donner vie au roman, avec simplicit\u00e9 et \u00e9motion.\r\n\r\nDiego Countinho \u2013 violoncelle : Br\u00e9silien d'origine (comme Paulo Coelho), il gagne une bourse pour \u00e9tudier en Europe, notamment au conservatoire royal de Bruxelles, o\u00f9 il obtient une m\u00e9daille d'or. Sa pr\u00e9sence apporte une profondeur musicale bouleversante.\r\n\r\n \r\n\r\nT\u00e9moignages :\r\nMarie G. \u2b50\u2b50\u2b50\u2b50\u2b50 : \u00abUn moment d\u2019une grande beaut\u00e9, entre m\u00e9ditation, contemplation et joie profonde. \u00bb\r\n\r\nC\u00e9cile B. \u2b50\u2b50\u2b50\u2b50\u2b50 : \u00ab Une soir\u00e9e pleine d\u2019humanit\u00e9, port\u00e9e par des artistes exceptionnels. \u00bb\r\n\r\nAnne B. \u2b50\u2b50\u2b50\u2b50\u2b50 : \u00ab Un concert qui touche le c\u0153ur. Qui fait tellement de bien. Merci pour cette parenth\u00e8se magique ! \u00bb\r\n\r\n \r\n \r\nINFOS :\r\nDur\u00e9e : concert d'1h30 environ. Ouverture de la salle 45 minutes avant le d\u00e9but du concert. Pas d'entr\u00e9e possible pour les retardataires, par respect pour le public et pour la qualit\u00e9 du spectacle.\r\n\r\n\u00c2ge conseill\u00e9 : 8 ans et plus. Le concert offre d'abord une ambiance m\u00e9ditative (45 min) avant d'\u00eatre plus festive, et peut para\u00eetre long aux plus jeunes enfants, de moins de 8 ans.\r\n\r\nPlacement : par ordre d\u2019arriv\u00e9e.","settings":{"urlBuilder":{"varDefaultDetailUidName":"idEventsDetail","parameters":{"action":"show","arguments":"directory","controller":"Events","extensionName":"cimdirectory","pluginName":"Display"}},"editorial":{"contentElementId":"51","partial":"ItemList","itemType":"events","classes":"annuaire","hn":"2","popin":"1","grid":"horizontal","showImage":"1","showCategory":"1","showTeaser":"1","showOnHover":"0","showMore":"0","showDate":"0","urlBuilder":{"varDefaultDetailUidName":"idEventsDetail","parameters":{"action":"show","arguments":"directory","controller":"Events","extensionName":"cimdirectory","pluginName":"Display"}},"images":{"list":{"fields":"pictureShow"}}},"list":{"contentElementId":"51","partial":"ItemList","itemType":"events","classes":"annuaire","hn":"2","popin":"1","grid":"horizontal","showImage":"1","showCategory":"1","showTeaser":"1","showOnHover":"0","showMore":"0","showDate":"0","urlBuilder":{"varDefaultDetailUidName":"idEventsDetail","parameters":{"action":"show","arguments":"directory","controller":"Events","extensionName":"cimdirectory","pluginName":"Display"}},"images":{"list":{"fields":"pictureShow"}}},"search":{"contentElementId":"51","partial":"ItemList","itemType":"events","classes":"annuaire","hn":"2","grid":"horizontal","showImage":"1","showCategory":"1","showTeaser":"1","showOnHover":"0","showMore":"0","showDate":"0","urlBuilder":{"varDefaultDetailUidName":"idEventsDetail","parameters":{"action":"show","arguments":"directory","controller":"Events","extensionName":"cimdirectory","pluginName":"Display"}}}},"geo_point":{"lat":45.70398,"lon":5.91333},"id":"2110_1589","imageList":[{"publicUrl":"https:\/\/www.aixlesbains.fr\/api\/fileadmin\/_processed_\/e\/f\/csm_pictureShow_l-alchimiste-un-voyage-musical-sous-les-etoiles_daf1da3fa6.webp","properties":{"title":"","alternative":null,"description":"","link":null,"linkData":null,"mimeType":"image\/webp","type":"image","filename":"pictureShow_l-alchimiste-un-voyage-musical-sous-les-etoiles.png","originalUrl":"https:\/\/www.aixlesbains.fr\/api\/fileadmin\/user_upload\/import\/pictureShow_l-alchimiste-un-voyage-musical-sous-les-etoiles.png","uidLocal":12802,"fileReferenceUid":18010,"size":1110456,"dimensions":{"width":330,"height":470},"cropDimensions":{"width":330,"height":470},"crop":"","autoplay":null,"extension":"png","initialDimensions":{"width":905,"height":1280},"orientation":"portrait","copyright":"","processedExtension":"webp","publicUrl":"https:\/\/www.aixlesbains.fr\/api\/fileadmin\/_processed_\/e\/f\/csm_pictureShow_l-alchimiste-un-voyage-musical-sous-les-etoiles_daf1da3fa6.webp","crdate":1774328403,"tstamp":1774328403}}],"links":[{"href":"\/agendas\/detail\/l-alchimiste-un-voyage-musical-sous-les-etoiles","text":"Voir la fiche","target":null}],"agency":"Cameros"},{"type":"events","sorting":512,"sysLanguageUid":0,"hidden":0,"crdate":"2026-02-17T06:00:01+0100","tstamp":"2026-03-17T10:30:49+0100","pathSegment":"\/a-qui-la-faute","categories":[{"sorting":512,"crdate":"2025-01-08T16:25:08+0100","tstamp":"2025-01-08T16:25:08+0100","hidden":false,"sysLanguageUid":0,"l10nParent":0,"title":"Th\u00e9\u00e2tre","parent":{"sorting":512,"crdate":"2025-01-08T16:25:08+0100","tstamp":"2025-01-08T16:25:08+0100","hidden":false,"sysLanguageUid":0,"l10nParent":0,"title":"Arts et culture","parent":{"sorting":768,"crdate":"2025-01-08T15:29:43+0100","tstamp":"2025-01-08T15:29:51+0100","hidden":false,"sysLanguageUid":0,"l10nParent":0,"title":"Apidae","parent":{"sorting":256,"crdate":"2024-11-08T11:59:17+0100","tstamp":"2024-11-08T11:59:17+0100","hidden":false,"sysLanguageUid":0,"l10nParent":0,"title":"Agenda","images":[],"shortcut":0,"singlePid":0,"slug":"agenda","feBlacklist":false,"uid":406,"pid":1966},"images":[],"shortcut":0,"singlePid":0,"slug":"apidae","feBlacklist":false,"uid":445,"pid":2112},"images":[],"shortcut":0,"singlePid":0,"feBlacklist":false,"uid":446,"pid":2112},"images":[],"shortcut":0,"singlePid":0,"feBlacklist":false,"uid":447,"pid":2112}],"mapLongitude":5.913434,"mapLatitude":45.688764,"title":"A QUI LA FAUTE ?","importId":"7384066","istopnews":false,"teaser":"Saison culturelle 2025\/2026 \r\n\r\nA QUI LA FAUTE ?\r\nPARENTS SANS MODE D'EMPLOI \r\n \r\n\u00c9CRIT ET MIS EN SC\u00c8NE PAR Didier Caron\r\nAVEC Sandrine Qu\u00e9tier, Christian Vadim, Manuel G\u00e9lin, Juliette Meyniac","description":"Au coll\u00e8ge, F\u00e9lix Roguier harc\u00e8le son ancienne petite amie Bertheline Flamand. Les parents des deux jeunes se rencontrent dans un bar de quartier, le caf\u00e9 des amis, pour tenter de r\u00e9gler ce litige avec civisme et intelligence. Les couples semblent soucieux de faire preuve de tol\u00e9rance et de mod\u00e9ration, normal quand on est adulte.\r\n \r\nMalheureusement la discussion s'envenime, les masques tombent et la courtoisie de fa\u00e7ade se noie dans un oc\u00e9an de mesquineries et de reproches\u2026 Le calme du d\u00e9but n'est plus qu'un lointain souvenir !\r\n \r\nL'affaire des deux adolescents va servir de grand d\u00e9ballage aux parents pr\u00e9tendument ouverts d'esprit mais tout aussi vifs que leurs prog\u00e9nitures!\r\nFinalement \u00c0 QUI LA FAUTE ?","creationDate":"2025-05-28T12:35:20+0200","cimNewsStartDate":"2026-05-07T20:30:00+0200","cimNewsEndDate":"2026-05-07T22:00:00+0200","duration":[{"sorting":512,"crdate":"2024-11-08T11:59:44+0100","tstamp":"2024-11-08T11:59:44+0100","hidden":false,"sysLanguageUid":0,"l10nParent":0,"title":"Courte dur\u00e9e","parent":{"sorting":256,"crdate":"2024-11-08T11:59:33+0100","tstamp":"2024-11-08T11:59:33+0100","hidden":false,"sysLanguageUid":0,"l10nParent":0,"title":"Types de dur\u00e9e","parent":{"sorting":256,"crdate":"2024-11-08T11:59:17+0100","tstamp":"2024-11-08T11:59:17+0100","hidden":false,"sysLanguageUid":0,"l10nParent":0,"title":"Agenda","images":[],"shortcut":0,"singlePid":0,"slug":"agenda","feBlacklist":false,"uid":406,"pid":1966},"images":[],"shortcut":0,"singlePid":0,"slug":"types-de-duree","feBlacklist":false,"uid":407,"pid":1967},"images":[],"shortcut":0,"singlePid":0,"slug":"courte-duree","feBlacklist":false,"uid":408,"pid":1967}],"hideRelatedEvents":false,"cimNewsScheduleDates":[{"sorting":1,"sysLanguageUid":0,"hidden":false,"crdate":"2025-11-25T12:05:01+0100","tstamp":"2026-03-17T10:30:49+0100","title":"35884983 - 2026-05-07 - 2026-05-07","cimNewsStartDate":"2026-05-07T20:30:00+0200","cimNewsEndDate":"2026-05-07T22:00:00+0200","place":[],"uid":4818,"pid":2110}],"schedule":"Jeudi 7 mai 2026 de 20h30 \u00e0 22h.","pictureShow":[{"originalResource":{"originalFile":{"updatedProperties":["modification_date","creation_date","type"],"properties":{"uid":8285,"pid":0,"missing":0,"type":2,"storage":1,"identifier":"\/user_upload\/import\/pictureShow_a-qui-la-faute.jpg","identifier_hash":"7d1ae56311c03463531c7bfbb5c47e07b869e692","extension":"jpg","mime_type":"image\/jpeg","name":"pictureShow_a-qui-la-faute.jpg","sha1":"01ac09103d772945bf0d9dc6209e320a5dd69cea","size":208534,"creation_date":1773739887,"modification_date":1773739887,"folder_hash":"cf40f83f2cbfdec6b9ed400bffcdfea18683e513","tstamp":1749866401,"crdate":1749866401,"sys_language_uid":0,"l10n_parent":0,"l10n_state":null,"t3_origuid":0,"l10n_diffsource":"","t3ver_oid":0,"t3ver_wsid":0,"t3ver_state":0,"t3ver_stage":0,"file":8285,"title":null,"width":500,"height":750,"description":null,"alternative":null,"categories":0,"hide_download_link":0,"cim_base_description":null,"date_displayed":0,"cim_base_thumb":null,"archive":0,"copyright":"","cim_base_numero":0,"istopnews":0,"song_artist":"","song_title":"","language":0,"nosearch":0,"indexed":0,"content_creation_date":0,"content_modification_date":0,"visible":1,"status":"","keywords":null,"caption":null,"creator_tool":"","download_name":"","creator":"","publisher":"","source":"","location_country":"","location_region":"","location_city":"","latitude":"0.00000000000000","longitude":"0.00000000000000","ranking":0,"note":null,"unit":"","duration":0,"color_space":"","pages":0,"fe_groups":null,"external_url":"","listen_url":"","use_site_flipbook":0,"starttime":0,"endtime":0,"metadata_uid":8344},"identifier":"\/user_upload\/import\/pictureShow_a-qui-la-faute.jpg","name":"pictureShow_a-qui-la-faute.jpg"}},"uid":17942,"pid":2110}],"pictureList":[],"organiser":[{"type":"generique","sorting":0,"sysLanguageUid":0,"hidden":false,"crdate":"2025-06-14T04:00:01+0200","tstamp":"2026-03-17T10:30:49+0100","categories":[],"mapLongitude":0,"mapLatitude":0,"importId":"7384066","uid":673,"pid":2114}],"publicType":[],"reservation":[],"tarifAdditionnal":"Plein tarif : de 43 \u00e0 57 \u20ac.","ticketingLink":"https:\/\/billetterie.seetickets.fr\/a-qui-la-faute-theatre-theatre-du-casino-aix-les-bains-07-mai-2026-css5-otaixlesbainsrivieradesalpes-pg101-ri11104171.html","tarifType":[{"sorting":0,"crdate":"2025-01-08T17:29:25+0100","tstamp":"2025-01-08T17:29:25+0100","hidden":false,"sysLanguageUid":0,"l10nParent":0,"title":"Payant","parent":{"sorting":256,"crdate":"2025-01-08T17:21:52+0100","tstamp":"2025-01-08T17:21:52+0100","hidden":false,"sysLanguageUid":0,"l10nParent":0,"title":"Types de tarifs","parent":{"sorting":256,"crdate":"2024-11-08T11:59:17+0100","tstamp":"2024-11-08T11:59:17+0100","hidden":false,"sysLanguageUid":0,"l10nParent":0,"title":"Agenda","images":[],"shortcut":0,"singlePid":0,"slug":"agenda","feBlacklist":false,"uid":406,"pid":1966},"images":[],"shortcut":0,"singlePid":0,"slug":"types-de-tarifs","feBlacklist":false,"uid":461,"pid":2116},"images":[],"shortcut":0,"singlePid":0,"feBlacklist":false,"uid":463,"pid":2116}],"lieu":[{"type":"generique","sorting":0,"sysLanguageUid":0,"hidden":false,"crdate":"2025-06-14T04:00:01+0200","tstamp":"2026-03-17T10:30:49+0100","categories":[],"mapLongitude":5.913434,"mapLatitude":45.688764,"title":"Th\u00e9\u00e2tre du Casino Grand Cercle","importId":"7384066","address":" 200 rue du Casino 73100 Aix-les-Bains","uid":672,"pid":2115}],"medias":[],"theme":[],"accessibility":[],"accessibilityDetail":[],"workflowStatus":[],"uid":1505,"pid":2110,"pid_title":"Agenda Ville","site":"cms.aixlesbains.fr","sys_language_uid":0,"suggest_title":"A QUI LA FAUTE ?","raw_description":"Au coll\u00e8ge, F\u00e9lix Roguier harc\u00e8le son ancienne petite amie Bertheline Flamand. Les parents des deux jeunes se rencontrent dans un bar de quartier, le caf\u00e9 des amis, pour tenter de r\u00e9gler ce litige avec civisme et intelligence. Les couples semblent soucieux de faire preuve de tol\u00e9rance et de mod\u00e9ration, normal quand on est adulte.\r\n \r\nMalheureusement la discussion s'envenime, les masques tombent et la courtoisie de fa\u00e7ade se noie dans un oc\u00e9an de mesquineries et de reproches\u2026 Le calme du d\u00e9but n'est plus qu'un lointain souvenir !\r\n \r\nL'affaire des deux adolescents va servir de grand d\u00e9ballage aux parents pr\u00e9tendument ouverts d'esprit mais tout aussi vifs que leurs prog\u00e9nitures!\r\nFinalement \u00c0 QUI LA FAUTE ?","settings":{"urlBuilder":{"varDefaultDetailUidName":"idEventsDetail","parameters":{"action":"show","arguments":"directory","controller":"Events","extensionName":"cimdirectory","pluginName":"Display"}},"editorial":{"contentElementId":"51","partial":"ItemList","itemType":"events","classes":"annuaire","hn":"2","popin":"1","grid":"horizontal","showImage":"1","showCategory":"1","showTeaser":"1","showOnHover":"0","showMore":"0","showDate":"0","urlBuilder":{"varDefaultDetailUidName":"idEventsDetail","parameters":{"action":"show","arguments":"directory","controller":"Events","extensionName":"cimdirectory","pluginName":"Display"}},"images":{"list":{"fields":"pictureShow"}}},"list":{"contentElementId":"51","partial":"ItemList","itemType":"events","classes":"annuaire","hn":"2","popin":"1","grid":"horizontal","showImage":"1","showCategory":"1","showTeaser":"1","showOnHover":"0","showMore":"0","showDate":"0","urlBuilder":{"varDefaultDetailUidName":"idEventsDetail","parameters":{"action":"show","arguments":"directory","controller":"Events","extensionName":"cimdirectory","pluginName":"Display"}},"images":{"list":{"fields":"pictureShow"}}},"search":{"contentElementId":"51","partial":"ItemList","itemType":"events","classes":"annuaire","hn":"2","grid":"horizontal","showImage":"1","showCategory":"1","showTeaser":"1","showOnHover":"0","showMore":"0","showDate":"0","urlBuilder":{"varDefaultDetailUidName":"idEventsDetail","parameters":{"action":"show","arguments":"directory","controller":"Events","extensionName":"cimdirectory","pluginName":"Display"}}}},"geo_point":{"lat":45.688764,"lon":5.913434},"id":"2110_1505","imageList":[{"publicUrl":"https:\/\/www.aixlesbains.fr\/api\/fileadmin\/_processed_\/9\/d\/csm_pictureShow_a-qui-la-faute_7a1dfe618a.webp","properties":{"title":"","alternative":null,"description":"","link":null,"linkData":null,"mimeType":"image\/webp","type":"image","filename":"pictureShow_a-qui-la-faute.jpg","originalUrl":"https:\/\/www.aixlesbains.fr\/api\/fileadmin\/user_upload\/import\/pictureShow_a-qui-la-faute.jpg","uidLocal":8285,"fileReferenceUid":17942,"size":208534,"dimensions":{"width":330,"height":470},"cropDimensions":{"width":330,"height":470},"crop":"","autoplay":null,"extension":"jpg","initialDimensions":{"width":500,"height":750},"orientation":"portrait","copyright":"","processedExtension":"webp","publicUrl":"https:\/\/www.aixlesbains.fr\/api\/fileadmin\/_processed_\/9\/d\/csm_pictureShow_a-qui-la-faute_7a1dfe618a.webp","crdate":1773739887,"tstamp":1773739887}}],"links":[{"href":"\/agendas\/detail\/a-qui-la-faute","text":"Voir la fiche","target":null}],"agency":"Cameros"}],"nbResults":120,"resultsPerPage":"8","form":{"title":"Agenda","parameters":[],"elementId":"element_51","fields":[{"uid":78,"identifier":"text-78","name":"tx_cimsearchelastic_displaysearch[fieldset_51][text][suggest_title,suggest_description@search]","placeholder":"Mot-cl\u00e9","label":"Mot-cl\u00e9","fieldType":"text","dbField":"suggest_title,suggest_description.search","cssClass":"","value":[],"defaultValue":[],"isKeyword":true},{"fieldType":"dates","placeholder":"Saisissez une p\u00e9riode","label":"P\u00e9riode","name":"tx_cimsearchelastic_displaysearch[fieldset_51][dates][cimNewsScheduleDates@cimNewsStartDate,cimNewsScheduleDates@cimNewsEndDate]","value":"","subFields":[{"uid":83,"identifier":"period-dates-83","name":"tx_cimsearchelastic_displaysearch[fieldset_51][dates][cimNewsScheduleDates@cimNewsStartDate,cimNewsScheduleDates@cimNewsEndDate][period]","placeholder":"Saisissez une p\u00e9riode","label":"P\u00e9riode","fieldType":"dates","dbField":"cimNewsScheduleDates.cimNewsStartDate,cimNewsScheduleDates.cimNewsEndDate","cssClass":"","value":"","defaultValue":"","commonName":"datesPeriod","template":"select"},{"uid":83,"identifier":"startDate-dates-83","name":"tx_cimsearchelastic_displaysearch[fieldset_51][dates][cimNewsScheduleDates@cimNewsStartDate,cimNewsScheduleDates@cimNewsEndDate][startDate]","placeholder":"Saisissez une p\u00e9riode","label":"P\u00e9riode","fieldType":"dates","dbField":"cimNewsScheduleDates.cimNewsStartDate,cimNewsScheduleDates.cimNewsEndDate","cssClass":"","value":"","defaultValue":"","commonName":"datesPeriod","template":"select"},{"uid":83,"identifier":"endDate-dates-83","name":"tx_cimsearchelastic_displaysearch[fieldset_51][dates][cimNewsScheduleDates@cimNewsStartDate,cimNewsScheduleDates@cimNewsEndDate][endDate]","placeholder":"Saisissez une p\u00e9riode","label":"P\u00e9riode","fieldType":"dates","dbField":"cimNewsScheduleDates.cimNewsStartDate,cimNewsScheduleDates.cimNewsEndDate","cssClass":"","value":"","defaultValue":"","commonName":"datesPeriod","template":"select"}]},{"uid":86,"identifier":"list-86","name":"tx_cimsearchelastic_displaysearch[fieldset_51][list][categories@title@keyword][]","placeholder":"Choisissez une th\u00e9matique","label":"Cat\u00e9gories","fieldType":"list","dbField":"categories.title.keyword","cssClass":"","value":[""],"defaultValue":[""],"items":[{"value":"Concert","label":"Concert","count":20},{"value":"Conf\u00e9rence \/ D\u00e9bat \/ Rencontre","label":"Conf\u00e9rence \/ D\u00e9bat \/ Rencontre","count":15},{"value":"Festival","label":"Festival","count":10},{"value":"Initiation \/ d\u00e9couverte dans le cadre d'un \u00e9v\u00e9nement","label":"Initiation \/ d\u00e9couverte dans le cadre d'un \u00e9v\u00e9nement","count":10},{"value":"Exposition","label":"Exposition","count":9},{"value":"Th\u00e9\u00e2tre","label":"Th\u00e9\u00e2tre","count":6},{"value":"Visite guid\u00e9e et\/ou comment\u00e9e","label":"Visite guid\u00e9e et\/ou comment\u00e9e","count":5},{"value":"Conservatoire","label":"Conservatoire","count":4},{"value":"One man Show \/ One woman show","label":"One man Show \/ One woman show","count":4},{"value":"Escape game","label":"Escape game","count":3},{"value":"Op\u00e9rette","label":"Op\u00e9rette","count":3},{"value":"Rassemblement","label":"Rassemblement","count":3},{"value":"Spectacle","label":"Spectacle","count":3},{"value":"Visite avec un support num\u00e9rique","label":"Visite avec un support num\u00e9rique","count":2},{"value":"Bal","label":"Bal","count":1},{"value":"Comp\u00e9tition sportive","label":"Comp\u00e9tition sportive","count":1},{"value":"Foire ou salon","label":"Foire ou salon","count":1},{"value":"F\u00eate foraine \/ Man\u00e8ge \/ Vogue","label":"F\u00eate foraine \/ Man\u00e8ge \/ Vogue","count":1},{"value":"F\u00eate locale","label":"F\u00eate locale","count":1},{"value":"F\u00eate traditionnelle","label":"F\u00eate traditionnelle","count":1},{"value":"Jeu de piste \/ Chasse au tr\u00e9sor","label":"Jeu de piste \/ Chasse au tr\u00e9sor","count":1},{"value":"March\u00e9","label":"March\u00e9","count":1},{"value":"March\u00e9 r\u00e9gulier","label":"March\u00e9 r\u00e9gulier","count":1},{"value":"Portes ouvertes","label":"Portes ouvertes","count":1},{"value":"Proximit\u00e9","label":"Proximit\u00e9","count":1},{"value":"Soir\u00e9e dansante","label":"Soir\u00e9e dansante","count":1},{"value":"Th\u00e9 dansant","label":"Th\u00e9 dansant","count":1},{"value":"Vide greniers","label":"Vide greniers","count":1}],"template":"checkbox"},{"uid":170,"identifier":"list-170","name":"tx_cimsearchelastic_displaysearch[fieldset_51][list][theme@title@keyword][]","placeholder":"","label":"Th\u00e8me","fieldType":"list","dbField":"theme.title.keyword","cssClass":"","value":[""],"defaultValue":[""],"items":[{"value":"Animaux","label":"Animaux","count":18},{"value":"Environnement \/ D\u00e9veloppement durable","label":"Environnement \/ D\u00e9veloppement durable","count":14},{"value":"Eau","label":"Eau","count":13},{"value":"Bien-\u00eatre","label":"Bien-\u00eatre","count":10},{"value":"Chant \/ Chanson","label":"Chant \/ Chanson","count":9},{"value":"Patrimoine","label":"Patrimoine","count":8},{"value":"Musique classique","label":"Musique classique","count":6},{"value":"Comique","label":"Comique","count":5},{"value":"Divers musique","label":"Divers musique","count":5},{"value":"Jeux de soci\u00e9t\u00e9","label":"Jeux de soci\u00e9t\u00e9","count":5},{"value":"M\u00e9decine","label":"M\u00e9decine","count":5},{"value":"Chorale","label":"Chorale","count":4},{"value":"Citoyennet\u00e9","label":"Citoyennet\u00e9","count":4},{"value":"Danse","label":"Danse","count":4},{"value":"Fleurs \/ Plantes","label":"Fleurs \/ Plantes","count":4},{"value":"Paysage","label":"Paysage","count":4},{"value":"Sant\u00e9 publique","label":"Sant\u00e9 publique","count":4},{"value":"Sports d'eau","label":"Sports d'eau","count":4},{"value":"Sujet de soci\u00e9t\u00e9","label":"Sujet de soci\u00e9t\u00e9","count":4},{"value":"Art lyrique","label":"Art lyrique","count":3},{"value":"Cyclotourisme","label":"Cyclotourisme","count":3},{"value":"Historique","label":"Historique","count":3},{"value":"Pop musique","label":"Pop musique","count":3},{"value":"Rock","label":"Rock","count":3},{"value":"Sciences","label":"Sciences","count":3},{"value":"Sports cyclistes","label":"Sports cyclistes","count":3},{"value":"Sports m\u00e9caniques","label":"Sports m\u00e9caniques","count":3},{"value":"Automobile","label":"Automobile","count":2},{"value":"Cin\u00e9ma","label":"Cin\u00e9ma","count":2},{"value":"Gospel","label":"Gospel","count":2},{"value":"Musique du monde","label":"Musique du monde","count":2},{"value":"Musique sacr\u00e9e","label":"Musique sacr\u00e9e","count":2},{"value":"Sport divers","label":"Sport divers","count":2},{"value":"Alpages","label":"Alpages","count":1},{"value":"Arch\u00e9ologie","label":"Arch\u00e9ologie","count":1},{"value":"Art num\u00e9rique","label":"Art num\u00e9rique","count":1},{"value":"Artisanat","label":"Artisanat","count":1},{"value":"Conte","label":"Conte","count":1},{"value":"Course d'orientation","label":"Course d'orientation","count":1},{"value":"Divers arts","label":"Divers arts","count":1},{"value":"Entreprise","label":"Entreprise","count":1},{"value":"Industrie","label":"Industrie","count":1},{"value":"Litt\u00e9rature","label":"Litt\u00e9rature","count":1},{"value":"Musique musette","label":"Musique musette","count":1},{"value":"Musique \u00e9lectronique","label":"Musique \u00e9lectronique","count":1},{"value":"Nouvelles technologies","label":"Nouvelles technologies","count":1},{"value":"No\u00ebl","label":"No\u00ebl","count":1},{"value":"Peinture","label":"Peinture","count":1},{"value":"Plong\u00e9e sous-marine","label":"Plong\u00e9e sous-marine","count":1},{"value":"Produits du terroir","label":"Produits du terroir","count":1},{"value":"Sports p\u00e9destres","label":"Sports p\u00e9destres","count":1},{"value":"Stand up paddle","label":"Stand up paddle","count":1},{"value":"Tourisme","label":"Tourisme","count":1},{"value":"Yoga","label":"Yoga","count":1}],"template":"checkbox"},{"uid":152,"identifier":"list-152","name":"tx_cimsearchelastic_displaysearch[fieldset_51][list][tarifType@title@keyword][]","placeholder":"","label":"Tarif","fieldType":"list","dbField":"tarifType.title.keyword","cssClass":"","value":[],"defaultValue":[],"items":[{"value":"Payant","label":"Payant","count":59},{"value":"Gratuit","label":"Gratuit","count":55},{"value":"Acc\u00e8s libre","label":"Acc\u00e8s libre","count":3}],"template":"select"},{"uid":153,"identifier":"list-153","name":"tx_cimsearchelastic_displaysearch[fieldset_51][list][publicType@title@keyword][]","placeholder":"","label":"Public","fieldType":"list","dbField":"publicType.title.keyword","cssClass":"","value":[],"defaultValue":[],"items":[{"value":"Sp\u00e9cial famille avec enfants","label":"Sp\u00e9cial famille avec enfants","count":9},{"value":"Sp\u00e9cial enfants","label":"Sp\u00e9cial enfants","count":4},{"value":"Sp\u00e9cial adolescents","label":"Sp\u00e9cial adolescents","count":3},{"value":"Accueil de colonies de vacances","label":"Accueil de colonies de vacances","count":1},{"value":"Accueil de groupes scolaires","label":"Accueil de groupes scolaires","count":1},{"value":"Accueil groupes","label":"Accueil groupes","count":1},{"value":"R\u00e9serv\u00e9 \u00e0 un public majeur","label":"R\u00e9serv\u00e9 \u00e0 un public majeur","count":1}],"template":"select"}],"moreFields":[],"aggregation":{"categories.title.keyword":[{"key":"Concert","doc_count":20,"categories.feBlacklist":{"doc_count_error_upper_bound":0,"sum_other_doc_count":0,"buckets":[{"key":0,"key_as_string":"false","doc_count":20}]},"categories.description.keyword":{"doc_count_error_upper_bound":0,"sum_other_doc_count":0,"buckets":[]}},{"key":"Conf\u00e9rence \/ D\u00e9bat \/ Rencontre","doc_count":15,"categories.feBlacklist":{"doc_count_error_upper_bound":0,"sum_other_doc_count":0,"buckets":[{"key":0,"key_as_string":"false","doc_count":15}]},"categories.description.keyword":{"doc_count_error_upper_bound":0,"sum_other_doc_count":0,"buckets":[]}},{"key":"Festival","doc_count":10,"categories.feBlacklist":{"doc_count_error_upper_bound":0,"sum_other_doc_count":0,"buckets":[{"key":0,"key_as_string":"false","doc_count":10}]},"categories.description.keyword":{"doc_count_error_upper_bound":0,"sum_other_doc_count":0,"buckets":[]}},{"key":"Initiation \/ d\u00e9couverte dans le cadre d'un \u00e9v\u00e9nement","doc_count":10,"categories.feBlacklist":{"doc_count_error_upper_bound":0,"sum_other_doc_count":0,"buckets":[{"key":0,"key_as_string":"false","doc_count":10}]},"categories.description.keyword":{"doc_count_error_upper_bound":0,"sum_other_doc_count":0,"buckets":[]}},{"key":"Exposition","doc_count":9,"categories.feBlacklist":{"doc_count_error_upper_bound":0,"sum_other_doc_count":0,"buckets":[{"key":0,"key_as_string":"false","doc_count":9}]},"categories.description.keyword":{"doc_count_error_upper_bound":0,"sum_other_doc_count":0,"buckets":[]}},{"key":"Th\u00e9\u00e2tre","doc_count":6,"categories.feBlacklist":{"doc_count_error_upper_bound":0,"sum_other_doc_count":0,"buckets":[{"key":0,"key_as_string":"false","doc_count":6}]},"categories.description.keyword":{"doc_count_error_upper_bound":0,"sum_other_doc_count":0,"buckets":[]}},{"key":"Visite guid\u00e9e et\/ou comment\u00e9e","doc_count":5,"categories.feBlacklist":{"doc_count_error_upper_bound":0,"sum_other_doc_count":0,"buckets":[{"key":0,"key_as_string":"false","doc_count":5}]},"categories.description.keyword":{"doc_count_error_upper_bound":0,"sum_other_doc_count":0,"buckets":[]}},{"key":"Conservatoire","doc_count":4,"categories.feBlacklist":{"doc_count_error_upper_bound":0,"sum_other_doc_count":0,"buckets":[{"key":0,"key_as_string":"false","doc_count":4}]},"categories.description.keyword":{"doc_count_error_upper_bound":0,"sum_other_doc_count":0,"buckets":[]}},{"key":"One man Show \/ One woman show","doc_count":4,"categories.feBlacklist":{"doc_count_error_upper_bound":0,"sum_other_doc_count":0,"buckets":[{"key":0,"key_as_string":"false","doc_count":4}]},"categories.description.keyword":{"doc_count_error_upper_bound":0,"sum_other_doc_count":0,"buckets":[]}},{"key":"Escape game","doc_count":3,"categories.feBlacklist":{"doc_count_error_upper_bound":0,"sum_other_doc_count":0,"buckets":[{"key":0,"key_as_string":"false","doc_count":3}]},"categories.description.keyword":{"doc_count_error_upper_bound":0,"sum_other_doc_count":0,"buckets":[]}},{"key":"Op\u00e9rette","doc_count":3,"categories.feBlacklist":{"doc_count_error_upper_bound":0,"sum_other_doc_count":0,"buckets":[{"key":0,"key_as_string":"false","doc_count":3}]},"categories.description.keyword":{"doc_count_error_upper_bound":0,"sum_other_doc_count":0,"buckets":[]}},{"key":"Rassemblement","doc_count":3,"categories.feBlacklist":{"doc_count_error_upper_bound":0,"sum_other_doc_count":0,"buckets":[{"key":0,"key_as_string":"false","doc_count":3}]},"categories.description.keyword":{"doc_count_error_upper_bound":0,"sum_other_doc_count":0,"buckets":[]}},{"key":"Spectacle","doc_count":3,"categories.feBlacklist":{"doc_count_error_upper_bound":0,"sum_other_doc_count":0,"buckets":[{"key":0,"key_as_string":"false","doc_count":3}]},"categories.description.keyword":{"doc_count_error_upper_bound":0,"sum_other_doc_count":0,"buckets":[]}},{"key":"Visite avec un support num\u00e9rique","doc_count":2,"categories.feBlacklist":{"doc_count_error_upper_bound":0,"sum_other_doc_count":0,"buckets":[{"key":0,"key_as_string":"false","doc_count":2}]},"categories.description.keyword":{"doc_count_error_upper_bound":0,"sum_other_doc_count":0,"buckets":[]}},{"key":"Bal","doc_count":1,"categories.feBlacklist":{"doc_count_error_upper_bound":0,"sum_other_doc_count":0,"buckets":[{"key":0,"key_as_string":"false","doc_count":1}]},"categories.description.keyword":{"doc_count_error_upper_bound":0,"sum_other_doc_count":0,"buckets":[]}},{"key":"Comp\u00e9tition sportive","doc_count":1,"categories.feBlacklist":{"doc_count_error_upper_bound":0,"sum_other_doc_count":0,"buckets":[{"key":0,"key_as_string":"false","doc_count":1}]},"categories.description.keyword":{"doc_count_error_upper_bound":0,"sum_other_doc_count":0,"buckets":[]}},{"key":"Foire ou salon","doc_count":1,"categories.feBlacklist":{"doc_count_error_upper_bound":0,"sum_other_doc_count":0,"buckets":[{"key":0,"key_as_string":"false","doc_count":1}]},"categories.description.keyword":{"doc_count_error_upper_bound":0,"sum_other_doc_count":0,"buckets":[]}},{"key":"F\u00eate foraine \/ Man\u00e8ge \/ Vogue","doc_count":1,"categories.feBlacklist":{"doc_count_error_upper_bound":0,"sum_other_doc_count":0,"buckets":[{"key":0,"key_as_string":"false","doc_count":1}]},"categories.description.keyword":{"doc_count_error_upper_bound":0,"sum_other_doc_count":0,"buckets":[]}},{"key":"F\u00eate locale","doc_count":1,"categories.feBlacklist":{"doc_count_error_upper_bound":0,"sum_other_doc_count":0,"buckets":[{"key":0,"key_as_string":"false","doc_count":1}]},"categories.description.keyword":{"doc_count_error_upper_bound":0,"sum_other_doc_count":0,"buckets":[]}},{"key":"F\u00eate traditionnelle","doc_count":1,"categories.feBlacklist":{"doc_count_error_upper_bound":0,"sum_other_doc_count":0,"buckets":[{"key":0,"key_as_string":"false","doc_count":1}]},"categories.description.keyword":{"doc_count_error_upper_bound":0,"sum_other_doc_count":0,"buckets":[]}},{"key":"Jeu de piste \/ Chasse au tr\u00e9sor","doc_count":1,"categories.feBlacklist":{"doc_count_error_upper_bound":0,"sum_other_doc_count":0,"buckets":[{"key":0,"key_as_string":"false","doc_count":1}]},"categories.description.keyword":{"doc_count_error_upper_bound":0,"sum_other_doc_count":0,"buckets":[]}},{"key":"March\u00e9","doc_count":1,"categories.feBlacklist":{"doc_count_error_upper_bound":0,"sum_other_doc_count":0,"buckets":[{"key":0,"key_as_string":"false","doc_count":1}]},"categories.description.keyword":{"doc_count_error_upper_bound":0,"sum_other_doc_count":0,"buckets":[]}},{"key":"March\u00e9 r\u00e9gulier","doc_count":1,"categories.feBlacklist":{"doc_count_error_upper_bound":0,"sum_other_doc_count":0,"buckets":[{"key":0,"key_as_string":"false","doc_count":1}]},"categories.description.keyword":{"doc_count_error_upper_bound":0,"sum_other_doc_count":0,"buckets":[]}},{"key":"Portes ouvertes","doc_count":1,"categories.feBlacklist":{"doc_count_error_upper_bound":0,"sum_other_doc_count":0,"buckets":[{"key":0,"key_as_string":"false","doc_count":1}]},"categories.description.keyword":{"doc_count_error_upper_bound":0,"sum_other_doc_count":0,"buckets":[]}},{"key":"Proximit\u00e9","doc_count":1,"categories.feBlacklist":{"doc_count_error_upper_bound":0,"sum_other_doc_count":0,"buckets":[{"key":0,"key_as_string":"false","doc_count":1}]},"categories.description.keyword":{"doc_count_error_upper_bound":0,"sum_other_doc_count":0,"buckets":[]}},{"key":"Soir\u00e9e dansante","doc_count":1,"categories.feBlacklist":{"doc_count_error_upper_bound":0,"sum_other_doc_count":0,"buckets":[{"key":0,"key_as_string":"false","doc_count":1}]},"categories.description.keyword":{"doc_count_error_upper_bound":0,"sum_other_doc_count":0,"buckets":[]}},{"key":"Th\u00e9 dansant","doc_count":1,"categories.feBlacklist":{"doc_count_error_upper_bound":0,"sum_other_doc_count":0,"buckets":[{"key":0,"key_as_string":"false","doc_count":1}]},"categories.description.keyword":{"doc_count_error_upper_bound":0,"sum_other_doc_count":0,"buckets":[]}},{"key":"Vide greniers","doc_count":1,"categories.feBlacklist":{"doc_count_error_upper_bound":0,"sum_other_doc_count":0,"buckets":[{"key":0,"key_as_string":"false","doc_count":1}]},"categories.description.keyword":{"doc_count_error_upper_bound":0,"sum_other_doc_count":0,"buckets":[]}}],"theme.title.keyword":[{"key":"Animaux","doc_count":18},{"key":"Environnement \/ D\u00e9veloppement durable","doc_count":14},{"key":"Eau","doc_count":13},{"key":"Bien-\u00eatre","doc_count":10},{"key":"Chant \/ Chanson","doc_count":9},{"key":"Patrimoine","doc_count":8},{"key":"Musique classique","doc_count":6},{"key":"Comique","doc_count":5},{"key":"Divers musique","doc_count":5},{"key":"Jeux de soci\u00e9t\u00e9","doc_count":5},{"key":"M\u00e9decine","doc_count":5},{"key":"Chorale","doc_count":4},{"key":"Citoyennet\u00e9","doc_count":4},{"key":"Danse","doc_count":4},{"key":"Fleurs \/ Plantes","doc_count":4},{"key":"Paysage","doc_count":4},{"key":"Sant\u00e9 publique","doc_count":4},{"key":"Sports d'eau","doc_count":4},{"key":"Sujet de soci\u00e9t\u00e9","doc_count":4},{"key":"Art lyrique","doc_count":3},{"key":"Cyclotourisme","doc_count":3},{"key":"Historique","doc_count":3},{"key":"Pop musique","doc_count":3},{"key":"Rock","doc_count":3},{"key":"Sciences","doc_count":3},{"key":"Sports cyclistes","doc_count":3},{"key":"Sports m\u00e9caniques","doc_count":3},{"key":"Automobile","doc_count":2},{"key":"Cin\u00e9ma","doc_count":2},{"key":"Gospel","doc_count":2},{"key":"Musique du monde","doc_count":2},{"key":"Musique sacr\u00e9e","doc_count":2},{"key":"Sport divers","doc_count":2},{"key":"Alpages","doc_count":1},{"key":"Arch\u00e9ologie","doc_count":1},{"key":"Art num\u00e9rique","doc_count":1},{"key":"Artisanat","doc_count":1},{"key":"Conte","doc_count":1},{"key":"Course d'orientation","doc_count":1},{"key":"Divers arts","doc_count":1},{"key":"Entreprise","doc_count":1},{"key":"Industrie","doc_count":1},{"key":"Litt\u00e9rature","doc_count":1},{"key":"Musique musette","doc_count":1},{"key":"Musique \u00e9lectronique","doc_count":1},{"key":"Nouvelles technologies","doc_count":1},{"key":"No\u00ebl","doc_count":1},{"key":"Peinture","doc_count":1},{"key":"Plong\u00e9e sous-marine","doc_count":1},{"key":"Produits du terroir","doc_count":1},{"key":"Sports p\u00e9destres","doc_count":1},{"key":"Stand up paddle","doc_count":1},{"key":"Tourisme","doc_count":1},{"key":"Yoga","doc_count":1}],"tarifType.title.keyword":[{"key":"Payant","doc_count":59},{"key":"Gratuit","doc_count":55},{"key":"Acc\u00e8s libre","doc_count":3}],"publicType.title.keyword":[{"key":"Sp\u00e9cial famille avec enfants","doc_count":9},{"key":"Sp\u00e9cial enfants","doc_count":4},{"key":"Sp\u00e9cial adolescents","doc_count":3},{"key":"Accueil de colonies de vacances","doc_count":1},{"key":"Accueil de groupes scolaires","doc_count":1},{"key":"Accueil groupes","doc_count":1},{"key":"R\u00e9serv\u00e9 \u00e0 un public majeur","doc_count":1}]}},"initialForm":{"title":"Agenda","parameters":[],"elementId":"element_51","fields":[{"uid":78,"identifier":"text-78","name":"tx_cimsearchelastic_displaysearch[fieldset_51][text][suggest_title,suggest_description@search]","placeholder":"Mot-cl\u00e9","label":"Mot-cl\u00e9","fieldType":"text","dbField":"suggest_title,suggest_description.search","cssClass":"","value":[],"defaultValue":[],"isKeyword":true},{"fieldType":"dates","placeholder":"Saisissez une p\u00e9riode","label":"P\u00e9riode","name":"tx_cimsearchelastic_displaysearch[fieldset_51][dates][cimNewsScheduleDates@cimNewsStartDate,cimNewsScheduleDates@cimNewsEndDate]","value":"","subFields":[{"uid":83,"identifier":"period-dates-83","name":"tx_cimsearchelastic_displaysearch[fieldset_51][dates][cimNewsScheduleDates@cimNewsStartDate,cimNewsScheduleDates@cimNewsEndDate][period]","placeholder":"Saisissez une p\u00e9riode","label":"P\u00e9riode","fieldType":"dates","dbField":"cimNewsScheduleDates.cimNewsStartDate,cimNewsScheduleDates.cimNewsEndDate","cssClass":"","value":"","defaultValue":"","commonName":"datesPeriod","template":"select"},{"uid":83,"identifier":"startDate-dates-83","name":"tx_cimsearchelastic_displaysearch[fieldset_51][dates][cimNewsScheduleDates@cimNewsStartDate,cimNewsScheduleDates@cimNewsEndDate][startDate]","placeholder":"Saisissez une p\u00e9riode","label":"P\u00e9riode","fieldType":"dates","dbField":"cimNewsScheduleDates.cimNewsStartDate,cimNewsScheduleDates.cimNewsEndDate","cssClass":"","value":"","defaultValue":"","commonName":"datesPeriod","template":"select"},{"uid":83,"identifier":"endDate-dates-83","name":"tx_cimsearchelastic_displaysearch[fieldset_51][dates][cimNewsScheduleDates@cimNewsStartDate,cimNewsScheduleDates@cimNewsEndDate][endDate]","placeholder":"Saisissez une p\u00e9riode","label":"P\u00e9riode","fieldType":"dates","dbField":"cimNewsScheduleDates.cimNewsStartDate,cimNewsScheduleDates.cimNewsEndDate","cssClass":"","value":"","defaultValue":"","commonName":"datesPeriod","template":"select"}]},{"uid":86,"identifier":"list-86","name":"tx_cimsearchelastic_displaysearch[fieldset_51][list][categories@title@keyword][]","placeholder":"Choisissez une th\u00e9matique","label":"Cat\u00e9gories","fieldType":"list","dbField":"categories.title.keyword","cssClass":"","value":[""],"defaultValue":[""],"items":[{"value":"Concert","label":"Concert","count":20},{"value":"Conf\u00e9rence \/ D\u00e9bat \/ Rencontre","label":"Conf\u00e9rence \/ D\u00e9bat \/ Rencontre","count":15},{"value":"Festival","label":"Festival","count":10},{"value":"Initiation \/ d\u00e9couverte dans le cadre d'un \u00e9v\u00e9nement","label":"Initiation \/ d\u00e9couverte dans le cadre d'un \u00e9v\u00e9nement","count":10},{"value":"Exposition","label":"Exposition","count":9},{"value":"Th\u00e9\u00e2tre","label":"Th\u00e9\u00e2tre","count":6},{"value":"Visite guid\u00e9e et\/ou comment\u00e9e","label":"Visite guid\u00e9e et\/ou comment\u00e9e","count":5},{"value":"Conservatoire","label":"Conservatoire","count":4},{"value":"One man Show \/ One woman show","label":"One man Show \/ One woman show","count":4},{"value":"Escape game","label":"Escape game","count":3},{"value":"Op\u00e9rette","label":"Op\u00e9rette","count":3},{"value":"Rassemblement","label":"Rassemblement","count":3},{"value":"Spectacle","label":"Spectacle","count":3},{"value":"Visite avec un support num\u00e9rique","label":"Visite avec un support num\u00e9rique","count":2},{"value":"Bal","label":"Bal","count":1},{"value":"Comp\u00e9tition sportive","label":"Comp\u00e9tition sportive","count":1},{"value":"Foire ou salon","label":"Foire ou salon","count":1},{"value":"F\u00eate foraine \/ Man\u00e8ge \/ Vogue","label":"F\u00eate foraine \/ Man\u00e8ge \/ Vogue","count":1},{"value":"F\u00eate locale","label":"F\u00eate locale","count":1},{"value":"F\u00eate traditionnelle","label":"F\u00eate traditionnelle","count":1},{"value":"Jeu de piste \/ Chasse au tr\u00e9sor","label":"Jeu de piste \/ Chasse au tr\u00e9sor","count":1},{"value":"March\u00e9","label":"March\u00e9","count":1},{"value":"March\u00e9 r\u00e9gulier","label":"March\u00e9 r\u00e9gulier","count":1},{"value":"Portes ouvertes","label":"Portes ouvertes","count":1},{"value":"Proximit\u00e9","label":"Proximit\u00e9","count":1},{"value":"Soir\u00e9e dansante","label":"Soir\u00e9e dansante","count":1},{"value":"Th\u00e9 dansant","label":"Th\u00e9 dansant","count":1},{"value":"Vide greniers","label":"Vide greniers","count":1}],"template":"checkbox"},{"uid":170,"identifier":"list-170","name":"tx_cimsearchelastic_displaysearch[fieldset_51][list][theme@title@keyword][]","placeholder":"","label":"Th\u00e8me","fieldType":"list","dbField":"theme.title.keyword","cssClass":"","value":[""],"defaultValue":[""],"items":[{"value":"Animaux","label":"Animaux","count":18},{"value":"Environnement \/ D\u00e9veloppement durable","label":"Environnement \/ D\u00e9veloppement durable","count":14},{"value":"Eau","label":"Eau","count":13},{"value":"Bien-\u00eatre","label":"Bien-\u00eatre","count":10},{"value":"Chant \/ Chanson","label":"Chant \/ Chanson","count":9},{"value":"Patrimoine","label":"Patrimoine","count":8},{"value":"Musique classique","label":"Musique classique","count":6},{"value":"Comique","label":"Comique","count":5},{"value":"Divers musique","label":"Divers musique","count":5},{"value":"Jeux de soci\u00e9t\u00e9","label":"Jeux de soci\u00e9t\u00e9","count":5},{"value":"M\u00e9decine","label":"M\u00e9decine","count":5},{"value":"Chorale","label":"Chorale","count":4},{"value":"Citoyennet\u00e9","label":"Citoyennet\u00e9","count":4},{"value":"Danse","label":"Danse","count":4},{"value":"Fleurs \/ Plantes","label":"Fleurs \/ Plantes","count":4},{"value":"Paysage","label":"Paysage","count":4},{"value":"Sant\u00e9 publique","label":"Sant\u00e9 publique","count":4},{"value":"Sports d'eau","label":"Sports d'eau","count":4},{"value":"Sujet de soci\u00e9t\u00e9","label":"Sujet de soci\u00e9t\u00e9","count":4},{"value":"Art lyrique","label":"Art lyrique","count":3},{"value":"Cyclotourisme","label":"Cyclotourisme","count":3},{"value":"Historique","label":"Historique","count":3},{"value":"Pop musique","label":"Pop musique","count":3},{"value":"Rock","label":"Rock","count":3},{"value":"Sciences","label":"Sciences","count":3},{"value":"Sports cyclistes","label":"Sports cyclistes","count":3},{"value":"Sports m\u00e9caniques","label":"Sports m\u00e9caniques","count":3},{"value":"Automobile","label":"Automobile","count":2},{"value":"Cin\u00e9ma","label":"Cin\u00e9ma","count":2},{"value":"Gospel","label":"Gospel","count":2},{"value":"Musique du monde","label":"Musique du monde","count":2},{"value":"Musique sacr\u00e9e","label":"Musique sacr\u00e9e","count":2},{"value":"Sport divers","label":"Sport divers","count":2},{"value":"Alpages","label":"Alpages","count":1},{"value":"Arch\u00e9ologie","label":"Arch\u00e9ologie","count":1},{"value":"Art num\u00e9rique","label":"Art num\u00e9rique","count":1},{"value":"Artisanat","label":"Artisanat","count":1},{"value":"Conte","label":"Conte","count":1},{"value":"Course d'orientation","label":"Course d'orientation","count":1},{"value":"Divers arts","label":"Divers arts","count":1},{"value":"Entreprise","label":"Entreprise","count":1},{"value":"Industrie","label":"Industrie","count":1},{"value":"Litt\u00e9rature","label":"Litt\u00e9rature","count":1},{"value":"Musique musette","label":"Musique musette","count":1},{"value":"Musique \u00e9lectronique","label":"Musique \u00e9lectronique","count":1},{"value":"Nouvelles technologies","label":"Nouvelles technologies","count":1},{"value":"No\u00ebl","label":"No\u00ebl","count":1},{"value":"Peinture","label":"Peinture","count":1},{"value":"Plong\u00e9e sous-marine","label":"Plong\u00e9e sous-marine","count":1},{"value":"Produits du terroir","label":"Produits du terroir","count":1},{"value":"Sports p\u00e9destres","label":"Sports p\u00e9destres","count":1},{"value":"Stand up paddle","label":"Stand up paddle","count":1},{"value":"Tourisme","label":"Tourisme","count":1},{"value":"Yoga","label":"Yoga","count":1}],"template":"checkbox"},{"uid":152,"identifier":"list-152","name":"tx_cimsearchelastic_displaysearch[fieldset_51][list][tarifType@title@keyword][]","placeholder":"","label":"Tarif","fieldType":"list","dbField":"tarifType.title.keyword","cssClass":"","value":[],"defaultValue":[],"items":[{"value":"Payant","label":"Payant","count":59},{"value":"Gratuit","label":"Gratuit","count":55},{"value":"Acc\u00e8s libre","label":"Acc\u00e8s libre","count":3}],"template":"select"},{"uid":153,"identifier":"list-153","name":"tx_cimsearchelastic_displaysearch[fieldset_51][list][publicType@title@keyword][]","placeholder":"","label":"Public","fieldType":"list","dbField":"publicType.title.keyword","cssClass":"","value":[],"defaultValue":[],"items":[{"value":"Sp\u00e9cial famille avec enfants","label":"Sp\u00e9cial famille avec enfants","count":9},{"value":"Sp\u00e9cial enfants","label":"Sp\u00e9cial enfants","count":4},{"value":"Sp\u00e9cial adolescents","label":"Sp\u00e9cial adolescents","count":3},{"value":"Accueil de colonies de vacances","label":"Accueil de colonies de vacances","count":1},{"value":"Accueil de groupes scolaires","label":"Accueil de groupes scolaires","count":1},{"value":"Accueil groupes","label":"Accueil groupes","count":1},{"value":"R\u00e9serv\u00e9 \u00e0 un public majeur","label":"R\u00e9serv\u00e9 \u00e0 un public majeur","count":1}],"template":"select"}],"moreFields":[],"aggregation":{"categories.title.keyword":[{"key":"Concert","doc_count":20,"categories.feBlacklist":{"doc_count_error_upper_bound":0,"sum_other_doc_count":0,"buckets":[{"key":0,"key_as_string":"false","doc_count":20}]},"categories.description.keyword":{"doc_count_error_upper_bound":0,"sum_other_doc_count":0,"buckets":[]}},{"key":"Conf\u00e9rence \/ D\u00e9bat \/ Rencontre","doc_count":15,"categories.feBlacklist":{"doc_count_error_upper_bound":0,"sum_other_doc_count":0,"buckets":[{"key":0,"key_as_string":"false","doc_count":15}]},"categories.description.keyword":{"doc_count_error_upper_bound":0,"sum_other_doc_count":0,"buckets":[]}},{"key":"Festival","doc_count":10,"categories.feBlacklist":{"doc_count_error_upper_bound":0,"sum_other_doc_count":0,"buckets":[{"key":0,"key_as_string":"false","doc_count":10}]},"categories.description.keyword":{"doc_count_error_upper_bound":0,"sum_other_doc_count":0,"buckets":[]}},{"key":"Initiation \/ d\u00e9couverte dans le cadre d'un \u00e9v\u00e9nement","doc_count":10,"categories.feBlacklist":{"doc_count_error_upper_bound":0,"sum_other_doc_count":0,"buckets":[{"key":0,"key_as_string":"false","doc_count":10}]},"categories.description.keyword":{"doc_count_error_upper_bound":0,"sum_other_doc_count":0,"buckets":[]}},{"key":"Exposition","doc_count":9,"categories.feBlacklist":{"doc_count_error_upper_bound":0,"sum_other_doc_count":0,"buckets":[{"key":0,"key_as_string":"false","doc_count":9}]},"categories.description.keyword":{"doc_count_error_upper_bound":0,"sum_other_doc_count":0,"buckets":[]}},{"key":"Th\u00e9\u00e2tre","doc_count":6,"categories.feBlacklist":{"doc_count_error_upper_bound":0,"sum_other_doc_count":0,"buckets":[{"key":0,"key_as_string":"false","doc_count":6}]},"categories.description.keyword":{"doc_count_error_upper_bound":0,"sum_other_doc_count":0,"buckets":[]}},{"key":"Visite guid\u00e9e et\/ou comment\u00e9e","doc_count":5,"categories.feBlacklist":{"doc_count_error_upper_bound":0,"sum_other_doc_count":0,"buckets":[{"key":0,"key_as_string":"false","doc_count":5}]},"categories.description.keyword":{"doc_count_error_upper_bound":0,"sum_other_doc_count":0,"buckets":[]}},{"key":"Conservatoire","doc_count":4,"categories.feBlacklist":{"doc_count_error_upper_bound":0,"sum_other_doc_count":0,"buckets":[{"key":0,"key_as_string":"false","doc_count":4}]},"categories.description.keyword":{"doc_count_error_upper_bound":0,"sum_other_doc_count":0,"buckets":[]}},{"key":"One man Show \/ One woman show","doc_count":4,"categories.feBlacklist":{"doc_count_error_upper_bound":0,"sum_other_doc_count":0,"buckets":[{"key":0,"key_as_string":"false","doc_count":4}]},"categories.description.keyword":{"doc_count_error_upper_bound":0,"sum_other_doc_count":0,"buckets":[]}},{"key":"Escape game","doc_count":3,"categories.feBlacklist":{"doc_count_error_upper_bound":0,"sum_other_doc_count":0,"buckets":[{"key":0,"key_as_string":"false","doc_count":3}]},"categories.description.keyword":{"doc_count_error_upper_bound":0,"sum_other_doc_count":0,"buckets":[]}},{"key":"Op\u00e9rette","doc_count":3,"categories.feBlacklist":{"doc_count_error_upper_bound":0,"sum_other_doc_count":0,"buckets":[{"key":0,"key_as_string":"false","doc_count":3}]},"categories.description.keyword":{"doc_count_error_upper_bound":0,"sum_other_doc_count":0,"buckets":[]}},{"key":"Rassemblement","doc_count":3,"categories.feBlacklist":{"doc_count_error_upper_bound":0,"sum_other_doc_count":0,"buckets":[{"key":0,"key_as_string":"false","doc_count":3}]},"categories.description.keyword":{"doc_count_error_upper_bound":0,"sum_other_doc_count":0,"buckets":[]}},{"key":"Spectacle","doc_count":3,"categories.feBlacklist":{"doc_count_error_upper_bound":0,"sum_other_doc_count":0,"buckets":[{"key":0,"key_as_string":"false","doc_count":3}]},"categories.description.keyword":{"doc_count_error_upper_bound":0,"sum_other_doc_count":0,"buckets":[]}},{"key":"Visite avec un support num\u00e9rique","doc_count":2,"categories.feBlacklist":{"doc_count_error_upper_bound":0,"sum_other_doc_count":0,"buckets":[{"key":0,"key_as_string":"false","doc_count":2}]},"categories.description.keyword":{"doc_count_error_upper_bound":0,"sum_other_doc_count":0,"buckets":[]}},{"key":"Bal","doc_count":1,"categories.feBlacklist":{"doc_count_error_upper_bound":0,"sum_other_doc_count":0,"buckets":[{"key":0,"key_as_string":"false","doc_count":1}]},"categories.description.keyword":{"doc_count_error_upper_bound":0,"sum_other_doc_count":0,"buckets":[]}},{"key":"Comp\u00e9tition sportive","doc_count":1,"categories.feBlacklist":{"doc_count_error_upper_bound":0,"sum_other_doc_count":0,"buckets":[{"key":0,"key_as_string":"false","doc_count":1}]},"categories.description.keyword":{"doc_count_error_upper_bound":0,"sum_other_doc_count":0,"buckets":[]}},{"key":"Foire ou salon","doc_count":1,"categories.feBlacklist":{"doc_count_error_upper_bound":0,"sum_other_doc_count":0,"buckets":[{"key":0,"key_as_string":"false","doc_count":1}]},"categories.description.keyword":{"doc_count_error_upper_bound":0,"sum_other_doc_count":0,"buckets":[]}},{"key":"F\u00eate foraine \/ Man\u00e8ge \/ Vogue","doc_count":1,"categories.feBlacklist":{"doc_count_error_upper_bound":0,"sum_other_doc_count":0,"buckets":[{"key":0,"key_as_string":"false","doc_count":1}]},"categories.description.keyword":{"doc_count_error_upper_bound":0,"sum_other_doc_count":0,"buckets":[]}},{"key":"F\u00eate locale","doc_count":1,"categories.feBlacklist":{"doc_count_error_upper_bound":0,"sum_other_doc_count":0,"buckets":[{"key":0,"key_as_string":"false","doc_count":1}]},"categories.description.keyword":{"doc_count_error_upper_bound":0,"sum_other_doc_count":0,"buckets":[]}},{"key":"F\u00eate traditionnelle","doc_count":1,"categories.feBlacklist":{"doc_count_error_upper_bound":0,"sum_other_doc_count":0,"buckets":[{"key":0,"key_as_string":"false","doc_count":1}]},"categories.description.keyword":{"doc_count_error_upper_bound":0,"sum_other_doc_count":0,"buckets":[]}},{"key":"Jeu de piste \/ Chasse au tr\u00e9sor","doc_count":1,"categories.feBlacklist":{"doc_count_error_upper_bound":0,"sum_other_doc_count":0,"buckets":[{"key":0,"key_as_string":"false","doc_count":1}]},"categories.description.keyword":{"doc_count_error_upper_bound":0,"sum_other_doc_count":0,"buckets":[]}},{"key":"March\u00e9","doc_count":1,"categories.feBlacklist":{"doc_count_error_upper_bound":0,"sum_other_doc_count":0,"buckets":[{"key":0,"key_as_string":"false","doc_count":1}]},"categories.description.keyword":{"doc_count_error_upper_bound":0,"sum_other_doc_count":0,"buckets":[]}},{"key":"March\u00e9 r\u00e9gulier","doc_count":1,"categories.feBlacklist":{"doc_count_error_upper_bound":0,"sum_other_doc_count":0,"buckets":[{"key":0,"key_as_string":"false","doc_count":1}]},"categories.description.keyword":{"doc_count_error_upper_bound":0,"sum_other_doc_count":0,"buckets":[]}},{"key":"Portes ouvertes","doc_count":1,"categories.feBlacklist":{"doc_count_error_upper_bound":0,"sum_other_doc_count":0,"buckets":[{"key":0,"key_as_string":"false","doc_count":1}]},"categories.description.keyword":{"doc_count_error_upper_bound":0,"sum_other_doc_count":0,"buckets":[]}},{"key":"Proximit\u00e9","doc_count":1,"categories.feBlacklist":{"doc_count_error_upper_bound":0,"sum_other_doc_count":0,"buckets":[{"key":0,"key_as_string":"false","doc_count":1}]},"categories.description.keyword":{"doc_count_error_upper_bound":0,"sum_other_doc_count":0,"buckets":[]}},{"key":"Soir\u00e9e dansante","doc_count":1,"categories.feBlacklist":{"doc_count_error_upper_bound":0,"sum_other_doc_count":0,"buckets":[{"key":0,"key_as_string":"false","doc_count":1}]},"categories.description.keyword":{"doc_count_error_upper_bound":0,"sum_other_doc_count":0,"buckets":[]}},{"key":"Th\u00e9 dansant","doc_count":1,"categories.feBlacklist":{"doc_count_error_upper_bound":0,"sum_other_doc_count":0,"buckets":[{"key":0,"key_as_string":"false","doc_count":1}]},"categories.description.keyword":{"doc_count_error_upper_bound":0,"sum_other_doc_count":0,"buckets":[]}},{"key":"Vide greniers","doc_count":1,"categories.feBlacklist":{"doc_count_error_upper_bound":0,"sum_other_doc_count":0,"buckets":[{"key":0,"key_as_string":"false","doc_count":1}]},"categories.description.keyword":{"doc_count_error_upper_bound":0,"sum_other_doc_count":0,"buckets":[]}}],"theme.title.keyword":[{"key":"Animaux","doc_count":18},{"key":"Environnement \/ D\u00e9veloppement durable","doc_count":14},{"key":"Eau","doc_count":13},{"key":"Bien-\u00eatre","doc_count":10},{"key":"Chant \/ Chanson","doc_count":9},{"key":"Patrimoine","doc_count":8},{"key":"Musique classique","doc_count":6},{"key":"Comique","doc_count":5},{"key":"Divers musique","doc_count":5},{"key":"Jeux de soci\u00e9t\u00e9","doc_count":5},{"key":"M\u00e9decine","doc_count":5},{"key":"Chorale","doc_count":4},{"key":"Citoyennet\u00e9","doc_count":4},{"key":"Danse","doc_count":4},{"key":"Fleurs \/ Plantes","doc_count":4},{"key":"Paysage","doc_count":4},{"key":"Sant\u00e9 publique","doc_count":4},{"key":"Sports d'eau","doc_count":4},{"key":"Sujet de soci\u00e9t\u00e9","doc_count":4},{"key":"Art lyrique","doc_count":3},{"key":"Cyclotourisme","doc_count":3},{"key":"Historique","doc_count":3},{"key":"Pop musique","doc_count":3},{"key":"Rock","doc_count":3},{"key":"Sciences","doc_count":3},{"key":"Sports cyclistes","doc_count":3},{"key":"Sports m\u00e9caniques","doc_count":3},{"key":"Automobile","doc_count":2},{"key":"Cin\u00e9ma","doc_count":2},{"key":"Gospel","doc_count":2},{"key":"Musique du monde","doc_count":2},{"key":"Musique sacr\u00e9e","doc_count":2},{"key":"Sport divers","doc_count":2},{"key":"Alpages","doc_count":1},{"key":"Arch\u00e9ologie","doc_count":1},{"key":"Art num\u00e9rique","doc_count":1},{"key":"Artisanat","doc_count":1},{"key":"Conte","doc_count":1},{"key":"Course d'orientation","doc_count":1},{"key":"Divers arts","doc_count":1},{"key":"Entreprise","doc_count":1},{"key":"Industrie","doc_count":1},{"key":"Litt\u00e9rature","doc_count":1},{"key":"Musique musette","doc_count":1},{"key":"Musique \u00e9lectronique","doc_count":1},{"key":"Nouvelles technologies","doc_count":1},{"key":"No\u00ebl","doc_count":1},{"key":"Peinture","doc_count":1},{"key":"Plong\u00e9e sous-marine","doc_count":1},{"key":"Produits du terroir","doc_count":1},{"key":"Sports p\u00e9destres","doc_count":1},{"key":"Stand up paddle","doc_count":1},{"key":"Tourisme","doc_count":1},{"key":"Yoga","doc_count":1}],"tarifType.title.keyword":[{"key":"Payant","doc_count":59},{"key":"Gratuit","doc_count":55},{"key":"Acc\u00e8s libre","doc_count":3}],"publicType.title.keyword":[{"key":"Sp\u00e9cial famille avec enfants","doc_count":9},{"key":"Sp\u00e9cial enfants","doc_count":4},{"key":"Sp\u00e9cial adolescents","doc_count":3},{"key":"Accueil de colonies de vacances","doc_count":1},{"key":"Accueil de groupes scolaires","doc_count":1},{"key":"Accueil groupes","doc_count":1},{"key":"R\u00e9serv\u00e9 \u00e0 un public majeur","doc_count":1}]}},"prefilters":[],"urlScroll":"\/?contentElements=51&elementId=3330&noCache=1&tx_cimsearchelastic_displaysearch%5Baction%5D=scroll&tx_cimsearchelastic_displaysearch%5Bcontroller%5D=Listing&type=99992&cHash=e1796457d69608aa33600cbf890765d8","urlGeo":"\/?contentElements=51&elementId=3330&noCache=1&tx_cimsearchelastic_displaysearch%5Baction%5D=geo&tx_cimsearchelastic_displaysearch%5Bcontroller%5D=Listing&type=99991&cHash=e1796457d69608aa33600cbf890765d8","urlShow":"\/?noCache=1&tx_cimsearchelastic_displaysearch%5Baction%5D=popup&tx_cimsearchelastic_displaysearch%5Bcontroller%5D=Listing&type=1602769059&cHash=7f6fb869087889a1f143d4d24e361700","urlPopup":"\/?noCache=1&tx_cimsearchelastic_displaysearch%5Baction%5D=popup&tx_cimsearchelastic_displaysearch%5Bcontroller%5D=Listing&type=1602769059&cHash=7f6fb869087889a1f143d4d24e361700","listLink":{"href":"\/agendas","text":"","target":""},"archiveListLink":{"href":"","text":"","target":""},"eventsListLink":{"href":"\/agendas","text":"","target":""},"newsListLink":{"href":"\/actualites","text":"","target":""}}}},{"id":3329,"type":"mask_bloc_zoom_sur","colPos":0,"categories":"","appearance":{"layout":"default","frameClass":"default","spaceBefore":"","spaceAfter":""},"show_in_summary":false,"background_color":"","content":{"header":"Zoom~sur","subheader":"","headerLayout":2,"headerPosition":"","headerLink":{"href":"\/annuaires\/zoom-sur","target":null,"class":null,"title":null,"linkText":"Zoom sur","additionalAttributes":[]},"link_to_list":[{"type":"page","additionalAttributes":{"href":"\/annuaires\/zoom-sur"},"href":"\/annuaires\/zoom-sur","target":"","text":"Tous les sujets"}],"items":[{"uid":"86","title":"R\u00e9am\u00e9nagement du quartier des anciens Thermes","teaser":"Avec la r\u00e9novation du quartier des anciens Thermes nationaux, Aix-les-Bains s\u2019appr\u00eate \u00e0 \u00e9crire l\u2019un des chapitres importants de son histoire urbaine.","datetime":"","categories":[],"imageList":[{"publicUrl":"https:\/\/www.aixlesbains.fr\/api\/fileadmin\/_processed_\/f\/3\/csm_anciensThermes-ZoomSur02_9a2861a8eb.webp","properties":{"title":null,"alternative":null,"description":null,"link":null,"linkData":null,"mimeType":"image\/webp","type":"image","filename":"anciensThermes-ZoomSur02.webp","originalUrl":"https:\/\/www.aixlesbains.fr\/api\/fileadmin\/mediatheque_aix-les-bains\/Zoom_sur\/Anciens_Thermes\/anciensThermes-ZoomSur02.webp","uidLocal":13662,"fileReferenceUid":18333,"size":33566,"dimensions":{"width":920,"height":645},"cropDimensions":{"width":920,"height":645},"crop":{"default":{"cropArea":{"x":0,"y":0,"width":1,"height":1},"selectedRatio":"NaN","focusArea":null}},"autoplay":null,"extension":"webp","initialDimensions":{"width":940,"height":660},"orientation":"paysage","copyright":"","processedExtension":"webp","publicUrl":"https:\/\/www.aixlesbains.fr\/api\/fileadmin\/_processed_\/f\/3\/csm_anciensThermes-ZoomSur02_9a2861a8eb.webp","crdate":1776934099,"tstamp":1776934099}}],"links":[{"type":"page","additionalAttributes":{"href":"\/annuaires\/zoom-sur\/detail\/reamenagement-du-quartier-des-anciens-thermes"},"href":"\/annuaires\/zoom-sur\/detail\/reamenagement-du-quartier-des-anciens-thermes","target":"","text":"R\u00e9am\u00e9nagement du quartier des anciens Thermes"}]}]}},{"id":3328,"type":"mask_bloc_map_cities","colPos":0,"categories":"","appearance":{"layout":"default","frameClass":"default","spaceBefore":"","spaceAfter":""},"show_in_summary":false,"background_color":"","content":{"header":"La ville~\u00e0 la carte","subheader":"","headerLayout":2,"headerPosition":"","headerLink":"","svg_carte":[{"publicUrl":"https:\/\/www.aixlesbains.fr\/api\/fileadmin\/mediatheque_aix-les-bains\/pictos\/carte_interactive_home\/carte_illustrative.svg","properties":{"title":null,"alternative":null,"description":null,"link":null,"linkData":null,"mimeType":"image\/svg+xml","type":"image","filename":"carte_illustrative.svg","originalUrl":"https:\/\/www.aixlesbains.fr\/api\/fileadmin\/mediatheque_aix-les-bains\/pictos\/carte_interactive_home\/carte_illustrative.svg","uidLocal":5130,"fileReferenceUid":11282,"size":208448,"dimensions":{"width":558,"height":585},"cropDimensions":{"width":558,"height":585},"crop":{"default":{"cropArea":{"x":0,"y":0,"width":1,"height":1},"selectedRatio":"NaN","focusArea":null}},"autoplay":0,"extension":"svg","initialDimensions":{"width":558,"height":585},"orientation":"portrait","copyright":"","processedExtension":"webp","publicUrl":"https:\/\/www.aixlesbains.fr\/api\/fileadmin\/mediatheque_aix-les-bains\/pictos\/carte_interactive_home\/carte_illustrative.svg","crdate":1730986383,"tstamp":1730986383}}],"image_bandeau":[{"publicUrl":"https:\/\/www.aixlesbains.fr\/api\/fileadmin\/mediatheque_aix-les-bains\/pictos\/carte_interactive_home\/home_carte_interactive.webp","properties":{"title":null,"alternative":null,"description":null,"link":null,"linkData":null,"mimeType":"image\/webp","type":"image","filename":"home_carte_interactive.webp","originalUrl":"https:\/\/www.aixlesbains.fr\/api\/fileadmin\/mediatheque_aix-les-bains\/pictos\/carte_interactive_home\/home_carte_interactive.webp","uidLocal":5127,"fileReferenceUid":11286,"size":112980,"dimensions":{"width":587,"height":338},"cropDimensions":{"width":587,"height":338},"crop":{"default":{"cropArea":{"x":0,"y":0,"width":1,"height":1},"selectedRatio":"NaN","focusArea":null}},"autoplay":null,"extension":"webp","initialDimensions":{"width":921,"height":531},"orientation":"paysage","copyright":"","processedExtension":"webp","publicUrl":"https:\/\/www.aixlesbains.fr\/api\/fileadmin\/mediatheque_aix-les-bains\/pictos\/carte_interactive_home\/home_carte_interactive.webp","crdate":1730986363,"tstamp":1730986363}}],"carte_interactive_link":[{"type":"page","additionalAttributes":{"href":"\/carte-interactive"},"href":"\/carte-interactive","target":"","text":"Consulter la carte interactive"}],"communes_link":[{"type":"","additionalAttributes":[],"href":"","target":null,"text":""}],"prefilters":[{"link":[{"type":"page","additionalAttributes":{"href":"\/annuaires\/travaux"},"href":"\/annuaires\/travaux","target":"","text":"Travaux"}],"images":[{"publicUrl":"https:\/\/www.aixlesbains.fr\/api\/fileadmin\/mediatheque_aix-les-bains\/pictos\/carte_interactive_home\/travaux.svg","properties":{"title":null,"alternative":null,"description":null,"link":null,"linkData":null,"mimeType":"image\/svg+xml","type":"image","filename":"travaux.svg","originalUrl":"https:\/\/www.aixlesbains.fr\/api\/fileadmin\/mediatheque_aix-les-bains\/pictos\/carte_interactive_home\/travaux.svg","uidLocal":5128,"fileReferenceUid":11283,"size":2555,"dimensions":{"width":55,"height":55},"cropDimensions":{"width":55,"height":55},"crop":{"default":{"cropArea":{"x":0,"y":0,"width":1,"height":1},"selectedRatio":"NaN","focusArea":null}},"autoplay":0,"extension":"svg","initialDimensions":{"width":55,"height":55},"orientation":"paysage","copyright":"","processedExtension":"webp","publicUrl":"https:\/\/www.aixlesbains.fr\/api\/fileadmin\/mediatheque_aix-les-bains\/pictos\/carte_interactive_home\/travaux.svg","crdate":1730986383,"tstamp":1730986383}}]},{"link":[{"type":"page","additionalAttributes":{"href":"\/annuaires\/mobilite"},"href":"\/annuaires\/mobilite","target":"","text":"Mobilit\u00e9 douce"}],"images":[{"publicUrl":"https:\/\/www.aixlesbains.fr\/api\/fileadmin\/mediatheque_aix-les-bains\/pictos\/carte_interactive_home\/mobilite_douce.svg","properties":{"title":null,"alternative":null,"description":null,"link":null,"linkData":null,"mimeType":"image\/svg+xml","type":"image","filename":"mobilite_douce.svg","originalUrl":"https:\/\/www.aixlesbains.fr\/api\/fileadmin\/mediatheque_aix-les-bains\/pictos\/carte_interactive_home\/mobilite_douce.svg","uidLocal":5131,"fileReferenceUid":11284,"size":3495,"dimensions":{"width":55,"height":55},"cropDimensions":{"width":55,"height":55},"crop":{"default":{"cropArea":{"x":0,"y":0,"width":1,"height":1},"selectedRatio":"NaN","focusArea":null}},"autoplay":0,"extension":"svg","initialDimensions":{"width":55,"height":55},"orientation":"paysage","copyright":"","processedExtension":"webp","publicUrl":"https:\/\/www.aixlesbains.fr\/api\/fileadmin\/mediatheque_aix-les-bains\/pictos\/carte_interactive_home\/mobilite_douce.svg","crdate":1730986383,"tstamp":1730986383}}]},{"link":[{"type":"page","additionalAttributes":{"href":"\/annuaires\/equipements"},"href":"\/annuaires\/equipements","target":"","text":"\u00c9quipements"}],"images":[{"publicUrl":"https:\/\/www.aixlesbains.fr\/api\/fileadmin\/mediatheque_aix-les-bains\/pictos\/carte_interactive_home\/equipements.svg","properties":{"title":null,"alternative":null,"description":null,"link":null,"linkData":null,"mimeType":"image\/svg+xml","type":"image","filename":"equipements.svg","originalUrl":"https:\/\/www.aixlesbains.fr\/api\/fileadmin\/mediatheque_aix-les-bains\/pictos\/carte_interactive_home\/equipements.svg","uidLocal":5129,"fileReferenceUid":11285,"size":8453,"dimensions":{"width":55,"height":55},"cropDimensions":{"width":55,"height":55},"crop":{"default":{"cropArea":{"x":0,"y":0,"width":1,"height":1},"selectedRatio":"NaN","focusArea":null}},"autoplay":0,"extension":"svg","initialDimensions":{"width":55,"height":55},"orientation":"paysage","copyright":"","processedExtension":"webp","publicUrl":"https:\/\/www.aixlesbains.fr\/api\/fileadmin\/mediatheque_aix-les-bains\/pictos\/carte_interactive_home\/equipements.svg","crdate":1730986383,"tstamp":1730986383}}]}]}}]},"i18n":[{"languageId":0,"locale":"fr_FR.UTF-8","title":"Fran\u00e7ais","navigationTitle":"Fran\u00e7ais","twoLetterIsoCode":"fr","hreflang":"fr-FR","direction":"ltr","flag":"flags-fr","link":"\/","active":1,"current":0,"available":1}],"pictureBannerHome":[{"publicUrl":"https:\/\/www.aixlesbains.fr\/api\/fileadmin\/_processed_\/f\/4\/csm_home_bandeau_1_a02e4c9df6.webp","properties":{"title":null,"alternative":null,"description":null,"link":null,"linkData":null,"mimeType":"image\/webp","type":"image","filename":"home_bandeau_1.webp","originalUrl":"https:\/\/www.aixlesbains.fr\/api\/fileadmin\/mediatheque_aix-les-bains\/Bandeaux\/home_bandeau_1.webp","uidLocal":5091,"fileReferenceUid":11281,"size":223086,"dimensions":{"width":1920,"height":700},"cropDimensions":{"width":1920,"height":700},"crop":{"default":{"cropArea":{"x":0,"y":0,"width":1,"height":1},"selectedRatio":"NaN","focusArea":null}},"autoplay":null,"extension":"webp","initialDimensions":{"width":1921,"height":711},"orientation":"paysage","copyright":"","processedExtension":"webp","publicUrl":"https:\/\/www.aixlesbains.fr\/api\/fileadmin\/_processed_\/f\/4\/csm_home_bandeau_1_a02e4c9df6.webp","crdate":1730977172,"tstamp":1730977172}}],"pictureBannerEditorial":[{"publicUrl":"https:\/\/www.aixlesbains.fr\/api\/fileadmin\/_processed_\/f\/4\/csm_home_bandeau_1_5a43c9bcde.webp","properties":{"title":null,"alternative":null,"description":null,"link":null,"linkData":null,"mimeType":"image\/webp","type":"image","filename":"home_bandeau_1.webp","originalUrl":"https:\/\/www.aixlesbains.fr\/api\/fileadmin\/mediatheque_aix-les-bains\/Bandeaux\/home_bandeau_1.webp","uidLocal":5091,"fileReferenceUid":11281,"size":223086,"dimensions":{"width":825,"height":578},"cropDimensions":{"width":825,"height":578},"crop":{"default":{"cropArea":{"x":0,"y":0,"width":1,"height":1},"selectedRatio":"NaN","focusArea":null}},"autoplay":null,"extension":"webp","initialDimensions":{"width":1921,"height":711},"orientation":"paysage","copyright":"","processedExtension":"webp","publicUrl":"https:\/\/www.aixlesbains.fr\/api\/fileadmin\/_processed_\/f\/4\/csm_home_bandeau_1_5a43c9bcde.webp","crdate":1730977172,"tstamp":1730977172}},{"publicUrl":"https:\/\/www.aixlesbains.fr\/api\/fileadmin\/_processed_\/f\/4\/csm_home_bandeau_1_5a43c9bcde.webp","properties":{"title":null,"alternative":null,"description":null,"link":null,"linkData":null,"mimeType":"image\/webp","type":"image","filename":"home_bandeau_1.webp","originalUrl":"https:\/\/www.aixlesbains.fr\/api\/fileadmin\/mediatheque_aix-les-bains\/Bandeaux\/home_bandeau_1.webp","uidLocal":5091,"fileReferenceUid":11281,"size":223086,"dimensions":{"width":825,"height":578},"cropDimensions":{"width":825,"height":578},"crop":{"default":{"cropArea":{"x":0,"y":0,"width":1,"height":1},"selectedRatio":"NaN","focusArea":null}},"autoplay":null,"extension":"webp","initialDimensions":{"width":1921,"height":711},"orientation":"paysage","copyright":"","processedExtension":"webp","publicUrl":"https:\/\/www.aixlesbains.fr\/api\/fileadmin\/_processed_\/f\/4\/csm_home_bandeau_1_5a43c9bcde.webp","crdate":1730977172,"tstamp":1730977172}}],"pictureMenu":[],"itemType":"pages","uid":1818,"pid":0,"crdate":"1730912625","tsedit":"1776934199","cim_base_hide_update_date":false,"cim_base_hide_quality":false,"cim_base_hide_summary":false,"related":[],"relatedContent":[],"sc_link":[{"type":"","additionalAttributes":[],"href":"","target":null,"text":""}],"bannerAlert":{"items":[]},"popinAlert":{"items":[]},"images":""}